{"id":149,"date":"2019-08-27T13:33:11","date_gmt":"2019-08-27T13:33:11","guid":{"rendered":"http:\/\/localhost\/wordpress\/?page_id=149"},"modified":"2024-08-21T10:46:30","modified_gmt":"2024-08-21T08:46:30","slug":"carteles","status":"publish","type":"page","link":"https:\/\/sombrafestival.com\/en\/carteles\/","title":{"rendered":"Posters"},"content":{"rendered":"<figure><\/figure>\r\n<figure><img loading=\"lazy\" decoding=\"async\" class=\"alignnone  wp-image-6611\" src=\"https:\/\/sombrafestival.com\/wp-content\/uploads\/2024\/03\/Cartel-Sombra-Murcia-732x1024.jpg\" alt=\"\" width=\"701\" height=\"1000\" \/><\/figure>\r\n<figure><img loading=\"lazy\" decoding=\"async\" class=\"size-full wp-image-5466 aligncenter\" src=\"https:\/\/sombrafestival.com\/wp-content\/uploads\/2023\/02\/cartelcinefantastico.2023.-final.color_.2.jpg\" alt=\"\" width=\"701\" height=\"1000\" srcset=\"https:\/\/sombrafestival.com\/wp-content\/uploads\/2023\/02\/cartelcinefantastico.2023.-final.color_.2.jpg 701w, https:\/\/sombrafestival.com\/wp-content\/uploads\/2023\/02\/cartelcinefantastico.2023.-final.color_.2-210x300.jpg 210w, https:\/\/sombrafestival.com\/wp-content\/uploads\/2023\/02\/cartelcinefantastico.2023.-final.color_.2-8x12.jpg 8w, https:\/\/sombrafestival.com\/wp-content\/uploads\/2023\/02\/cartelcinefantastico.2023.-final.color_.2-696x993.jpg 696w, https:\/\/sombrafestival.com\/wp-content\/uploads\/2023\/02\/cartelcinefantastico.2023.-final.color_.2-294x420.jpg 294w\" sizes=\"auto, (max-width: 701px) 100vw, 701px\" \/><\/figure>\r\n<figure class=\"wp-block-image size-large td-caption-align-https:\/\/sombrafestival.com\/wp-content\/uploads\/2022\/08\/sombras-2022-seccion-oficial-a-concurso-cortometrajes-digital-vo-620be65e0523c0.61120558.jpeg\"><img loading=\"lazy\" decoding=\"async\" width=\"740\" height=\"1024\" class=\"wp-image-5105\" src=\"https:\/\/sombrafestival.com\/wp-content\/uploads\/2022\/08\/sombras-2022-seccion-oficial-a-concurso-cortometrajes-digital-vo-620be65e0523c0.61120558-740x1024.jpeg\" alt=\"Cartel Oficial Sombra 2022, Autor: Daniel Acu\u00f1a\" srcset=\"https:\/\/sombrafestival.com\/wp-content\/uploads\/2022\/08\/sombras-2022-seccion-oficial-a-concurso-cortometrajes-digital-vo-620be65e0523c0.61120558-740x1024.jpeg 740w, https:\/\/sombrafestival.com\/wp-content\/uploads\/2022\/08\/sombras-2022-seccion-oficial-a-concurso-cortometrajes-digital-vo-620be65e0523c0.61120558-217x300.jpeg 217w, https:\/\/sombrafestival.com\/wp-content\/uploads\/2022\/08\/sombras-2022-seccion-oficial-a-concurso-cortometrajes-digital-vo-620be65e0523c0.61120558-768x1062.jpeg 768w, https:\/\/sombrafestival.com\/wp-content\/uploads\/2022\/08\/sombras-2022-seccion-oficial-a-concurso-cortometrajes-digital-vo-620be65e0523c0.61120558-9x12.jpeg 9w, https:\/\/sombrafestival.com\/wp-content\/uploads\/2022\/08\/sombras-2022-seccion-oficial-a-concurso-cortometrajes-digital-vo-620be65e0523c0.61120558-696x963.jpeg 696w, https:\/\/sombrafestival.com\/wp-content\/uploads\/2022\/08\/sombras-2022-seccion-oficial-a-concurso-cortometrajes-digital-vo-620be65e0523c0.61120558-304x420.jpeg 304w, https:\/\/sombrafestival.com\/wp-content\/uploads\/2022\/08\/sombras-2022-seccion-oficial-a-concurso-cortometrajes-digital-vo-620be65e0523c0.61120558.jpeg 1000w\" sizes=\"auto, (max-width: 740px) 100vw, 740px\" \/><\/figure>\r\n\r\n\r\n\r\n<figure class=\"wp-block-image size-large td-caption-align-https:\/\/sombrafestival.com\/wp-content\/uploads\/2021\/05\/cartel-sombra-2021.jpg\"><img loading=\"lazy\" decoding=\"async\" width=\"711\" height=\"1024\" class=\"wp-image-3489\" src=\"https:\/\/sombrafestival.com\/wp-content\/uploads\/2021\/05\/cartel-sombra-2021-711x1024.jpg\" alt=\"\" srcset=\"https:\/\/sombrafestival.com\/wp-content\/uploads\/2021\/05\/cartel-sombra-2021-711x1024.jpg 711w, https:\/\/sombrafestival.com\/wp-content\/uploads\/2021\/05\/cartel-sombra-2021-208x300.jpg 208w, https:\/\/sombrafestival.com\/wp-content\/uploads\/2021\/05\/cartel-sombra-2021-768x1106.jpg 768w, https:\/\/sombrafestival.com\/wp-content\/uploads\/2021\/05\/cartel-sombra-2021-1067x1536.jpg 1067w, https:\/\/sombrafestival.com\/wp-content\/uploads\/2021\/05\/cartel-sombra-2021-696x1002.jpg 696w, https:\/\/sombrafestival.com\/wp-content\/uploads\/2021\/05\/cartel-sombra-2021-1068x1538.jpg 1068w, https:\/\/sombrafestival.com\/wp-content\/uploads\/2021\/05\/cartel-sombra-2021-292x420.jpg 292w, https:\/\/sombrafestival.com\/wp-content\/uploads\/2021\/05\/cartel-sombra-2021.jpg 1250w\" sizes=\"auto, (max-width: 711px) 100vw, 711px\" \/><\/figure>\r\n\r\n\r\n\r\n<div class=\"wp-block-image size-large wp-image-3902 td-caption-align-https:\/\/sombrafestival.com\/wp-content\/uploads\/2021\/05\/Alejandro-ibanez.jpeg\">\r\n<figure class=\"aligncenter\"><img decoding=\"async\" class=\"wp-image-3902\" src=\"http:\/\/www.c-fem.es\/wp-content\/uploads\/fotonoticia_20110916144310_1920-724x1024.jpg\" alt=\"AUTOR: JOSE DAVID MORALES\" \/>\r\n<figcaption>AUTOR: JOSE DAVID MORALES<\/figcaption>\r\n<\/figure>\r\n<\/div>\r\n\r\n\r\n\r\n<div class=\"wp-block-image size-large wp-image-3906\">\r\n<figure class=\"aligncenter\"><img decoding=\"async\" class=\"wp-image-3906\" src=\"http:\/\/www.c-fem.es\/wp-content\/uploads\/CFEM-Mupi-01-2-702x1024.jpg\" alt=\"AUTOR: RODRIGO FONSECA\" \/>\r\n<figcaption>AUTOR: RODRIGO FONSECA<\/figcaption>\r\n<\/figure>\r\n<\/div>\r\n\r\n\r\n\r\n<div class=\"wp-block-image size-large wp-image-3908\">\r\n<figure class=\"aligncenter\"><img decoding=\"async\" class=\"wp-image-3908\" src=\"http:\/\/www.c-fem.es\/wp-content\/uploads\/CFEM-Cartel-2014-1-721x1024.jpg\" alt=\"AUTOR: RODRIGO FONSECA\" \/>\r\n<figcaption>AUTOR: RODRIGO FONSECA<\/figcaption>\r\n<\/figure>\r\n<\/div>\r\n\r\n\r\n\r\n<div class=\"wp-block-image size-full wp-image-3914\">\r\n<figure class=\"aligncenter\"><img decoding=\"async\" class=\"wp-image-3914\" src=\"http:\/\/www.c-fem.es\/wp-content\/uploads\/HAX.jpg\" alt=\"AUTOR: RODRIGO FONSECA\" \/>\r\n<figcaption>AUTOR: RODRIGO FONSECA<\/figcaption>\r\n<\/figure>\r\n<\/div>\r\n\r\n\r\n\r\n<div class=\"wp-block-image size-large wp-image-3909\">\r\n<figure class=\"aligncenter\"><img decoding=\"async\" class=\"wp-image-3909\" src=\"http:\/\/www.c-fem.es\/wp-content\/uploads\/POSTER-V-C-FEM-DEFINITIVO-706x1024.jpg\" alt=\"AUTOR: SERGIO GARCIA\" \/>\r\n<figcaption>AUTOR: SERGIO GARCIA<\/figcaption>\r\n<\/figure>\r\n<\/div>\r\n\r\n\r\n\r\n<div class=\"wp-block-image size-full wp-image-3910\">\r\n<figure class=\"aligncenter\"><img decoding=\"async\" class=\"wp-image-3910\" src=\"http:\/\/www.c-fem.es\/wp-content\/uploads\/16731127_10212470686262615_1182530860_n.jpg\" alt=\"AUTOR: SERGIO GARCIA\" \/>\r\n<figcaption>AUTOR: SERGIO GARCIA<\/figcaption>\r\n<\/figure>\r\n<\/div>\r\n\r\n\r\n\r\n<div class=\"wp-block-image size-large wp-image-3915 td-caption-align-https:\/\/sombrafestival.com\/wp-content\/uploads\/2021\/05\/Programacion-Sombra-2021_web-2.pdf\">\r\n<figure class=\"aligncenter\"><img decoding=\"async\" class=\"wp-image-3915\" src=\"http:\/\/www.c-fem.es\/wp-content\/uploads\/BASECARTELCMYKLOGOINF-702x1024.jpg\" alt=\"AUTOR: FERNANDO DAGNINO\" \/>\r\n<figcaption>AUTOR: FERNANDO DAGNINO<\/figcaption>\r\n<\/figure>\r\n<\/div>\r\n\r\n\r\n\r\n<div class=\"wp-block-image size-full wp-image-3916\">\r\n<figure class=\"aligncenter\"><img decoding=\"async\" class=\"wp-image-3916\" src=\"http:\/\/www.c-fem.es\/wp-content\/uploads\/52932056_2144430532288726_8372882415332360192_n-1.jpg\" alt=\"AUTOR: FERNANDO DAGNINO\" \/>\r\n<figcaption>AUTOR: FERNANDO DAGNINO<\/figcaption>\r\n<\/figure>\r\n<\/div>\r\n\r\n\r\n\r\n<figure class=\"wp-block-image size-large is-resized td-caption-align-https:\/\/sombrafestival.com\/wp-content\/uploads\/2020\/02\/cartel-sombra-2020-web.jpg\"><img loading=\"lazy\" decoding=\"async\" class=\"wp-image-1780\" src=\"https:\/\/sombrafestival.com\/wp-content\/uploads\/2020\/02\/cartel-sombra-2020-web-734x1024.jpg\" alt=\"cartel-sombra-2020-web\" width=\"687\" height=\"960\" srcset=\"https:\/\/sombrafestival.com\/wp-content\/uploads\/2020\/02\/cartel-sombra-2020-web-215x300.jpg 215w, https:\/\/sombrafestival.com\/wp-content\/uploads\/2020\/02\/cartel-sombra-2020-web-768x1072.jpg 768w, https:\/\/sombrafestival.com\/wp-content\/uploads\/2020\/02\/cartel-sombra-2020-web-696x972.jpg 696w, https:\/\/sombrafestival.com\/wp-content\/uploads\/2020\/02\/cartel-sombra-2020-web-301x420.jpg 301w, https:\/\/sombrafestival.com\/wp-content\/uploads\/2020\/02\/cartel-sombra-2020-web.jpg 1000w\" sizes=\"auto, (max-width: 687px) 100vw, 687px\" \/>\r\n<figcaption>AUTOR: FERNANDO DAGNINO<\/figcaption>\r\n<\/figure>\r\n\r\n\r\n\r\n<h4 class=\"wp-block-heading\">CARTELES CLAUSURA,\u00a0 BANDAS SONORAS y EXPOSICIONES<br \/>Dise\u00f1os de Manu Vel\u00e1zquez, Javier Garc\u00eda, Joseja, Ana Belen Baeza, Luc\u00eda Gallego, Oscar de la Cruz y Tania Silva.<br \/><br \/><img loading=\"lazy\" decoding=\"async\" class=\"alignnone size-full wp-image-6616\" src=\"https:\/\/sombrafestival.com\/wp-content\/uploads\/2024\/03\/simonetti-madrid-696x986-1.jpg\" alt=\"\" width=\"696\" height=\"986\" srcset=\"https:\/\/sombrafestival.com\/wp-content\/uploads\/2024\/03\/simonetti-madrid-696x986-1.jpg 696w, https:\/\/sombrafestival.com\/wp-content\/uploads\/2024\/03\/simonetti-madrid-696x986-1-212x300.jpg 212w, https:\/\/sombrafestival.com\/wp-content\/uploads\/2024\/03\/simonetti-madrid-696x986-1-8x12.jpg 8w, https:\/\/sombrafestival.com\/wp-content\/uploads\/2024\/03\/simonetti-madrid-696x986-1-296x420.jpg 296w\" sizes=\"auto, (max-width: 696px) 100vw, 696px\" \/><br \/><br \/><img loading=\"lazy\" decoding=\"async\" class=\"alignnone size-large wp-image-5911\" src=\"https:\/\/sombrafestival.com\/wp-content\/uploads\/2023\/04\/Suspiria-2-731x1024.jpg\" alt=\"\" width=\"696\" height=\"975\" srcset=\"https:\/\/sombrafestival.com\/wp-content\/uploads\/2023\/04\/Suspiria-2-731x1024.jpg 731w, https:\/\/sombrafestival.com\/wp-content\/uploads\/2023\/04\/Suspiria-2-214x300.jpg 214w, https:\/\/sombrafestival.com\/wp-content\/uploads\/2023\/04\/Suspiria-2-768x1076.jpg 768w, https:\/\/sombrafestival.com\/wp-content\/uploads\/2023\/04\/Suspiria-2-9x12.jpg 9w, https:\/\/sombrafestival.com\/wp-content\/uploads\/2023\/04\/Suspiria-2-696x975.jpg 696w, https:\/\/sombrafestival.com\/wp-content\/uploads\/2023\/04\/Suspiria-2-1068x1496.jpg 1068w, https:\/\/sombrafestival.com\/wp-content\/uploads\/2023\/04\/Suspiria-2-300x420.jpg 300w, https:\/\/sombrafestival.com\/wp-content\/uploads\/2023\/04\/Suspiria-2.jpg 1071w\" sizes=\"auto, (max-width: 696px) 100vw, 696px\" \/><\/h4>\r\n<p><img loading=\"lazy\" decoding=\"async\" class=\"alignnone size-full wp-image-5912\" src=\"https:\/\/sombrafestival.com\/wp-content\/uploads\/2023\/04\/al-dual-sombra.jpg\" alt=\"\" width=\"696\" height=\"974\" srcset=\"https:\/\/sombrafestival.com\/wp-content\/uploads\/2023\/04\/al-dual-sombra.jpg 696w, https:\/\/sombrafestival.com\/wp-content\/uploads\/2023\/04\/al-dual-sombra-214x300.jpg 214w, https:\/\/sombrafestival.com\/wp-content\/uploads\/2023\/04\/al-dual-sombra-9x12.jpg 9w, https:\/\/sombrafestival.com\/wp-content\/uploads\/2023\/04\/al-dual-sombra-300x420.jpg 300w\" sizes=\"auto, (max-width: 696px) 100vw, 696px\" \/><\/p>\r\n<p><img loading=\"lazy\" decoding=\"async\" class=\"size-large wp-image-5913 aligncenter\" src=\"https:\/\/sombrafestival.com\/wp-content\/uploads\/2023\/04\/Jess-1920x1080-1-576x1024.jpg\" alt=\"\" width=\"576\" height=\"1024\" srcset=\"https:\/\/sombrafestival.com\/wp-content\/uploads\/2023\/04\/Jess-1920x1080-1-576x1024.jpg 576w, https:\/\/sombrafestival.com\/wp-content\/uploads\/2023\/04\/Jess-1920x1080-1-169x300.jpg 169w, https:\/\/sombrafestival.com\/wp-content\/uploads\/2023\/04\/Jess-1920x1080-1-768x1365.jpg 768w, https:\/\/sombrafestival.com\/wp-content\/uploads\/2023\/04\/Jess-1920x1080-1-864x1536.jpg 864w, https:\/\/sombrafestival.com\/wp-content\/uploads\/2023\/04\/Jess-1920x1080-1-7x12.jpg 7w, https:\/\/sombrafestival.com\/wp-content\/uploads\/2023\/04\/Jess-1920x1080-1-696x1237.jpg 696w, https:\/\/sombrafestival.com\/wp-content\/uploads\/2023\/04\/Jess-1920x1080-1-1068x1899.jpg 1068w, https:\/\/sombrafestival.com\/wp-content\/uploads\/2023\/04\/Jess-1920x1080-1-236x420.jpg 236w, https:\/\/sombrafestival.com\/wp-content\/uploads\/2023\/04\/Jess-1920x1080-1.jpg 1080w\" sizes=\"auto, (max-width: 576px) 100vw, 576px\" \/><\/p>\r\n<p><img loading=\"lazy\" decoding=\"async\" class=\"alignnone size-large wp-image-5914\" src=\"https:\/\/sombrafestival.com\/wp-content\/uploads\/2023\/04\/Suspiria-1-731x1024.jpg\" alt=\"\" width=\"696\" height=\"975\" srcset=\"https:\/\/sombrafestival.com\/wp-content\/uploads\/2023\/04\/Suspiria-1-731x1024.jpg 731w, https:\/\/sombrafestival.com\/wp-content\/uploads\/2023\/04\/Suspiria-1-214x300.jpg 214w, https:\/\/sombrafestival.com\/wp-content\/uploads\/2023\/04\/Suspiria-1-768x1076.jpg 768w, https:\/\/sombrafestival.com\/wp-content\/uploads\/2023\/04\/Suspiria-1-9x12.jpg 9w, https:\/\/sombrafestival.com\/wp-content\/uploads\/2023\/04\/Suspiria-1-696x975.jpg 696w, https:\/\/sombrafestival.com\/wp-content\/uploads\/2023\/04\/Suspiria-1-1068x1496.jpg 1068w, https:\/\/sombrafestival.com\/wp-content\/uploads\/2023\/04\/Suspiria-1-300x420.jpg 300w, https:\/\/sombrafestival.com\/wp-content\/uploads\/2023\/04\/Suspiria-1.jpg 1071w\" sizes=\"auto, (max-width: 696px) 100vw, 696px\" \/><\/p>\r\n<p><img loading=\"lazy\" decoding=\"async\" class=\"alignnone size-large wp-image-5916\" src=\"https:\/\/sombrafestival.com\/wp-content\/uploads\/2023\/04\/nosfe-732x1024.jpg\" alt=\"\" width=\"696\" height=\"974\" srcset=\"https:\/\/sombrafestival.com\/wp-content\/uploads\/2023\/04\/nosfe-732x1024.jpg 732w, https:\/\/sombrafestival.com\/wp-content\/uploads\/2023\/04\/nosfe-214x300.jpg 214w, https:\/\/sombrafestival.com\/wp-content\/uploads\/2023\/04\/nosfe-768x1075.jpg 768w, https:\/\/sombrafestival.com\/wp-content\/uploads\/2023\/04\/nosfe-1097x1536.jpg 1097w, https:\/\/sombrafestival.com\/wp-content\/uploads\/2023\/04\/nosfe-1463x2048.jpg 1463w, https:\/\/sombrafestival.com\/wp-content\/uploads\/2023\/04\/nosfe-9x12.jpg 9w, https:\/\/sombrafestival.com\/wp-content\/uploads\/2023\/04\/nosfe-696x974.jpg 696w, https:\/\/sombrafestival.com\/wp-content\/uploads\/2023\/04\/nosfe-1068x1495.jpg 1068w, https:\/\/sombrafestival.com\/wp-content\/uploads\/2023\/04\/nosfe-1920x2688.jpg 1920w, https:\/\/sombrafestival.com\/wp-content\/uploads\/2023\/04\/nosfe-300x420.jpg 300w, https:\/\/sombrafestival.com\/wp-content\/uploads\/2023\/04\/nosfe-scaled.jpg 1829w\" sizes=\"auto, (max-width: 696px) 100vw, 696px\" \/><\/p>\r\n\r\n\r\n\r\n<div class=\"wp-block-image td-caption-align-https:\/\/sombrafestival.com\/wp-content\/uploads\/2021\/05\/foto_jordi_tibi_interior_2.jpg\">\r\n<figure class=\"aligncenter\"><img decoding=\"async\" class=\"wp-image-3917\" src=\"http:\/\/www.c-fem.es\/wp-content\/uploads\/cartel-varry-brava-c-fem-688x1024.jpg\" alt=\"cartel-varry-brava-c-fem\" \/><\/figure>\r\n<\/div>\r\n\r\n\r\n\r\n<div class=\"wp-block-image\">\r\n<figure class=\"aligncenter\"><img decoding=\"async\" class=\"wp-image-3919\" src=\"http:\/\/www.c-fem.es\/wp-content\/uploads\/50505660_2091290037602776_8309080332552896512_n.jpg\" alt=\"50505660_2091290037602776_8309080332552896512_n\" \/><\/figure>\r\n<\/div>\r\n\r\n\r\n\r\n<div class=\"wp-block-image\">\r\n<figure class=\"aligncenter\"><img decoding=\"async\" class=\"wp-image-3921\" src=\"http:\/\/www.c-fem.es\/wp-content\/uploads\/CARTEL-CLAUSURA-CFEM-2019-1.jpg\" alt=\"CARTEL-CLAUSURA-CFEM-2019\" \/><\/figure>\r\n<\/div>\r\n\r\n\r\n\r\n<div class=\"wp-block-image\">\r\n<figure class=\"aligncenter\"><img loading=\"lazy\" decoding=\"async\" class=\"alignnone size-full wp-image-6677\" src=\"https:\/\/sombrafestival.com\/wp-content\/uploads\/2024\/08\/Side-Rock-Imperium-696x984-1.jpg\" alt=\"\" width=\"696\" height=\"984\" srcset=\"https:\/\/sombrafestival.com\/wp-content\/uploads\/2024\/08\/Side-Rock-Imperium-696x984-1.jpg 696w, https:\/\/sombrafestival.com\/wp-content\/uploads\/2024\/08\/Side-Rock-Imperium-696x984-1-212x300.jpg 212w, https:\/\/sombrafestival.com\/wp-content\/uploads\/2024\/08\/Side-Rock-Imperium-696x984-1-8x12.jpg 8w, https:\/\/sombrafestival.com\/wp-content\/uploads\/2024\/08\/Side-Rock-Imperium-696x984-1-297x420.jpg 297w\" sizes=\"auto, (max-width: 696px) 100vw, 696px\" \/><img decoding=\"async\" class=\"wp-image-3922\" src=\"http:\/\/www.c-fem.es\/wp-content\/uploads\/Cartel-Bosco-1.jpg\" alt=\"Cartel-Bosco\" \/><\/figure>\r\n<\/div>\r\n\r\n\r\n\r\n<h3 class=\"wp-block-heading\">&#8230;Y UNA IDEA QUE NUNCA VIO LA LUZ.<\/h3>\r\n\r\n\r\n\r\n<div class=\"wp-block-image size-large wp-image-3923\">\r\n<figure class=\"aligncenter\"><img decoding=\"async\" class=\"wp-image-3923\" src=\"http:\/\/www.c-fem.es\/wp-content\/uploads\/received_10212297647776761-693x1024.jpeg\" alt=\"AUTOR: SERGIO GARCIA\" \/>\r\n<figcaption>AUTOR: SERGIO GARCIA<\/figcaption>\r\n<\/figure>\r\n<\/div>","protected":false},"excerpt":{"rendered":"<p>CARTELES CLAUSURA,\u00a0 BANDAS SONORAS y EXPOSICIONESDise\u00f1os de Manu Vel\u00e1zquez, Javier Garc\u00eda, Joseja, Ana Belen Baeza, Luc\u00eda Gallego, Oscar de la Cruz y Tania Silva. &#8230;Y UNA IDEA QUE NUNCA VIO LA LUZ.<\/p>","protected":false},"author":1,"featured_media":0,"parent":0,"menu_order":0,"comment_status":"closed","ping_status":"closed","template":"","meta":{"footnotes":""},"class_list":["post-149","page","type-page","status-publish"],"yoast_head":"<!-- This site is optimized with the Yoast SEO plugin v24.3 - https:\/\/yoast.com\/wordpress\/plugins\/seo\/ -->\n<title>Carteles - Sombra Festival<\/title>\n<meta name=\"robots\" content=\"index, follow, max-snippet:-1, max-image-preview:large, max-video-preview:-1\" \/>\n<link rel=\"canonical\" href=\"https:\/\/sombrafestival.com\/en\/carteles\/\" \/>\n<meta property=\"og:locale\" content=\"en_GB\" \/>\n<meta property=\"og:type\" content=\"article\" \/>\n<meta property=\"og:title\" content=\"Carteles - Sombra Festival\" \/>\n<meta property=\"og:description\" content=\"CARTELES CLAUSURA,\u00a0 BANDAS SONORAS y EXPOSICIONESDise\u00f1os de Manu Vel\u00e1zquez, Javier Garc\u00eda, Joseja, Ana Belen Baeza, Luc\u00eda Gallego, Oscar de la Cruz y Tania Silva. &#8230;Y UNA IDEA QUE NUNCA VIO LA LUZ.\" \/>\n<meta property=\"og:url\" content=\"https:\/\/sombrafestival.com\/en\/carteles\/\" \/>\n<meta property=\"og:site_name\" content=\"Sombra Festival\" \/>\n<meta property=\"article:publisher\" content=\"https:\/\/www.facebook.com\/Sombra-Festival-De-CINE-Fantastico-Europeo-De-Murcia-175337032531429\/\" \/>\n<meta property=\"article:modified_time\" content=\"2024-08-21T08:46:30+00:00\" \/>\n<meta property=\"og:image\" content=\"https:\/\/sombrafestival.com\/wp-content\/uploads\/2024\/03\/Cartel-Sombra-Murcia-732x1024.jpg\" \/>\n<meta name=\"twitter:card\" content=\"summary_large_image\" \/>\n<meta name=\"twitter:site\" content=\"@SombraFestival\" \/>\n<script type=\"application\/ld+json\" class=\"yoast-schema-graph\">{\"@context\":\"https:\/\/schema.org\",\"@graph\":[{\"@type\":\"WebPage\",\"@id\":\"https:\/\/sombrafestival.com\/carteles\/\",\"url\":\"https:\/\/sombrafestival.com\/carteles\/\",\"name\":\"Carteles - Sombra Festival\",\"isPartOf\":{\"@id\":\"https:\/\/sombrafestival.com\/en\/#website\"},\"primaryImageOfPage\":{\"@id\":\"https:\/\/sombrafestival.com\/carteles\/#primaryimage\"},\"image\":{\"@id\":\"https:\/\/sombrafestival.com\/carteles\/#primaryimage\"},\"thumbnailUrl\":\"https:\/\/sombrafestival.com\/wp-content\/uploads\/2024\/03\/Cartel-Sombra-Murcia-732x1024.jpg\",\"datePublished\":\"2019-08-27T13:33:11+00:00\",\"dateModified\":\"2024-08-21T08:46:30+00:00\",\"breadcrumb\":{\"@id\":\"https:\/\/sombrafestival.com\/carteles\/#breadcrumb\"},\"inLanguage\":\"en-GB\",\"potentialAction\":[{\"@type\":\"ReadAction\",\"target\":[\"https:\/\/sombrafestival.com\/carteles\/\"]}]},{\"@type\":\"ImageObject\",\"inLanguage\":\"en-GB\",\"@id\":\"https:\/\/sombrafestival.com\/carteles\/#primaryimage\",\"url\":\"https:\/\/sombrafestival.com\/wp-content\/uploads\/2024\/03\/Cartel-Sombra-Murcia-732x1024.jpg\",\"contentUrl\":\"https:\/\/sombrafestival.com\/wp-content\/uploads\/2024\/03\/Cartel-Sombra-Murcia-732x1024.jpg\"},{\"@type\":\"BreadcrumbList\",\"@id\":\"https:\/\/sombrafestival.com\/carteles\/#breadcrumb\",\"itemListElement\":[{\"@type\":\"ListItem\",\"position\":1,\"name\":\"Portada\",\"item\":\"https:\/\/sombrafestival.com\/\"},{\"@type\":\"ListItem\",\"position\":2,\"name\":\"Carteles\"}]},{\"@type\":\"WebSite\",\"@id\":\"https:\/\/sombrafestival.com\/en\/#website\",\"url\":\"https:\/\/sombrafestival.com\/en\/\",\"name\":\"Sombra Festival\",\"description\":\"XIII Festival de Cine Fant\u00e1stico Europeo de Murcia, 8-17 MARZO 2024\",\"publisher\":{\"@id\":\"https:\/\/sombrafestival.com\/en\/#organization\"},\"potentialAction\":[{\"@type\":\"SearchAction\",\"target\":{\"@type\":\"EntryPoint\",\"urlTemplate\":\"https:\/\/sombrafestival.com\/en\/?s={search_term_string}\"},\"query-input\":{\"@type\":\"PropertyValueSpecification\",\"valueRequired\":true,\"valueName\":\"search_term_string\"}}],\"inLanguage\":\"en-GB\"},{\"@type\":\"Organization\",\"@id\":\"https:\/\/sombrafestival.com\/en\/#organization\",\"name\":\"SOMBRA, IX FESTIVAL DE CINE FANTASTICO EUROPEO DE MURCIA\",\"url\":\"https:\/\/sombrafestival.com\/en\/\",\"logo\":{\"@type\":\"ImageObject\",\"inLanguage\":\"en-GB\",\"@id\":\"https:\/\/sombrafestival.com\/en\/#\/schema\/logo\/image\/\",\"url\":\"https:\/\/sombrafestival.com\/wp-content\/uploads\/2019\/10\/Sombra-LogoIdentificador-Negativo.jpg\",\"contentUrl\":\"https:\/\/sombrafestival.com\/wp-content\/uploads\/2019\/10\/Sombra-LogoIdentificador-Negativo.jpg\",\"width\":400,\"height\":400,\"caption\":\"SOMBRA, IX FESTIVAL DE CINE FANTASTICO EUROPEO DE MURCIA\"},\"image\":{\"@id\":\"https:\/\/sombrafestival.com\/en\/#\/schema\/logo\/image\/\"},\"sameAs\":[\"https:\/\/www.facebook.com\/Sombra-Festival-De-CINE-Fantastico-Europeo-De-Murcia-175337032531429\/\",\"https:\/\/x.com\/SombraFestival\",\"https:\/\/www.instagram.com\/sombrafestival\/\",\"https:\/\/www.youtube.com\/channel\/UCBdSJni9V30Tq4cGf4Lj0Ug?view_as=subscriber\"]}]}<\/script>\n<!-- \/ Yoast SEO plugin. -->","yoast_head_json":{"title":"Carteles - Sombra Festival","robots":{"index":"index","follow":"follow","max-snippet":"max-snippet:-1","max-image-preview":"max-image-preview:large","max-video-preview":"max-video-preview:-1"},"canonical":"https:\/\/sombrafestival.com\/en\/carteles\/","og_locale":"en_GB","og_type":"article","og_title":"Carteles - Sombra Festival","og_description":"CARTELES CLAUSURA,\u00a0 BANDAS SONORAS y EXPOSICIONESDise\u00f1os de Manu Vel\u00e1zquez, Javier Garc\u00eda, Joseja, Ana Belen Baeza, Luc\u00eda Gallego, Oscar de la Cruz y Tania Silva. &#8230;Y UNA IDEA QUE NUNCA VIO LA LUZ.","og_url":"https:\/\/sombrafestival.com\/en\/carteles\/","og_site_name":"Sombra Festival","article_publisher":"https:\/\/www.facebook.com\/Sombra-Festival-De-CINE-Fantastico-Europeo-De-Murcia-175337032531429\/","article_modified_time":"2024-08-21T08:46:30+00:00","og_image":[{"url":"https:\/\/sombrafestival.com\/wp-content\/uploads\/2024\/03\/Cartel-Sombra-Murcia-732x1024.jpg","type":"","width":"","height":""}],"twitter_card":"summary_large_image","twitter_site":"@SombraFestival","schema":{"@context":"https:\/\/schema.org","@graph":[{"@type":"WebPage","@id":"https:\/\/sombrafestival.com\/carteles\/","url":"https:\/\/sombrafestival.com\/carteles\/","name":"Carteles - Sombra Festival","isPartOf":{"@id":"https:\/\/sombrafestival.com\/en\/#website"},"primaryImageOfPage":{"@id":"https:\/\/sombrafestival.com\/carteles\/#primaryimage"},"image":{"@id":"https:\/\/sombrafestival.com\/carteles\/#primaryimage"},"thumbnailUrl":"https:\/\/sombrafestival.com\/wp-content\/uploads\/2024\/03\/Cartel-Sombra-Murcia-732x1024.jpg","datePublished":"2019-08-27T13:33:11+00:00","dateModified":"2024-08-21T08:46:30+00:00","breadcrumb":{"@id":"https:\/\/sombrafestival.com\/carteles\/#breadcrumb"},"inLanguage":"en-GB","potentialAction":[{"@type":"ReadAction","target":["https:\/\/sombrafestival.com\/carteles\/"]}]},{"@type":"ImageObject","inLanguage":"en-GB","@id":"https:\/\/sombrafestival.com\/carteles\/#primaryimage","url":"https:\/\/sombrafestival.com\/wp-content\/uploads\/2024\/03\/Cartel-Sombra-Murcia-732x1024.jpg","contentUrl":"https:\/\/sombrafestival.com\/wp-content\/uploads\/2024\/03\/Cartel-Sombra-Murcia-732x1024.jpg"},{"@type":"BreadcrumbList","@id":"https:\/\/sombrafestival.com\/carteles\/#breadcrumb","itemListElement":[{"@type":"ListItem","position":1,"name":"Portada","item":"https:\/\/sombrafestival.com\/"},{"@type":"ListItem","position":2,"name":"Carteles"}]},{"@type":"WebSite","@id":"https:\/\/sombrafestival.com\/en\/#website","url":"https:\/\/sombrafestival.com\/en\/","name":"Sombra Festival","description":"XIII Festival de Cine Fant\u00e1stico Europeo de Murcia, 8-17 MARZO 2024","publisher":{"@id":"https:\/\/sombrafestival.com\/en\/#organization"},"potentialAction":[{"@type":"SearchAction","target":{"@type":"EntryPoint","urlTemplate":"https:\/\/sombrafestival.com\/en\/?s={search_term_string}"},"query-input":{"@type":"PropertyValueSpecification","valueRequired":true,"valueName":"search_term_string"}}],"inLanguage":"en-GB"},{"@type":"Organization","@id":"https:\/\/sombrafestival.com\/en\/#organization","name":"SOMBRA, IX FESTIVAL DE CINE FANTASTICO EUROPEO DE MURCIA","url":"https:\/\/sombrafestival.com\/en\/","logo":{"@type":"ImageObject","inLanguage":"en-GB","@id":"https:\/\/sombrafestival.com\/en\/#\/schema\/logo\/image\/","url":"https:\/\/sombrafestival.com\/wp-content\/uploads\/2019\/10\/Sombra-LogoIdentificador-Negativo.jpg","contentUrl":"https:\/\/sombrafestival.com\/wp-content\/uploads\/2019\/10\/Sombra-LogoIdentificador-Negativo.jpg","width":400,"height":400,"caption":"SOMBRA, IX FESTIVAL DE CINE FANTASTICO EUROPEO DE MURCIA"},"image":{"@id":"https:\/\/sombrafestival.com\/en\/#\/schema\/logo\/image\/"},"sameAs":["https:\/\/www.facebook.com\/Sombra-Festival-De-CINE-Fantastico-Europeo-De-Murcia-175337032531429\/","https:\/\/x.com\/SombraFestival","https:\/\/www.instagram.com\/sombrafestival\/","https:\/\/www.youtube.com\/channel\/UCBdSJni9V30Tq4cGf4Lj0Ug?view_as=subscriber"]}]}},"_links":{"self":[{"href":"https:\/\/sombrafestival.com\/en\/wp-json\/wp\/v2\/pages\/149","targetHints":{"allow":["GET"]}}],"collection":[{"href":"https:\/\/sombrafestival.com\/en\/wp-json\/wp\/v2\/pages"}],"about":[{"href":"https:\/\/sombrafestival.com\/en\/wp-json\/wp\/v2\/types\/page"}],"author":[{"embeddable":true,"href":"https:\/\/sombrafestival.com\/en\/wp-json\/wp\/v2\/users\/1"}],"replies":[{"embeddable":true,"href":"https:\/\/sombrafestival.com\/en\/wp-json\/wp\/v2\/comments?post=149"}],"version-history":[{"count":13,"href":"https:\/\/sombrafestival.com\/en\/wp-json\/wp\/v2\/pages\/149\/revisions"}],"predecessor-version":[{"id":6609,"href":"https:\/\/sombrafestival.com\/en\/wp-json\/wp\/v2\/pages\/149\/revisions\/6609"}],"wp:attachment":[{"href":"https:\/\/sombrafestival.com\/en\/wp-json\/wp\/v2\/media?parent=149"}],"curies":[{"name":"wp","href":"https:\/\/api.w.org\/{rel}","templated":true}]}}