{"id":3316,"date":"2021-05-06T21:58:42","date_gmt":"2021-05-06T19:58:42","guid":{"rendered":"https:\/\/sombrafestival.com\/?page_id=3316"},"modified":"2021-05-27T20:26:17","modified_gmt":"2021-05-27T18:26:17","slug":"taller-de-fotografia-y-fotomaraton-sombra-2021","status":"publish","type":"page","link":"https:\/\/sombrafestival.com\/en\/taller-de-fotografia-y-fotomaraton-sombra-2021\/","title":{"rendered":"Taller de fotograf\u00eda y fotomarat\u00f3n Sombra 2021"},"content":{"rendered":"<p><strong>&gt; S\u00e1bado, 29 de mayo<\/strong><\/p>\n<p><strong>&gt; 10:30h Taller Aproximaci\u00f3n a la Fotograf\u00eda en Centro Municipal\u00a0 de Santiago y Zaraiche.<\/strong><\/p>\n<p><strong>&gt; 16:30h Fotomarat\u00f3n en Santiago y Zaraiche<\/strong><\/p>\n<p><strong>&gt; Premio: Cheque de 300 \u20ac FNAC y Libro A Place Both Wonderful and Strange<\/strong><\/p>\n<p style=\"text-align: center;\"><a href=\"https:\/\/sombrafestival.com\/en\/bases-fotomaraton-2021-santiago-y-zaraiche-1\/\"><span class=\"td_btn td_btn_lg td_3D_btn\">Descarga aqu\u00ed las bases<\/span><\/a><\/p>\n<p>El <strong>Fotomarat\u00f3n<\/strong> es un Evento Cultural y Did\u00e1ctico dise\u00f1ado para combinar elementos<br \/>\npresentes hoy en d\u00eda en la vida de los j\u00f3venes: la fotograf\u00eda y la cultura social en redes.<br \/>\nPara este cuarto a\u00f1o el Evento Fotomarat\u00f3n tendr\u00e1 un antes (taller de aproximaci\u00f3n a<br \/>\nla fotograf\u00eda), durante (el evento en s\u00ed) y un post (Exposici\u00f3n en Institutos de las<br \/>\nmejores fotograf\u00edas).<\/p>\n<h3 style=\"text-align: center;\">AFORO COMPLETO<\/h3>\n<p>&nbsp;<\/p>\n<h3>Taller de aproximaci\u00f3n a la fotograf\u00eda<\/h3>\n<p>Taller de Fotograf\u00eda al aire libre de 2 horas y media de duraci\u00f3n (10,30-13,00), con<br \/>\nhasta 20 alumnos, impartido por un profesional del mundo de la fotograf\u00eda.<\/p>\n<p>Durante las dos horas y media de duraci\u00f3n del taller, los asistentes aprender\u00e1n el<br \/>\nfuncionamiento de la c\u00e1mara. Descubrir\u00e1n el uso de la luz y, entre otras nociones,<br \/>\ncomo usar la luz artificial en exterior a plena luz del d\u00eda. Adem\u00e1s se les ense\u00f1ar\u00e1 el uso<br \/>\nde modificadores y para que sirven las diferentes lentes. Se le har\u00e1 una breve charla<br \/>\ndonde conocer\u00e1n las influencias de la fotograf\u00eda. Finalmente terminar\u00e1n con una<br \/>\nsesi\u00f3n en directo y revelado digital en Lightroom.<\/p>\n<p><img loading=\"lazy\" decoding=\"async\" class=\"size-full wp-image-3320 aligncenter\" src=\"https:\/\/sombrafestival.com\/wp-content\/uploads\/2021\/05\/fotomaraton_6-1-1024x438-1.jpg\" alt=\"\" width=\"1024\" height=\"438\" srcset=\"https:\/\/sombrafestival.com\/wp-content\/uploads\/2021\/05\/fotomaraton_6-1-1024x438-1.jpg 1024w, https:\/\/sombrafestival.com\/wp-content\/uploads\/2021\/05\/fotomaraton_6-1-1024x438-1-300x128.jpg 300w, https:\/\/sombrafestival.com\/wp-content\/uploads\/2021\/05\/fotomaraton_6-1-1024x438-1-768x329.jpg 768w, https:\/\/sombrafestival.com\/wp-content\/uploads\/2021\/05\/fotomaraton_6-1-1024x438-1-696x298.jpg 696w, https:\/\/sombrafestival.com\/wp-content\/uploads\/2021\/05\/fotomaraton_6-1-1024x438-1-982x420.jpg 982w\" sizes=\"auto, (max-width: 1024px) 100vw, 1024px\" \/><\/p>\n<h3>Concurso de fotograf\u00eda urbano<\/h3>\n<p>Por la tarde los alumnos se desplazar\u00e1n en un Fotomarat\u00f3n por emplazamientos<br \/>\ndecididos por el contratante. Realizaran fotograf\u00edas en los mismos con caracter\u00edsticas<br \/>\nespecificadas por las Organizaci\u00f3n, utilizando las t\u00e9cnicas estudiadas en el curso de la<br \/>\nma\u00f1ana.<\/p>\n<h3>Exposici\u00f3n<\/h3>\n<p>Se realizar\u00e1 una exposici\u00f3n de las mejores fotograf\u00edas en el sitio indicado por el<br \/>\ncontratante, con presencia de los participantes, entregando al premio al ganador.<\/p>\n<h3>Redes sociales<\/h3>\n<p>Todos los participantes ver\u00e1n publicadas sus fotos con etiquetado del SOMBRA y del<br \/>\nCliente en Facebook, Twitter e Instagram.<br \/>\nTodos los proyectos finales se subir\u00e1n a las redes sociales del contratante y del<br \/>\nFestival de Cine Europeo de Murcia.<\/p>\n<h3>Taller impartido por Tom\u00e1s Iniesta<\/h3>\n<p>Tom\u00e1s Iniesta es un fot\u00f3grafo publicitario con m\u00e1s de veinte a\u00f1os de experiencia. Se<br \/>\nform\u00f3 como dise\u00f1ador gr\u00e1fico en la Escuela Superior Internacional de Murcia, fund\u00f3<br \/>\nsu propio estudio de dise\u00f1o y fotograf\u00eda en 2012. Especializado en retoque digital con<br \/>\nPhotoshop y fotograf\u00eda creativa, es un apasionado del retrato.<\/p>\n<p><img loading=\"lazy\" decoding=\"async\" class=\"size-full wp-image-3763 aligncenter\" src=\"https:\/\/sombrafestival.com\/wp-content\/uploads\/2021\/05\/Fotomaraton-1200x1200-1.jpg\" alt=\"Fotomaraton 2021\" width=\"1200\" height=\"1200\" srcset=\"https:\/\/sombrafestival.com\/wp-content\/uploads\/2021\/05\/Fotomaraton-1200x1200-1.jpg 1200w, https:\/\/sombrafestival.com\/wp-content\/uploads\/2021\/05\/Fotomaraton-1200x1200-1-300x300.jpg 300w, https:\/\/sombrafestival.com\/wp-content\/uploads\/2021\/05\/Fotomaraton-1200x1200-1-1024x1024.jpg 1024w, https:\/\/sombrafestival.com\/wp-content\/uploads\/2021\/05\/Fotomaraton-1200x1200-1-150x150.jpg 150w, https:\/\/sombrafestival.com\/wp-content\/uploads\/2021\/05\/Fotomaraton-1200x1200-1-768x768.jpg 768w, https:\/\/sombrafestival.com\/wp-content\/uploads\/2021\/05\/Fotomaraton-1200x1200-1-696x696.jpg 696w, https:\/\/sombrafestival.com\/wp-content\/uploads\/2021\/05\/Fotomaraton-1200x1200-1-1068x1068.jpg 1068w, https:\/\/sombrafestival.com\/wp-content\/uploads\/2021\/05\/Fotomaraton-1200x1200-1-420x420.jpg 420w\" sizes=\"auto, (max-width: 1200px) 100vw, 1200px\" \/><\/p>","protected":false},"excerpt":{"rendered":"<p>&gt; S\u00e1bado, 29 de mayo &gt; 10:30h Taller Aproximaci\u00f3n a la Fotograf\u00eda en Centro Municipal\u00a0 de Santiago y Zaraiche. &gt; 16:30h Fotomarat\u00f3n en Santiago y Zaraiche &gt; Premio: Cheque de 300 \u20ac FNAC y Libro A Place Both Wonderful and Strange Descarga aqu\u00ed las bases El Fotomarat\u00f3n es un Evento Cultural y Did\u00e1ctico dise\u00f1ado para [&hellip;]<\/p>","protected":false},"author":2,"featured_media":3763,"parent":0,"menu_order":0,"comment_status":"closed","ping_status":"closed","template":"","meta":{"footnotes":""},"class_list":["post-3316","page","type-page","status-publish","has-post-thumbnail"],"yoast_head":"<!-- This site is optimized with the Yoast SEO plugin v24.3 - https:\/\/yoast.com\/wordpress\/plugins\/seo\/ -->\n<title>Taller de fotograf\u00eda y fotomarat\u00f3n Sombra 2021 - Sombra Festival<\/title>\n<meta name=\"robots\" content=\"index, follow, max-snippet:-1, max-image-preview:large, max-video-preview:-1\" \/>\n<link rel=\"canonical\" href=\"https:\/\/sombrafestival.com\/en\/taller-de-fotografia-y-fotomaraton-sombra-2021\/\" \/>\n<meta property=\"og:locale\" content=\"en_GB\" \/>\n<meta property=\"og:type\" content=\"article\" \/>\n<meta property=\"og:title\" content=\"Taller de fotograf\u00eda y fotomarat\u00f3n Sombra 2021 - Sombra Festival\" \/>\n<meta property=\"og:description\" content=\"&gt; S\u00e1bado, 29 de mayo &gt; 10:30h Taller Aproximaci\u00f3n a la Fotograf\u00eda en Centro Municipal\u00a0 de Santiago y Zaraiche. &gt; 16:30h Fotomarat\u00f3n en Santiago y Zaraiche &gt; Premio: Cheque de 300 \u20ac FNAC y Libro A Place Both Wonderful and Strange Descarga aqu\u00ed las bases El Fotomarat\u00f3n es un Evento Cultural y Did\u00e1ctico dise\u00f1ado para [&hellip;]\" \/>\n<meta property=\"og:url\" content=\"https:\/\/sombrafestival.com\/en\/taller-de-fotografia-y-fotomaraton-sombra-2021\/\" \/>\n<meta property=\"og:site_name\" content=\"Sombra Festival\" \/>\n<meta property=\"article:publisher\" content=\"https:\/\/www.facebook.com\/Sombra-Festival-De-CINE-Fantastico-Europeo-De-Murcia-175337032531429\/\" \/>\n<meta property=\"article:modified_time\" content=\"2021-05-27T18:26:17+00:00\" \/>\n<meta property=\"og:image\" content=\"https:\/\/sombrafestival.com\/wp-content\/uploads\/2021\/05\/Fotomaraton-1200x1200-1.jpg\" \/>\n\t<meta property=\"og:image:width\" content=\"1200\" \/>\n\t<meta property=\"og:image:height\" content=\"1200\" \/>\n\t<meta property=\"og:image:type\" content=\"image\/jpeg\" \/>\n<meta name=\"twitter:card\" content=\"summary_large_image\" \/>\n<meta name=\"twitter:site\" content=\"@SombraFestival\" \/>\n<meta name=\"twitter:label1\" content=\"Est. reading time\" \/>\n\t<meta name=\"twitter:data1\" content=\"2 minutes\" \/>\n<script type=\"application\/ld+json\" class=\"yoast-schema-graph\">{\"@context\":\"https:\/\/schema.org\",\"@graph\":[{\"@type\":\"WebPage\",\"@id\":\"https:\/\/sombrafestival.com\/taller-de-fotografia-y-fotomaraton-sombra-2021\/\",\"url\":\"https:\/\/sombrafestival.com\/taller-de-fotografia-y-fotomaraton-sombra-2021\/\",\"name\":\"Taller de fotograf\u00eda y fotomarat\u00f3n Sombra 2021 - Sombra Festival\",\"isPartOf\":{\"@id\":\"https:\/\/sombrafestival.com\/en\/#website\"},\"primaryImageOfPage\":{\"@id\":\"https:\/\/sombrafestival.com\/taller-de-fotografia-y-fotomaraton-sombra-2021\/#primaryimage\"},\"image\":{\"@id\":\"https:\/\/sombrafestival.com\/taller-de-fotografia-y-fotomaraton-sombra-2021\/#primaryimage\"},\"thumbnailUrl\":\"https:\/\/sombrafestival.com\/wp-content\/uploads\/2021\/05\/Fotomaraton-1200x1200-1.jpg\",\"datePublished\":\"2021-05-06T19:58:42+00:00\",\"dateModified\":\"2021-05-27T18:26:17+00:00\",\"breadcrumb\":{\"@id\":\"https:\/\/sombrafestival.com\/taller-de-fotografia-y-fotomaraton-sombra-2021\/#breadcrumb\"},\"inLanguage\":\"en-GB\",\"potentialAction\":[{\"@type\":\"ReadAction\",\"target\":[\"https:\/\/sombrafestival.com\/taller-de-fotografia-y-fotomaraton-sombra-2021\/\"]}]},{\"@type\":\"ImageObject\",\"inLanguage\":\"en-GB\",\"@id\":\"https:\/\/sombrafestival.com\/taller-de-fotografia-y-fotomaraton-sombra-2021\/#primaryimage\",\"url\":\"https:\/\/sombrafestival.com\/wp-content\/uploads\/2021\/05\/Fotomaraton-1200x1200-1.jpg\",\"contentUrl\":\"https:\/\/sombrafestival.com\/wp-content\/uploads\/2021\/05\/Fotomaraton-1200x1200-1.jpg\",\"width\":1200,\"height\":1200,\"caption\":\"Fotomaraton 2021\"},{\"@type\":\"BreadcrumbList\",\"@id\":\"https:\/\/sombrafestival.com\/taller-de-fotografia-y-fotomaraton-sombra-2021\/#breadcrumb\",\"itemListElement\":[{\"@type\":\"ListItem\",\"position\":1,\"name\":\"Portada\",\"item\":\"https:\/\/sombrafestival.com\/\"},{\"@type\":\"ListItem\",\"position\":2,\"name\":\"Taller de fotograf\u00eda y fotomarat\u00f3n Sombra 2021\"}]},{\"@type\":\"WebSite\",\"@id\":\"https:\/\/sombrafestival.com\/en\/#website\",\"url\":\"https:\/\/sombrafestival.com\/en\/\",\"name\":\"Sombra Festival\",\"description\":\"XIII Festival de Cine Fant\u00e1stico Europeo de Murcia, 8-17 MARZO 2024\",\"publisher\":{\"@id\":\"https:\/\/sombrafestival.com\/en\/#organization\"},\"potentialAction\":[{\"@type\":\"SearchAction\",\"target\":{\"@type\":\"EntryPoint\",\"urlTemplate\":\"https:\/\/sombrafestival.com\/en\/?s={search_term_string}\"},\"query-input\":{\"@type\":\"PropertyValueSpecification\",\"valueRequired\":true,\"valueName\":\"search_term_string\"}}],\"inLanguage\":\"en-GB\"},{\"@type\":\"Organization\",\"@id\":\"https:\/\/sombrafestival.com\/en\/#organization\",\"name\":\"SOMBRA, IX FESTIVAL DE CINE FANTASTICO EUROPEO DE MURCIA\",\"url\":\"https:\/\/sombrafestival.com\/en\/\",\"logo\":{\"@type\":\"ImageObject\",\"inLanguage\":\"en-GB\",\"@id\":\"https:\/\/sombrafestival.com\/en\/#\/schema\/logo\/image\/\",\"url\":\"https:\/\/sombrafestival.com\/wp-content\/uploads\/2019\/10\/Sombra-LogoIdentificador-Negativo.jpg\",\"contentUrl\":\"https:\/\/sombrafestival.com\/wp-content\/uploads\/2019\/10\/Sombra-LogoIdentificador-Negativo.jpg\",\"width\":400,\"height\":400,\"caption\":\"SOMBRA, IX FESTIVAL DE CINE FANTASTICO EUROPEO DE MURCIA\"},\"image\":{\"@id\":\"https:\/\/sombrafestival.com\/en\/#\/schema\/logo\/image\/\"},\"sameAs\":[\"https:\/\/www.facebook.com\/Sombra-Festival-De-CINE-Fantastico-Europeo-De-Murcia-175337032531429\/\",\"https:\/\/x.com\/SombraFestival\",\"https:\/\/www.instagram.com\/sombrafestival\/\",\"https:\/\/www.youtube.com\/channel\/UCBdSJni9V30Tq4cGf4Lj0Ug?view_as=subscriber\"]}]}<\/script>\n<!-- \/ Yoast SEO plugin. -->","yoast_head_json":{"title":"Taller de fotograf\u00eda y fotomarat\u00f3n Sombra 2021 - Sombra Festival","robots":{"index":"index","follow":"follow","max-snippet":"max-snippet:-1","max-image-preview":"max-image-preview:large","max-video-preview":"max-video-preview:-1"},"canonical":"https:\/\/sombrafestival.com\/en\/taller-de-fotografia-y-fotomaraton-sombra-2021\/","og_locale":"en_GB","og_type":"article","og_title":"Taller de fotograf\u00eda y fotomarat\u00f3n Sombra 2021 - Sombra Festival","og_description":"&gt; S\u00e1bado, 29 de mayo &gt; 10:30h Taller Aproximaci\u00f3n a la Fotograf\u00eda en Centro Municipal\u00a0 de Santiago y Zaraiche. &gt; 16:30h Fotomarat\u00f3n en Santiago y Zaraiche &gt; Premio: Cheque de 300 \u20ac FNAC y Libro A Place Both Wonderful and Strange Descarga aqu\u00ed las bases El Fotomarat\u00f3n es un Evento Cultural y Did\u00e1ctico dise\u00f1ado para [&hellip;]","og_url":"https:\/\/sombrafestival.com\/en\/taller-de-fotografia-y-fotomaraton-sombra-2021\/","og_site_name":"Sombra Festival","article_publisher":"https:\/\/www.facebook.com\/Sombra-Festival-De-CINE-Fantastico-Europeo-De-Murcia-175337032531429\/","article_modified_time":"2021-05-27T18:26:17+00:00","og_image":[{"width":1200,"height":1200,"url":"https:\/\/sombrafestival.com\/wp-content\/uploads\/2021\/05\/Fotomaraton-1200x1200-1.jpg","type":"image\/jpeg"}],"twitter_card":"summary_large_image","twitter_site":"@SombraFestival","twitter_misc":{"Est. reading time":"2 minutes"},"schema":{"@context":"https:\/\/schema.org","@graph":[{"@type":"WebPage","@id":"https:\/\/sombrafestival.com\/taller-de-fotografia-y-fotomaraton-sombra-2021\/","url":"https:\/\/sombrafestival.com\/taller-de-fotografia-y-fotomaraton-sombra-2021\/","name":"Taller de fotograf\u00eda y fotomarat\u00f3n Sombra 2021 - Sombra Festival","isPartOf":{"@id":"https:\/\/sombrafestival.com\/en\/#website"},"primaryImageOfPage":{"@id":"https:\/\/sombrafestival.com\/taller-de-fotografia-y-fotomaraton-sombra-2021\/#primaryimage"},"image":{"@id":"https:\/\/sombrafestival.com\/taller-de-fotografia-y-fotomaraton-sombra-2021\/#primaryimage"},"thumbnailUrl":"https:\/\/sombrafestival.com\/wp-content\/uploads\/2021\/05\/Fotomaraton-1200x1200-1.jpg","datePublished":"2021-05-06T19:58:42+00:00","dateModified":"2021-05-27T18:26:17+00:00","breadcrumb":{"@id":"https:\/\/sombrafestival.com\/taller-de-fotografia-y-fotomaraton-sombra-2021\/#breadcrumb"},"inLanguage":"en-GB","potentialAction":[{"@type":"ReadAction","target":["https:\/\/sombrafestival.com\/taller-de-fotografia-y-fotomaraton-sombra-2021\/"]}]},{"@type":"ImageObject","inLanguage":"en-GB","@id":"https:\/\/sombrafestival.com\/taller-de-fotografia-y-fotomaraton-sombra-2021\/#primaryimage","url":"https:\/\/sombrafestival.com\/wp-content\/uploads\/2021\/05\/Fotomaraton-1200x1200-1.jpg","contentUrl":"https:\/\/sombrafestival.com\/wp-content\/uploads\/2021\/05\/Fotomaraton-1200x1200-1.jpg","width":1200,"height":1200,"caption":"Fotomaraton 2021"},{"@type":"BreadcrumbList","@id":"https:\/\/sombrafestival.com\/taller-de-fotografia-y-fotomaraton-sombra-2021\/#breadcrumb","itemListElement":[{"@type":"ListItem","position":1,"name":"Portada","item":"https:\/\/sombrafestival.com\/"},{"@type":"ListItem","position":2,"name":"Taller de fotograf\u00eda y fotomarat\u00f3n Sombra 2021"}]},{"@type":"WebSite","@id":"https:\/\/sombrafestival.com\/en\/#website","url":"https:\/\/sombrafestival.com\/en\/","name":"Sombra Festival","description":"XIII Festival de Cine Fant\u00e1stico Europeo de Murcia, 8-17 MARZO 2024","publisher":{"@id":"https:\/\/sombrafestival.com\/en\/#organization"},"potentialAction":[{"@type":"SearchAction","target":{"@type":"EntryPoint","urlTemplate":"https:\/\/sombrafestival.com\/en\/?s={search_term_string}"},"query-input":{"@type":"PropertyValueSpecification","valueRequired":true,"valueName":"search_term_string"}}],"inLanguage":"en-GB"},{"@type":"Organization","@id":"https:\/\/sombrafestival.com\/en\/#organization","name":"SOMBRA, IX FESTIVAL DE CINE FANTASTICO EUROPEO DE MURCIA","url":"https:\/\/sombrafestival.com\/en\/","logo":{"@type":"ImageObject","inLanguage":"en-GB","@id":"https:\/\/sombrafestival.com\/en\/#\/schema\/logo\/image\/","url":"https:\/\/sombrafestival.com\/wp-content\/uploads\/2019\/10\/Sombra-LogoIdentificador-Negativo.jpg","contentUrl":"https:\/\/sombrafestival.com\/wp-content\/uploads\/2019\/10\/Sombra-LogoIdentificador-Negativo.jpg","width":400,"height":400,"caption":"SOMBRA, IX FESTIVAL DE CINE FANTASTICO EUROPEO DE MURCIA"},"image":{"@id":"https:\/\/sombrafestival.com\/en\/#\/schema\/logo\/image\/"},"sameAs":["https:\/\/www.facebook.com\/Sombra-Festival-De-CINE-Fantastico-Europeo-De-Murcia-175337032531429\/","https:\/\/x.com\/SombraFestival","https:\/\/www.instagram.com\/sombrafestival\/","https:\/\/www.youtube.com\/channel\/UCBdSJni9V30Tq4cGf4Lj0Ug?view_as=subscriber"]}]}},"_links":{"self":[{"href":"https:\/\/sombrafestival.com\/en\/wp-json\/wp\/v2\/pages\/3316","targetHints":{"allow":["GET"]}}],"collection":[{"href":"https:\/\/sombrafestival.com\/en\/wp-json\/wp\/v2\/pages"}],"about":[{"href":"https:\/\/sombrafestival.com\/en\/wp-json\/wp\/v2\/types\/page"}],"author":[{"embeddable":true,"href":"https:\/\/sombrafestival.com\/en\/wp-json\/wp\/v2\/users\/2"}],"replies":[{"embeddable":true,"href":"https:\/\/sombrafestival.com\/en\/wp-json\/wp\/v2\/comments?post=3316"}],"version-history":[{"count":14,"href":"https:\/\/sombrafestival.com\/en\/wp-json\/wp\/v2\/pages\/3316\/revisions"}],"predecessor-version":[{"id":3965,"href":"https:\/\/sombrafestival.com\/en\/wp-json\/wp\/v2\/pages\/3316\/revisions\/3965"}],"wp:featuredmedia":[{"embeddable":true,"href":"https:\/\/sombrafestival.com\/en\/wp-json\/wp\/v2\/media\/3763"}],"wp:attachment":[{"href":"https:\/\/sombrafestival.com\/en\/wp-json\/wp\/v2\/media?parent=3316"}],"curies":[{"name":"wp","href":"https:\/\/api.w.org\/{rel}","templated":true}]}}