{"id":4412,"date":"2022-02-20T18:04:03","date_gmt":"2022-02-20T17:04:03","guid":{"rendered":"https:\/\/sombrafestival.com\/?page_id=4412"},"modified":"2022-02-27T16:56:52","modified_gmt":"2022-02-27T15:56:52","slug":"presentacion-libros-de-lamberto-bava-applehead-team","status":"publish","type":"page","link":"https:\/\/sombrafestival.com\/en\/presentacion-libros-de-lamberto-bava-applehead-team\/","title":{"rendered":"Presentaci\u00f3n libros de Applehead Team"},"content":{"rendered":"<ul class=\"td-arrow-list wp-block-list\"><li><strong>FECHA:<\/strong> S\u00e1bado, 19 de marzo<\/li><li><strong>HORA:<\/strong> 18:00<\/li><li><strong>LUGAR: <\/strong>Filmoteca Regional (Sala B)<\/li><\/ul>\n\n\n\n<p class=\"has-text-align-center\"><span class=\"td_btn td_btn_lg td_shadow_btn\">ENTRADA GRATUITA<\/span><\/p>\n\n\n\n<h3 class=\"wp-block-heading\">Participan:<\/h3>\n\n\n\n<div class=\"wp-block-columns is-layout-flex wp-container-core-columns-is-layout-1 wp-block-columns-is-layout-flex\">\n<div class=\"wp-block-column is-layout-flow wp-block-column-is-layout-flow\">\n<figure class=\"wp-block-image size-large td-caption-align-https:\/\/sombrafestival.com\/wp-content\/uploads\/2022\/02\/lamberto-bava.jpg\"><img loading=\"lazy\" decoding=\"async\" width=\"1024\" height=\"640\" src=\"https:\/\/sombrafestival.com\/wp-content\/uploads\/2022\/02\/lamberto-bava-1024x640.jpg\" alt=\"\" class=\"wp-image-4672\" srcset=\"https:\/\/sombrafestival.com\/wp-content\/uploads\/2022\/02\/lamberto-bava-1024x640.jpg 1024w, https:\/\/sombrafestival.com\/wp-content\/uploads\/2022\/02\/lamberto-bava-300x188.jpg 300w, https:\/\/sombrafestival.com\/wp-content\/uploads\/2022\/02\/lamberto-bava-768x480.jpg 768w, https:\/\/sombrafestival.com\/wp-content\/uploads\/2022\/02\/lamberto-bava-18x12.jpg 18w, https:\/\/sombrafestival.com\/wp-content\/uploads\/2022\/02\/lamberto-bava-696x435.jpg 696w, https:\/\/sombrafestival.com\/wp-content\/uploads\/2022\/02\/lamberto-bava-1068x668.jpg 1068w, https:\/\/sombrafestival.com\/wp-content\/uploads\/2022\/02\/lamberto-bava-672x420.jpg 672w, https:\/\/sombrafestival.com\/wp-content\/uploads\/2022\/02\/lamberto-bava.jpg 1080w\" sizes=\"auto, (max-width: 1024px) 100vw, 1024px\" \/><\/figure>\n\n\n\n<p class=\"has-text-align-center\"><strong>Lamberto Bava<\/strong><\/p>\n<\/div>\n\n\n\n<div class=\"wp-block-column is-layout-flow wp-block-column-is-layout-flow\">\n<figure class=\"wp-block-image size-large td-caption-align-https:\/\/sombrafestival.com\/wp-content\/uploads\/2022\/02\/reinaldo-pereira.jpg\"><img loading=\"lazy\" decoding=\"async\" width=\"800\" height=\"533\" src=\"https:\/\/sombrafestival.com\/wp-content\/uploads\/2022\/02\/fabiola-toledo.jpg\" alt=\"\" class=\"wp-image-4414\" srcset=\"https:\/\/sombrafestival.com\/wp-content\/uploads\/2022\/02\/fabiola-toledo.jpg 800w, https:\/\/sombrafestival.com\/wp-content\/uploads\/2022\/02\/fabiola-toledo-300x200.jpg 300w, https:\/\/sombrafestival.com\/wp-content\/uploads\/2022\/02\/fabiola-toledo-768x512.jpg 768w, https:\/\/sombrafestival.com\/wp-content\/uploads\/2022\/02\/fabiola-toledo-696x464.jpg 696w, https:\/\/sombrafestival.com\/wp-content\/uploads\/2022\/02\/fabiola-toledo-630x420.jpg 630w\" sizes=\"auto, (max-width: 800px) 100vw, 800px\" \/><\/figure>\n\n\n\n<p class=\"has-text-align-center\"><strong>Fabiola Toledo<\/strong><\/p>\n<\/div>\n<\/div>\n\n\n\n<div class=\"wp-block-columns is-layout-flex wp-container-core-columns-is-layout-2 wp-block-columns-is-layout-flex\">\n<div class=\"wp-block-column is-layout-flow wp-block-column-is-layout-flow\">\n<figure class=\"wp-block-image size-large td-caption-align-https:\/\/sombrafestival.com\/wp-content\/uploads\/2022\/02\/PABLO-G.-NARANJO-foto.jpg\"><img loading=\"lazy\" decoding=\"async\" width=\"768\" height=\"1024\" src=\"https:\/\/sombrafestival.com\/wp-content\/uploads\/2022\/02\/PABLO-G.-NARANJO-foto-768x1024.jpg\" alt=\"\" class=\"wp-image-4941\" srcset=\"https:\/\/sombrafestival.com\/wp-content\/uploads\/2022\/02\/PABLO-G.-NARANJO-foto-768x1024.jpg 768w, https:\/\/sombrafestival.com\/wp-content\/uploads\/2022\/02\/PABLO-G.-NARANJO-foto-225x300.jpg 225w, https:\/\/sombrafestival.com\/wp-content\/uploads\/2022\/02\/PABLO-G.-NARANJO-foto-9x12.jpg 9w, https:\/\/sombrafestival.com\/wp-content\/uploads\/2022\/02\/PABLO-G.-NARANJO-foto-696x928.jpg 696w, https:\/\/sombrafestival.com\/wp-content\/uploads\/2022\/02\/PABLO-G.-NARANJO-foto-315x420.jpg 315w, https:\/\/sombrafestival.com\/wp-content\/uploads\/2022\/02\/PABLO-G.-NARANJO-foto.jpg 1024w\" sizes=\"auto, (max-width: 768px) 100vw, 768px\" \/><\/figure>\n\n\n\n<p class=\"has-text-align-center\"><strong>Pablo G. Naranjo<\/strong><\/p>\n<\/div>\n\n\n\n<div class=\"wp-block-column is-layout-flow wp-block-column-is-layout-flow\">\n<figure class=\"wp-block-image size-large td-caption-align-https:\/\/sombrafestival.com\/wp-content\/uploads\/2022\/02\/pedro-jose.jpg\"><img loading=\"lazy\" decoding=\"async\" width=\"768\" height=\"1024\" src=\"https:\/\/sombrafestival.com\/wp-content\/uploads\/2022\/02\/pedro-jose-768x1024.jpg\" alt=\"\" class=\"wp-image-4942\" srcset=\"https:\/\/sombrafestival.com\/wp-content\/uploads\/2022\/02\/pedro-jose-768x1024.jpg 768w, https:\/\/sombrafestival.com\/wp-content\/uploads\/2022\/02\/pedro-jose-225x300.jpg 225w, https:\/\/sombrafestival.com\/wp-content\/uploads\/2022\/02\/pedro-jose-9x12.jpg 9w, https:\/\/sombrafestival.com\/wp-content\/uploads\/2022\/02\/pedro-jose-696x928.jpg 696w, https:\/\/sombrafestival.com\/wp-content\/uploads\/2022\/02\/pedro-jose-315x420.jpg 315w, https:\/\/sombrafestival.com\/wp-content\/uploads\/2022\/02\/pedro-jose.jpg 1024w\" sizes=\"auto, (max-width: 768px) 100vw, 768px\" \/><\/figure>\n\n\n\n<p class=\"has-text-align-center\"><strong>Pedro Jos\u00e9 Tena<\/strong><\/p>\n<\/div>\n<\/div>\n\n\n\n<hr class=\"wp-block-separator\"\/>\n\n\n\n<p>Presentaci\u00f3n de los libros publicados por <strong>Applehead Team<\/strong>:<\/p>\n\n\n\n<p><strong>\u00abVamp \/ El tercer d\u00eda\u00bb de Lamberto Bava <\/strong><\/p>\n\n\n\n<p><strong>\u00abDemons Omega\u00bb de Pablo G. Naranjo <\/strong><\/p>\n\n\n\n<p><strong>\u00abDemons: La pesadilla retorna\u00bb de Pedro Jos\u00e9 Tena<\/strong><\/p>\n\n\n\n<p><\/p>\n\n\n\n<h2 class=\"wp-block-heading\"><strong>DEMONS OMEGA<\/strong><\/h2>\n\n\n\n<p>De Pablo G. Naranjo.<br>Pr\u00f3logo de Pedro Jos\u00e9 Tena.<br>Ilustraciones de Marc Gras.<br>NOVELA BASADA EN EL GUION IN\u00c9DITO DE LAMBERTO BAVA PARA DEMONS 3D.<\/p>\n\n\n\n<div class=\"wp-block-image\"><figure class=\"aligncenter size-large\"><img loading=\"lazy\" decoding=\"async\" width=\"696\" height=\"1001\" src=\"https:\/\/sombrafestival.com\/wp-content\/uploads\/2022\/02\/demons-omega.jpg\" alt=\"\" class=\"wp-image-4943\" srcset=\"https:\/\/sombrafestival.com\/wp-content\/uploads\/2022\/02\/demons-omega.jpg 696w, https:\/\/sombrafestival.com\/wp-content\/uploads\/2022\/02\/demons-omega-209x300.jpg 209w, https:\/\/sombrafestival.com\/wp-content\/uploads\/2022\/02\/demons-omega-8x12.jpg 8w, https:\/\/sombrafestival.com\/wp-content\/uploads\/2022\/02\/demons-omega-292x420.jpg 292w\" sizes=\"auto, (max-width: 696px) 100vw, 696px\" \/><\/figure><\/div>\n\n\n\n<p><strong>Sinopsis<\/strong>:<\/p>\n\n\n\n<p>En 1985 los demonios reinaron en una noche de sangre y muerte que asol\u00f3 a la humanidad y la sumi\u00f3 en el caos. Treinta y seis a\u00f1os despu\u00e9s, el mundo ha borrado de su memoria aquella realidad donde el terror tom\u00f3 la forma de monstruos, de garras, de dientes como cuchillos.<\/p>\n\n\n\n<p>Pero no todos han olvidado. Un horror encadenado por una maldici\u00f3n espera su retorno despu\u00e9s de ser encontrado por el hombre m\u00e1s poderoso del planeta. Un horror milenario que porta una m\u00e1scara hecha con la piel del diablo.<\/p>\n\n\n\n<p>En una peque\u00f1a isla azotada por el viento helado, se espera la llegada de un grupo de invitados a la fiesta m\u00e1s exclusiva del momento. No saben que esa ser\u00e1 su \u00faltima noche sobre la tierra. Tampoco que una nueva forma de espanto se abrir\u00e1 paso desde las entra\u00f1as de los muertos&#8230;<\/p>\n\n\n\n<p><strong>El autor<\/strong>:&nbsp;<\/p>\n\n\n\n<p>Pablo G. Naranjo (Sabadell, 1979) vive en Sevilla con su familia y sus perros. Particip\u00f3 en varias antolog\u00edas antes de publicar <em>Laguna Negra<\/em> (Tyrannosaurus Books). Despu\u00e9s llegaron la novelizaci\u00f3n de <em>La noche de los muertos vivientes<\/em> and <em>Noche silenciosa, noche sangrienta<\/em>; <em>El hombre Spam<\/em>, <em>Purgatorio<\/em> and <em>Coburn<\/em>. Continu\u00f3 la senda de la acci\u00f3n criminal con <em>La misericordia del verdugo<\/em> (Cuadernos del laberinto) y el terror demoniaco con <em>Todos somos carnaza<\/em> (Dilatando Mentes). Su primer trabajo para Applehead Team fue <em>Cannonwood: C\u00f3mo (casi) conquistar Hollywood<\/em>. Tras <em>Demons Omega<\/em>, prepara para esta misma editorial varios t\u00edtulos m\u00e1s, entre ellos una novela basada en la pel\u00edcula <em>La noche del cazador<\/em>, de Paul Naschy.<\/p>\n\n\n\n<h2 class=\"wp-block-heading\"><strong>DEMONS: LA PESADILLA RETORNA<\/strong><\/h2>\n\n\n\n<p>De Pedro Jos\u00e9 Tena.<br>Pr\u00f3logo de Luigi Cozzi.<br>ENSAYO QUE ANALIZA LA G\u00c9NESIS, EL ESTRENO Y EL IMPACTO DE LAS PEL\u00cdCULAS DEMONS Y DEMONS 2.<\/p>\n\n\n\n<div class=\"wp-block-image\"><figure class=\"aligncenter size-large\"><img loading=\"lazy\" decoding=\"async\" width=\"704\" height=\"1000\" src=\"https:\/\/sombrafestival.com\/wp-content\/uploads\/2022\/02\/DEMONS-LA-PESADILLA-RETORNA-portada.jpg\" alt=\"\" class=\"wp-image-4944\" srcset=\"https:\/\/sombrafestival.com\/wp-content\/uploads\/2022\/02\/DEMONS-LA-PESADILLA-RETORNA-portada.jpg 704w, https:\/\/sombrafestival.com\/wp-content\/uploads\/2022\/02\/DEMONS-LA-PESADILLA-RETORNA-portada-211x300.jpg 211w, https:\/\/sombrafestival.com\/wp-content\/uploads\/2022\/02\/DEMONS-LA-PESADILLA-RETORNA-portada-8x12.jpg 8w, https:\/\/sombrafestival.com\/wp-content\/uploads\/2022\/02\/DEMONS-LA-PESADILLA-RETORNA-portada-696x989.jpg 696w, https:\/\/sombrafestival.com\/wp-content\/uploads\/2022\/02\/DEMONS-LA-PESADILLA-RETORNA-portada-296x420.jpg 296w\" sizes=\"auto, (max-width: 704px) 100vw, 704px\" \/><\/figure><\/div>\n\n\n\n<p><strong>Sinopsis<\/strong>:<\/p>\n\n\n\n<p>\u00abHar\u00e1n de los cementerios sus catedrales y de las ciudades vuestras tumbas\u00bb, amenazaba <em>Demons<\/em> desde su m\u00edtico cartel, que promet\u00eda una sesi\u00f3n de terror inolvidable y extremo que cumpl\u00eda con creces. La cinta dirigida por Lamberto Bava y producida por Dario Argento supuso uno de los \u00faltimos hitos del cine de g\u00e9nero italiano, antes de que la censura ejercida por las cadenas de televisi\u00f3n aniquilara casi por completo esa filmograf\u00eda llena de furia y sangre que encontr\u00f3 en esta pel\u00edcula algo parecido a su canto de cisne. Pero antes, hubo tiempo de ver una secuela tambi\u00e9n reivindicable y que, con el tiempo, tambi\u00e9n ha adquirido estatus de culto.<\/p>\n\n\n\n<p>\u00bfPor qu\u00e9 <em>Demons<\/em> and <em>Demons 2<\/em> causaron un impacto tan grande que aun hoy, treinta a\u00f1os despu\u00e9s, sigue siendo palpable entre los fans del cine fant\u00e1stico? \u00bfC\u00f3mo surgieron? \u00bfC\u00f3mo se hicieron? \u00bfQu\u00e9 ha sido de quienes las hicieron posibles? \u00bfPor qu\u00e9 fueron tan importantes? Estas y otras cuestiones son las que intenta resolver Pedro Jos\u00e9 Tena en un libro fruto de la investigaci\u00f3n llevada a cabo durante varios a\u00f1os, profuso en informaci\u00f3n y declaraciones in\u00e9ditas, que ha contado con la participaci\u00f3n de muchos de los que hicieron posibles estos hitos del horror transalpino en forma de entrevistas exclusivas para el libro: Lamberto Bava, Dardano Sacchetti, Sergio Stivaletti, Bobby Rhodes, Geretta Geretta, Fabiola Toledo, David Knight, Coralina Cataldi-Tassoni, Claudio Simonetti, Simon Boswell, Urbano Barberini y muchos m\u00e1s.<\/p>\n\n\n\n<p><strong>El autor<\/strong>:&nbsp;<\/p>\n\n\n\n<p>Pedro Jos\u00e9 Tena (Badajoz, 1980) es natural de Badajoz. Ha estado relacionado con la cr\u00edtica cinematogr\u00e1fica desde 2005, primero en blogs (<em>Natural High<\/em>, <em>Retumbarama<\/em>, <em>MicroCritic<\/em>, <em>Tierra de Cin\u00e9fagos<\/em>) y revistas digitales (<em>WeLoveCinema<\/em>, <em>El Antepen\u00faltimo Mohicano<\/em>), hasta pasar a formar parte de la lista de colaboradores de la veterana y ya desaparecida revista impresa <em>Im\u00e1genes de Actualidad<\/em>. Colabor\u00f3 en el libro <em>Los brazos fuertes del cine de acci\u00f3n de los 80 y 90<\/em> de Diego Arjona (T&amp;B Editores) y posteriormente, junto a Frank Mu\u00f1oz, fund\u00f3 la editorial Applehead Team Creaciones. Desde 2014, Tena ha participado en varios libros colectivos de la editorial: <em>Cannon Films<\/em>, <em>M\u00e1s Cannon (Cannon Films 2)<\/em> and <em>Terminator: El imperio de Skynet<\/em>, adem\u00e1s de colaborar tambi\u00e9n en <em>Golden Ninja Operation: Los secretos de la IFD y la Filmark<\/em>, de Jes\u00fas Manuel P\u00e9rez Molina. <em>Demons: La pesadilla retorna<\/em> es su primer libro en solitario, al que seguir\u00e1n otros proyectos donde seguir\u00e1 explorando su pasi\u00f3n por el cine de g\u00e9nero.<\/p>\n\n\n\n<h2 class=\"wp-block-heading\"><strong>VAMP \/ EL TERCER D\u00cdA<\/strong><\/h2>\n\n\n\n<p>De Lamberto Bava.<br>Traducci\u00f3n de Santiago Alonso.<br>LAS DOS PRIMERAS NOVELAS ESCRITAS POR LAMBERTO BAVA RECOPILADAS EN UN \u00daNICO VOLUMEN.<\/p>\n\n\n\n<div class=\"wp-block-image\"><figure class=\"aligncenter size-large\"><img loading=\"lazy\" decoding=\"async\" width=\"695\" height=\"1000\" src=\"https:\/\/sombrafestival.com\/wp-content\/uploads\/2022\/02\/VAMP-EL-TERCER-D\u00cdA-portada.jpg\" alt=\"\" class=\"wp-image-4945\" srcset=\"https:\/\/sombrafestival.com\/wp-content\/uploads\/2022\/02\/VAMP-EL-TERCER-D\u00cdA-portada.jpg 695w, https:\/\/sombrafestival.com\/wp-content\/uploads\/2022\/02\/VAMP-EL-TERCER-D\u00cdA-portada-209x300.jpg 209w, https:\/\/sombrafestival.com\/wp-content\/uploads\/2022\/02\/VAMP-EL-TERCER-D\u00cdA-portada-8x12.jpg 8w, https:\/\/sombrafestival.com\/wp-content\/uploads\/2022\/02\/VAMP-EL-TERCER-D\u00cdA-portada-292x420.jpg 292w\" sizes=\"auto, (max-width: 695px) 100vw, 695px\" \/><\/figure><\/div>\n\n\n\n<p><strong>Sinopsis<\/strong>:<\/p>\n\n\n\n<p>VAMP:<\/p>\n\n\n\n<p>Hay encuentros en la noche romana que parecen estar marcados por el destino y que, sin lugar a dudas, generan una extra\u00f1a alquimia\u2026 Monica y Loredana son dos j\u00f3venes con vidas muy diferentes: la primera se mueve en las altas esferas de las finanzas nacionales, mientras que la segunda es una sagaz polic\u00eda. Pero ambas comparten un secreto caliente y espeso, de color rojo, que las unir\u00e1 quiz\u00e1s hasta la eternidad. Mezcla sorprendente del g\u00e9nero de terror y el policiaco, <em>Vamp<\/em> es una revisi\u00f3n contempor\u00e1nea del inmortal mito del vampirismo que transporta al lector a un mundo de erotismo incontrolable (e inconfesable), dentro de una historia criminal que se mueve entre el mundo de la empresa y los bajos fondos.<\/p>\n\n\n\n<p>EL TERCER D\u00cdA:<\/p>\n\n\n\n<p>Una ma\u00f1ana cualquiera de nuestros d\u00edas, un devastador virus se extiende por todo el mundo y en cuesti\u00f3n de pocas horas la civilizaci\u00f3n se desmorona. Giulio asiste a los estragos de la pandemia y sus consecuencias en la ciudad de Roma, mientras intenta salvarse a toda costa y, parad\u00f3jicamente, parece haber encontrado a la mujer de su vida. Muchos a\u00f1os m\u00e1s tarde, los m\u00e1s j\u00f3venes de una pac\u00edfica comunidad de supervivientes de la cat\u00e1strofe empiezan a preguntarse acerca de las razones de lo sucedido. Entrelazando el presente y el futuro del momento en el que el destino de la humanidad cambi\u00f3, <em>El tercer d\u00eda<\/em> es un ejemplo sobresaliente de relato dist\u00f3pico, en el que no solo se se\u00f1alan algunos de los males que existen en la sociedad contempor\u00e1nea, sino que se reflexiona sobre lo mejor y lo peor de la condici\u00f3n humana.<\/p>\n\n\n\n<p>Con estas dos novelas, el veterano cineasta Lamberto Bava (Demons) hace su debut en el mundo editorial, un terreno donde revalida su t\u00edtulo de maestro del terror. Reunidas en el presente volumen, <em>Vamp<\/em> and <em>El tercer d\u00eda<\/em> constituyen todo un regalo para el aficionado a la literatura de miedo.<\/p>","protected":false},"excerpt":{"rendered":"<p>FECHA: S\u00e1bado, 19 de marzo HORA: 18:00 LUGAR: Filmoteca Regional (Sala B) ENTRADA GRATUITA Participan: Lamberto Bava Fabiola Toledo Pablo G. Naranjo Pedro Jos\u00e9 Tena Presentaci\u00f3n de los libros publicados por Applehead Team: \u00abVamp \/ El tercer d\u00eda\u00bb de Lamberto Bava \u00abDemons Omega\u00bb de Pablo G. Naranjo \u00abDemons: La pesadilla retorna\u00bb de Pedro Jos\u00e9 Tena [&hellip;]<\/p>","protected":false},"author":2,"featured_media":4948,"parent":0,"menu_order":0,"comment_status":"closed","ping_status":"closed","template":"","meta":{"footnotes":""},"class_list":["post-4412","page","type-page","status-publish","has-post-thumbnail"],"yoast_head":"<!-- This site is optimized with the Yoast SEO plugin v24.3 - https:\/\/yoast.com\/wordpress\/plugins\/seo\/ -->\n<title>Presentaci\u00f3n libros de Applehead Team - Sombra Festival<\/title>\n<meta name=\"robots\" content=\"index, follow, max-snippet:-1, max-image-preview:large, max-video-preview:-1\" \/>\n<link rel=\"canonical\" href=\"https:\/\/sombrafestival.com\/en\/presentacion-libros-de-lamberto-bava-applehead-team\/\" \/>\n<meta property=\"og:locale\" content=\"en_GB\" \/>\n<meta property=\"og:type\" content=\"article\" \/>\n<meta property=\"og:title\" content=\"Presentaci\u00f3n libros de Applehead Team - Sombra Festival\" \/>\n<meta property=\"og:description\" content=\"FECHA: S\u00e1bado, 19 de marzo HORA: 18:00 LUGAR: Filmoteca Regional (Sala B) ENTRADA GRATUITA Participan: Lamberto Bava Fabiola Toledo Pablo G. Naranjo Pedro Jos\u00e9 Tena Presentaci\u00f3n de los libros publicados por Applehead Team: \u00abVamp \/ El tercer d\u00eda\u00bb de Lamberto Bava \u00abDemons Omega\u00bb de Pablo G. Naranjo \u00abDemons: La pesadilla retorna\u00bb de Pedro Jos\u00e9 Tena [&hellip;]\" \/>\n<meta property=\"og:url\" content=\"https:\/\/sombrafestival.com\/en\/presentacion-libros-de-lamberto-bava-applehead-team\/\" \/>\n<meta property=\"og:site_name\" content=\"Sombra Festival\" \/>\n<meta property=\"article:publisher\" content=\"https:\/\/www.facebook.com\/Sombra-Festival-De-CINE-Fantastico-Europeo-De-Murcia-175337032531429\/\" \/>\n<meta property=\"article:modified_time\" content=\"2022-02-27T15:56:52+00:00\" \/>\n<meta property=\"og:image\" content=\"https:\/\/sombrafestival.com\/wp-content\/uploads\/2022\/02\/applehead.jpg\" \/>\n\t<meta property=\"og:image:width\" content=\"719\" \/>\n\t<meta property=\"og:image:height\" content=\"1024\" \/>\n\t<meta property=\"og:image:type\" content=\"image\/jpeg\" \/>\n<meta name=\"twitter:card\" content=\"summary_large_image\" \/>\n<meta name=\"twitter:site\" content=\"@SombraFestival\" \/>\n<meta name=\"twitter:label1\" content=\"Est. reading time\" \/>\n\t<meta name=\"twitter:data1\" content=\"6 minutes\" \/>\n<script type=\"application\/ld+json\" class=\"yoast-schema-graph\">{\"@context\":\"https:\/\/schema.org\",\"@graph\":[{\"@type\":\"WebPage\",\"@id\":\"https:\/\/sombrafestival.com\/presentacion-libros-de-lamberto-bava-applehead-team\/\",\"url\":\"https:\/\/sombrafestival.com\/presentacion-libros-de-lamberto-bava-applehead-team\/\",\"name\":\"Presentaci\u00f3n libros de Applehead Team - Sombra Festival\",\"isPartOf\":{\"@id\":\"https:\/\/sombrafestival.com\/en\/#website\"},\"primaryImageOfPage\":{\"@id\":\"https:\/\/sombrafestival.com\/presentacion-libros-de-lamberto-bava-applehead-team\/#primaryimage\"},\"image\":{\"@id\":\"https:\/\/sombrafestival.com\/presentacion-libros-de-lamberto-bava-applehead-team\/#primaryimage\"},\"thumbnailUrl\":\"https:\/\/sombrafestival.com\/wp-content\/uploads\/2022\/02\/applehead.jpg\",\"datePublished\":\"2022-02-20T17:04:03+00:00\",\"dateModified\":\"2022-02-27T15:56:52+00:00\",\"breadcrumb\":{\"@id\":\"https:\/\/sombrafestival.com\/presentacion-libros-de-lamberto-bava-applehead-team\/#breadcrumb\"},\"inLanguage\":\"en-GB\",\"potentialAction\":[{\"@type\":\"ReadAction\",\"target\":[\"https:\/\/sombrafestival.com\/presentacion-libros-de-lamberto-bava-applehead-team\/\"]}]},{\"@type\":\"ImageObject\",\"inLanguage\":\"en-GB\",\"@id\":\"https:\/\/sombrafestival.com\/presentacion-libros-de-lamberto-bava-applehead-team\/#primaryimage\",\"url\":\"https:\/\/sombrafestival.com\/wp-content\/uploads\/2022\/02\/applehead.jpg\",\"contentUrl\":\"https:\/\/sombrafestival.com\/wp-content\/uploads\/2022\/02\/applehead.jpg\",\"width\":719,\"height\":1024},{\"@type\":\"BreadcrumbList\",\"@id\":\"https:\/\/sombrafestival.com\/presentacion-libros-de-lamberto-bava-applehead-team\/#breadcrumb\",\"itemListElement\":[{\"@type\":\"ListItem\",\"position\":1,\"name\":\"Portada\",\"item\":\"https:\/\/sombrafestival.com\/\"},{\"@type\":\"ListItem\",\"position\":2,\"name\":\"Presentaci\u00f3n libros de Applehead Team\"}]},{\"@type\":\"WebSite\",\"@id\":\"https:\/\/sombrafestival.com\/en\/#website\",\"url\":\"https:\/\/sombrafestival.com\/en\/\",\"name\":\"Sombra Festival\",\"description\":\"XIII Festival de Cine Fant\u00e1stico Europeo de Murcia, 8-17 MARZO 2024\",\"publisher\":{\"@id\":\"https:\/\/sombrafestival.com\/en\/#organization\"},\"potentialAction\":[{\"@type\":\"SearchAction\",\"target\":{\"@type\":\"EntryPoint\",\"urlTemplate\":\"https:\/\/sombrafestival.com\/en\/?s={search_term_string}\"},\"query-input\":{\"@type\":\"PropertyValueSpecification\",\"valueRequired\":true,\"valueName\":\"search_term_string\"}}],\"inLanguage\":\"en-GB\"},{\"@type\":\"Organization\",\"@id\":\"https:\/\/sombrafestival.com\/en\/#organization\",\"name\":\"SOMBRA, IX FESTIVAL DE CINE FANTASTICO EUROPEO DE MURCIA\",\"url\":\"https:\/\/sombrafestival.com\/en\/\",\"logo\":{\"@type\":\"ImageObject\",\"inLanguage\":\"en-GB\",\"@id\":\"https:\/\/sombrafestival.com\/en\/#\/schema\/logo\/image\/\",\"url\":\"https:\/\/sombrafestival.com\/wp-content\/uploads\/2019\/10\/Sombra-LogoIdentificador-Negativo.jpg\",\"contentUrl\":\"https:\/\/sombrafestival.com\/wp-content\/uploads\/2019\/10\/Sombra-LogoIdentificador-Negativo.jpg\",\"width\":400,\"height\":400,\"caption\":\"SOMBRA, IX FESTIVAL DE CINE FANTASTICO EUROPEO DE MURCIA\"},\"image\":{\"@id\":\"https:\/\/sombrafestival.com\/en\/#\/schema\/logo\/image\/\"},\"sameAs\":[\"https:\/\/www.facebook.com\/Sombra-Festival-De-CINE-Fantastico-Europeo-De-Murcia-175337032531429\/\",\"https:\/\/x.com\/SombraFestival\",\"https:\/\/www.instagram.com\/sombrafestival\/\",\"https:\/\/www.youtube.com\/channel\/UCBdSJni9V30Tq4cGf4Lj0Ug?view_as=subscriber\"]}]}<\/script>\n<!-- \/ Yoast SEO plugin. -->","yoast_head_json":{"title":"Presentaci\u00f3n libros de Applehead Team - Sombra Festival","robots":{"index":"index","follow":"follow","max-snippet":"max-snippet:-1","max-image-preview":"max-image-preview:large","max-video-preview":"max-video-preview:-1"},"canonical":"https:\/\/sombrafestival.com\/en\/presentacion-libros-de-lamberto-bava-applehead-team\/","og_locale":"en_GB","og_type":"article","og_title":"Presentaci\u00f3n libros de Applehead Team - Sombra Festival","og_description":"FECHA: S\u00e1bado, 19 de marzo HORA: 18:00 LUGAR: Filmoteca Regional (Sala B) ENTRADA GRATUITA Participan: Lamberto Bava Fabiola Toledo Pablo G. Naranjo Pedro Jos\u00e9 Tena Presentaci\u00f3n de los libros publicados por Applehead Team: \u00abVamp \/ El tercer d\u00eda\u00bb de Lamberto Bava \u00abDemons Omega\u00bb de Pablo G. Naranjo \u00abDemons: La pesadilla retorna\u00bb de Pedro Jos\u00e9 Tena [&hellip;]","og_url":"https:\/\/sombrafestival.com\/en\/presentacion-libros-de-lamberto-bava-applehead-team\/","og_site_name":"Sombra Festival","article_publisher":"https:\/\/www.facebook.com\/Sombra-Festival-De-CINE-Fantastico-Europeo-De-Murcia-175337032531429\/","article_modified_time":"2022-02-27T15:56:52+00:00","og_image":[{"width":719,"height":1024,"url":"https:\/\/sombrafestival.com\/wp-content\/uploads\/2022\/02\/applehead.jpg","type":"image\/jpeg"}],"twitter_card":"summary_large_image","twitter_site":"@SombraFestival","twitter_misc":{"Est. reading time":"6 minutes"},"schema":{"@context":"https:\/\/schema.org","@graph":[{"@type":"WebPage","@id":"https:\/\/sombrafestival.com\/presentacion-libros-de-lamberto-bava-applehead-team\/","url":"https:\/\/sombrafestival.com\/presentacion-libros-de-lamberto-bava-applehead-team\/","name":"Presentaci\u00f3n libros de Applehead Team - Sombra Festival","isPartOf":{"@id":"https:\/\/sombrafestival.com\/en\/#website"},"primaryImageOfPage":{"@id":"https:\/\/sombrafestival.com\/presentacion-libros-de-lamberto-bava-applehead-team\/#primaryimage"},"image":{"@id":"https:\/\/sombrafestival.com\/presentacion-libros-de-lamberto-bava-applehead-team\/#primaryimage"},"thumbnailUrl":"https:\/\/sombrafestival.com\/wp-content\/uploads\/2022\/02\/applehead.jpg","datePublished":"2022-02-20T17:04:03+00:00","dateModified":"2022-02-27T15:56:52+00:00","breadcrumb":{"@id":"https:\/\/sombrafestival.com\/presentacion-libros-de-lamberto-bava-applehead-team\/#breadcrumb"},"inLanguage":"en-GB","potentialAction":[{"@type":"ReadAction","target":["https:\/\/sombrafestival.com\/presentacion-libros-de-lamberto-bava-applehead-team\/"]}]},{"@type":"ImageObject","inLanguage":"en-GB","@id":"https:\/\/sombrafestival.com\/presentacion-libros-de-lamberto-bava-applehead-team\/#primaryimage","url":"https:\/\/sombrafestival.com\/wp-content\/uploads\/2022\/02\/applehead.jpg","contentUrl":"https:\/\/sombrafestival.com\/wp-content\/uploads\/2022\/02\/applehead.jpg","width":719,"height":1024},{"@type":"BreadcrumbList","@id":"https:\/\/sombrafestival.com\/presentacion-libros-de-lamberto-bava-applehead-team\/#breadcrumb","itemListElement":[{"@type":"ListItem","position":1,"name":"Portada","item":"https:\/\/sombrafestival.com\/"},{"@type":"ListItem","position":2,"name":"Presentaci\u00f3n libros de Applehead Team"}]},{"@type":"WebSite","@id":"https:\/\/sombrafestival.com\/en\/#website","url":"https:\/\/sombrafestival.com\/en\/","name":"Sombra Festival","description":"XIII Festival de Cine Fant\u00e1stico Europeo de Murcia, 8-17 MARZO 2024","publisher":{"@id":"https:\/\/sombrafestival.com\/en\/#organization"},"potentialAction":[{"@type":"SearchAction","target":{"@type":"EntryPoint","urlTemplate":"https:\/\/sombrafestival.com\/en\/?s={search_term_string}"},"query-input":{"@type":"PropertyValueSpecification","valueRequired":true,"valueName":"search_term_string"}}],"inLanguage":"en-GB"},{"@type":"Organization","@id":"https:\/\/sombrafestival.com\/en\/#organization","name":"SOMBRA, IX FESTIVAL DE CINE FANTASTICO EUROPEO DE MURCIA","url":"https:\/\/sombrafestival.com\/en\/","logo":{"@type":"ImageObject","inLanguage":"en-GB","@id":"https:\/\/sombrafestival.com\/en\/#\/schema\/logo\/image\/","url":"https:\/\/sombrafestival.com\/wp-content\/uploads\/2019\/10\/Sombra-LogoIdentificador-Negativo.jpg","contentUrl":"https:\/\/sombrafestival.com\/wp-content\/uploads\/2019\/10\/Sombra-LogoIdentificador-Negativo.jpg","width":400,"height":400,"caption":"SOMBRA, IX FESTIVAL DE CINE FANTASTICO EUROPEO DE MURCIA"},"image":{"@id":"https:\/\/sombrafestival.com\/en\/#\/schema\/logo\/image\/"},"sameAs":["https:\/\/www.facebook.com\/Sombra-Festival-De-CINE-Fantastico-Europeo-De-Murcia-175337032531429\/","https:\/\/x.com\/SombraFestival","https:\/\/www.instagram.com\/sombrafestival\/","https:\/\/www.youtube.com\/channel\/UCBdSJni9V30Tq4cGf4Lj0Ug?view_as=subscriber"]}]}},"_links":{"self":[{"href":"https:\/\/sombrafestival.com\/en\/wp-json\/wp\/v2\/pages\/4412","targetHints":{"allow":["GET"]}}],"collection":[{"href":"https:\/\/sombrafestival.com\/en\/wp-json\/wp\/v2\/pages"}],"about":[{"href":"https:\/\/sombrafestival.com\/en\/wp-json\/wp\/v2\/types\/page"}],"author":[{"embeddable":true,"href":"https:\/\/sombrafestival.com\/en\/wp-json\/wp\/v2\/users\/2"}],"replies":[{"embeddable":true,"href":"https:\/\/sombrafestival.com\/en\/wp-json\/wp\/v2\/comments?post=4412"}],"version-history":[{"count":7,"href":"https:\/\/sombrafestival.com\/en\/wp-json\/wp\/v2\/pages\/4412\/revisions"}],"predecessor-version":[{"id":4947,"href":"https:\/\/sombrafestival.com\/en\/wp-json\/wp\/v2\/pages\/4412\/revisions\/4947"}],"wp:featuredmedia":[{"embeddable":true,"href":"https:\/\/sombrafestival.com\/en\/wp-json\/wp\/v2\/media\/4948"}],"wp:attachment":[{"href":"https:\/\/sombrafestival.com\/en\/wp-json\/wp\/v2\/media?parent=4412"}],"curies":[{"name":"wp","href":"https:\/\/api.w.org\/{rel}","templated":true}]}}