{"id":4417,"date":"2022-02-20T18:02:52","date_gmt":"2022-02-20T17:02:52","guid":{"rendered":"https:\/\/sombrafestival.com\/?page_id=4417"},"modified":"2022-02-20T18:02:52","modified_gmt":"2022-02-20T17:02:52","slug":"presentacion-programas-europeos-para-la-cultura-en-cine","status":"publish","type":"page","link":"https:\/\/sombrafestival.com\/en\/presentacion-programas-europeos-para-la-cultura-en-cine\/","title":{"rendered":"Presentaci\u00f3n Programas europeos para la cultura en Cine"},"content":{"rendered":"<ul class=\"td-arrow-list wp-block-list\"><li><strong>FECHA:<\/strong> Mi\u00e9rcoles, 23 de marzo<\/li><li><strong>HORA: <\/strong>18:30<\/li><li><strong>LUGAR: <\/strong>Filmoteca Regional (Sala B)<\/li><\/ul>\n\n\n\n<p class=\"has-text-align-center\"><span class=\"td_btn td_btn_lg td_shadow_btn\">ENTRADA GRATUITA<\/span><\/p>\n\n\n\n<hr class=\"wp-block-separator\"\/>\n\n\n\n<p>Programas europeos para la cultura en Cine: con <strong>Alejandro Rius <\/strong>(Cinemur) y <strong>Agust\u00edn Roca<\/strong>, Representante de Europe Direct Regi\u00f3n de Murcia y <strong>Juan Antonio Iborra<\/strong>, DG. de UE, Consejer\u00eda de Empresa, Empleo, Universidades y Portavoc\u00eda.<\/p>\n\n\n\n<div class=\"wp-block-image\"><figure class=\"aligncenter size-large\"><img loading=\"lazy\" decoding=\"async\" width=\"300\" height=\"174\" src=\"https:\/\/sombrafestival.com\/wp-content\/uploads\/2022\/02\/europe-direct.jpg\" alt=\"Europe Direct\" class=\"wp-image-4547\"\/><\/figure><\/div>","protected":false},"excerpt":{"rendered":"<p>FECHA: Mi\u00e9rcoles, 23 de marzo HORA: 18:30 LUGAR: Filmoteca Regional (Sala B) ENTRADA GRATUITA Programas europeos para la cultura en Cine: con Alejandro Rius (Cinemur) y Agust\u00edn Roca, Representante de Europe Direct Regi\u00f3n de Murcia y Juan Antonio Iborra, DG. de UE, Consejer\u00eda de Empresa, Empleo, Universidades y Portavoc\u00eda.<\/p>","protected":false},"author":2,"featured_media":4547,"parent":0,"menu_order":0,"comment_status":"closed","ping_status":"closed","template":"","meta":{"footnotes":""},"class_list":["post-4417","page","type-page","status-publish","has-post-thumbnail"],"yoast_head":"<!-- This site is optimized with the Yoast SEO plugin v24.3 - https:\/\/yoast.com\/wordpress\/plugins\/seo\/ -->\n<title>Presentaci\u00f3n Programas europeos para la cultura en Cine - Sombra Festival<\/title>\n<meta name=\"robots\" content=\"index, follow, max-snippet:-1, max-image-preview:large, max-video-preview:-1\" \/>\n<link rel=\"canonical\" href=\"https:\/\/sombrafestival.com\/en\/presentacion-programas-europeos-para-la-cultura-en-cine\/\" \/>\n<meta property=\"og:locale\" content=\"en_GB\" \/>\n<meta property=\"og:type\" content=\"article\" \/>\n<meta property=\"og:title\" content=\"Presentaci\u00f3n Programas europeos para la cultura en Cine - Sombra Festival\" \/>\n<meta property=\"og:description\" content=\"FECHA: Mi\u00e9rcoles, 23 de marzo HORA: 18:30 LUGAR: Filmoteca Regional (Sala B) ENTRADA GRATUITA Programas europeos para la cultura en Cine: con Alejandro Rius (Cinemur) y Agust\u00edn Roca, Representante de Europe Direct Regi\u00f3n de Murcia y Juan Antonio Iborra, DG. de UE, Consejer\u00eda de Empresa, Empleo, Universidades y Portavoc\u00eda.\" \/>\n<meta property=\"og:url\" content=\"https:\/\/sombrafestival.com\/en\/presentacion-programas-europeos-para-la-cultura-en-cine\/\" \/>\n<meta property=\"og:site_name\" content=\"Sombra Festival\" \/>\n<meta property=\"article:publisher\" content=\"https:\/\/www.facebook.com\/Sombra-Festival-De-CINE-Fantastico-Europeo-De-Murcia-175337032531429\/\" \/>\n<meta property=\"og:image\" content=\"https:\/\/sombrafestival.com\/wp-content\/uploads\/2022\/02\/europe-direct.jpg\" \/>\n\t<meta property=\"og:image:width\" content=\"300\" \/>\n\t<meta property=\"og:image:height\" content=\"174\" \/>\n\t<meta property=\"og:image:type\" content=\"image\/jpeg\" \/>\n<meta name=\"twitter:card\" content=\"summary_large_image\" \/>\n<meta name=\"twitter:site\" content=\"@SombraFestival\" \/>\n<script type=\"application\/ld+json\" class=\"yoast-schema-graph\">{\"@context\":\"https:\/\/schema.org\",\"@graph\":[{\"@type\":\"WebPage\",\"@id\":\"https:\/\/sombrafestival.com\/presentacion-programas-europeos-para-la-cultura-en-cine\/\",\"url\":\"https:\/\/sombrafestival.com\/presentacion-programas-europeos-para-la-cultura-en-cine\/\",\"name\":\"Presentaci\u00f3n Programas europeos para la cultura en Cine - Sombra Festival\",\"isPartOf\":{\"@id\":\"https:\/\/sombrafestival.com\/en\/#website\"},\"primaryImageOfPage\":{\"@id\":\"https:\/\/sombrafestival.com\/presentacion-programas-europeos-para-la-cultura-en-cine\/#primaryimage\"},\"image\":{\"@id\":\"https:\/\/sombrafestival.com\/presentacion-programas-europeos-para-la-cultura-en-cine\/#primaryimage\"},\"thumbnailUrl\":\"https:\/\/sombrafestival.com\/wp-content\/uploads\/2022\/02\/europe-direct.jpg\",\"datePublished\":\"2022-02-20T17:02:52+00:00\",\"dateModified\":\"2022-02-20T17:02:52+00:00\",\"breadcrumb\":{\"@id\":\"https:\/\/sombrafestival.com\/presentacion-programas-europeos-para-la-cultura-en-cine\/#breadcrumb\"},\"inLanguage\":\"en-GB\",\"potentialAction\":[{\"@type\":\"ReadAction\",\"target\":[\"https:\/\/sombrafestival.com\/presentacion-programas-europeos-para-la-cultura-en-cine\/\"]}]},{\"@type\":\"ImageObject\",\"inLanguage\":\"en-GB\",\"@id\":\"https:\/\/sombrafestival.com\/presentacion-programas-europeos-para-la-cultura-en-cine\/#primaryimage\",\"url\":\"https:\/\/sombrafestival.com\/wp-content\/uploads\/2022\/02\/europe-direct.jpg\",\"contentUrl\":\"https:\/\/sombrafestival.com\/wp-content\/uploads\/2022\/02\/europe-direct.jpg\",\"width\":300,\"height\":174,\"caption\":\"Europe Direct\"},{\"@type\":\"BreadcrumbList\",\"@id\":\"https:\/\/sombrafestival.com\/presentacion-programas-europeos-para-la-cultura-en-cine\/#breadcrumb\",\"itemListElement\":[{\"@type\":\"ListItem\",\"position\":1,\"name\":\"Portada\",\"item\":\"https:\/\/sombrafestival.com\/\"},{\"@type\":\"ListItem\",\"position\":2,\"name\":\"Presentaci\u00f3n Programas europeos para la cultura en Cine\"}]},{\"@type\":\"WebSite\",\"@id\":\"https:\/\/sombrafestival.com\/en\/#website\",\"url\":\"https:\/\/sombrafestival.com\/en\/\",\"name\":\"Sombra Festival\",\"description\":\"XIII Festival de Cine Fant\u00e1stico Europeo de Murcia, 8-17 MARZO 2024\",\"publisher\":{\"@id\":\"https:\/\/sombrafestival.com\/en\/#organization\"},\"potentialAction\":[{\"@type\":\"SearchAction\",\"target\":{\"@type\":\"EntryPoint\",\"urlTemplate\":\"https:\/\/sombrafestival.com\/en\/?s={search_term_string}\"},\"query-input\":{\"@type\":\"PropertyValueSpecification\",\"valueRequired\":true,\"valueName\":\"search_term_string\"}}],\"inLanguage\":\"en-GB\"},{\"@type\":\"Organization\",\"@id\":\"https:\/\/sombrafestival.com\/en\/#organization\",\"name\":\"SOMBRA, IX FESTIVAL DE CINE FANTASTICO EUROPEO DE MURCIA\",\"url\":\"https:\/\/sombrafestival.com\/en\/\",\"logo\":{\"@type\":\"ImageObject\",\"inLanguage\":\"en-GB\",\"@id\":\"https:\/\/sombrafestival.com\/en\/#\/schema\/logo\/image\/\",\"url\":\"https:\/\/sombrafestival.com\/wp-content\/uploads\/2019\/10\/Sombra-LogoIdentificador-Negativo.jpg\",\"contentUrl\":\"https:\/\/sombrafestival.com\/wp-content\/uploads\/2019\/10\/Sombra-LogoIdentificador-Negativo.jpg\",\"width\":400,\"height\":400,\"caption\":\"SOMBRA, IX FESTIVAL DE CINE FANTASTICO EUROPEO DE MURCIA\"},\"image\":{\"@id\":\"https:\/\/sombrafestival.com\/en\/#\/schema\/logo\/image\/\"},\"sameAs\":[\"https:\/\/www.facebook.com\/Sombra-Festival-De-CINE-Fantastico-Europeo-De-Murcia-175337032531429\/\",\"https:\/\/x.com\/SombraFestival\",\"https:\/\/www.instagram.com\/sombrafestival\/\",\"https:\/\/www.youtube.com\/channel\/UCBdSJni9V30Tq4cGf4Lj0Ug?view_as=subscriber\"]}]}<\/script>\n<!-- \/ Yoast SEO plugin. -->","yoast_head_json":{"title":"Presentaci\u00f3n Programas europeos para la cultura en Cine - Sombra Festival","robots":{"index":"index","follow":"follow","max-snippet":"max-snippet:-1","max-image-preview":"max-image-preview:large","max-video-preview":"max-video-preview:-1"},"canonical":"https:\/\/sombrafestival.com\/en\/presentacion-programas-europeos-para-la-cultura-en-cine\/","og_locale":"en_GB","og_type":"article","og_title":"Presentaci\u00f3n Programas europeos para la cultura en Cine - Sombra Festival","og_description":"FECHA: Mi\u00e9rcoles, 23 de marzo HORA: 18:30 LUGAR: Filmoteca Regional (Sala B) ENTRADA GRATUITA Programas europeos para la cultura en Cine: con Alejandro Rius (Cinemur) y Agust\u00edn Roca, Representante de Europe Direct Regi\u00f3n de Murcia y Juan Antonio Iborra, DG. de UE, Consejer\u00eda de Empresa, Empleo, Universidades y Portavoc\u00eda.","og_url":"https:\/\/sombrafestival.com\/en\/presentacion-programas-europeos-para-la-cultura-en-cine\/","og_site_name":"Sombra Festival","article_publisher":"https:\/\/www.facebook.com\/Sombra-Festival-De-CINE-Fantastico-Europeo-De-Murcia-175337032531429\/","og_image":[{"width":300,"height":174,"url":"https:\/\/sombrafestival.com\/wp-content\/uploads\/2022\/02\/europe-direct.jpg","type":"image\/jpeg"}],"twitter_card":"summary_large_image","twitter_site":"@SombraFestival","schema":{"@context":"https:\/\/schema.org","@graph":[{"@type":"WebPage","@id":"https:\/\/sombrafestival.com\/presentacion-programas-europeos-para-la-cultura-en-cine\/","url":"https:\/\/sombrafestival.com\/presentacion-programas-europeos-para-la-cultura-en-cine\/","name":"Presentaci\u00f3n Programas europeos para la cultura en Cine - Sombra Festival","isPartOf":{"@id":"https:\/\/sombrafestival.com\/en\/#website"},"primaryImageOfPage":{"@id":"https:\/\/sombrafestival.com\/presentacion-programas-europeos-para-la-cultura-en-cine\/#primaryimage"},"image":{"@id":"https:\/\/sombrafestival.com\/presentacion-programas-europeos-para-la-cultura-en-cine\/#primaryimage"},"thumbnailUrl":"https:\/\/sombrafestival.com\/wp-content\/uploads\/2022\/02\/europe-direct.jpg","datePublished":"2022-02-20T17:02:52+00:00","dateModified":"2022-02-20T17:02:52+00:00","breadcrumb":{"@id":"https:\/\/sombrafestival.com\/presentacion-programas-europeos-para-la-cultura-en-cine\/#breadcrumb"},"inLanguage":"en-GB","potentialAction":[{"@type":"ReadAction","target":["https:\/\/sombrafestival.com\/presentacion-programas-europeos-para-la-cultura-en-cine\/"]}]},{"@type":"ImageObject","inLanguage":"en-GB","@id":"https:\/\/sombrafestival.com\/presentacion-programas-europeos-para-la-cultura-en-cine\/#primaryimage","url":"https:\/\/sombrafestival.com\/wp-content\/uploads\/2022\/02\/europe-direct.jpg","contentUrl":"https:\/\/sombrafestival.com\/wp-content\/uploads\/2022\/02\/europe-direct.jpg","width":300,"height":174,"caption":"Europe Direct"},{"@type":"BreadcrumbList","@id":"https:\/\/sombrafestival.com\/presentacion-programas-europeos-para-la-cultura-en-cine\/#breadcrumb","itemListElement":[{"@type":"ListItem","position":1,"name":"Portada","item":"https:\/\/sombrafestival.com\/"},{"@type":"ListItem","position":2,"name":"Presentaci\u00f3n Programas europeos para la cultura en Cine"}]},{"@type":"WebSite","@id":"https:\/\/sombrafestival.com\/en\/#website","url":"https:\/\/sombrafestival.com\/en\/","name":"Sombra Festival","description":"XIII Festival de Cine Fant\u00e1stico Europeo de Murcia, 8-17 MARZO 2024","publisher":{"@id":"https:\/\/sombrafestival.com\/en\/#organization"},"potentialAction":[{"@type":"SearchAction","target":{"@type":"EntryPoint","urlTemplate":"https:\/\/sombrafestival.com\/en\/?s={search_term_string}"},"query-input":{"@type":"PropertyValueSpecification","valueRequired":true,"valueName":"search_term_string"}}],"inLanguage":"en-GB"},{"@type":"Organization","@id":"https:\/\/sombrafestival.com\/en\/#organization","name":"SOMBRA, IX FESTIVAL DE CINE FANTASTICO EUROPEO DE MURCIA","url":"https:\/\/sombrafestival.com\/en\/","logo":{"@type":"ImageObject","inLanguage":"en-GB","@id":"https:\/\/sombrafestival.com\/en\/#\/schema\/logo\/image\/","url":"https:\/\/sombrafestival.com\/wp-content\/uploads\/2019\/10\/Sombra-LogoIdentificador-Negativo.jpg","contentUrl":"https:\/\/sombrafestival.com\/wp-content\/uploads\/2019\/10\/Sombra-LogoIdentificador-Negativo.jpg","width":400,"height":400,"caption":"SOMBRA, IX FESTIVAL DE CINE FANTASTICO EUROPEO DE MURCIA"},"image":{"@id":"https:\/\/sombrafestival.com\/en\/#\/schema\/logo\/image\/"},"sameAs":["https:\/\/www.facebook.com\/Sombra-Festival-De-CINE-Fantastico-Europeo-De-Murcia-175337032531429\/","https:\/\/x.com\/SombraFestival","https:\/\/www.instagram.com\/sombrafestival\/","https:\/\/www.youtube.com\/channel\/UCBdSJni9V30Tq4cGf4Lj0Ug?view_as=subscriber"]}]}},"_links":{"self":[{"href":"https:\/\/sombrafestival.com\/en\/wp-json\/wp\/v2\/pages\/4417","targetHints":{"allow":["GET"]}}],"collection":[{"href":"https:\/\/sombrafestival.com\/en\/wp-json\/wp\/v2\/pages"}],"about":[{"href":"https:\/\/sombrafestival.com\/en\/wp-json\/wp\/v2\/types\/page"}],"author":[{"embeddable":true,"href":"https:\/\/sombrafestival.com\/en\/wp-json\/wp\/v2\/users\/2"}],"replies":[{"embeddable":true,"href":"https:\/\/sombrafestival.com\/en\/wp-json\/wp\/v2\/comments?post=4417"}],"version-history":[{"count":4,"href":"https:\/\/sombrafestival.com\/en\/wp-json\/wp\/v2\/pages\/4417\/revisions"}],"predecessor-version":[{"id":4802,"href":"https:\/\/sombrafestival.com\/en\/wp-json\/wp\/v2\/pages\/4417\/revisions\/4802"}],"wp:featuredmedia":[{"embeddable":true,"href":"https:\/\/sombrafestival.com\/en\/wp-json\/wp\/v2\/media\/4547"}],"wp:attachment":[{"href":"https:\/\/sombrafestival.com\/en\/wp-json\/wp\/v2\/media?parent=4417"}],"curies":[{"name":"wp","href":"https:\/\/api.w.org\/{rel}","templated":true}]}}