{"id":4680,"date":"2022-02-20T18:06:47","date_gmt":"2022-02-20T17:06:47","guid":{"rendered":"https:\/\/sombrafestival.com\/?page_id=4680"},"modified":"2022-02-20T19:50:20","modified_gmt":"2022-02-20T18:50:20","slug":"dani-acuna-y-fernando-dagnino-dibujan-alien","status":"publish","type":"page","link":"https:\/\/sombrafestival.com\/en\/dani-acuna-y-fernando-dagnino-dibujan-alien\/","title":{"rendered":"Dani Acu\u00f1a y Fernando Dagnino dibujan Alien"},"content":{"rendered":"<ul class=\"td-arrow-list wp-block-list\"><li><strong>FECHA:<\/strong> Jueves, 24 de marzo<\/li><li><strong>HORA:<\/strong> 19:00<\/li><li><strong>LUGAR: <\/strong>Biblioteca Regional de Murcia<\/li><\/ul>\n\n\n\n<p class=\"has-text-align-center\"><span class=\"td_btn td_btn_lg td_shadow_btn\">ENTRADA GRATUITA<\/span><\/p>\n\n\n\n<h3 class=\"wp-block-heading\">Participan:<\/h3>\n\n\n\n<div class=\"wp-block-columns is-layout-flex wp-container-core-columns-is-layout-1 wp-block-columns-is-layout-flex\">\n<div class=\"wp-block-column is-layout-flow wp-block-column-is-layout-flow\">\n<figure class=\"wp-block-image size-large td-caption-align-https:\/\/sombrafestival.com\/wp-content\/uploads\/2021\/05\/daniel-acuna.jpg\"><img loading=\"lazy\" decoding=\"async\" width=\"320\" height=\"320\" src=\"https:\/\/sombrafestival.com\/wp-content\/uploads\/2022\/02\/dani-acuna.jpg\" alt=\"\" class=\"wp-image-4804\" srcset=\"https:\/\/sombrafestival.com\/wp-content\/uploads\/2022\/02\/dani-acuna.jpg 320w, https:\/\/sombrafestival.com\/wp-content\/uploads\/2022\/02\/dani-acuna-300x300.jpg 300w, https:\/\/sombrafestival.com\/wp-content\/uploads\/2022\/02\/dani-acuna-150x150.jpg 150w, https:\/\/sombrafestival.com\/wp-content\/uploads\/2022\/02\/dani-acuna-12x12.jpg 12w\" sizes=\"auto, (max-width: 320px) 100vw, 320px\" \/><\/figure>\n\n\n\n<p class=\"has-text-align-center\"><strong>Dani Acu\u00f1a<\/strong><\/p>\n<\/div>\n\n\n\n<div class=\"wp-block-column is-layout-flow wp-block-column-is-layout-flow\">\n<figure class=\"wp-block-image size-large td-caption-align-https:\/\/sombrafestival.com\/wp-content\/uploads\/2022\/02\/reinaldo-pereira.jpg\"><img decoding=\"async\" src=\"https:\/\/sombrafestival.com\/wp-content\/uploads\/2021\/05\/34792085_1930366443663185_5509082450963202048_n.jpg\" alt=\"\"\/><\/figure>\n\n\n\n<p class=\"has-text-align-center\"><strong>Fernando Dagnino<\/strong><\/p>\n<\/div>\n<\/div>\n\n\n\n<hr class=\"wp-block-separator\"\/>\n\n\n\n<p>Los dibujantes <strong>Dani Acu\u00f1a <\/strong>and <strong>Fernando Dagnino <\/strong>dibujar\u00e1n en directo a <strong>Alien <\/strong>dentro de la exposici\u00f3n de la Biblioteca Regional de Murcia.<strong> <\/strong><\/p>\n\n\n\n<div class=\"wp-block-image\"><figure class=\"aligncenter size-large\"><img loading=\"lazy\" decoding=\"async\" width=\"570\" height=\"815\" src=\"https:\/\/sombrafestival.com\/wp-content\/uploads\/2022\/02\/alien.jpg\" alt=\"\" class=\"wp-image-4848\" srcset=\"https:\/\/sombrafestival.com\/wp-content\/uploads\/2022\/02\/alien.jpg 570w, https:\/\/sombrafestival.com\/wp-content\/uploads\/2022\/02\/alien-210x300.jpg 210w, https:\/\/sombrafestival.com\/wp-content\/uploads\/2022\/02\/alien-8x12.jpg 8w, https:\/\/sombrafestival.com\/wp-content\/uploads\/2022\/02\/alien-294x420.jpg 294w\" sizes=\"auto, (max-width: 570px) 100vw, 570px\" \/><\/figure><\/div>","protected":false},"excerpt":{"rendered":"<p>FECHA: Jueves, 24 de marzo HORA: 19:00 LUGAR: Biblioteca Regional de Murcia ENTRADA GRATUITA Participan: Dani Acu\u00f1a Fernando Dagnino Los dibujantes Dani Acu\u00f1a y Fernando Dagnino dibujar\u00e1n en directo a Alien dentro de la exposici\u00f3n de la Biblioteca Regional de Murcia.<\/p>","protected":false},"author":2,"featured_media":0,"parent":0,"menu_order":0,"comment_status":"closed","ping_status":"closed","template":"","meta":{"footnotes":""},"class_list":["post-4680","page","type-page","status-publish"],"yoast_head":"<!-- This site is optimized with the Yoast SEO plugin v24.3 - https:\/\/yoast.com\/wordpress\/plugins\/seo\/ -->\n<title>Dani Acu\u00f1a y Fernando Dagnino dibujan Alien - Sombra Festival<\/title>\n<meta name=\"robots\" content=\"index, follow, max-snippet:-1, max-image-preview:large, max-video-preview:-1\" \/>\n<link rel=\"canonical\" href=\"https:\/\/sombrafestival.com\/en\/dani-acuna-y-fernando-dagnino-dibujan-alien\/\" \/>\n<meta property=\"og:locale\" content=\"en_GB\" \/>\n<meta property=\"og:type\" content=\"article\" \/>\n<meta property=\"og:title\" content=\"Dani Acu\u00f1a y Fernando Dagnino dibujan Alien - Sombra Festival\" \/>\n<meta property=\"og:description\" content=\"FECHA: Jueves, 24 de marzo HORA: 19:00 LUGAR: Biblioteca Regional de Murcia ENTRADA GRATUITA Participan: Dani Acu\u00f1a Fernando Dagnino Los dibujantes Dani Acu\u00f1a y Fernando Dagnino dibujar\u00e1n en directo a Alien dentro de la exposici\u00f3n de la Biblioteca Regional de Murcia.\" \/>\n<meta property=\"og:url\" content=\"https:\/\/sombrafestival.com\/en\/dani-acuna-y-fernando-dagnino-dibujan-alien\/\" \/>\n<meta property=\"og:site_name\" content=\"Sombra Festival\" \/>\n<meta property=\"article:publisher\" content=\"https:\/\/www.facebook.com\/Sombra-Festival-De-CINE-Fantastico-Europeo-De-Murcia-175337032531429\/\" \/>\n<meta property=\"article:modified_time\" content=\"2022-02-20T18:50:20+00:00\" \/>\n<meta property=\"og:image\" content=\"https:\/\/sombrafestival.com\/wp-content\/uploads\/2022\/02\/dani-acuna.jpg\" \/>\n<meta name=\"twitter:card\" content=\"summary_large_image\" \/>\n<meta name=\"twitter:site\" content=\"@SombraFestival\" \/>\n<script type=\"application\/ld+json\" class=\"yoast-schema-graph\">{\"@context\":\"https:\/\/schema.org\",\"@graph\":[{\"@type\":\"WebPage\",\"@id\":\"https:\/\/sombrafestival.com\/dani-acuna-y-fernando-dagnino-dibujan-alien\/\",\"url\":\"https:\/\/sombrafestival.com\/dani-acuna-y-fernando-dagnino-dibujan-alien\/\",\"name\":\"Dani Acu\u00f1a y Fernando Dagnino dibujan Alien - Sombra Festival\",\"isPartOf\":{\"@id\":\"https:\/\/sombrafestival.com\/en\/#website\"},\"primaryImageOfPage\":{\"@id\":\"https:\/\/sombrafestival.com\/dani-acuna-y-fernando-dagnino-dibujan-alien\/#primaryimage\"},\"image\":{\"@id\":\"https:\/\/sombrafestival.com\/dani-acuna-y-fernando-dagnino-dibujan-alien\/#primaryimage\"},\"thumbnailUrl\":\"https:\/\/sombrafestival.com\/wp-content\/uploads\/2022\/02\/dani-acuna.jpg\",\"datePublished\":\"2022-02-20T17:06:47+00:00\",\"dateModified\":\"2022-02-20T18:50:20+00:00\",\"breadcrumb\":{\"@id\":\"https:\/\/sombrafestival.com\/dani-acuna-y-fernando-dagnino-dibujan-alien\/#breadcrumb\"},\"inLanguage\":\"en-GB\",\"potentialAction\":[{\"@type\":\"ReadAction\",\"target\":[\"https:\/\/sombrafestival.com\/dani-acuna-y-fernando-dagnino-dibujan-alien\/\"]}]},{\"@type\":\"ImageObject\",\"inLanguage\":\"en-GB\",\"@id\":\"https:\/\/sombrafestival.com\/dani-acuna-y-fernando-dagnino-dibujan-alien\/#primaryimage\",\"url\":\"https:\/\/sombrafestival.com\/wp-content\/uploads\/2022\/02\/dani-acuna.jpg\",\"contentUrl\":\"https:\/\/sombrafestival.com\/wp-content\/uploads\/2022\/02\/dani-acuna.jpg\"},{\"@type\":\"BreadcrumbList\",\"@id\":\"https:\/\/sombrafestival.com\/dani-acuna-y-fernando-dagnino-dibujan-alien\/#breadcrumb\",\"itemListElement\":[{\"@type\":\"ListItem\",\"position\":1,\"name\":\"Portada\",\"item\":\"https:\/\/sombrafestival.com\/\"},{\"@type\":\"ListItem\",\"position\":2,\"name\":\"Dani Acu\u00f1a y Fernando Dagnino dibujan Alien\"}]},{\"@type\":\"WebSite\",\"@id\":\"https:\/\/sombrafestival.com\/en\/#website\",\"url\":\"https:\/\/sombrafestival.com\/en\/\",\"name\":\"Sombra Festival\",\"description\":\"XIII Festival de Cine Fant\u00e1stico Europeo de Murcia, 8-17 MARZO 2024\",\"publisher\":{\"@id\":\"https:\/\/sombrafestival.com\/en\/#organization\"},\"potentialAction\":[{\"@type\":\"SearchAction\",\"target\":{\"@type\":\"EntryPoint\",\"urlTemplate\":\"https:\/\/sombrafestival.com\/en\/?s={search_term_string}\"},\"query-input\":{\"@type\":\"PropertyValueSpecification\",\"valueRequired\":true,\"valueName\":\"search_term_string\"}}],\"inLanguage\":\"en-GB\"},{\"@type\":\"Organization\",\"@id\":\"https:\/\/sombrafestival.com\/en\/#organization\",\"name\":\"SOMBRA, IX FESTIVAL DE CINE FANTASTICO EUROPEO DE MURCIA\",\"url\":\"https:\/\/sombrafestival.com\/en\/\",\"logo\":{\"@type\":\"ImageObject\",\"inLanguage\":\"en-GB\",\"@id\":\"https:\/\/sombrafestival.com\/en\/#\/schema\/logo\/image\/\",\"url\":\"https:\/\/sombrafestival.com\/wp-content\/uploads\/2019\/10\/Sombra-LogoIdentificador-Negativo.jpg\",\"contentUrl\":\"https:\/\/sombrafestival.com\/wp-content\/uploads\/2019\/10\/Sombra-LogoIdentificador-Negativo.jpg\",\"width\":400,\"height\":400,\"caption\":\"SOMBRA, IX FESTIVAL DE CINE FANTASTICO EUROPEO DE MURCIA\"},\"image\":{\"@id\":\"https:\/\/sombrafestival.com\/en\/#\/schema\/logo\/image\/\"},\"sameAs\":[\"https:\/\/www.facebook.com\/Sombra-Festival-De-CINE-Fantastico-Europeo-De-Murcia-175337032531429\/\",\"https:\/\/x.com\/SombraFestival\",\"https:\/\/www.instagram.com\/sombrafestival\/\",\"https:\/\/www.youtube.com\/channel\/UCBdSJni9V30Tq4cGf4Lj0Ug?view_as=subscriber\"]}]}<\/script>\n<!-- \/ Yoast SEO plugin. -->","yoast_head_json":{"title":"Dani Acu\u00f1a y Fernando Dagnino dibujan Alien - Sombra Festival","robots":{"index":"index","follow":"follow","max-snippet":"max-snippet:-1","max-image-preview":"max-image-preview:large","max-video-preview":"max-video-preview:-1"},"canonical":"https:\/\/sombrafestival.com\/en\/dani-acuna-y-fernando-dagnino-dibujan-alien\/","og_locale":"en_GB","og_type":"article","og_title":"Dani Acu\u00f1a y Fernando Dagnino dibujan Alien - Sombra Festival","og_description":"FECHA: Jueves, 24 de marzo HORA: 19:00 LUGAR: Biblioteca Regional de Murcia ENTRADA GRATUITA Participan: Dani Acu\u00f1a Fernando Dagnino Los dibujantes Dani Acu\u00f1a y Fernando Dagnino dibujar\u00e1n en directo a Alien dentro de la exposici\u00f3n de la Biblioteca Regional de Murcia.","og_url":"https:\/\/sombrafestival.com\/en\/dani-acuna-y-fernando-dagnino-dibujan-alien\/","og_site_name":"Sombra Festival","article_publisher":"https:\/\/www.facebook.com\/Sombra-Festival-De-CINE-Fantastico-Europeo-De-Murcia-175337032531429\/","article_modified_time":"2022-02-20T18:50:20+00:00","og_image":[{"url":"https:\/\/sombrafestival.com\/wp-content\/uploads\/2022\/02\/dani-acuna.jpg","type":"","width":"","height":""}],"twitter_card":"summary_large_image","twitter_site":"@SombraFestival","schema":{"@context":"https:\/\/schema.org","@graph":[{"@type":"WebPage","@id":"https:\/\/sombrafestival.com\/dani-acuna-y-fernando-dagnino-dibujan-alien\/","url":"https:\/\/sombrafestival.com\/dani-acuna-y-fernando-dagnino-dibujan-alien\/","name":"Dani Acu\u00f1a y Fernando Dagnino dibujan Alien - Sombra Festival","isPartOf":{"@id":"https:\/\/sombrafestival.com\/en\/#website"},"primaryImageOfPage":{"@id":"https:\/\/sombrafestival.com\/dani-acuna-y-fernando-dagnino-dibujan-alien\/#primaryimage"},"image":{"@id":"https:\/\/sombrafestival.com\/dani-acuna-y-fernando-dagnino-dibujan-alien\/#primaryimage"},"thumbnailUrl":"https:\/\/sombrafestival.com\/wp-content\/uploads\/2022\/02\/dani-acuna.jpg","datePublished":"2022-02-20T17:06:47+00:00","dateModified":"2022-02-20T18:50:20+00:00","breadcrumb":{"@id":"https:\/\/sombrafestival.com\/dani-acuna-y-fernando-dagnino-dibujan-alien\/#breadcrumb"},"inLanguage":"en-GB","potentialAction":[{"@type":"ReadAction","target":["https:\/\/sombrafestival.com\/dani-acuna-y-fernando-dagnino-dibujan-alien\/"]}]},{"@type":"ImageObject","inLanguage":"en-GB","@id":"https:\/\/sombrafestival.com\/dani-acuna-y-fernando-dagnino-dibujan-alien\/#primaryimage","url":"https:\/\/sombrafestival.com\/wp-content\/uploads\/2022\/02\/dani-acuna.jpg","contentUrl":"https:\/\/sombrafestival.com\/wp-content\/uploads\/2022\/02\/dani-acuna.jpg"},{"@type":"BreadcrumbList","@id":"https:\/\/sombrafestival.com\/dani-acuna-y-fernando-dagnino-dibujan-alien\/#breadcrumb","itemListElement":[{"@type":"ListItem","position":1,"name":"Portada","item":"https:\/\/sombrafestival.com\/"},{"@type":"ListItem","position":2,"name":"Dani Acu\u00f1a y Fernando Dagnino dibujan Alien"}]},{"@type":"WebSite","@id":"https:\/\/sombrafestival.com\/en\/#website","url":"https:\/\/sombrafestival.com\/en\/","name":"Sombra Festival","description":"XIII Festival de Cine Fant\u00e1stico Europeo de Murcia, 8-17 MARZO 2024","publisher":{"@id":"https:\/\/sombrafestival.com\/en\/#organization"},"potentialAction":[{"@type":"SearchAction","target":{"@type":"EntryPoint","urlTemplate":"https:\/\/sombrafestival.com\/en\/?s={search_term_string}"},"query-input":{"@type":"PropertyValueSpecification","valueRequired":true,"valueName":"search_term_string"}}],"inLanguage":"en-GB"},{"@type":"Organization","@id":"https:\/\/sombrafestival.com\/en\/#organization","name":"SOMBRA, IX FESTIVAL DE CINE FANTASTICO EUROPEO DE MURCIA","url":"https:\/\/sombrafestival.com\/en\/","logo":{"@type":"ImageObject","inLanguage":"en-GB","@id":"https:\/\/sombrafestival.com\/en\/#\/schema\/logo\/image\/","url":"https:\/\/sombrafestival.com\/wp-content\/uploads\/2019\/10\/Sombra-LogoIdentificador-Negativo.jpg","contentUrl":"https:\/\/sombrafestival.com\/wp-content\/uploads\/2019\/10\/Sombra-LogoIdentificador-Negativo.jpg","width":400,"height":400,"caption":"SOMBRA, IX FESTIVAL DE CINE FANTASTICO EUROPEO DE MURCIA"},"image":{"@id":"https:\/\/sombrafestival.com\/en\/#\/schema\/logo\/image\/"},"sameAs":["https:\/\/www.facebook.com\/Sombra-Festival-De-CINE-Fantastico-Europeo-De-Murcia-175337032531429\/","https:\/\/x.com\/SombraFestival","https:\/\/www.instagram.com\/sombrafestival\/","https:\/\/www.youtube.com\/channel\/UCBdSJni9V30Tq4cGf4Lj0Ug?view_as=subscriber"]}]}},"_links":{"self":[{"href":"https:\/\/sombrafestival.com\/en\/wp-json\/wp\/v2\/pages\/4680","targetHints":{"allow":["GET"]}}],"collection":[{"href":"https:\/\/sombrafestival.com\/en\/wp-json\/wp\/v2\/pages"}],"about":[{"href":"https:\/\/sombrafestival.com\/en\/wp-json\/wp\/v2\/types\/page"}],"author":[{"embeddable":true,"href":"https:\/\/sombrafestival.com\/en\/wp-json\/wp\/v2\/users\/2"}],"replies":[{"embeddable":true,"href":"https:\/\/sombrafestival.com\/en\/wp-json\/wp\/v2\/comments?post=4680"}],"version-history":[{"count":5,"href":"https:\/\/sombrafestival.com\/en\/wp-json\/wp\/v2\/pages\/4680\/revisions"}],"predecessor-version":[{"id":4865,"href":"https:\/\/sombrafestival.com\/en\/wp-json\/wp\/v2\/pages\/4680\/revisions\/4865"}],"wp:attachment":[{"href":"https:\/\/sombrafestival.com\/en\/wp-json\/wp\/v2\/media?parent=4680"}],"curies":[{"name":"wp","href":"https:\/\/api.w.org\/{rel}","templated":true}]}}