{"id":4763,"date":"2022-02-20T17:57:11","date_gmt":"2022-02-20T16:57:11","guid":{"rendered":"https:\/\/sombrafestival.com\/?page_id=4763"},"modified":"2022-02-20T17:57:11","modified_gmt":"2022-02-20T16:57:11","slug":"jovenes-que-asombran-taller-de-cine-con-smartphones-con-tomas-iniesta-y-mario-magana-iskill","status":"publish","type":"page","link":"https:\/\/sombrafestival.com\/en\/jovenes-que-asombran-taller-de-cine-con-smartphones-con-tomas-iniesta-y-mario-magana-iskill\/","title":{"rendered":"J\u00f3venes que Asombran: Taller de cine con smartphones con Tom\u00e1s Iniesta y Mario Maga\u00f1a (Iskill)"},"content":{"rendered":"<ul class=\"td-arrow-list\">\n<li>Lunes, 28 de febrero &#8211; Jueves, 3 de marzo<\/li>\n<li>17:00<\/li>\n<li>Biblioteca Regional &#8211; Sal\u00f3n de actos<\/li>\n<\/ul>\n<p>Taller de cine con smarthpones con Tom\u00e1s Iniesta y Mario Maga\u00f1a (Iskill).<\/p>\n<p>Programa \u201cJ\u00f3venes que asombran\u201d. Biblioteca Regional. Sal\u00f3n de actos.<\/p>\n<p><a href=\"https:\/\/sombrafestival.com\/en\/jovenes-que-asombran-una-propuesta-audiovisual-para-los-jovenes-de-murcia\/\" target=\"_blank\" rel=\"noopener noreferrer\"><img loading=\"lazy\" decoding=\"async\" class=\"aligncenter wp-image-4765 size-full\" src=\"https:\/\/sombrafestival.com\/wp-content\/uploads\/2022\/02\/272905602_4887902767941475_6289148587844008258_n.jpg\" alt=\"Jovenes que asombran\" width=\"960\" height=\"356\" srcset=\"https:\/\/sombrafestival.com\/wp-content\/uploads\/2022\/02\/272905602_4887902767941475_6289148587844008258_n.jpg 960w, https:\/\/sombrafestival.com\/wp-content\/uploads\/2022\/02\/272905602_4887902767941475_6289148587844008258_n-300x111.jpg 300w, https:\/\/sombrafestival.com\/wp-content\/uploads\/2022\/02\/272905602_4887902767941475_6289148587844008258_n-768x285.jpg 768w, https:\/\/sombrafestival.com\/wp-content\/uploads\/2022\/02\/272905602_4887902767941475_6289148587844008258_n-18x7.jpg 18w, https:\/\/sombrafestival.com\/wp-content\/uploads\/2022\/02\/272905602_4887902767941475_6289148587844008258_n-696x258.jpg 696w\" sizes=\"auto, (max-width: 960px) 100vw, 960px\" \/><\/a><\/p>","protected":false},"excerpt":{"rendered":"<p>Lunes, 28 de febrero &#8211; Jueves, 3 de marzo 17:00 Biblioteca Regional &#8211; Sal\u00f3n de actos Taller de cine con smarthpones con Tom\u00e1s Iniesta y Mario Maga\u00f1a (Iskill). Programa \u201cJ\u00f3venes que asombran\u201d. Biblioteca Regional. Sal\u00f3n de actos.<\/p>","protected":false},"author":2,"featured_media":0,"parent":0,"menu_order":0,"comment_status":"closed","ping_status":"closed","template":"","meta":{"footnotes":""},"class_list":["post-4763","page","type-page","status-publish"],"yoast_head":"<!-- This site is optimized with the Yoast SEO plugin v24.3 - https:\/\/yoast.com\/wordpress\/plugins\/seo\/ -->\n<title>J\u00f3venes que Asombran: Taller de cine con smartphones con Tom\u00e1s Iniesta y Mario Maga\u00f1a (Iskill) - Sombra Festival<\/title>\n<meta name=\"robots\" content=\"index, follow, max-snippet:-1, max-image-preview:large, max-video-preview:-1\" \/>\n<link rel=\"canonical\" href=\"https:\/\/sombrafestival.com\/en\/jovenes-que-asombran-taller-de-cine-con-smartphones-con-tomas-iniesta-y-mario-magana-iskill\/\" \/>\n<meta property=\"og:locale\" content=\"en_GB\" \/>\n<meta property=\"og:type\" content=\"article\" \/>\n<meta property=\"og:title\" content=\"J\u00f3venes que Asombran: Taller de cine con smartphones con Tom\u00e1s Iniesta y Mario Maga\u00f1a (Iskill) - Sombra Festival\" \/>\n<meta property=\"og:description\" content=\"Lunes, 28 de febrero &#8211; Jueves, 3 de marzo 17:00 Biblioteca Regional &#8211; Sal\u00f3n de actos Taller de cine con smarthpones con Tom\u00e1s Iniesta y Mario Maga\u00f1a (Iskill). Programa \u201cJ\u00f3venes que asombran\u201d. Biblioteca Regional. Sal\u00f3n de actos.\" \/>\n<meta property=\"og:url\" content=\"https:\/\/sombrafestival.com\/en\/jovenes-que-asombran-taller-de-cine-con-smartphones-con-tomas-iniesta-y-mario-magana-iskill\/\" \/>\n<meta property=\"og:site_name\" content=\"Sombra Festival\" \/>\n<meta property=\"article:publisher\" content=\"https:\/\/www.facebook.com\/Sombra-Festival-De-CINE-Fantastico-Europeo-De-Murcia-175337032531429\/\" \/>\n<meta property=\"og:image\" content=\"https:\/\/sombrafestival.com\/wp-content\/uploads\/2022\/02\/272905602_4887902767941475_6289148587844008258_n.jpg\" \/>\n\t<meta property=\"og:image:width\" content=\"960\" \/>\n\t<meta property=\"og:image:height\" content=\"356\" \/>\n\t<meta property=\"og:image:type\" content=\"image\/jpeg\" \/>\n<meta name=\"twitter:card\" content=\"summary_large_image\" \/>\n<meta name=\"twitter:site\" content=\"@SombraFestival\" \/>\n<script type=\"application\/ld+json\" class=\"yoast-schema-graph\">{\"@context\":\"https:\/\/schema.org\",\"@graph\":[{\"@type\":\"WebPage\",\"@id\":\"https:\/\/sombrafestival.com\/jovenes-que-asombran-taller-de-cine-con-smartphones-con-tomas-iniesta-y-mario-magana-iskill\/\",\"url\":\"https:\/\/sombrafestival.com\/jovenes-que-asombran-taller-de-cine-con-smartphones-con-tomas-iniesta-y-mario-magana-iskill\/\",\"name\":\"J\u00f3venes que Asombran: Taller de cine con smartphones con Tom\u00e1s Iniesta y Mario Maga\u00f1a (Iskill) - Sombra Festival\",\"isPartOf\":{\"@id\":\"https:\/\/sombrafestival.com\/en\/#website\"},\"primaryImageOfPage\":{\"@id\":\"https:\/\/sombrafestival.com\/jovenes-que-asombran-taller-de-cine-con-smartphones-con-tomas-iniesta-y-mario-magana-iskill\/#primaryimage\"},\"image\":{\"@id\":\"https:\/\/sombrafestival.com\/jovenes-que-asombran-taller-de-cine-con-smartphones-con-tomas-iniesta-y-mario-magana-iskill\/#primaryimage\"},\"thumbnailUrl\":\"https:\/\/sombrafestival.com\/wp-content\/uploads\/2022\/02\/272905602_4887902767941475_6289148587844008258_n.jpg\",\"datePublished\":\"2022-02-20T16:57:11+00:00\",\"dateModified\":\"2022-02-20T16:57:11+00:00\",\"breadcrumb\":{\"@id\":\"https:\/\/sombrafestival.com\/jovenes-que-asombran-taller-de-cine-con-smartphones-con-tomas-iniesta-y-mario-magana-iskill\/#breadcrumb\"},\"inLanguage\":\"en-GB\",\"potentialAction\":[{\"@type\":\"ReadAction\",\"target\":[\"https:\/\/sombrafestival.com\/jovenes-que-asombran-taller-de-cine-con-smartphones-con-tomas-iniesta-y-mario-magana-iskill\/\"]}]},{\"@type\":\"ImageObject\",\"inLanguage\":\"en-GB\",\"@id\":\"https:\/\/sombrafestival.com\/jovenes-que-asombran-taller-de-cine-con-smartphones-con-tomas-iniesta-y-mario-magana-iskill\/#primaryimage\",\"url\":\"https:\/\/sombrafestival.com\/wp-content\/uploads\/2022\/02\/272905602_4887902767941475_6289148587844008258_n.jpg\",\"contentUrl\":\"https:\/\/sombrafestival.com\/wp-content\/uploads\/2022\/02\/272905602_4887902767941475_6289148587844008258_n.jpg\"},{\"@type\":\"BreadcrumbList\",\"@id\":\"https:\/\/sombrafestival.com\/jovenes-que-asombran-taller-de-cine-con-smartphones-con-tomas-iniesta-y-mario-magana-iskill\/#breadcrumb\",\"itemListElement\":[{\"@type\":\"ListItem\",\"position\":1,\"name\":\"Portada\",\"item\":\"https:\/\/sombrafestival.com\/\"},{\"@type\":\"ListItem\",\"position\":2,\"name\":\"J\u00f3venes que Asombran: Taller de cine con smartphones con Tom\u00e1s Iniesta y Mario Maga\u00f1a (Iskill)\"}]},{\"@type\":\"WebSite\",\"@id\":\"https:\/\/sombrafestival.com\/en\/#website\",\"url\":\"https:\/\/sombrafestival.com\/en\/\",\"name\":\"Sombra Festival\",\"description\":\"XIII Festival de Cine Fant\u00e1stico Europeo de Murcia, 8-17 MARZO 2024\",\"publisher\":{\"@id\":\"https:\/\/sombrafestival.com\/en\/#organization\"},\"potentialAction\":[{\"@type\":\"SearchAction\",\"target\":{\"@type\":\"EntryPoint\",\"urlTemplate\":\"https:\/\/sombrafestival.com\/en\/?s={search_term_string}\"},\"query-input\":{\"@type\":\"PropertyValueSpecification\",\"valueRequired\":true,\"valueName\":\"search_term_string\"}}],\"inLanguage\":\"en-GB\"},{\"@type\":\"Organization\",\"@id\":\"https:\/\/sombrafestival.com\/en\/#organization\",\"name\":\"SOMBRA, IX FESTIVAL DE CINE FANTASTICO EUROPEO DE MURCIA\",\"url\":\"https:\/\/sombrafestival.com\/en\/\",\"logo\":{\"@type\":\"ImageObject\",\"inLanguage\":\"en-GB\",\"@id\":\"https:\/\/sombrafestival.com\/en\/#\/schema\/logo\/image\/\",\"url\":\"https:\/\/sombrafestival.com\/wp-content\/uploads\/2019\/10\/Sombra-LogoIdentificador-Negativo.jpg\",\"contentUrl\":\"https:\/\/sombrafestival.com\/wp-content\/uploads\/2019\/10\/Sombra-LogoIdentificador-Negativo.jpg\",\"width\":400,\"height\":400,\"caption\":\"SOMBRA, IX FESTIVAL DE CINE FANTASTICO EUROPEO DE MURCIA\"},\"image\":{\"@id\":\"https:\/\/sombrafestival.com\/en\/#\/schema\/logo\/image\/\"},\"sameAs\":[\"https:\/\/www.facebook.com\/Sombra-Festival-De-CINE-Fantastico-Europeo-De-Murcia-175337032531429\/\",\"https:\/\/x.com\/SombraFestival\",\"https:\/\/www.instagram.com\/sombrafestival\/\",\"https:\/\/www.youtube.com\/channel\/UCBdSJni9V30Tq4cGf4Lj0Ug?view_as=subscriber\"]}]}<\/script>\n<!-- \/ Yoast SEO plugin. -->","yoast_head_json":{"title":"J\u00f3venes que Asombran: Taller de cine con smartphones con Tom\u00e1s Iniesta y Mario Maga\u00f1a (Iskill) - Sombra Festival","robots":{"index":"index","follow":"follow","max-snippet":"max-snippet:-1","max-image-preview":"max-image-preview:large","max-video-preview":"max-video-preview:-1"},"canonical":"https:\/\/sombrafestival.com\/en\/jovenes-que-asombran-taller-de-cine-con-smartphones-con-tomas-iniesta-y-mario-magana-iskill\/","og_locale":"en_GB","og_type":"article","og_title":"J\u00f3venes que Asombran: Taller de cine con smartphones con Tom\u00e1s Iniesta y Mario Maga\u00f1a (Iskill) - Sombra Festival","og_description":"Lunes, 28 de febrero &#8211; Jueves, 3 de marzo 17:00 Biblioteca Regional &#8211; Sal\u00f3n de actos Taller de cine con smarthpones con Tom\u00e1s Iniesta y Mario Maga\u00f1a (Iskill). Programa \u201cJ\u00f3venes que asombran\u201d. Biblioteca Regional. Sal\u00f3n de actos.","og_url":"https:\/\/sombrafestival.com\/en\/jovenes-que-asombran-taller-de-cine-con-smartphones-con-tomas-iniesta-y-mario-magana-iskill\/","og_site_name":"Sombra Festival","article_publisher":"https:\/\/www.facebook.com\/Sombra-Festival-De-CINE-Fantastico-Europeo-De-Murcia-175337032531429\/","og_image":[{"width":960,"height":356,"url":"https:\/\/sombrafestival.com\/wp-content\/uploads\/2022\/02\/272905602_4887902767941475_6289148587844008258_n.jpg","type":"image\/jpeg"}],"twitter_card":"summary_large_image","twitter_site":"@SombraFestival","schema":{"@context":"https:\/\/schema.org","@graph":[{"@type":"WebPage","@id":"https:\/\/sombrafestival.com\/jovenes-que-asombran-taller-de-cine-con-smartphones-con-tomas-iniesta-y-mario-magana-iskill\/","url":"https:\/\/sombrafestival.com\/jovenes-que-asombran-taller-de-cine-con-smartphones-con-tomas-iniesta-y-mario-magana-iskill\/","name":"J\u00f3venes que Asombran: Taller de cine con smartphones con Tom\u00e1s Iniesta y Mario Maga\u00f1a (Iskill) - Sombra Festival","isPartOf":{"@id":"https:\/\/sombrafestival.com\/en\/#website"},"primaryImageOfPage":{"@id":"https:\/\/sombrafestival.com\/jovenes-que-asombran-taller-de-cine-con-smartphones-con-tomas-iniesta-y-mario-magana-iskill\/#primaryimage"},"image":{"@id":"https:\/\/sombrafestival.com\/jovenes-que-asombran-taller-de-cine-con-smartphones-con-tomas-iniesta-y-mario-magana-iskill\/#primaryimage"},"thumbnailUrl":"https:\/\/sombrafestival.com\/wp-content\/uploads\/2022\/02\/272905602_4887902767941475_6289148587844008258_n.jpg","datePublished":"2022-02-20T16:57:11+00:00","dateModified":"2022-02-20T16:57:11+00:00","breadcrumb":{"@id":"https:\/\/sombrafestival.com\/jovenes-que-asombran-taller-de-cine-con-smartphones-con-tomas-iniesta-y-mario-magana-iskill\/#breadcrumb"},"inLanguage":"en-GB","potentialAction":[{"@type":"ReadAction","target":["https:\/\/sombrafestival.com\/jovenes-que-asombran-taller-de-cine-con-smartphones-con-tomas-iniesta-y-mario-magana-iskill\/"]}]},{"@type":"ImageObject","inLanguage":"en-GB","@id":"https:\/\/sombrafestival.com\/jovenes-que-asombran-taller-de-cine-con-smartphones-con-tomas-iniesta-y-mario-magana-iskill\/#primaryimage","url":"https:\/\/sombrafestival.com\/wp-content\/uploads\/2022\/02\/272905602_4887902767941475_6289148587844008258_n.jpg","contentUrl":"https:\/\/sombrafestival.com\/wp-content\/uploads\/2022\/02\/272905602_4887902767941475_6289148587844008258_n.jpg"},{"@type":"BreadcrumbList","@id":"https:\/\/sombrafestival.com\/jovenes-que-asombran-taller-de-cine-con-smartphones-con-tomas-iniesta-y-mario-magana-iskill\/#breadcrumb","itemListElement":[{"@type":"ListItem","position":1,"name":"Portada","item":"https:\/\/sombrafestival.com\/"},{"@type":"ListItem","position":2,"name":"J\u00f3venes que Asombran: Taller de cine con smartphones con Tom\u00e1s Iniesta y Mario Maga\u00f1a (Iskill)"}]},{"@type":"WebSite","@id":"https:\/\/sombrafestival.com\/en\/#website","url":"https:\/\/sombrafestival.com\/en\/","name":"Sombra Festival","description":"XIII Festival de Cine Fant\u00e1stico Europeo de Murcia, 8-17 MARZO 2024","publisher":{"@id":"https:\/\/sombrafestival.com\/en\/#organization"},"potentialAction":[{"@type":"SearchAction","target":{"@type":"EntryPoint","urlTemplate":"https:\/\/sombrafestival.com\/en\/?s={search_term_string}"},"query-input":{"@type":"PropertyValueSpecification","valueRequired":true,"valueName":"search_term_string"}}],"inLanguage":"en-GB"},{"@type":"Organization","@id":"https:\/\/sombrafestival.com\/en\/#organization","name":"SOMBRA, IX FESTIVAL DE CINE FANTASTICO EUROPEO DE MURCIA","url":"https:\/\/sombrafestival.com\/en\/","logo":{"@type":"ImageObject","inLanguage":"en-GB","@id":"https:\/\/sombrafestival.com\/en\/#\/schema\/logo\/image\/","url":"https:\/\/sombrafestival.com\/wp-content\/uploads\/2019\/10\/Sombra-LogoIdentificador-Negativo.jpg","contentUrl":"https:\/\/sombrafestival.com\/wp-content\/uploads\/2019\/10\/Sombra-LogoIdentificador-Negativo.jpg","width":400,"height":400,"caption":"SOMBRA, IX FESTIVAL DE CINE FANTASTICO EUROPEO DE MURCIA"},"image":{"@id":"https:\/\/sombrafestival.com\/en\/#\/schema\/logo\/image\/"},"sameAs":["https:\/\/www.facebook.com\/Sombra-Festival-De-CINE-Fantastico-Europeo-De-Murcia-175337032531429\/","https:\/\/x.com\/SombraFestival","https:\/\/www.instagram.com\/sombrafestival\/","https:\/\/www.youtube.com\/channel\/UCBdSJni9V30Tq4cGf4Lj0Ug?view_as=subscriber"]}]}},"_links":{"self":[{"href":"https:\/\/sombrafestival.com\/en\/wp-json\/wp\/v2\/pages\/4763","targetHints":{"allow":["GET"]}}],"collection":[{"href":"https:\/\/sombrafestival.com\/en\/wp-json\/wp\/v2\/pages"}],"about":[{"href":"https:\/\/sombrafestival.com\/en\/wp-json\/wp\/v2\/types\/page"}],"author":[{"embeddable":true,"href":"https:\/\/sombrafestival.com\/en\/wp-json\/wp\/v2\/users\/2"}],"replies":[{"embeddable":true,"href":"https:\/\/sombrafestival.com\/en\/wp-json\/wp\/v2\/comments?post=4763"}],"version-history":[{"count":2,"href":"https:\/\/sombrafestival.com\/en\/wp-json\/wp\/v2\/pages\/4763\/revisions"}],"predecessor-version":[{"id":4767,"href":"https:\/\/sombrafestival.com\/en\/wp-json\/wp\/v2\/pages\/4763\/revisions\/4767"}],"wp:attachment":[{"href":"https:\/\/sombrafestival.com\/en\/wp-json\/wp\/v2\/media?parent=4763"}],"curies":[{"name":"wp","href":"https:\/\/api.w.org\/{rel}","templated":true}]}}