{"id":486,"date":"2019-09-11T17:57:14","date_gmt":"2019-09-11T15:57:14","guid":{"rendered":"https:\/\/pruebas.libretacontachon.es\/?page_id=486"},"modified":"2021-03-26T11:53:13","modified_gmt":"2021-03-26T10:53:13","slug":"sedes","status":"publish","type":"page","link":"https:\/\/sombrafestival.com\/en\/c-fem-2020\/sedes\/","title":{"rendered":"Cinema"},"content":{"rendered":"<p>La Sede de la X Edici\u00f3n ser\u00e1 la Filmoteca Regional de Murcia, con actividades puntuales en el Aula de Cultura de la Fundaci\u00f3n Caja del Mediterr\u00e1neo.<\/p>\n\n\n\n<hr class=\"wp-block-separator\"\/>\n\n\n\n<figure class=\"wp-block-image\"><img loading=\"lazy\" decoding=\"async\" width=\"1701\" height=\"1127\" src=\"https:\/\/sombrafestival.com\/wp-content\/uploads\/2019\/10\/54730885_2182731935125252_2748288871937605632_o.jpg\" alt=\"\" class=\"wp-image-567\" srcset=\"https:\/\/sombrafestival.com\/wp-content\/uploads\/2019\/10\/54730885_2182731935125252_2748288871937605632_o.jpg 1701w, https:\/\/sombrafestival.com\/wp-content\/uploads\/2019\/10\/54730885_2182731935125252_2748288871937605632_o-300x199.jpg 300w, https:\/\/sombrafestival.com\/wp-content\/uploads\/2019\/10\/54730885_2182731935125252_2748288871937605632_o-768x509.jpg 768w, https:\/\/sombrafestival.com\/wp-content\/uploads\/2019\/10\/54730885_2182731935125252_2748288871937605632_o-1024x678.jpg 1024w, https:\/\/sombrafestival.com\/wp-content\/uploads\/2019\/10\/54730885_2182731935125252_2748288871937605632_o-696x461.jpg 696w, https:\/\/sombrafestival.com\/wp-content\/uploads\/2019\/10\/54730885_2182731935125252_2748288871937605632_o-1068x708.jpg 1068w, https:\/\/sombrafestival.com\/wp-content\/uploads\/2019\/10\/54730885_2182731935125252_2748288871937605632_o-634x420.jpg 634w\" sizes=\"auto, (max-width: 1701px) 100vw, 1701px\" \/><figcaption><br><br><\/figcaption><\/figure>\n\n\n\n<hr class=\"wp-block-separator\"\/>\n\n\n\n<p><\/p>\n\n\n\n<h4 class=\"wp-block-heading\">Filmoteca Regional de Murcia<\/h4>\n\n\n\n<p><\/p>\n\n\n\n<figure><iframe loading=\"lazy\" src=\"https:\/\/www.google.com\/maps\/embed?pb=!1m18!1m12!1m3!1d50317.67031711315!2d-1.162194720822952!3d37.98052720882415!2m3!1f0!2f0!3f0!3m2!1i1024!2i768!4f13.1!3m3!1m2!1s0xd63821b444915c3%3A0x9d1a4fa0c62a89d0!2sFilmoteca%20Regional%20Francisco%20Rabal%20Murcia!5e0!3m2!1ses!2ses!4v1577536942067!5m2!1ses!2ses\" width=\"600\" height=\"450\" frameborder=\"0\" style=\"border:0;\" allowfullscreen=\"\"><\/iframe><\/figure>\n\n\n\n<p><\/p>\n\n\n\n<h4 class=\"wp-block-heading\">Aula Cultura Fundaci\u00f3n Caja del Mediterr\u00e1neo<\/h4>\n\n\n\n<p><\/p>\n\n\n\n<figure><iframe loading=\"lazy\" src=\"https:\/\/www.google.com\/maps\/embed?pb=!1m14!1m8!1m3!1d12578.749589957784!2d-1.129218!3d37.984424!3m2!1i1024!2i768!4f13.1!3m3!1m2!1s0x0%3A0xd99e747fcbada99d!2sAula%20de%20Cultura%20Fundaci%C3%B3n%20Caja%20Mediterr%C3%A1neo!5e0!3m2!1ses!2ses!4v1577536696249!5m2!1ses!2ses\" width=\"600\" height=\"450\" frameborder=\"0\" style=\"border:0;\" allowfullscreen=\"\"><\/iframe><\/figure>\n\n\n\n<p><\/p>","protected":false},"excerpt":{"rendered":"<p>La Sede de la X Edici\u00f3n ser\u00e1 la Filmoteca Regional de Murcia, con actividades puntuales en el Aula de Cultura de la Fundaci\u00f3n Caja del Mediterr\u00e1neo. Filmoteca Regional de Murcia Aula Cultura Fundaci\u00f3n Caja del Mediterr\u00e1neo<\/p>","protected":false},"author":1,"featured_media":567,"parent":390,"menu_order":0,"comment_status":"closed","ping_status":"closed","template":"","meta":{"footnotes":""},"class_list":["post-486","page","type-page","status-publish","has-post-thumbnail"],"yoast_head":"<!-- This site is optimized with the Yoast SEO plugin v24.3 - https:\/\/yoast.com\/wordpress\/plugins\/seo\/ -->\n<title>Sedes - Sombra Festival<\/title>\n<meta name=\"robots\" content=\"index, follow, max-snippet:-1, max-image-preview:large, max-video-preview:-1\" \/>\n<link rel=\"canonical\" href=\"https:\/\/sombrafestival.com\/en\/c-fem-2020\/sedes\/\" \/>\n<meta property=\"og:locale\" content=\"en_GB\" \/>\n<meta property=\"og:type\" content=\"article\" \/>\n<meta property=\"og:title\" content=\"Sedes - Sombra Festival\" \/>\n<meta property=\"og:description\" content=\"La Sede de la X Edici\u00f3n ser\u00e1 la Filmoteca Regional de Murcia, con actividades puntuales en el Aula de Cultura de la Fundaci\u00f3n Caja del Mediterr\u00e1neo. Filmoteca Regional de Murcia Aula Cultura Fundaci\u00f3n Caja del Mediterr\u00e1neo\" \/>\n<meta property=\"og:url\" content=\"https:\/\/sombrafestival.com\/en\/c-fem-2020\/sedes\/\" \/>\n<meta property=\"og:site_name\" content=\"Sombra Festival\" \/>\n<meta property=\"article:publisher\" content=\"https:\/\/www.facebook.com\/Sombra-Festival-De-CINE-Fantastico-Europeo-De-Murcia-175337032531429\/\" \/>\n<meta property=\"article:modified_time\" content=\"2021-03-26T10:53:13+00:00\" \/>\n<meta property=\"og:image\" content=\"https:\/\/sombrafestival.com\/wp-content\/uploads\/2019\/10\/54730885_2182731935125252_2748288871937605632_o.jpg\" \/>\n\t<meta property=\"og:image:width\" content=\"1701\" \/>\n\t<meta property=\"og:image:height\" content=\"1127\" \/>\n\t<meta property=\"og:image:type\" content=\"image\/jpeg\" \/>\n<meta name=\"twitter:card\" content=\"summary_large_image\" \/>\n<meta name=\"twitter:site\" content=\"@SombraFestival\" \/>\n<script type=\"application\/ld+json\" class=\"yoast-schema-graph\">{\"@context\":\"https:\/\/schema.org\",\"@graph\":[{\"@type\":\"WebPage\",\"@id\":\"https:\/\/sombrafestival.com\/c-fem-2020\/sedes\/\",\"url\":\"https:\/\/sombrafestival.com\/c-fem-2020\/sedes\/\",\"name\":\"Sedes - Sombra Festival\",\"isPartOf\":{\"@id\":\"https:\/\/sombrafestival.com\/en\/#website\"},\"primaryImageOfPage\":{\"@id\":\"https:\/\/sombrafestival.com\/c-fem-2020\/sedes\/#primaryimage\"},\"image\":{\"@id\":\"https:\/\/sombrafestival.com\/c-fem-2020\/sedes\/#primaryimage\"},\"thumbnailUrl\":\"https:\/\/sombrafestival.com\/wp-content\/uploads\/2019\/10\/54730885_2182731935125252_2748288871937605632_o.jpg\",\"datePublished\":\"2019-09-11T15:57:14+00:00\",\"dateModified\":\"2021-03-26T10:53:13+00:00\",\"breadcrumb\":{\"@id\":\"https:\/\/sombrafestival.com\/c-fem-2020\/sedes\/#breadcrumb\"},\"inLanguage\":\"en-GB\",\"potentialAction\":[{\"@type\":\"ReadAction\",\"target\":[\"https:\/\/sombrafestival.com\/c-fem-2020\/sedes\/\"]}]},{\"@type\":\"ImageObject\",\"inLanguage\":\"en-GB\",\"@id\":\"https:\/\/sombrafestival.com\/c-fem-2020\/sedes\/#primaryimage\",\"url\":\"https:\/\/sombrafestival.com\/wp-content\/uploads\/2019\/10\/54730885_2182731935125252_2748288871937605632_o.jpg\",\"contentUrl\":\"https:\/\/sombrafestival.com\/wp-content\/uploads\/2019\/10\/54730885_2182731935125252_2748288871937605632_o.jpg\",\"width\":1701,\"height\":1127},{\"@type\":\"BreadcrumbList\",\"@id\":\"https:\/\/sombrafestival.com\/c-fem-2020\/sedes\/#breadcrumb\",\"itemListElement\":[{\"@type\":\"ListItem\",\"position\":1,\"name\":\"Portada\",\"item\":\"https:\/\/sombrafestival.com\/\"},{\"@type\":\"ListItem\",\"position\":2,\"name\":\"2020\",\"item\":\"https:\/\/sombrafestival.com\/c-fem-2020\/\"},{\"@type\":\"ListItem\",\"position\":3,\"name\":\"Sedes\"}]},{\"@type\":\"WebSite\",\"@id\":\"https:\/\/sombrafestival.com\/en\/#website\",\"url\":\"https:\/\/sombrafestival.com\/en\/\",\"name\":\"Sombra Festival\",\"description\":\"XIII Festival de Cine Fant\u00e1stico Europeo de Murcia, 8-17 MARZO 2024\",\"publisher\":{\"@id\":\"https:\/\/sombrafestival.com\/en\/#organization\"},\"potentialAction\":[{\"@type\":\"SearchAction\",\"target\":{\"@type\":\"EntryPoint\",\"urlTemplate\":\"https:\/\/sombrafestival.com\/en\/?s={search_term_string}\"},\"query-input\":{\"@type\":\"PropertyValueSpecification\",\"valueRequired\":true,\"valueName\":\"search_term_string\"}}],\"inLanguage\":\"en-GB\"},{\"@type\":\"Organization\",\"@id\":\"https:\/\/sombrafestival.com\/en\/#organization\",\"name\":\"SOMBRA, IX FESTIVAL DE CINE FANTASTICO EUROPEO DE MURCIA\",\"url\":\"https:\/\/sombrafestival.com\/en\/\",\"logo\":{\"@type\":\"ImageObject\",\"inLanguage\":\"en-GB\",\"@id\":\"https:\/\/sombrafestival.com\/en\/#\/schema\/logo\/image\/\",\"url\":\"https:\/\/sombrafestival.com\/wp-content\/uploads\/2019\/10\/Sombra-LogoIdentificador-Negativo.jpg\",\"contentUrl\":\"https:\/\/sombrafestival.com\/wp-content\/uploads\/2019\/10\/Sombra-LogoIdentificador-Negativo.jpg\",\"width\":400,\"height\":400,\"caption\":\"SOMBRA, IX FESTIVAL DE CINE FANTASTICO EUROPEO DE MURCIA\"},\"image\":{\"@id\":\"https:\/\/sombrafestival.com\/en\/#\/schema\/logo\/image\/\"},\"sameAs\":[\"https:\/\/www.facebook.com\/Sombra-Festival-De-CINE-Fantastico-Europeo-De-Murcia-175337032531429\/\",\"https:\/\/x.com\/SombraFestival\",\"https:\/\/www.instagram.com\/sombrafestival\/\",\"https:\/\/www.youtube.com\/channel\/UCBdSJni9V30Tq4cGf4Lj0Ug?view_as=subscriber\"]}]}<\/script>\n<!-- \/ Yoast SEO plugin. -->","yoast_head_json":{"title":"Sedes - Sombra Festival","robots":{"index":"index","follow":"follow","max-snippet":"max-snippet:-1","max-image-preview":"max-image-preview:large","max-video-preview":"max-video-preview:-1"},"canonical":"https:\/\/sombrafestival.com\/en\/c-fem-2020\/sedes\/","og_locale":"en_GB","og_type":"article","og_title":"Sedes - Sombra Festival","og_description":"La Sede de la X Edici\u00f3n ser\u00e1 la Filmoteca Regional de Murcia, con actividades puntuales en el Aula de Cultura de la Fundaci\u00f3n Caja del Mediterr\u00e1neo. Filmoteca Regional de Murcia Aula Cultura Fundaci\u00f3n Caja del Mediterr\u00e1neo","og_url":"https:\/\/sombrafestival.com\/en\/c-fem-2020\/sedes\/","og_site_name":"Sombra Festival","article_publisher":"https:\/\/www.facebook.com\/Sombra-Festival-De-CINE-Fantastico-Europeo-De-Murcia-175337032531429\/","article_modified_time":"2021-03-26T10:53:13+00:00","og_image":[{"width":1701,"height":1127,"url":"https:\/\/sombrafestival.com\/wp-content\/uploads\/2019\/10\/54730885_2182731935125252_2748288871937605632_o.jpg","type":"image\/jpeg"}],"twitter_card":"summary_large_image","twitter_site":"@SombraFestival","schema":{"@context":"https:\/\/schema.org","@graph":[{"@type":"WebPage","@id":"https:\/\/sombrafestival.com\/c-fem-2020\/sedes\/","url":"https:\/\/sombrafestival.com\/c-fem-2020\/sedes\/","name":"Sedes - Sombra Festival","isPartOf":{"@id":"https:\/\/sombrafestival.com\/en\/#website"},"primaryImageOfPage":{"@id":"https:\/\/sombrafestival.com\/c-fem-2020\/sedes\/#primaryimage"},"image":{"@id":"https:\/\/sombrafestival.com\/c-fem-2020\/sedes\/#primaryimage"},"thumbnailUrl":"https:\/\/sombrafestival.com\/wp-content\/uploads\/2019\/10\/54730885_2182731935125252_2748288871937605632_o.jpg","datePublished":"2019-09-11T15:57:14+00:00","dateModified":"2021-03-26T10:53:13+00:00","breadcrumb":{"@id":"https:\/\/sombrafestival.com\/c-fem-2020\/sedes\/#breadcrumb"},"inLanguage":"en-GB","potentialAction":[{"@type":"ReadAction","target":["https:\/\/sombrafestival.com\/c-fem-2020\/sedes\/"]}]},{"@type":"ImageObject","inLanguage":"en-GB","@id":"https:\/\/sombrafestival.com\/c-fem-2020\/sedes\/#primaryimage","url":"https:\/\/sombrafestival.com\/wp-content\/uploads\/2019\/10\/54730885_2182731935125252_2748288871937605632_o.jpg","contentUrl":"https:\/\/sombrafestival.com\/wp-content\/uploads\/2019\/10\/54730885_2182731935125252_2748288871937605632_o.jpg","width":1701,"height":1127},{"@type":"BreadcrumbList","@id":"https:\/\/sombrafestival.com\/c-fem-2020\/sedes\/#breadcrumb","itemListElement":[{"@type":"ListItem","position":1,"name":"Portada","item":"https:\/\/sombrafestival.com\/"},{"@type":"ListItem","position":2,"name":"2020","item":"https:\/\/sombrafestival.com\/c-fem-2020\/"},{"@type":"ListItem","position":3,"name":"Sedes"}]},{"@type":"WebSite","@id":"https:\/\/sombrafestival.com\/en\/#website","url":"https:\/\/sombrafestival.com\/en\/","name":"Sombra Festival","description":"XIII Festival de Cine Fant\u00e1stico Europeo de Murcia, 8-17 MARZO 2024","publisher":{"@id":"https:\/\/sombrafestival.com\/en\/#organization"},"potentialAction":[{"@type":"SearchAction","target":{"@type":"EntryPoint","urlTemplate":"https:\/\/sombrafestival.com\/en\/?s={search_term_string}"},"query-input":{"@type":"PropertyValueSpecification","valueRequired":true,"valueName":"search_term_string"}}],"inLanguage":"en-GB"},{"@type":"Organization","@id":"https:\/\/sombrafestival.com\/en\/#organization","name":"SOMBRA, IX FESTIVAL DE CINE FANTASTICO EUROPEO DE MURCIA","url":"https:\/\/sombrafestival.com\/en\/","logo":{"@type":"ImageObject","inLanguage":"en-GB","@id":"https:\/\/sombrafestival.com\/en\/#\/schema\/logo\/image\/","url":"https:\/\/sombrafestival.com\/wp-content\/uploads\/2019\/10\/Sombra-LogoIdentificador-Negativo.jpg","contentUrl":"https:\/\/sombrafestival.com\/wp-content\/uploads\/2019\/10\/Sombra-LogoIdentificador-Negativo.jpg","width":400,"height":400,"caption":"SOMBRA, IX FESTIVAL DE CINE FANTASTICO EUROPEO DE MURCIA"},"image":{"@id":"https:\/\/sombrafestival.com\/en\/#\/schema\/logo\/image\/"},"sameAs":["https:\/\/www.facebook.com\/Sombra-Festival-De-CINE-Fantastico-Europeo-De-Murcia-175337032531429\/","https:\/\/x.com\/SombraFestival","https:\/\/www.instagram.com\/sombrafestival\/","https:\/\/www.youtube.com\/channel\/UCBdSJni9V30Tq4cGf4Lj0Ug?view_as=subscriber"]}]}},"_links":{"self":[{"href":"https:\/\/sombrafestival.com\/en\/wp-json\/wp\/v2\/pages\/486","targetHints":{"allow":["GET"]}}],"collection":[{"href":"https:\/\/sombrafestival.com\/en\/wp-json\/wp\/v2\/pages"}],"about":[{"href":"https:\/\/sombrafestival.com\/en\/wp-json\/wp\/v2\/types\/page"}],"author":[{"embeddable":true,"href":"https:\/\/sombrafestival.com\/en\/wp-json\/wp\/v2\/users\/1"}],"replies":[{"embeddable":true,"href":"https:\/\/sombrafestival.com\/en\/wp-json\/wp\/v2\/comments?post=486"}],"version-history":[{"count":5,"href":"https:\/\/sombrafestival.com\/en\/wp-json\/wp\/v2\/pages\/486\/revisions"}],"predecessor-version":[{"id":2930,"href":"https:\/\/sombrafestival.com\/en\/wp-json\/wp\/v2\/pages\/486\/revisions\/2930"}],"up":[{"embeddable":true,"href":"https:\/\/sombrafestival.com\/en\/wp-json\/wp\/v2\/pages\/390"}],"wp:featuredmedia":[{"embeddable":true,"href":"https:\/\/sombrafestival.com\/en\/wp-json\/wp\/v2\/media\/567"}],"wp:attachment":[{"href":"https:\/\/sombrafestival.com\/en\/wp-json\/wp\/v2\/media?parent=486"}],"curies":[{"name":"wp","href":"https:\/\/api.w.org\/{rel}","templated":true}]}}