{"id":5381,"date":"2023-02-13T18:03:04","date_gmt":"2023-02-13T17:03:04","guid":{"rendered":"https:\/\/sombrafestival.com\/?page_id=5381"},"modified":"2023-03-02T20:32:27","modified_gmt":"2023-03-02T19:32:27","slug":"ciclo-arkham-literatura-y-comic-arquitectura-en-la-fantasia-terror-y-la-ciencia-ficcion","status":"publish","type":"page","link":"https:\/\/sombrafestival.com\/en\/ciclo-arkham-literatura-y-comic-arquitectura-en-la-fantasia-terror-y-la-ciencia-ficcion\/","title":{"rendered":"Ciclo Arkham Literatura y C\u00f3mic | Arquitectura en la fantas\u00eda, terror y la ciencia ficci\u00f3n"},"content":{"rendered":"<h2 class=\"wp-block-heading\">Ciclo Arkham Literatura y C\u00f3mic.<\/h2>\n\n\n\n<p class=\"has-text-color has-background has-vivid-red-color has-very-light-gray-background-color\"><strong>\u00bfCu\u00e1ndo? <\/strong><em>Mi\u00e9rcoles, 15 de marzo<\/em><strong> <\/strong>a las 19:00<strong><br>\u00bfD\u00f3nde? <\/strong>Librer\u00eda 7 H\u00e9roes<strong><br>Precio: &nbsp;<\/strong><em>Gratuito<\/em><\/p>\n\n\n\n<p>Mesa Redonda | Arquitectura en la fantas\u00eda, terror y la ciencia ficci\u00f3n.<\/p>\n\n\n\n<ul class=\"wp-block-list\"><li><strong>Antonio Rentero <\/strong>\u2013 Experto en cine y c\u00f3mic<\/li><li><strong>Javier Mancilla <\/strong>\u2013 Arquitecto y experto en c\u00f3mic<\/li><li><strong>Miguel Herraiz <\/strong>\u2013 Arquitecto e ilustrador<\/li><li><strong>Alfonso Morote <\/strong>\u2013 Arquitecto, ilustrador y artista de animaci\u00f3n<\/li><li><strong>Modera: Helia de San Nicol\u00e1s <\/strong>&#8211; Arquitecta<\/li><\/ul>\n\n\n\n<figure class=\"wp-block-image size-large\"><img loading=\"lazy\" decoding=\"async\" width=\"900\" height=\"898\" src=\"https:\/\/sombrafestival.com\/wp-content\/uploads\/2023\/03\/ciclo-arkham.jpg\" alt=\"\" class=\"wp-image-5830\" srcset=\"https:\/\/sombrafestival.com\/wp-content\/uploads\/2023\/03\/ciclo-arkham.jpg 900w, https:\/\/sombrafestival.com\/wp-content\/uploads\/2023\/03\/ciclo-arkham-300x300.jpg 300w, https:\/\/sombrafestival.com\/wp-content\/uploads\/2023\/03\/ciclo-arkham-150x150.jpg 150w, https:\/\/sombrafestival.com\/wp-content\/uploads\/2023\/03\/ciclo-arkham-768x766.jpg 768w, https:\/\/sombrafestival.com\/wp-content\/uploads\/2023\/03\/ciclo-arkham-12x12.jpg 12w, https:\/\/sombrafestival.com\/wp-content\/uploads\/2023\/03\/ciclo-arkham-696x694.jpg 696w, https:\/\/sombrafestival.com\/wp-content\/uploads\/2023\/03\/ciclo-arkham-421x420.jpg 421w\" sizes=\"auto, (max-width: 900px) 100vw, 900px\" \/><\/figure>","protected":false},"excerpt":{"rendered":"<p>Ciclo Arkham Literatura y C\u00f3mic. \u00bfCu\u00e1ndo? Mi\u00e9rcoles, 15 de marzo a las 19:00\u00bfD\u00f3nde? Librer\u00eda 7 H\u00e9roesPrecio: &nbsp;Gratuito Mesa Redonda | Arquitectura en la fantas\u00eda, terror y la ciencia ficci\u00f3n. Antonio Rentero \u2013 Experto en cine y c\u00f3mic Javier Mancilla \u2013 Arquitecto y experto en c\u00f3mic Miguel Herraiz \u2013 Arquitecto e ilustrador Alfonso Morote \u2013 Arquitecto, [&hellip;]<\/p>","protected":false},"author":2,"featured_media":0,"parent":0,"menu_order":0,"comment_status":"closed","ping_status":"closed","template":"","meta":{"footnotes":""},"class_list":["post-5381","page","type-page","status-publish"],"yoast_head":"<!-- This site is optimized with the Yoast SEO plugin v24.3 - https:\/\/yoast.com\/wordpress\/plugins\/seo\/ -->\n<title>Ciclo Arkham Literatura y C\u00f3mic | Arquitectura en la fantas\u00eda, terror y la ciencia ficci\u00f3n - Sombra Festival<\/title>\n<meta name=\"robots\" content=\"index, follow, max-snippet:-1, max-image-preview:large, max-video-preview:-1\" \/>\n<link rel=\"canonical\" href=\"https:\/\/sombrafestival.com\/en\/ciclo-arkham-literatura-y-comic-arquitectura-en-la-fantasia-terror-y-la-ciencia-ficcion\/\" \/>\n<meta property=\"og:locale\" content=\"en_GB\" \/>\n<meta property=\"og:type\" content=\"article\" \/>\n<meta property=\"og:title\" content=\"Ciclo Arkham Literatura y C\u00f3mic | Arquitectura en la fantas\u00eda, terror y la ciencia ficci\u00f3n - Sombra Festival\" \/>\n<meta property=\"og:description\" content=\"Ciclo Arkham Literatura y C\u00f3mic. \u00bfCu\u00e1ndo? Mi\u00e9rcoles, 15 de marzo a las 19:00\u00bfD\u00f3nde? Librer\u00eda 7 H\u00e9roesPrecio: &nbsp;Gratuito Mesa Redonda | Arquitectura en la fantas\u00eda, terror y la ciencia ficci\u00f3n. Antonio Rentero \u2013 Experto en cine y c\u00f3mic Javier Mancilla \u2013 Arquitecto y experto en c\u00f3mic Miguel Herraiz \u2013 Arquitecto e ilustrador Alfonso Morote \u2013 Arquitecto, [&hellip;]\" \/>\n<meta property=\"og:url\" content=\"https:\/\/sombrafestival.com\/en\/ciclo-arkham-literatura-y-comic-arquitectura-en-la-fantasia-terror-y-la-ciencia-ficcion\/\" \/>\n<meta property=\"og:site_name\" content=\"Sombra Festival\" \/>\n<meta property=\"article:publisher\" content=\"https:\/\/www.facebook.com\/Sombra-Festival-De-CINE-Fantastico-Europeo-De-Murcia-175337032531429\/\" \/>\n<meta property=\"article:modified_time\" content=\"2023-03-02T19:32:27+00:00\" \/>\n<meta property=\"og:image\" content=\"https:\/\/sombrafestival.com\/wp-content\/uploads\/2023\/03\/ciclo-arkham.jpg\" \/>\n<meta name=\"twitter:card\" content=\"summary_large_image\" \/>\n<meta name=\"twitter:site\" content=\"@SombraFestival\" \/>\n<script type=\"application\/ld+json\" class=\"yoast-schema-graph\">{\"@context\":\"https:\/\/schema.org\",\"@graph\":[{\"@type\":\"WebPage\",\"@id\":\"https:\/\/sombrafestival.com\/ciclo-arkham-literatura-y-comic-arquitectura-en-la-fantasia-terror-y-la-ciencia-ficcion\/\",\"url\":\"https:\/\/sombrafestival.com\/ciclo-arkham-literatura-y-comic-arquitectura-en-la-fantasia-terror-y-la-ciencia-ficcion\/\",\"name\":\"Ciclo Arkham Literatura y C\u00f3mic | Arquitectura en la fantas\u00eda, terror y la ciencia ficci\u00f3n - Sombra Festival\",\"isPartOf\":{\"@id\":\"https:\/\/sombrafestival.com\/en\/#website\"},\"primaryImageOfPage\":{\"@id\":\"https:\/\/sombrafestival.com\/ciclo-arkham-literatura-y-comic-arquitectura-en-la-fantasia-terror-y-la-ciencia-ficcion\/#primaryimage\"},\"image\":{\"@id\":\"https:\/\/sombrafestival.com\/ciclo-arkham-literatura-y-comic-arquitectura-en-la-fantasia-terror-y-la-ciencia-ficcion\/#primaryimage\"},\"thumbnailUrl\":\"https:\/\/sombrafestival.com\/wp-content\/uploads\/2023\/03\/ciclo-arkham.jpg\",\"datePublished\":\"2023-02-13T17:03:04+00:00\",\"dateModified\":\"2023-03-02T19:32:27+00:00\",\"breadcrumb\":{\"@id\":\"https:\/\/sombrafestival.com\/ciclo-arkham-literatura-y-comic-arquitectura-en-la-fantasia-terror-y-la-ciencia-ficcion\/#breadcrumb\"},\"inLanguage\":\"en-GB\",\"potentialAction\":[{\"@type\":\"ReadAction\",\"target\":[\"https:\/\/sombrafestival.com\/ciclo-arkham-literatura-y-comic-arquitectura-en-la-fantasia-terror-y-la-ciencia-ficcion\/\"]}]},{\"@type\":\"ImageObject\",\"inLanguage\":\"en-GB\",\"@id\":\"https:\/\/sombrafestival.com\/ciclo-arkham-literatura-y-comic-arquitectura-en-la-fantasia-terror-y-la-ciencia-ficcion\/#primaryimage\",\"url\":\"https:\/\/sombrafestival.com\/wp-content\/uploads\/2023\/03\/ciclo-arkham.jpg\",\"contentUrl\":\"https:\/\/sombrafestival.com\/wp-content\/uploads\/2023\/03\/ciclo-arkham.jpg\"},{\"@type\":\"BreadcrumbList\",\"@id\":\"https:\/\/sombrafestival.com\/ciclo-arkham-literatura-y-comic-arquitectura-en-la-fantasia-terror-y-la-ciencia-ficcion\/#breadcrumb\",\"itemListElement\":[{\"@type\":\"ListItem\",\"position\":1,\"name\":\"Portada\",\"item\":\"https:\/\/sombrafestival.com\/\"},{\"@type\":\"ListItem\",\"position\":2,\"name\":\"Ciclo Arkham Literatura y C\u00f3mic | Arquitectura en la fantas\u00eda, terror y la ciencia ficci\u00f3n\"}]},{\"@type\":\"WebSite\",\"@id\":\"https:\/\/sombrafestival.com\/en\/#website\",\"url\":\"https:\/\/sombrafestival.com\/en\/\",\"name\":\"Sombra Festival\",\"description\":\"XIII Festival de Cine Fant\u00e1stico Europeo de Murcia, 8-17 MARZO 2024\",\"publisher\":{\"@id\":\"https:\/\/sombrafestival.com\/en\/#organization\"},\"potentialAction\":[{\"@type\":\"SearchAction\",\"target\":{\"@type\":\"EntryPoint\",\"urlTemplate\":\"https:\/\/sombrafestival.com\/en\/?s={search_term_string}\"},\"query-input\":{\"@type\":\"PropertyValueSpecification\",\"valueRequired\":true,\"valueName\":\"search_term_string\"}}],\"inLanguage\":\"en-GB\"},{\"@type\":\"Organization\",\"@id\":\"https:\/\/sombrafestival.com\/en\/#organization\",\"name\":\"SOMBRA, IX FESTIVAL DE CINE FANTASTICO EUROPEO DE MURCIA\",\"url\":\"https:\/\/sombrafestival.com\/en\/\",\"logo\":{\"@type\":\"ImageObject\",\"inLanguage\":\"en-GB\",\"@id\":\"https:\/\/sombrafestival.com\/en\/#\/schema\/logo\/image\/\",\"url\":\"https:\/\/sombrafestival.com\/wp-content\/uploads\/2019\/10\/Sombra-LogoIdentificador-Negativo.jpg\",\"contentUrl\":\"https:\/\/sombrafestival.com\/wp-content\/uploads\/2019\/10\/Sombra-LogoIdentificador-Negativo.jpg\",\"width\":400,\"height\":400,\"caption\":\"SOMBRA, IX FESTIVAL DE CINE FANTASTICO EUROPEO DE MURCIA\"},\"image\":{\"@id\":\"https:\/\/sombrafestival.com\/en\/#\/schema\/logo\/image\/\"},\"sameAs\":[\"https:\/\/www.facebook.com\/Sombra-Festival-De-CINE-Fantastico-Europeo-De-Murcia-175337032531429\/\",\"https:\/\/x.com\/SombraFestival\",\"https:\/\/www.instagram.com\/sombrafestival\/\",\"https:\/\/www.youtube.com\/channel\/UCBdSJni9V30Tq4cGf4Lj0Ug?view_as=subscriber\"]}]}<\/script>\n<!-- \/ Yoast SEO plugin. -->","yoast_head_json":{"title":"Ciclo Arkham Literatura y C\u00f3mic | Arquitectura en la fantas\u00eda, terror y la ciencia ficci\u00f3n - Sombra Festival","robots":{"index":"index","follow":"follow","max-snippet":"max-snippet:-1","max-image-preview":"max-image-preview:large","max-video-preview":"max-video-preview:-1"},"canonical":"https:\/\/sombrafestival.com\/en\/ciclo-arkham-literatura-y-comic-arquitectura-en-la-fantasia-terror-y-la-ciencia-ficcion\/","og_locale":"en_GB","og_type":"article","og_title":"Ciclo Arkham Literatura y C\u00f3mic | Arquitectura en la fantas\u00eda, terror y la ciencia ficci\u00f3n - Sombra Festival","og_description":"Ciclo Arkham Literatura y C\u00f3mic. \u00bfCu\u00e1ndo? Mi\u00e9rcoles, 15 de marzo a las 19:00\u00bfD\u00f3nde? Librer\u00eda 7 H\u00e9roesPrecio: &nbsp;Gratuito Mesa Redonda | Arquitectura en la fantas\u00eda, terror y la ciencia ficci\u00f3n. Antonio Rentero \u2013 Experto en cine y c\u00f3mic Javier Mancilla \u2013 Arquitecto y experto en c\u00f3mic Miguel Herraiz \u2013 Arquitecto e ilustrador Alfonso Morote \u2013 Arquitecto, [&hellip;]","og_url":"https:\/\/sombrafestival.com\/en\/ciclo-arkham-literatura-y-comic-arquitectura-en-la-fantasia-terror-y-la-ciencia-ficcion\/","og_site_name":"Sombra Festival","article_publisher":"https:\/\/www.facebook.com\/Sombra-Festival-De-CINE-Fantastico-Europeo-De-Murcia-175337032531429\/","article_modified_time":"2023-03-02T19:32:27+00:00","og_image":[{"url":"https:\/\/sombrafestival.com\/wp-content\/uploads\/2023\/03\/ciclo-arkham.jpg","type":"","width":"","height":""}],"twitter_card":"summary_large_image","twitter_site":"@SombraFestival","schema":{"@context":"https:\/\/schema.org","@graph":[{"@type":"WebPage","@id":"https:\/\/sombrafestival.com\/ciclo-arkham-literatura-y-comic-arquitectura-en-la-fantasia-terror-y-la-ciencia-ficcion\/","url":"https:\/\/sombrafestival.com\/ciclo-arkham-literatura-y-comic-arquitectura-en-la-fantasia-terror-y-la-ciencia-ficcion\/","name":"Ciclo Arkham Literatura y C\u00f3mic | Arquitectura en la fantas\u00eda, terror y la ciencia ficci\u00f3n - Sombra Festival","isPartOf":{"@id":"https:\/\/sombrafestival.com\/en\/#website"},"primaryImageOfPage":{"@id":"https:\/\/sombrafestival.com\/ciclo-arkham-literatura-y-comic-arquitectura-en-la-fantasia-terror-y-la-ciencia-ficcion\/#primaryimage"},"image":{"@id":"https:\/\/sombrafestival.com\/ciclo-arkham-literatura-y-comic-arquitectura-en-la-fantasia-terror-y-la-ciencia-ficcion\/#primaryimage"},"thumbnailUrl":"https:\/\/sombrafestival.com\/wp-content\/uploads\/2023\/03\/ciclo-arkham.jpg","datePublished":"2023-02-13T17:03:04+00:00","dateModified":"2023-03-02T19:32:27+00:00","breadcrumb":{"@id":"https:\/\/sombrafestival.com\/ciclo-arkham-literatura-y-comic-arquitectura-en-la-fantasia-terror-y-la-ciencia-ficcion\/#breadcrumb"},"inLanguage":"en-GB","potentialAction":[{"@type":"ReadAction","target":["https:\/\/sombrafestival.com\/ciclo-arkham-literatura-y-comic-arquitectura-en-la-fantasia-terror-y-la-ciencia-ficcion\/"]}]},{"@type":"ImageObject","inLanguage":"en-GB","@id":"https:\/\/sombrafestival.com\/ciclo-arkham-literatura-y-comic-arquitectura-en-la-fantasia-terror-y-la-ciencia-ficcion\/#primaryimage","url":"https:\/\/sombrafestival.com\/wp-content\/uploads\/2023\/03\/ciclo-arkham.jpg","contentUrl":"https:\/\/sombrafestival.com\/wp-content\/uploads\/2023\/03\/ciclo-arkham.jpg"},{"@type":"BreadcrumbList","@id":"https:\/\/sombrafestival.com\/ciclo-arkham-literatura-y-comic-arquitectura-en-la-fantasia-terror-y-la-ciencia-ficcion\/#breadcrumb","itemListElement":[{"@type":"ListItem","position":1,"name":"Portada","item":"https:\/\/sombrafestival.com\/"},{"@type":"ListItem","position":2,"name":"Ciclo Arkham Literatura y C\u00f3mic | Arquitectura en la fantas\u00eda, terror y la ciencia ficci\u00f3n"}]},{"@type":"WebSite","@id":"https:\/\/sombrafestival.com\/en\/#website","url":"https:\/\/sombrafestival.com\/en\/","name":"Sombra Festival","description":"XIII Festival de Cine Fant\u00e1stico Europeo de Murcia, 8-17 MARZO 2024","publisher":{"@id":"https:\/\/sombrafestival.com\/en\/#organization"},"potentialAction":[{"@type":"SearchAction","target":{"@type":"EntryPoint","urlTemplate":"https:\/\/sombrafestival.com\/en\/?s={search_term_string}"},"query-input":{"@type":"PropertyValueSpecification","valueRequired":true,"valueName":"search_term_string"}}],"inLanguage":"en-GB"},{"@type":"Organization","@id":"https:\/\/sombrafestival.com\/en\/#organization","name":"SOMBRA, IX FESTIVAL DE CINE FANTASTICO EUROPEO DE MURCIA","url":"https:\/\/sombrafestival.com\/en\/","logo":{"@type":"ImageObject","inLanguage":"en-GB","@id":"https:\/\/sombrafestival.com\/en\/#\/schema\/logo\/image\/","url":"https:\/\/sombrafestival.com\/wp-content\/uploads\/2019\/10\/Sombra-LogoIdentificador-Negativo.jpg","contentUrl":"https:\/\/sombrafestival.com\/wp-content\/uploads\/2019\/10\/Sombra-LogoIdentificador-Negativo.jpg","width":400,"height":400,"caption":"SOMBRA, IX FESTIVAL DE CINE FANTASTICO EUROPEO DE MURCIA"},"image":{"@id":"https:\/\/sombrafestival.com\/en\/#\/schema\/logo\/image\/"},"sameAs":["https:\/\/www.facebook.com\/Sombra-Festival-De-CINE-Fantastico-Europeo-De-Murcia-175337032531429\/","https:\/\/x.com\/SombraFestival","https:\/\/www.instagram.com\/sombrafestival\/","https:\/\/www.youtube.com\/channel\/UCBdSJni9V30Tq4cGf4Lj0Ug?view_as=subscriber"]}]}},"_links":{"self":[{"href":"https:\/\/sombrafestival.com\/en\/wp-json\/wp\/v2\/pages\/5381","targetHints":{"allow":["GET"]}}],"collection":[{"href":"https:\/\/sombrafestival.com\/en\/wp-json\/wp\/v2\/pages"}],"about":[{"href":"https:\/\/sombrafestival.com\/en\/wp-json\/wp\/v2\/types\/page"}],"author":[{"embeddable":true,"href":"https:\/\/sombrafestival.com\/en\/wp-json\/wp\/v2\/users\/2"}],"replies":[{"embeddable":true,"href":"https:\/\/sombrafestival.com\/en\/wp-json\/wp\/v2\/comments?post=5381"}],"version-history":[{"count":4,"href":"https:\/\/sombrafestival.com\/en\/wp-json\/wp\/v2\/pages\/5381\/revisions"}],"predecessor-version":[{"id":5832,"href":"https:\/\/sombrafestival.com\/en\/wp-json\/wp\/v2\/pages\/5381\/revisions\/5832"}],"wp:attachment":[{"href":"https:\/\/sombrafestival.com\/en\/wp-json\/wp\/v2\/media?parent=5381"}],"curies":[{"name":"wp","href":"https:\/\/api.w.org\/{rel}","templated":true}]}}