{"id":5416,"date":"2023-02-13T16:50:14","date_gmt":"2023-02-13T15:50:14","guid":{"rendered":"https:\/\/sombrafestival.com\/?page_id=5416"},"modified":"2023-02-13T16:50:14","modified_gmt":"2023-02-13T15:50:14","slug":"v-premio-sombra-de-leyenda-enzo-g-castellari","status":"publish","type":"page","link":"https:\/\/sombrafestival.com\/en\/v-premio-sombra-de-leyenda-enzo-g-castellari\/","title":{"rendered":"V Premio Sombra de Leyenda | Enzo G. Castellari"},"content":{"rendered":"<p><strong>Enzo G. Castellari<\/strong> Roma (Italia), el 29 de julio de 1938.<\/p>\n<p>Hijo del tambi\u00e9n director Marino Girolami.<\/p>\n<p>Su hermano mayor, Ennio Girolami fue actor de cine y en varias ocasiones trabajaron juntos.<\/p>\n<p>Su debut cinematogr\u00e1fico se produce en 1967, con el film <span style=\"color: #ffcc00;\">Voy&#8230; lo mato y vuelvo<\/span>, un spaghetti western interesante y que apuntaba maneras, y que segu\u00eda el camino marcado por <span style=\"color: #ffcc00;\">El bueno, el feo y el malo<\/span>\u00a0de Sergio Leone.<\/p>\n<p>Un a\u00f1o despu\u00e9s, repetir\u00eda f\u00f3rmula con <span style=\"color: #ffcc00;\">M\u00e1talos y vuelve<\/span> (1968). Dentro de este subg\u00e9nero, dirigi\u00f3 m\u00e1s pel\u00edculas y se granje\u00f3 cierta fama, hasta que con el film <span style=\"color: #ffcc00;\">Keoma<\/span>\u00a0(1976), idea una de las mejores pel\u00edculas del g\u00e9nero.<\/p>\n<p>Es digna de menci\u00f3n su pel\u00edcula <span style=\"color: #ffcc00;\">Aquel maldito tren blindado<\/span>\u00a0(1977), la cual est\u00e1 ambientada en la Segunda Guerra Mundial.<\/p>\n<p>Pero una de sus m\u00e1s destacadas aportaciones al genero es <span style=\"color: #ffcc00;\">1990: Los Guerreros del Bronx<\/span> (1982), primera parte de los que acabar\u00eda siendo una trilog\u00eda. Un hibrido genial entre <span style=\"color: #ffcc00;\">1997 Rescate en Nueva York<\/span> y de <span style=\"color: #ffcc00;\">The Warriors<\/span>.<\/p>\n<p><img loading=\"lazy\" decoding=\"async\" class=\"size-full wp-image-5417 aligncenter\" src=\"https:\/\/sombrafestival.com\/wp-content\/uploads\/2023\/02\/castellari.jpg\" alt=\"\" width=\"900\" height=\"638\" srcset=\"https:\/\/sombrafestival.com\/wp-content\/uploads\/2023\/02\/castellari.jpg 900w, https:\/\/sombrafestival.com\/wp-content\/uploads\/2023\/02\/castellari-300x213.jpg 300w, https:\/\/sombrafestival.com\/wp-content\/uploads\/2023\/02\/castellari-768x544.jpg 768w, https:\/\/sombrafestival.com\/wp-content\/uploads\/2023\/02\/castellari-18x12.jpg 18w, https:\/\/sombrafestival.com\/wp-content\/uploads\/2023\/02\/castellari-696x493.jpg 696w, https:\/\/sombrafestival.com\/wp-content\/uploads\/2023\/02\/castellari-592x420.jpg 592w, https:\/\/sombrafestival.com\/wp-content\/uploads\/2023\/02\/castellari-100x70.jpg 100w\" sizes=\"auto, (max-width: 900px) 100vw, 900px\" \/><\/p>","protected":false},"excerpt":{"rendered":"<p>Enzo G. Castellari Roma (Italia), el 29 de julio de 1938. Hijo del tambi\u00e9n director Marino Girolami. Su hermano mayor, Ennio Girolami fue actor de cine y en varias ocasiones trabajaron juntos. Su debut cinematogr\u00e1fico se produce en 1967, con el film Voy&#8230; lo mato y vuelvo, un spaghetti western interesante y que apuntaba maneras, [&hellip;]<\/p>","protected":false},"author":2,"featured_media":5417,"parent":0,"menu_order":0,"comment_status":"closed","ping_status":"closed","template":"","meta":{"footnotes":""},"class_list":["post-5416","page","type-page","status-publish","has-post-thumbnail"],"yoast_head":"<!-- This site is optimized with the Yoast SEO plugin v24.3 - https:\/\/yoast.com\/wordpress\/plugins\/seo\/ -->\n<title>V Premio Sombra de Leyenda | Enzo G. Castellari - Sombra Festival<\/title>\n<meta name=\"robots\" content=\"index, follow, max-snippet:-1, max-image-preview:large, max-video-preview:-1\" \/>\n<link rel=\"canonical\" href=\"https:\/\/sombrafestival.com\/en\/v-premio-sombra-de-leyenda-enzo-g-castellari\/\" \/>\n<meta property=\"og:locale\" content=\"en_GB\" \/>\n<meta property=\"og:type\" content=\"article\" \/>\n<meta property=\"og:title\" content=\"V Premio Sombra de Leyenda | Enzo G. Castellari - Sombra Festival\" \/>\n<meta property=\"og:description\" content=\"Enzo G. Castellari Roma (Italia), el 29 de julio de 1938. Hijo del tambi\u00e9n director Marino Girolami. Su hermano mayor, Ennio Girolami fue actor de cine y en varias ocasiones trabajaron juntos. Su debut cinematogr\u00e1fico se produce en 1967, con el film Voy&#8230; lo mato y vuelvo, un spaghetti western interesante y que apuntaba maneras, [&hellip;]\" \/>\n<meta property=\"og:url\" content=\"https:\/\/sombrafestival.com\/en\/v-premio-sombra-de-leyenda-enzo-g-castellari\/\" \/>\n<meta property=\"og:site_name\" content=\"Sombra Festival\" \/>\n<meta property=\"article:publisher\" content=\"https:\/\/www.facebook.com\/Sombra-Festival-De-CINE-Fantastico-Europeo-De-Murcia-175337032531429\/\" \/>\n<meta property=\"og:image\" content=\"https:\/\/sombrafestival.com\/wp-content\/uploads\/2023\/02\/castellari.jpg\" \/>\n\t<meta property=\"og:image:width\" content=\"900\" \/>\n\t<meta property=\"og:image:height\" content=\"638\" \/>\n\t<meta property=\"og:image:type\" content=\"image\/jpeg\" \/>\n<meta name=\"twitter:card\" content=\"summary_large_image\" \/>\n<meta name=\"twitter:site\" content=\"@SombraFestival\" \/>\n<meta name=\"twitter:label1\" content=\"Est. reading time\" \/>\n\t<meta name=\"twitter:data1\" content=\"1 minute\" \/>\n<script type=\"application\/ld+json\" class=\"yoast-schema-graph\">{\"@context\":\"https:\/\/schema.org\",\"@graph\":[{\"@type\":\"WebPage\",\"@id\":\"https:\/\/sombrafestival.com\/v-premio-sombra-de-leyenda-enzo-g-castellari\/\",\"url\":\"https:\/\/sombrafestival.com\/v-premio-sombra-de-leyenda-enzo-g-castellari\/\",\"name\":\"V Premio Sombra de Leyenda | Enzo G. Castellari - Sombra Festival\",\"isPartOf\":{\"@id\":\"https:\/\/sombrafestival.com\/en\/#website\"},\"primaryImageOfPage\":{\"@id\":\"https:\/\/sombrafestival.com\/v-premio-sombra-de-leyenda-enzo-g-castellari\/#primaryimage\"},\"image\":{\"@id\":\"https:\/\/sombrafestival.com\/v-premio-sombra-de-leyenda-enzo-g-castellari\/#primaryimage\"},\"thumbnailUrl\":\"https:\/\/sombrafestival.com\/wp-content\/uploads\/2023\/02\/castellari.jpg\",\"datePublished\":\"2023-02-13T15:50:14+00:00\",\"dateModified\":\"2023-02-13T15:50:14+00:00\",\"breadcrumb\":{\"@id\":\"https:\/\/sombrafestival.com\/v-premio-sombra-de-leyenda-enzo-g-castellari\/#breadcrumb\"},\"inLanguage\":\"en-GB\",\"potentialAction\":[{\"@type\":\"ReadAction\",\"target\":[\"https:\/\/sombrafestival.com\/v-premio-sombra-de-leyenda-enzo-g-castellari\/\"]}]},{\"@type\":\"ImageObject\",\"inLanguage\":\"en-GB\",\"@id\":\"https:\/\/sombrafestival.com\/v-premio-sombra-de-leyenda-enzo-g-castellari\/#primaryimage\",\"url\":\"https:\/\/sombrafestival.com\/wp-content\/uploads\/2023\/02\/castellari.jpg\",\"contentUrl\":\"https:\/\/sombrafestival.com\/wp-content\/uploads\/2023\/02\/castellari.jpg\",\"width\":900,\"height\":638},{\"@type\":\"BreadcrumbList\",\"@id\":\"https:\/\/sombrafestival.com\/v-premio-sombra-de-leyenda-enzo-g-castellari\/#breadcrumb\",\"itemListElement\":[{\"@type\":\"ListItem\",\"position\":1,\"name\":\"Portada\",\"item\":\"https:\/\/sombrafestival.com\/\"},{\"@type\":\"ListItem\",\"position\":2,\"name\":\"V Premio Sombra de Leyenda | Enzo G. Castellari\"}]},{\"@type\":\"WebSite\",\"@id\":\"https:\/\/sombrafestival.com\/en\/#website\",\"url\":\"https:\/\/sombrafestival.com\/en\/\",\"name\":\"Sombra Festival\",\"description\":\"XIII Festival de Cine Fant\u00e1stico Europeo de Murcia, 8-17 MARZO 2024\",\"publisher\":{\"@id\":\"https:\/\/sombrafestival.com\/en\/#organization\"},\"potentialAction\":[{\"@type\":\"SearchAction\",\"target\":{\"@type\":\"EntryPoint\",\"urlTemplate\":\"https:\/\/sombrafestival.com\/en\/?s={search_term_string}\"},\"query-input\":{\"@type\":\"PropertyValueSpecification\",\"valueRequired\":true,\"valueName\":\"search_term_string\"}}],\"inLanguage\":\"en-GB\"},{\"@type\":\"Organization\",\"@id\":\"https:\/\/sombrafestival.com\/en\/#organization\",\"name\":\"SOMBRA, IX FESTIVAL DE CINE FANTASTICO EUROPEO DE MURCIA\",\"url\":\"https:\/\/sombrafestival.com\/en\/\",\"logo\":{\"@type\":\"ImageObject\",\"inLanguage\":\"en-GB\",\"@id\":\"https:\/\/sombrafestival.com\/en\/#\/schema\/logo\/image\/\",\"url\":\"https:\/\/sombrafestival.com\/wp-content\/uploads\/2019\/10\/Sombra-LogoIdentificador-Negativo.jpg\",\"contentUrl\":\"https:\/\/sombrafestival.com\/wp-content\/uploads\/2019\/10\/Sombra-LogoIdentificador-Negativo.jpg\",\"width\":400,\"height\":400,\"caption\":\"SOMBRA, IX FESTIVAL DE CINE FANTASTICO EUROPEO DE MURCIA\"},\"image\":{\"@id\":\"https:\/\/sombrafestival.com\/en\/#\/schema\/logo\/image\/\"},\"sameAs\":[\"https:\/\/www.facebook.com\/Sombra-Festival-De-CINE-Fantastico-Europeo-De-Murcia-175337032531429\/\",\"https:\/\/x.com\/SombraFestival\",\"https:\/\/www.instagram.com\/sombrafestival\/\",\"https:\/\/www.youtube.com\/channel\/UCBdSJni9V30Tq4cGf4Lj0Ug?view_as=subscriber\"]}]}<\/script>\n<!-- \/ Yoast SEO plugin. -->","yoast_head_json":{"title":"V Premio Sombra de Leyenda | Enzo G. Castellari - Sombra Festival","robots":{"index":"index","follow":"follow","max-snippet":"max-snippet:-1","max-image-preview":"max-image-preview:large","max-video-preview":"max-video-preview:-1"},"canonical":"https:\/\/sombrafestival.com\/en\/v-premio-sombra-de-leyenda-enzo-g-castellari\/","og_locale":"en_GB","og_type":"article","og_title":"V Premio Sombra de Leyenda | Enzo G. Castellari - Sombra Festival","og_description":"Enzo G. Castellari Roma (Italia), el 29 de julio de 1938. Hijo del tambi\u00e9n director Marino Girolami. Su hermano mayor, Ennio Girolami fue actor de cine y en varias ocasiones trabajaron juntos. Su debut cinematogr\u00e1fico se produce en 1967, con el film Voy&#8230; lo mato y vuelvo, un spaghetti western interesante y que apuntaba maneras, [&hellip;]","og_url":"https:\/\/sombrafestival.com\/en\/v-premio-sombra-de-leyenda-enzo-g-castellari\/","og_site_name":"Sombra Festival","article_publisher":"https:\/\/www.facebook.com\/Sombra-Festival-De-CINE-Fantastico-Europeo-De-Murcia-175337032531429\/","og_image":[{"width":900,"height":638,"url":"https:\/\/sombrafestival.com\/wp-content\/uploads\/2023\/02\/castellari.jpg","type":"image\/jpeg"}],"twitter_card":"summary_large_image","twitter_site":"@SombraFestival","twitter_misc":{"Est. reading time":"1 minute"},"schema":{"@context":"https:\/\/schema.org","@graph":[{"@type":"WebPage","@id":"https:\/\/sombrafestival.com\/v-premio-sombra-de-leyenda-enzo-g-castellari\/","url":"https:\/\/sombrafestival.com\/v-premio-sombra-de-leyenda-enzo-g-castellari\/","name":"V Premio Sombra de Leyenda | Enzo G. Castellari - Sombra Festival","isPartOf":{"@id":"https:\/\/sombrafestival.com\/en\/#website"},"primaryImageOfPage":{"@id":"https:\/\/sombrafestival.com\/v-premio-sombra-de-leyenda-enzo-g-castellari\/#primaryimage"},"image":{"@id":"https:\/\/sombrafestival.com\/v-premio-sombra-de-leyenda-enzo-g-castellari\/#primaryimage"},"thumbnailUrl":"https:\/\/sombrafestival.com\/wp-content\/uploads\/2023\/02\/castellari.jpg","datePublished":"2023-02-13T15:50:14+00:00","dateModified":"2023-02-13T15:50:14+00:00","breadcrumb":{"@id":"https:\/\/sombrafestival.com\/v-premio-sombra-de-leyenda-enzo-g-castellari\/#breadcrumb"},"inLanguage":"en-GB","potentialAction":[{"@type":"ReadAction","target":["https:\/\/sombrafestival.com\/v-premio-sombra-de-leyenda-enzo-g-castellari\/"]}]},{"@type":"ImageObject","inLanguage":"en-GB","@id":"https:\/\/sombrafestival.com\/v-premio-sombra-de-leyenda-enzo-g-castellari\/#primaryimage","url":"https:\/\/sombrafestival.com\/wp-content\/uploads\/2023\/02\/castellari.jpg","contentUrl":"https:\/\/sombrafestival.com\/wp-content\/uploads\/2023\/02\/castellari.jpg","width":900,"height":638},{"@type":"BreadcrumbList","@id":"https:\/\/sombrafestival.com\/v-premio-sombra-de-leyenda-enzo-g-castellari\/#breadcrumb","itemListElement":[{"@type":"ListItem","position":1,"name":"Portada","item":"https:\/\/sombrafestival.com\/"},{"@type":"ListItem","position":2,"name":"V Premio Sombra de Leyenda | Enzo G. Castellari"}]},{"@type":"WebSite","@id":"https:\/\/sombrafestival.com\/en\/#website","url":"https:\/\/sombrafestival.com\/en\/","name":"Sombra Festival","description":"XIII Festival de Cine Fant\u00e1stico Europeo de Murcia, 8-17 MARZO 2024","publisher":{"@id":"https:\/\/sombrafestival.com\/en\/#organization"},"potentialAction":[{"@type":"SearchAction","target":{"@type":"EntryPoint","urlTemplate":"https:\/\/sombrafestival.com\/en\/?s={search_term_string}"},"query-input":{"@type":"PropertyValueSpecification","valueRequired":true,"valueName":"search_term_string"}}],"inLanguage":"en-GB"},{"@type":"Organization","@id":"https:\/\/sombrafestival.com\/en\/#organization","name":"SOMBRA, IX FESTIVAL DE CINE FANTASTICO EUROPEO DE MURCIA","url":"https:\/\/sombrafestival.com\/en\/","logo":{"@type":"ImageObject","inLanguage":"en-GB","@id":"https:\/\/sombrafestival.com\/en\/#\/schema\/logo\/image\/","url":"https:\/\/sombrafestival.com\/wp-content\/uploads\/2019\/10\/Sombra-LogoIdentificador-Negativo.jpg","contentUrl":"https:\/\/sombrafestival.com\/wp-content\/uploads\/2019\/10\/Sombra-LogoIdentificador-Negativo.jpg","width":400,"height":400,"caption":"SOMBRA, IX FESTIVAL DE CINE FANTASTICO EUROPEO DE MURCIA"},"image":{"@id":"https:\/\/sombrafestival.com\/en\/#\/schema\/logo\/image\/"},"sameAs":["https:\/\/www.facebook.com\/Sombra-Festival-De-CINE-Fantastico-Europeo-De-Murcia-175337032531429\/","https:\/\/x.com\/SombraFestival","https:\/\/www.instagram.com\/sombrafestival\/","https:\/\/www.youtube.com\/channel\/UCBdSJni9V30Tq4cGf4Lj0Ug?view_as=subscriber"]}]}},"_links":{"self":[{"href":"https:\/\/sombrafestival.com\/en\/wp-json\/wp\/v2\/pages\/5416","targetHints":{"allow":["GET"]}}],"collection":[{"href":"https:\/\/sombrafestival.com\/en\/wp-json\/wp\/v2\/pages"}],"about":[{"href":"https:\/\/sombrafestival.com\/en\/wp-json\/wp\/v2\/types\/page"}],"author":[{"embeddable":true,"href":"https:\/\/sombrafestival.com\/en\/wp-json\/wp\/v2\/users\/2"}],"replies":[{"embeddable":true,"href":"https:\/\/sombrafestival.com\/en\/wp-json\/wp\/v2\/comments?post=5416"}],"version-history":[{"count":3,"href":"https:\/\/sombrafestival.com\/en\/wp-json\/wp\/v2\/pages\/5416\/revisions"}],"predecessor-version":[{"id":5579,"href":"https:\/\/sombrafestival.com\/en\/wp-json\/wp\/v2\/pages\/5416\/revisions\/5579"}],"wp:featuredmedia":[{"embeddable":true,"href":"https:\/\/sombrafestival.com\/en\/wp-json\/wp\/v2\/media\/5417"}],"wp:attachment":[{"href":"https:\/\/sombrafestival.com\/en\/wp-json\/wp\/v2\/media?parent=5416"}],"curies":[{"name":"wp","href":"https:\/\/api.w.org\/{rel}","templated":true}]}}