{"id":598,"date":"2019-10-05T17:26:16","date_gmt":"2019-10-05T15:26:16","guid":{"rendered":"https:\/\/pruebas.libretacontachon.es\/?page_id=598"},"modified":"2025-04-06T21:28:44","modified_gmt":"2025-04-06T19:28:44","slug":"bio","status":"publish","type":"page","link":"https:\/\/sombrafestival.com\/en\/bio\/","title":{"rendered":"Festival"},"content":{"rendered":"<p>SOMBRA nace en el 2010, como Concurso de Cortometrajes y Muestra de Cine Fant\u00e1stico. En su segunda Edici\u00f3n se realiz\u00f3 la primera Secci\u00f3n Oficial a Concurso, adquiriendo definitivamente formato de Festival. Este 2025 ha tenido lugar la XIV Edici\u00f3n en la que se ha experimentado un gran salto cualitativo y cuantivativo, celebr\u00e1ndose en dos ciudades a la vez (Murcia y Madrid) y una caracter\u00edstica por bandera: el dinamismo y la transversalidad. SOMBRA se halla altamente relacionado con\u00a0<strong>la m\u00fasica, el c\u00f3mic y la tecnolog\u00eda<\/strong>, y celebra eventos paralelos al cine de g\u00e9nero con gran \u00e9xito.<\/p>\n\n\n\n<hr class=\"wp-block-separator has-css-opacity\"\/>\n\n\n\n<p>A lo largo de estos 14 a\u00f1os SOMBRA ha contado entre sus invitados con<strong> John Mctiernan, Alex de la Iglesia, Javier Botet, Claudio Simonetti, Richard Stanley, Xavier Gens, Lamberto Bava, Fabio Frizzi, Julen Maury, Jaume Balaguer\u00f3, Shauna Mcdonald, Andreas Marshall, Timo Vuorensola, Peter Milligan, Diana Pe\u00f1alver, Lone Fleming, Paul Urkijo, <strong>Macarena G\u00f3mez<\/strong><\/strong>, Marian Salgado, <strong>Jack Taylor, \u00a0Almar G. Sato, Fabiola Toledo, Diego L\u00f3pez, Jos\u00e9 Carabias, Pedro Rivero,  Lluvia Rojo,\u00a0 Aisslinn Clarke, Nerea Torrijos, Sergio Molina, Alejandro Ib\u00e1\u00f1ez, Angel Sala, Sarah Burrini, Juanjo Pardo, Norberto Ramos del Val, Roberto San Sebasti\u00e1n, Miriam Mart\u00edn Prieto, \u00a0Tirso Calero, Denis Rovira, Miguel Romero, Josep Segu\u00ed\u2026<\/strong>\u00a0\u00a0y muchos otros.\u00a0Hemos proyectado cientos de pel\u00edculas y cortometrajes y acogido talleres, ponencias, Q&amp;A y nuestros cl\u00e1sicos Fotomarat\u00f3n y Batalla F\u00edlmica, que se celebran alternativamente de manera bianual.<\/p>\n\n\n\n<p><\/p>\n\n\n\n<p>Nuestras Bandas sonoras compuestas espec\u00edficamente para ser interpretadas en directo mientras se proyecta un cl\u00e1sico han contado con <strong>Simonetti\u00b4s Goblin,<\/strong> Fabio Frizzi, <strong>Crudo Pimento, Perro, Alondra Bentley, Alfonso Alfonso, Varry Brava, Bosco, Lucas Albadalejo, Al Dual &amp; The strings of horror y la Orquesta Sinf\u00f3nica de la Regi\u00f3n.\u00a0<\/strong><\/p>\n\n\n\n<div style=\"height:75px\" aria-hidden=\"true\" class=\"wp-block-spacer\"><\/div>\n\n\n\n<p><strong><a href=\"https:\/\/sombrafestival.com\/en\/c-fem-2020\/\">SO<\/a><\/strong><a href=\"https:\/\/sombrafestival.com\/en\/c-fem-2020\/\"><strong>MBRA<\/strong>, <strong>Festival de Cine Fant\u00e1stico Europeo de Murcia<\/strong><\/a><strong> &nbsp;<\/strong>celebr\u00f3 su primera edici\u00f3n en diciembre de 2010, contando con cinco&nbsp;sedes en las que se celebraron sus actividades: Filmoteca Regional, Puertas de Castilla, La Azotea, Nueva Condomina y F\u00f3rum FNAC. All\u00ed&nbsp;tuvieron lugar las proyecciones del&nbsp;<strong>Concurso de Cortos nacional, la Muestra de Cine Fant\u00e1stico Europeo<\/strong>&nbsp;and&nbsp;<strong>las diversas actividades \u2018<a href=\"https:\/\/sombrafestival.com\/en\/programacion\/off-cinema\/\">offcinema<\/a>\u2019<\/strong>&nbsp;(conciertos, bandas sonoras musicadas, ponencias\u2026), cosechando todo un \u00e9xito medi\u00e1tico y de p\u00fablico.&nbsp;<\/p>\n\n\n\n<hr class=\"wp-block-separator has-css-opacity\"\/>\n\n\n\n<div style=\"height:75px\" aria-hidden=\"true\" class=\"wp-block-spacer\"><\/div>\n\n\n\n<figure class=\"wp-block-image\"><img loading=\"lazy\" decoding=\"async\" width=\"768\" height=\"1024\" src=\"https:\/\/sombrafestival.com\/wp-content\/uploads\/2019\/09\/PREMIO-FOTOMARATON-768x1024.jpg\" alt=\"\" class=\"wp-image-243\" srcset=\"https:\/\/sombrafestival.com\/wp-content\/uploads\/2019\/09\/PREMIO-FOTOMARATON-768x1024.jpg 768w, https:\/\/sombrafestival.com\/wp-content\/uploads\/2019\/09\/PREMIO-FOTOMARATON-768x1024-225x300.jpg 225w, https:\/\/sombrafestival.com\/wp-content\/uploads\/2019\/09\/PREMIO-FOTOMARATON-768x1024-696x928.jpg 696w, https:\/\/sombrafestival.com\/wp-content\/uploads\/2019\/09\/PREMIO-FOTOMARATON-768x1024-315x420.jpg 315w\" sizes=\"auto, (max-width: 768px) 100vw, 768px\" \/><\/figure>\n\n\n\n<hr class=\"wp-block-separator has-css-opacity\"\/>\n\n\n\n<div style=\"height:75px\" aria-hidden=\"true\" class=\"wp-block-spacer\" data-ghostkit-sr=\"zoom\"><\/div>\n\n\n\n<p>En los \u00faltimos 3 a\u00f1os hemos incorporado la secci\u00f3n SOMBRA COM, dedicada a la Ilustraci\u00f3n y el c\u00f3mic, en la que hemos podido contar con la presencia de&nbsp;<strong>Dani Acu\u00f1a, Fernando Dagnino, Peter Milligan, Alitha Martinez, Bel\u00e9n Ortega, Magius y Manu Riquelme<\/strong>, dentro de la conexiones existentes entre g\u00e9nero y c\u00f3mic.&nbsp;<\/p>\n\n\n\n<p>En esta \u00faltima Edici\u00f3n, y como muestra de crecimiento y buena salud, hemos alcanzado nuestro r\u00e9cord de proyecciones con 40  largos y 18 cortometrajes, para un total de 58&nbsp;piezas proyectadas.&nbsp;<\/p>\n\n\n\n<p>El Sombra tiene&nbsp;como&nbsp;<strong>antecedentes<\/strong>&nbsp;directos dos Concursos de Cortometrajes de terror a nivel local. Realizados en 2009 y 2010, contaron con el patrocinio de FNAC, Nueva Condomina y CINESA, as\u00ed como con la colaboraci\u00f3n como partner de la Fundaci\u00f3n Jos\u00e9 Garc\u00eda Jim\u00e9nez<strong>.&nbsp;<\/strong>Estos dos cert\u00e1menes contaron con una excelente&nbsp;acogida por parte de p\u00fablico y prensa, algo que anim\u00f3 a la organizaci\u00f3n a intentar crear un evento de mayor calado y con personalidad propia.<\/p>","protected":false},"excerpt":{"rendered":"<p>SOMBRA nace en el 2010, como Concurso de Cortometrajes y Muestra de Cine Fant\u00e1stico. En su segunda Edici\u00f3n se realiz\u00f3 la primera Secci\u00f3n Oficial a Concurso, adquiriendo definitivamente formato de Festival. Este 2025 ha tenido lugar la XIV Edici\u00f3n en la que se ha experimentado un gran salto cualitativo y cuantivativo, celebr\u00e1ndose en dos ciudades [&hellip;]<\/p>","protected":false},"author":1,"featured_media":0,"parent":0,"menu_order":0,"comment_status":"closed","ping_status":"closed","template":"","meta":{"footnotes":""},"class_list":["post-598","page","type-page","status-publish"],"yoast_head":"<!-- This site is optimized with the Yoast SEO plugin v24.3 - https:\/\/yoast.com\/wordpress\/plugins\/seo\/ -->\n<title>Bio - Sombra Festival<\/title>\n<meta name=\"robots\" content=\"index, follow, max-snippet:-1, max-image-preview:large, max-video-preview:-1\" \/>\n<link rel=\"canonical\" href=\"https:\/\/sombrafestival.com\/en\/bio\/\" \/>\n<meta property=\"og:locale\" content=\"en_GB\" \/>\n<meta property=\"og:type\" content=\"article\" \/>\n<meta property=\"og:title\" content=\"Bio - Sombra Festival\" \/>\n<meta property=\"og:description\" content=\"SOMBRA nace en el 2010, como Concurso de Cortometrajes y Muestra de Cine Fant\u00e1stico. En su segunda Edici\u00f3n se realiz\u00f3 la primera Secci\u00f3n Oficial a Concurso, adquiriendo definitivamente formato de Festival. Este 2025 ha tenido lugar la XIV Edici\u00f3n en la que se ha experimentado un gran salto cualitativo y cuantivativo, celebr\u00e1ndose en dos ciudades [&hellip;]\" \/>\n<meta property=\"og:url\" content=\"https:\/\/sombrafestival.com\/en\/bio\/\" \/>\n<meta property=\"og:site_name\" content=\"Sombra Festival\" \/>\n<meta property=\"article:publisher\" content=\"https:\/\/www.facebook.com\/Sombra-Festival-De-CINE-Fantastico-Europeo-De-Murcia-175337032531429\/\" \/>\n<meta property=\"article:modified_time\" content=\"2025-04-06T19:28:44+00:00\" \/>\n<meta property=\"og:image\" content=\"https:\/\/sombrafestival.com\/wp-content\/uploads\/2019\/09\/PREMIO-FOTOMARATON-768x1024.jpg\" \/>\n\t<meta property=\"og:image:width\" content=\"768\" \/>\n\t<meta property=\"og:image:height\" content=\"1024\" \/>\n\t<meta property=\"og:image:type\" content=\"image\/jpeg\" \/>\n<meta name=\"twitter:card\" content=\"summary_large_image\" \/>\n<meta name=\"twitter:site\" content=\"@SombraFestival\" \/>\n<meta name=\"twitter:label1\" content=\"Est. reading time\" \/>\n\t<meta name=\"twitter:data1\" content=\"3 minutes\" \/>\n<script type=\"application\/ld+json\" class=\"yoast-schema-graph\">{\"@context\":\"https:\/\/schema.org\",\"@graph\":[{\"@type\":\"WebPage\",\"@id\":\"https:\/\/sombrafestival.com\/bio\/\",\"url\":\"https:\/\/sombrafestival.com\/bio\/\",\"name\":\"Bio - Sombra Festival\",\"isPartOf\":{\"@id\":\"https:\/\/sombrafestival.com\/en\/#website\"},\"primaryImageOfPage\":{\"@id\":\"https:\/\/sombrafestival.com\/bio\/#primaryimage\"},\"image\":{\"@id\":\"https:\/\/sombrafestival.com\/bio\/#primaryimage\"},\"thumbnailUrl\":\"https:\/\/sombrafestival.com\/wp-content\/uploads\/2019\/09\/PREMIO-FOTOMARATON-768x1024.jpg\",\"datePublished\":\"2019-10-05T15:26:16+00:00\",\"dateModified\":\"2025-04-06T19:28:44+00:00\",\"breadcrumb\":{\"@id\":\"https:\/\/sombrafestival.com\/bio\/#breadcrumb\"},\"inLanguage\":\"en-GB\",\"potentialAction\":[{\"@type\":\"ReadAction\",\"target\":[\"https:\/\/sombrafestival.com\/bio\/\"]}]},{\"@type\":\"ImageObject\",\"inLanguage\":\"en-GB\",\"@id\":\"https:\/\/sombrafestival.com\/bio\/#primaryimage\",\"url\":\"https:\/\/sombrafestival.com\/wp-content\/uploads\/2019\/09\/PREMIO-FOTOMARATON-768x1024.jpg\",\"contentUrl\":\"https:\/\/sombrafestival.com\/wp-content\/uploads\/2019\/09\/PREMIO-FOTOMARATON-768x1024.jpg\"},{\"@type\":\"BreadcrumbList\",\"@id\":\"https:\/\/sombrafestival.com\/bio\/#breadcrumb\",\"itemListElement\":[{\"@type\":\"ListItem\",\"position\":1,\"name\":\"Portada\",\"item\":\"https:\/\/sombrafestival.com\/\"},{\"@type\":\"ListItem\",\"position\":2,\"name\":\"Bio\"}]},{\"@type\":\"WebSite\",\"@id\":\"https:\/\/sombrafestival.com\/en\/#website\",\"url\":\"https:\/\/sombrafestival.com\/en\/\",\"name\":\"Sombra Festival\",\"description\":\"XIII Festival de Cine Fant\u00e1stico Europeo de Murcia, 8-17 MARZO 2024\",\"publisher\":{\"@id\":\"https:\/\/sombrafestival.com\/en\/#organization\"},\"potentialAction\":[{\"@type\":\"SearchAction\",\"target\":{\"@type\":\"EntryPoint\",\"urlTemplate\":\"https:\/\/sombrafestival.com\/en\/?s={search_term_string}\"},\"query-input\":{\"@type\":\"PropertyValueSpecification\",\"valueRequired\":true,\"valueName\":\"search_term_string\"}}],\"inLanguage\":\"en-GB\"},{\"@type\":\"Organization\",\"@id\":\"https:\/\/sombrafestival.com\/en\/#organization\",\"name\":\"SOMBRA, IX FESTIVAL DE CINE FANTASTICO EUROPEO DE MURCIA\",\"url\":\"https:\/\/sombrafestival.com\/en\/\",\"logo\":{\"@type\":\"ImageObject\",\"inLanguage\":\"en-GB\",\"@id\":\"https:\/\/sombrafestival.com\/en\/#\/schema\/logo\/image\/\",\"url\":\"https:\/\/sombrafestival.com\/wp-content\/uploads\/2019\/10\/Sombra-LogoIdentificador-Negativo.jpg\",\"contentUrl\":\"https:\/\/sombrafestival.com\/wp-content\/uploads\/2019\/10\/Sombra-LogoIdentificador-Negativo.jpg\",\"width\":400,\"height\":400,\"caption\":\"SOMBRA, IX FESTIVAL DE CINE FANTASTICO EUROPEO DE MURCIA\"},\"image\":{\"@id\":\"https:\/\/sombrafestival.com\/en\/#\/schema\/logo\/image\/\"},\"sameAs\":[\"https:\/\/www.facebook.com\/Sombra-Festival-De-CINE-Fantastico-Europeo-De-Murcia-175337032531429\/\",\"https:\/\/x.com\/SombraFestival\",\"https:\/\/www.instagram.com\/sombrafestival\/\",\"https:\/\/www.youtube.com\/channel\/UCBdSJni9V30Tq4cGf4Lj0Ug?view_as=subscriber\"]}]}<\/script>\n<!-- \/ Yoast SEO plugin. -->","yoast_head_json":{"title":"Bio - Sombra Festival","robots":{"index":"index","follow":"follow","max-snippet":"max-snippet:-1","max-image-preview":"max-image-preview:large","max-video-preview":"max-video-preview:-1"},"canonical":"https:\/\/sombrafestival.com\/en\/bio\/","og_locale":"en_GB","og_type":"article","og_title":"Bio - Sombra Festival","og_description":"SOMBRA nace en el 2010, como Concurso de Cortometrajes y Muestra de Cine Fant\u00e1stico. En su segunda Edici\u00f3n se realiz\u00f3 la primera Secci\u00f3n Oficial a Concurso, adquiriendo definitivamente formato de Festival. Este 2025 ha tenido lugar la XIV Edici\u00f3n en la que se ha experimentado un gran salto cualitativo y cuantivativo, celebr\u00e1ndose en dos ciudades [&hellip;]","og_url":"https:\/\/sombrafestival.com\/en\/bio\/","og_site_name":"Sombra Festival","article_publisher":"https:\/\/www.facebook.com\/Sombra-Festival-De-CINE-Fantastico-Europeo-De-Murcia-175337032531429\/","article_modified_time":"2025-04-06T19:28:44+00:00","og_image":[{"width":768,"height":1024,"url":"https:\/\/sombrafestival.com\/wp-content\/uploads\/2019\/09\/PREMIO-FOTOMARATON-768x1024.jpg","type":"image\/jpeg"}],"twitter_card":"summary_large_image","twitter_site":"@SombraFestival","twitter_misc":{"Est. reading time":"3 minutes"},"schema":{"@context":"https:\/\/schema.org","@graph":[{"@type":"WebPage","@id":"https:\/\/sombrafestival.com\/bio\/","url":"https:\/\/sombrafestival.com\/bio\/","name":"Bio - Sombra Festival","isPartOf":{"@id":"https:\/\/sombrafestival.com\/en\/#website"},"primaryImageOfPage":{"@id":"https:\/\/sombrafestival.com\/bio\/#primaryimage"},"image":{"@id":"https:\/\/sombrafestival.com\/bio\/#primaryimage"},"thumbnailUrl":"https:\/\/sombrafestival.com\/wp-content\/uploads\/2019\/09\/PREMIO-FOTOMARATON-768x1024.jpg","datePublished":"2019-10-05T15:26:16+00:00","dateModified":"2025-04-06T19:28:44+00:00","breadcrumb":{"@id":"https:\/\/sombrafestival.com\/bio\/#breadcrumb"},"inLanguage":"en-GB","potentialAction":[{"@type":"ReadAction","target":["https:\/\/sombrafestival.com\/bio\/"]}]},{"@type":"ImageObject","inLanguage":"en-GB","@id":"https:\/\/sombrafestival.com\/bio\/#primaryimage","url":"https:\/\/sombrafestival.com\/wp-content\/uploads\/2019\/09\/PREMIO-FOTOMARATON-768x1024.jpg","contentUrl":"https:\/\/sombrafestival.com\/wp-content\/uploads\/2019\/09\/PREMIO-FOTOMARATON-768x1024.jpg"},{"@type":"BreadcrumbList","@id":"https:\/\/sombrafestival.com\/bio\/#breadcrumb","itemListElement":[{"@type":"ListItem","position":1,"name":"Portada","item":"https:\/\/sombrafestival.com\/"},{"@type":"ListItem","position":2,"name":"Bio"}]},{"@type":"WebSite","@id":"https:\/\/sombrafestival.com\/en\/#website","url":"https:\/\/sombrafestival.com\/en\/","name":"Sombra Festival","description":"XIII Festival de Cine Fant\u00e1stico Europeo de Murcia, 8-17 MARZO 2024","publisher":{"@id":"https:\/\/sombrafestival.com\/en\/#organization"},"potentialAction":[{"@type":"SearchAction","target":{"@type":"EntryPoint","urlTemplate":"https:\/\/sombrafestival.com\/en\/?s={search_term_string}"},"query-input":{"@type":"PropertyValueSpecification","valueRequired":true,"valueName":"search_term_string"}}],"inLanguage":"en-GB"},{"@type":"Organization","@id":"https:\/\/sombrafestival.com\/en\/#organization","name":"SOMBRA, IX FESTIVAL DE CINE FANTASTICO EUROPEO DE MURCIA","url":"https:\/\/sombrafestival.com\/en\/","logo":{"@type":"ImageObject","inLanguage":"en-GB","@id":"https:\/\/sombrafestival.com\/en\/#\/schema\/logo\/image\/","url":"https:\/\/sombrafestival.com\/wp-content\/uploads\/2019\/10\/Sombra-LogoIdentificador-Negativo.jpg","contentUrl":"https:\/\/sombrafestival.com\/wp-content\/uploads\/2019\/10\/Sombra-LogoIdentificador-Negativo.jpg","width":400,"height":400,"caption":"SOMBRA, IX FESTIVAL DE CINE FANTASTICO EUROPEO DE MURCIA"},"image":{"@id":"https:\/\/sombrafestival.com\/en\/#\/schema\/logo\/image\/"},"sameAs":["https:\/\/www.facebook.com\/Sombra-Festival-De-CINE-Fantastico-Europeo-De-Murcia-175337032531429\/","https:\/\/x.com\/SombraFestival","https:\/\/www.instagram.com\/sombrafestival\/","https:\/\/www.youtube.com\/channel\/UCBdSJni9V30Tq4cGf4Lj0Ug?view_as=subscriber"]}]}},"_links":{"self":[{"href":"https:\/\/sombrafestival.com\/en\/wp-json\/wp\/v2\/pages\/598","targetHints":{"allow":["GET"]}}],"collection":[{"href":"https:\/\/sombrafestival.com\/en\/wp-json\/wp\/v2\/pages"}],"about":[{"href":"https:\/\/sombrafestival.com\/en\/wp-json\/wp\/v2\/types\/page"}],"author":[{"embeddable":true,"href":"https:\/\/sombrafestival.com\/en\/wp-json\/wp\/v2\/users\/1"}],"replies":[{"embeddable":true,"href":"https:\/\/sombrafestival.com\/en\/wp-json\/wp\/v2\/comments?post=598"}],"version-history":[{"count":19,"href":"https:\/\/sombrafestival.com\/en\/wp-json\/wp\/v2\/pages\/598\/revisions"}],"predecessor-version":[{"id":7531,"href":"https:\/\/sombrafestival.com\/en\/wp-json\/wp\/v2\/pages\/598\/revisions\/7531"}],"wp:attachment":[{"href":"https:\/\/sombrafestival.com\/en\/wp-json\/wp\/v2\/media?parent=598"}],"curies":[{"name":"wp","href":"https:\/\/api.w.org\/{rel}","templated":true}]}}