{"id":6132,"date":"2024-02-02T09:51:36","date_gmt":"2024-02-02T08:51:36","guid":{"rendered":"https:\/\/sombrafestival.com\/?page_id=6132"},"modified":"2024-03-13T15:24:56","modified_gmt":"2024-03-13T14:24:56","slug":"charla-mejores-y-peores-adaptaciones-cinematograficas-de-obras-literarias","status":"publish","type":"page","link":"https:\/\/sombrafestival.com\/en\/charla-mejores-y-peores-adaptaciones-cinematograficas-de-obras-literarias\/","title":{"rendered":"Charla | Mejores y peores adaptaciones cinematogr\u00e1ficas de obras literarias"},"content":{"rendered":"<p><strong>Mesa redonda en clave de humor sobre cine y adaptaciones chorra de obras de terror y sci-fy<\/strong><\/p>\n\n\n\n<p class=\"has-text-color has-background has-vivid-red-color has-very-light-gray-background-color\"><strong>\u00bfCu\u00e1ndo?: <\/strong>S\u00e1bado, 16 de marzo a las 18:00<br><strong>\u00bfD\u00f3nde?: <\/strong>Librer\u00eda 7 H\u00e9roes<br><strong>Precio:<\/strong> Gratuito<\/p>\n\n\n\n<p><strong>Participantes:<\/strong><\/p>\n\n\n\n<ul class=\"wp-block-list\"><li><strong>Antonio Rentero <\/strong>\u2013 Experto en cine y c\u00f3mic <\/li><li><strong>Dani Gove<\/strong> \u2013 Dibujante, escritor y c\u00f3mico<\/li><\/ul>\n\n\n\n<figure class=\"wp-block-image size-large\"><img loading=\"lazy\" decoding=\"async\" width=\"720\" height=\"720\" src=\"https:\/\/sombrafestival.com\/wp-content\/uploads\/2024\/03\/WhatsApp-Image-2024-03-13-at-11.34.25.jpeg\" alt=\"\" class=\"wp-image-6589\" srcset=\"https:\/\/sombrafestival.com\/wp-content\/uploads\/2024\/03\/WhatsApp-Image-2024-03-13-at-11.34.25.jpeg 720w, https:\/\/sombrafestival.com\/wp-content\/uploads\/2024\/03\/WhatsApp-Image-2024-03-13-at-11.34.25-300x300.jpeg 300w, https:\/\/sombrafestival.com\/wp-content\/uploads\/2024\/03\/WhatsApp-Image-2024-03-13-at-11.34.25-150x150.jpeg 150w, https:\/\/sombrafestival.com\/wp-content\/uploads\/2024\/03\/WhatsApp-Image-2024-03-13-at-11.34.25-12x12.jpeg 12w, https:\/\/sombrafestival.com\/wp-content\/uploads\/2024\/03\/WhatsApp-Image-2024-03-13-at-11.34.25-696x696.jpeg 696w, https:\/\/sombrafestival.com\/wp-content\/uploads\/2024\/03\/WhatsApp-Image-2024-03-13-at-11.34.25-420x420.jpeg 420w\" sizes=\"auto, (max-width: 720px) 100vw, 720px\" \/><\/figure>","protected":false},"excerpt":{"rendered":"<p>Mesa redonda en clave de humor sobre cine y adaptaciones chorra de obras de terror y sci-fy \u00bfCu\u00e1ndo?: S\u00e1bado, 16 de marzo a las 18:00\u00bfD\u00f3nde?: Librer\u00eda 7 H\u00e9roesPrecio: Gratuito Participantes: Antonio Rentero \u2013 Experto en cine y c\u00f3mic Dani Gove \u2013 Dibujante, escritor y c\u00f3mico<\/p>","protected":false},"author":2,"featured_media":6589,"parent":0,"menu_order":0,"comment_status":"closed","ping_status":"closed","template":"","meta":{"footnotes":""},"class_list":["post-6132","page","type-page","status-publish","has-post-thumbnail"],"yoast_head":"<!-- This site is optimized with the Yoast SEO plugin v24.3 - https:\/\/yoast.com\/wordpress\/plugins\/seo\/ -->\n<title>Charla | Mejores y peores adaptaciones cinematogr\u00e1ficas de obras literarias - Sombra Festival<\/title>\n<meta name=\"robots\" content=\"index, follow, max-snippet:-1, max-image-preview:large, max-video-preview:-1\" \/>\n<link rel=\"canonical\" href=\"https:\/\/sombrafestival.com\/en\/charla-mejores-y-peores-adaptaciones-cinematograficas-de-obras-literarias\/\" \/>\n<meta property=\"og:locale\" content=\"en_GB\" \/>\n<meta property=\"og:type\" content=\"article\" \/>\n<meta property=\"og:title\" content=\"Charla | Mejores y peores adaptaciones cinematogr\u00e1ficas de obras literarias - Sombra Festival\" \/>\n<meta property=\"og:description\" content=\"Mesa redonda en clave de humor sobre cine y adaptaciones chorra de obras de terror y sci-fy \u00bfCu\u00e1ndo?: S\u00e1bado, 16 de marzo a las 18:00\u00bfD\u00f3nde?: Librer\u00eda 7 H\u00e9roesPrecio: Gratuito Participantes: Antonio Rentero \u2013 Experto en cine y c\u00f3mic Dani Gove \u2013 Dibujante, escritor y c\u00f3mico\" \/>\n<meta property=\"og:url\" content=\"https:\/\/sombrafestival.com\/en\/charla-mejores-y-peores-adaptaciones-cinematograficas-de-obras-literarias\/\" \/>\n<meta property=\"og:site_name\" content=\"Sombra Festival\" \/>\n<meta property=\"article:publisher\" content=\"https:\/\/www.facebook.com\/Sombra-Festival-De-CINE-Fantastico-Europeo-De-Murcia-175337032531429\/\" \/>\n<meta property=\"article:modified_time\" content=\"2024-03-13T14:24:56+00:00\" \/>\n<meta property=\"og:image\" content=\"https:\/\/sombrafestival.com\/wp-content\/uploads\/2024\/03\/WhatsApp-Image-2024-03-13-at-11.34.25.jpeg\" \/>\n\t<meta property=\"og:image:width\" content=\"720\" \/>\n\t<meta property=\"og:image:height\" content=\"720\" \/>\n\t<meta property=\"og:image:type\" content=\"image\/jpeg\" \/>\n<meta name=\"twitter:card\" content=\"summary_large_image\" \/>\n<meta name=\"twitter:site\" content=\"@SombraFestival\" \/>\n<script type=\"application\/ld+json\" class=\"yoast-schema-graph\">{\"@context\":\"https:\/\/schema.org\",\"@graph\":[{\"@type\":\"WebPage\",\"@id\":\"https:\/\/sombrafestival.com\/charla-mejores-y-peores-adaptaciones-cinematograficas-de-obras-literarias\/\",\"url\":\"https:\/\/sombrafestival.com\/charla-mejores-y-peores-adaptaciones-cinematograficas-de-obras-literarias\/\",\"name\":\"Charla | Mejores y peores adaptaciones cinematogr\u00e1ficas de obras literarias - Sombra Festival\",\"isPartOf\":{\"@id\":\"https:\/\/sombrafestival.com\/en\/#website\"},\"primaryImageOfPage\":{\"@id\":\"https:\/\/sombrafestival.com\/charla-mejores-y-peores-adaptaciones-cinematograficas-de-obras-literarias\/#primaryimage\"},\"image\":{\"@id\":\"https:\/\/sombrafestival.com\/charla-mejores-y-peores-adaptaciones-cinematograficas-de-obras-literarias\/#primaryimage\"},\"thumbnailUrl\":\"https:\/\/sombrafestival.com\/wp-content\/uploads\/2024\/03\/WhatsApp-Image-2024-03-13-at-11.34.25.jpeg\",\"datePublished\":\"2024-02-02T08:51:36+00:00\",\"dateModified\":\"2024-03-13T14:24:56+00:00\",\"breadcrumb\":{\"@id\":\"https:\/\/sombrafestival.com\/charla-mejores-y-peores-adaptaciones-cinematograficas-de-obras-literarias\/#breadcrumb\"},\"inLanguage\":\"en-GB\",\"potentialAction\":[{\"@type\":\"ReadAction\",\"target\":[\"https:\/\/sombrafestival.com\/charla-mejores-y-peores-adaptaciones-cinematograficas-de-obras-literarias\/\"]}]},{\"@type\":\"ImageObject\",\"inLanguage\":\"en-GB\",\"@id\":\"https:\/\/sombrafestival.com\/charla-mejores-y-peores-adaptaciones-cinematograficas-de-obras-literarias\/#primaryimage\",\"url\":\"https:\/\/sombrafestival.com\/wp-content\/uploads\/2024\/03\/WhatsApp-Image-2024-03-13-at-11.34.25.jpeg\",\"contentUrl\":\"https:\/\/sombrafestival.com\/wp-content\/uploads\/2024\/03\/WhatsApp-Image-2024-03-13-at-11.34.25.jpeg\",\"width\":720,\"height\":720},{\"@type\":\"BreadcrumbList\",\"@id\":\"https:\/\/sombrafestival.com\/charla-mejores-y-peores-adaptaciones-cinematograficas-de-obras-literarias\/#breadcrumb\",\"itemListElement\":[{\"@type\":\"ListItem\",\"position\":1,\"name\":\"Portada\",\"item\":\"https:\/\/sombrafestival.com\/\"},{\"@type\":\"ListItem\",\"position\":2,\"name\":\"Charla | Mejores y peores adaptaciones cinematogr\u00e1ficas de obras literarias\"}]},{\"@type\":\"WebSite\",\"@id\":\"https:\/\/sombrafestival.com\/en\/#website\",\"url\":\"https:\/\/sombrafestival.com\/en\/\",\"name\":\"Sombra Festival\",\"description\":\"XIII Festival de Cine Fant\u00e1stico Europeo de Murcia, 8-17 MARZO 2024\",\"publisher\":{\"@id\":\"https:\/\/sombrafestival.com\/en\/#organization\"},\"potentialAction\":[{\"@type\":\"SearchAction\",\"target\":{\"@type\":\"EntryPoint\",\"urlTemplate\":\"https:\/\/sombrafestival.com\/en\/?s={search_term_string}\"},\"query-input\":{\"@type\":\"PropertyValueSpecification\",\"valueRequired\":true,\"valueName\":\"search_term_string\"}}],\"inLanguage\":\"en-GB\"},{\"@type\":\"Organization\",\"@id\":\"https:\/\/sombrafestival.com\/en\/#organization\",\"name\":\"SOMBRA, IX FESTIVAL DE CINE FANTASTICO EUROPEO DE MURCIA\",\"url\":\"https:\/\/sombrafestival.com\/en\/\",\"logo\":{\"@type\":\"ImageObject\",\"inLanguage\":\"en-GB\",\"@id\":\"https:\/\/sombrafestival.com\/en\/#\/schema\/logo\/image\/\",\"url\":\"https:\/\/sombrafestival.com\/wp-content\/uploads\/2019\/10\/Sombra-LogoIdentificador-Negativo.jpg\",\"contentUrl\":\"https:\/\/sombrafestival.com\/wp-content\/uploads\/2019\/10\/Sombra-LogoIdentificador-Negativo.jpg\",\"width\":400,\"height\":400,\"caption\":\"SOMBRA, IX FESTIVAL DE CINE FANTASTICO EUROPEO DE MURCIA\"},\"image\":{\"@id\":\"https:\/\/sombrafestival.com\/en\/#\/schema\/logo\/image\/\"},\"sameAs\":[\"https:\/\/www.facebook.com\/Sombra-Festival-De-CINE-Fantastico-Europeo-De-Murcia-175337032531429\/\",\"https:\/\/x.com\/SombraFestival\",\"https:\/\/www.instagram.com\/sombrafestival\/\",\"https:\/\/www.youtube.com\/channel\/UCBdSJni9V30Tq4cGf4Lj0Ug?view_as=subscriber\"]}]}<\/script>\n<!-- \/ Yoast SEO plugin. -->","yoast_head_json":{"title":"Charla | Mejores y peores adaptaciones cinematogr\u00e1ficas de obras literarias - Sombra Festival","robots":{"index":"index","follow":"follow","max-snippet":"max-snippet:-1","max-image-preview":"max-image-preview:large","max-video-preview":"max-video-preview:-1"},"canonical":"https:\/\/sombrafestival.com\/en\/charla-mejores-y-peores-adaptaciones-cinematograficas-de-obras-literarias\/","og_locale":"en_GB","og_type":"article","og_title":"Charla | Mejores y peores adaptaciones cinematogr\u00e1ficas de obras literarias - Sombra Festival","og_description":"Mesa redonda en clave de humor sobre cine y adaptaciones chorra de obras de terror y sci-fy \u00bfCu\u00e1ndo?: S\u00e1bado, 16 de marzo a las 18:00\u00bfD\u00f3nde?: Librer\u00eda 7 H\u00e9roesPrecio: Gratuito Participantes: Antonio Rentero \u2013 Experto en cine y c\u00f3mic Dani Gove \u2013 Dibujante, escritor y c\u00f3mico","og_url":"https:\/\/sombrafestival.com\/en\/charla-mejores-y-peores-adaptaciones-cinematograficas-de-obras-literarias\/","og_site_name":"Sombra Festival","article_publisher":"https:\/\/www.facebook.com\/Sombra-Festival-De-CINE-Fantastico-Europeo-De-Murcia-175337032531429\/","article_modified_time":"2024-03-13T14:24:56+00:00","og_image":[{"width":720,"height":720,"url":"https:\/\/sombrafestival.com\/wp-content\/uploads\/2024\/03\/WhatsApp-Image-2024-03-13-at-11.34.25.jpeg","type":"image\/jpeg"}],"twitter_card":"summary_large_image","twitter_site":"@SombraFestival","schema":{"@context":"https:\/\/schema.org","@graph":[{"@type":"WebPage","@id":"https:\/\/sombrafestival.com\/charla-mejores-y-peores-adaptaciones-cinematograficas-de-obras-literarias\/","url":"https:\/\/sombrafestival.com\/charla-mejores-y-peores-adaptaciones-cinematograficas-de-obras-literarias\/","name":"Charla | Mejores y peores adaptaciones cinematogr\u00e1ficas de obras literarias - Sombra Festival","isPartOf":{"@id":"https:\/\/sombrafestival.com\/en\/#website"},"primaryImageOfPage":{"@id":"https:\/\/sombrafestival.com\/charla-mejores-y-peores-adaptaciones-cinematograficas-de-obras-literarias\/#primaryimage"},"image":{"@id":"https:\/\/sombrafestival.com\/charla-mejores-y-peores-adaptaciones-cinematograficas-de-obras-literarias\/#primaryimage"},"thumbnailUrl":"https:\/\/sombrafestival.com\/wp-content\/uploads\/2024\/03\/WhatsApp-Image-2024-03-13-at-11.34.25.jpeg","datePublished":"2024-02-02T08:51:36+00:00","dateModified":"2024-03-13T14:24:56+00:00","breadcrumb":{"@id":"https:\/\/sombrafestival.com\/charla-mejores-y-peores-adaptaciones-cinematograficas-de-obras-literarias\/#breadcrumb"},"inLanguage":"en-GB","potentialAction":[{"@type":"ReadAction","target":["https:\/\/sombrafestival.com\/charla-mejores-y-peores-adaptaciones-cinematograficas-de-obras-literarias\/"]}]},{"@type":"ImageObject","inLanguage":"en-GB","@id":"https:\/\/sombrafestival.com\/charla-mejores-y-peores-adaptaciones-cinematograficas-de-obras-literarias\/#primaryimage","url":"https:\/\/sombrafestival.com\/wp-content\/uploads\/2024\/03\/WhatsApp-Image-2024-03-13-at-11.34.25.jpeg","contentUrl":"https:\/\/sombrafestival.com\/wp-content\/uploads\/2024\/03\/WhatsApp-Image-2024-03-13-at-11.34.25.jpeg","width":720,"height":720},{"@type":"BreadcrumbList","@id":"https:\/\/sombrafestival.com\/charla-mejores-y-peores-adaptaciones-cinematograficas-de-obras-literarias\/#breadcrumb","itemListElement":[{"@type":"ListItem","position":1,"name":"Portada","item":"https:\/\/sombrafestival.com\/"},{"@type":"ListItem","position":2,"name":"Charla | Mejores y peores adaptaciones cinematogr\u00e1ficas de obras literarias"}]},{"@type":"WebSite","@id":"https:\/\/sombrafestival.com\/en\/#website","url":"https:\/\/sombrafestival.com\/en\/","name":"Sombra Festival","description":"XIII Festival de Cine Fant\u00e1stico Europeo de Murcia, 8-17 MARZO 2024","publisher":{"@id":"https:\/\/sombrafestival.com\/en\/#organization"},"potentialAction":[{"@type":"SearchAction","target":{"@type":"EntryPoint","urlTemplate":"https:\/\/sombrafestival.com\/en\/?s={search_term_string}"},"query-input":{"@type":"PropertyValueSpecification","valueRequired":true,"valueName":"search_term_string"}}],"inLanguage":"en-GB"},{"@type":"Organization","@id":"https:\/\/sombrafestival.com\/en\/#organization","name":"SOMBRA, IX FESTIVAL DE CINE FANTASTICO EUROPEO DE MURCIA","url":"https:\/\/sombrafestival.com\/en\/","logo":{"@type":"ImageObject","inLanguage":"en-GB","@id":"https:\/\/sombrafestival.com\/en\/#\/schema\/logo\/image\/","url":"https:\/\/sombrafestival.com\/wp-content\/uploads\/2019\/10\/Sombra-LogoIdentificador-Negativo.jpg","contentUrl":"https:\/\/sombrafestival.com\/wp-content\/uploads\/2019\/10\/Sombra-LogoIdentificador-Negativo.jpg","width":400,"height":400,"caption":"SOMBRA, IX FESTIVAL DE CINE FANTASTICO EUROPEO DE MURCIA"},"image":{"@id":"https:\/\/sombrafestival.com\/en\/#\/schema\/logo\/image\/"},"sameAs":["https:\/\/www.facebook.com\/Sombra-Festival-De-CINE-Fantastico-Europeo-De-Murcia-175337032531429\/","https:\/\/x.com\/SombraFestival","https:\/\/www.instagram.com\/sombrafestival\/","https:\/\/www.youtube.com\/channel\/UCBdSJni9V30Tq4cGf4Lj0Ug?view_as=subscriber"]}]}},"_links":{"self":[{"href":"https:\/\/sombrafestival.com\/en\/wp-json\/wp\/v2\/pages\/6132","targetHints":{"allow":["GET"]}}],"collection":[{"href":"https:\/\/sombrafestival.com\/en\/wp-json\/wp\/v2\/pages"}],"about":[{"href":"https:\/\/sombrafestival.com\/en\/wp-json\/wp\/v2\/types\/page"}],"author":[{"embeddable":true,"href":"https:\/\/sombrafestival.com\/en\/wp-json\/wp\/v2\/users\/2"}],"replies":[{"embeddable":true,"href":"https:\/\/sombrafestival.com\/en\/wp-json\/wp\/v2\/comments?post=6132"}],"version-history":[{"count":6,"href":"https:\/\/sombrafestival.com\/en\/wp-json\/wp\/v2\/pages\/6132\/revisions"}],"predecessor-version":[{"id":6591,"href":"https:\/\/sombrafestival.com\/en\/wp-json\/wp\/v2\/pages\/6132\/revisions\/6591"}],"wp:featuredmedia":[{"embeddable":true,"href":"https:\/\/sombrafestival.com\/en\/wp-json\/wp\/v2\/media\/6589"}],"wp:attachment":[{"href":"https:\/\/sombrafestival.com\/en\/wp-json\/wp\/v2\/media?parent=6132"}],"curies":[{"name":"wp","href":"https:\/\/api.w.org\/{rel}","templated":true}]}}