{"id":6420,"date":"2024-02-07T22:02:52","date_gmt":"2024-02-07T21:02:52","guid":{"rendered":"https:\/\/sombrafestival.com\/?page_id=6420"},"modified":"2024-02-07T22:02:52","modified_gmt":"2024-02-07T21:02:52","slug":"jurado-largometrajes-2024-ioan-big","status":"publish","type":"page","link":"https:\/\/sombrafestival.com\/en\/jurado-largometrajes-2024-ioan-big\/","title":{"rendered":"Jurado Largometrajes 2024: Ioan Big"},"content":{"rendered":"<h2>Ioan Big<\/h2>\n<p>Director del festival de cine Dr\u00e1cula de Brasov, Ruman\u00eda, desde 2019, IOAN BIG, periodista<br \/>\ny analista de cultura pop, es editor de las revistas rumanas Cinemap, Zile \u015fi Nop\u0163i y Sunete, contando con cientos de art\u00edculos y entrevistas publicadas en diversos medios culturales desde su debut en los a\u00f1os 80. Durante las \u00faltimas d\u00e9cadas, Ioan produjo y colabor\u00f3 en diversos proyectos de radio y televisi\u00f3n, as\u00ed como en lanzamientos cinematogr\u00e1ficos y musicales en directo.<\/p>\n<p>Adem\u00e1s de su posici\u00f3n de observador de la escena cultural contempor\u00e1nea, en los \u00faltimos 25 a\u00f1os, Ioan ha desarrollado continuamente su experiencia en el dise\u00f1o de eventos, y consultor\u00eda, siendo uno de los primeros profesionales de Europa del Este aceptados a finales de los 90 en la International Special Events Society. En la d\u00e9cada de 2000 fund\u00f3 su plataforma de conciertos \u00abBlue Moods y su propia colecci\u00f3n de libros \u00abSubjective subjetivas\u00bb.<\/p>\n<p>Ioan es autor de varios vol\u00famenes publicados, como \u00abEric Clapton\u00bb (2001), \u00abEra Punk\u00bb (2003), \u00abBlue, Black &amp; White. Povestea Rolling Stones\u00bb (2006), Sexul, crucea lui Ken Russell (2016), Zombies in secolul XXI (2020), experto consultor de la antolog\u00eda 1001 Albums You Must Hear Before You Die (2006), creador del universo de c\u00f3mics Artess<br \/>\n(2014) y colaborador\/coautor de los omnibuses Arta Sunetelor (2014), Culorile sunetelor: Muzica \u015fi artele vizuale (2015), Bucuria sunetelor (2016), Zece dintr-o sut\u0103 (Cartea sunetelor) (2018), Istoria sunetelor (2023).<\/p>\n<p><img loading=\"lazy\" decoding=\"async\" class=\"size-full wp-image-6421 aligncenter\" src=\"https:\/\/sombrafestival.com\/wp-content\/uploads\/2024\/02\/DFF-2023.jpg\" alt=\"\" width=\"715\" height=\"850\" srcset=\"https:\/\/sombrafestival.com\/wp-content\/uploads\/2024\/02\/DFF-2023.jpg 715w, https:\/\/sombrafestival.com\/wp-content\/uploads\/2024\/02\/DFF-2023-252x300.jpg 252w, https:\/\/sombrafestival.com\/wp-content\/uploads\/2024\/02\/DFF-2023-10x12.jpg 10w, https:\/\/sombrafestival.com\/wp-content\/uploads\/2024\/02\/DFF-2023-696x827.jpg 696w, https:\/\/sombrafestival.com\/wp-content\/uploads\/2024\/02\/DFF-2023-353x420.jpg 353w\" sizes=\"auto, (max-width: 715px) 100vw, 715px\" \/><\/p>","protected":false},"excerpt":{"rendered":"<p>Ioan Big Director del festival de cine Dr\u00e1cula de Brasov, Ruman\u00eda, desde 2019, IOAN BIG, periodista y analista de cultura pop, es editor de las revistas rumanas Cinemap, Zile \u015fi Nop\u0163i y Sunete, contando con cientos de art\u00edculos y entrevistas publicadas en diversos medios culturales desde su debut en los a\u00f1os 80. Durante las \u00faltimas [&hellip;]<\/p>","protected":false},"author":2,"featured_media":6421,"parent":0,"menu_order":0,"comment_status":"closed","ping_status":"closed","template":"","meta":{"footnotes":""},"class_list":["post-6420","page","type-page","status-publish","has-post-thumbnail"],"yoast_head":"<!-- This site is optimized with the Yoast SEO plugin v24.3 - https:\/\/yoast.com\/wordpress\/plugins\/seo\/ -->\n<title>Jurado Largometrajes 2024: Ioan Big - Sombra Festival<\/title>\n<meta name=\"robots\" content=\"index, follow, max-snippet:-1, max-image-preview:large, max-video-preview:-1\" \/>\n<link rel=\"canonical\" href=\"https:\/\/sombrafestival.com\/en\/jurado-largometrajes-2024-ioan-big\/\" \/>\n<meta property=\"og:locale\" content=\"en_GB\" \/>\n<meta property=\"og:type\" content=\"article\" \/>\n<meta property=\"og:title\" content=\"Jurado Largometrajes 2024: Ioan Big - Sombra Festival\" \/>\n<meta property=\"og:description\" content=\"Ioan Big Director del festival de cine Dr\u00e1cula de Brasov, Ruman\u00eda, desde 2019, IOAN BIG, periodista y analista de cultura pop, es editor de las revistas rumanas Cinemap, Zile \u015fi Nop\u0163i y Sunete, contando con cientos de art\u00edculos y entrevistas publicadas en diversos medios culturales desde su debut en los a\u00f1os 80. Durante las \u00faltimas [&hellip;]\" \/>\n<meta property=\"og:url\" content=\"https:\/\/sombrafestival.com\/en\/jurado-largometrajes-2024-ioan-big\/\" \/>\n<meta property=\"og:site_name\" content=\"Sombra Festival\" \/>\n<meta property=\"article:publisher\" content=\"https:\/\/www.facebook.com\/Sombra-Festival-De-CINE-Fantastico-Europeo-De-Murcia-175337032531429\/\" \/>\n<meta property=\"og:image\" content=\"https:\/\/sombrafestival.com\/wp-content\/uploads\/2024\/02\/DFF-2023.jpg\" \/>\n\t<meta property=\"og:image:width\" content=\"715\" \/>\n\t<meta property=\"og:image:height\" content=\"850\" \/>\n\t<meta property=\"og:image:type\" content=\"image\/jpeg\" \/>\n<meta name=\"twitter:card\" content=\"summary_large_image\" \/>\n<meta name=\"twitter:site\" content=\"@SombraFestival\" \/>\n<meta name=\"twitter:label1\" content=\"Est. reading time\" \/>\n\t<meta name=\"twitter:data1\" content=\"1 minute\" \/>\n<script type=\"application\/ld+json\" class=\"yoast-schema-graph\">{\"@context\":\"https:\/\/schema.org\",\"@graph\":[{\"@type\":\"WebPage\",\"@id\":\"https:\/\/sombrafestival.com\/jurado-largometrajes-2024-ioan-big\/\",\"url\":\"https:\/\/sombrafestival.com\/jurado-largometrajes-2024-ioan-big\/\",\"name\":\"Jurado Largometrajes 2024: Ioan Big - Sombra Festival\",\"isPartOf\":{\"@id\":\"https:\/\/sombrafestival.com\/en\/#website\"},\"primaryImageOfPage\":{\"@id\":\"https:\/\/sombrafestival.com\/jurado-largometrajes-2024-ioan-big\/#primaryimage\"},\"image\":{\"@id\":\"https:\/\/sombrafestival.com\/jurado-largometrajes-2024-ioan-big\/#primaryimage\"},\"thumbnailUrl\":\"https:\/\/sombrafestival.com\/wp-content\/uploads\/2024\/02\/DFF-2023.jpg\",\"datePublished\":\"2024-02-07T21:02:52+00:00\",\"dateModified\":\"2024-02-07T21:02:52+00:00\",\"breadcrumb\":{\"@id\":\"https:\/\/sombrafestival.com\/jurado-largometrajes-2024-ioan-big\/#breadcrumb\"},\"inLanguage\":\"en-GB\",\"potentialAction\":[{\"@type\":\"ReadAction\",\"target\":[\"https:\/\/sombrafestival.com\/jurado-largometrajes-2024-ioan-big\/\"]}]},{\"@type\":\"ImageObject\",\"inLanguage\":\"en-GB\",\"@id\":\"https:\/\/sombrafestival.com\/jurado-largometrajes-2024-ioan-big\/#primaryimage\",\"url\":\"https:\/\/sombrafestival.com\/wp-content\/uploads\/2024\/02\/DFF-2023.jpg\",\"contentUrl\":\"https:\/\/sombrafestival.com\/wp-content\/uploads\/2024\/02\/DFF-2023.jpg\",\"width\":715,\"height\":850},{\"@type\":\"BreadcrumbList\",\"@id\":\"https:\/\/sombrafestival.com\/jurado-largometrajes-2024-ioan-big\/#breadcrumb\",\"itemListElement\":[{\"@type\":\"ListItem\",\"position\":1,\"name\":\"Portada\",\"item\":\"https:\/\/sombrafestival.com\/\"},{\"@type\":\"ListItem\",\"position\":2,\"name\":\"Jurado Largometrajes 2024: Ioan Big\"}]},{\"@type\":\"WebSite\",\"@id\":\"https:\/\/sombrafestival.com\/en\/#website\",\"url\":\"https:\/\/sombrafestival.com\/en\/\",\"name\":\"Sombra Festival\",\"description\":\"XIII Festival de Cine Fant\u00e1stico Europeo de Murcia, 8-17 MARZO 2024\",\"publisher\":{\"@id\":\"https:\/\/sombrafestival.com\/en\/#organization\"},\"potentialAction\":[{\"@type\":\"SearchAction\",\"target\":{\"@type\":\"EntryPoint\",\"urlTemplate\":\"https:\/\/sombrafestival.com\/en\/?s={search_term_string}\"},\"query-input\":{\"@type\":\"PropertyValueSpecification\",\"valueRequired\":true,\"valueName\":\"search_term_string\"}}],\"inLanguage\":\"en-GB\"},{\"@type\":\"Organization\",\"@id\":\"https:\/\/sombrafestival.com\/en\/#organization\",\"name\":\"SOMBRA, IX FESTIVAL DE CINE FANTASTICO EUROPEO DE MURCIA\",\"url\":\"https:\/\/sombrafestival.com\/en\/\",\"logo\":{\"@type\":\"ImageObject\",\"inLanguage\":\"en-GB\",\"@id\":\"https:\/\/sombrafestival.com\/en\/#\/schema\/logo\/image\/\",\"url\":\"https:\/\/sombrafestival.com\/wp-content\/uploads\/2019\/10\/Sombra-LogoIdentificador-Negativo.jpg\",\"contentUrl\":\"https:\/\/sombrafestival.com\/wp-content\/uploads\/2019\/10\/Sombra-LogoIdentificador-Negativo.jpg\",\"width\":400,\"height\":400,\"caption\":\"SOMBRA, IX FESTIVAL DE CINE FANTASTICO EUROPEO DE MURCIA\"},\"image\":{\"@id\":\"https:\/\/sombrafestival.com\/en\/#\/schema\/logo\/image\/\"},\"sameAs\":[\"https:\/\/www.facebook.com\/Sombra-Festival-De-CINE-Fantastico-Europeo-De-Murcia-175337032531429\/\",\"https:\/\/x.com\/SombraFestival\",\"https:\/\/www.instagram.com\/sombrafestival\/\",\"https:\/\/www.youtube.com\/channel\/UCBdSJni9V30Tq4cGf4Lj0Ug?view_as=subscriber\"]}]}<\/script>\n<!-- \/ Yoast SEO plugin. -->","yoast_head_json":{"title":"Jurado Largometrajes 2024: Ioan Big - Sombra Festival","robots":{"index":"index","follow":"follow","max-snippet":"max-snippet:-1","max-image-preview":"max-image-preview:large","max-video-preview":"max-video-preview:-1"},"canonical":"https:\/\/sombrafestival.com\/en\/jurado-largometrajes-2024-ioan-big\/","og_locale":"en_GB","og_type":"article","og_title":"Jurado Largometrajes 2024: Ioan Big - Sombra Festival","og_description":"Ioan Big Director del festival de cine Dr\u00e1cula de Brasov, Ruman\u00eda, desde 2019, IOAN BIG, periodista y analista de cultura pop, es editor de las revistas rumanas Cinemap, Zile \u015fi Nop\u0163i y Sunete, contando con cientos de art\u00edculos y entrevistas publicadas en diversos medios culturales desde su debut en los a\u00f1os 80. Durante las \u00faltimas [&hellip;]","og_url":"https:\/\/sombrafestival.com\/en\/jurado-largometrajes-2024-ioan-big\/","og_site_name":"Sombra Festival","article_publisher":"https:\/\/www.facebook.com\/Sombra-Festival-De-CINE-Fantastico-Europeo-De-Murcia-175337032531429\/","og_image":[{"width":715,"height":850,"url":"https:\/\/sombrafestival.com\/wp-content\/uploads\/2024\/02\/DFF-2023.jpg","type":"image\/jpeg"}],"twitter_card":"summary_large_image","twitter_site":"@SombraFestival","twitter_misc":{"Est. reading time":"1 minute"},"schema":{"@context":"https:\/\/schema.org","@graph":[{"@type":"WebPage","@id":"https:\/\/sombrafestival.com\/jurado-largometrajes-2024-ioan-big\/","url":"https:\/\/sombrafestival.com\/jurado-largometrajes-2024-ioan-big\/","name":"Jurado Largometrajes 2024: Ioan Big - Sombra Festival","isPartOf":{"@id":"https:\/\/sombrafestival.com\/en\/#website"},"primaryImageOfPage":{"@id":"https:\/\/sombrafestival.com\/jurado-largometrajes-2024-ioan-big\/#primaryimage"},"image":{"@id":"https:\/\/sombrafestival.com\/jurado-largometrajes-2024-ioan-big\/#primaryimage"},"thumbnailUrl":"https:\/\/sombrafestival.com\/wp-content\/uploads\/2024\/02\/DFF-2023.jpg","datePublished":"2024-02-07T21:02:52+00:00","dateModified":"2024-02-07T21:02:52+00:00","breadcrumb":{"@id":"https:\/\/sombrafestival.com\/jurado-largometrajes-2024-ioan-big\/#breadcrumb"},"inLanguage":"en-GB","potentialAction":[{"@type":"ReadAction","target":["https:\/\/sombrafestival.com\/jurado-largometrajes-2024-ioan-big\/"]}]},{"@type":"ImageObject","inLanguage":"en-GB","@id":"https:\/\/sombrafestival.com\/jurado-largometrajes-2024-ioan-big\/#primaryimage","url":"https:\/\/sombrafestival.com\/wp-content\/uploads\/2024\/02\/DFF-2023.jpg","contentUrl":"https:\/\/sombrafestival.com\/wp-content\/uploads\/2024\/02\/DFF-2023.jpg","width":715,"height":850},{"@type":"BreadcrumbList","@id":"https:\/\/sombrafestival.com\/jurado-largometrajes-2024-ioan-big\/#breadcrumb","itemListElement":[{"@type":"ListItem","position":1,"name":"Portada","item":"https:\/\/sombrafestival.com\/"},{"@type":"ListItem","position":2,"name":"Jurado Largometrajes 2024: Ioan Big"}]},{"@type":"WebSite","@id":"https:\/\/sombrafestival.com\/en\/#website","url":"https:\/\/sombrafestival.com\/en\/","name":"Sombra Festival","description":"XIII Festival de Cine Fant\u00e1stico Europeo de Murcia, 8-17 MARZO 2024","publisher":{"@id":"https:\/\/sombrafestival.com\/en\/#organization"},"potentialAction":[{"@type":"SearchAction","target":{"@type":"EntryPoint","urlTemplate":"https:\/\/sombrafestival.com\/en\/?s={search_term_string}"},"query-input":{"@type":"PropertyValueSpecification","valueRequired":true,"valueName":"search_term_string"}}],"inLanguage":"en-GB"},{"@type":"Organization","@id":"https:\/\/sombrafestival.com\/en\/#organization","name":"SOMBRA, IX FESTIVAL DE CINE FANTASTICO EUROPEO DE MURCIA","url":"https:\/\/sombrafestival.com\/en\/","logo":{"@type":"ImageObject","inLanguage":"en-GB","@id":"https:\/\/sombrafestival.com\/en\/#\/schema\/logo\/image\/","url":"https:\/\/sombrafestival.com\/wp-content\/uploads\/2019\/10\/Sombra-LogoIdentificador-Negativo.jpg","contentUrl":"https:\/\/sombrafestival.com\/wp-content\/uploads\/2019\/10\/Sombra-LogoIdentificador-Negativo.jpg","width":400,"height":400,"caption":"SOMBRA, IX FESTIVAL DE CINE FANTASTICO EUROPEO DE MURCIA"},"image":{"@id":"https:\/\/sombrafestival.com\/en\/#\/schema\/logo\/image\/"},"sameAs":["https:\/\/www.facebook.com\/Sombra-Festival-De-CINE-Fantastico-Europeo-De-Murcia-175337032531429\/","https:\/\/x.com\/SombraFestival","https:\/\/www.instagram.com\/sombrafestival\/","https:\/\/www.youtube.com\/channel\/UCBdSJni9V30Tq4cGf4Lj0Ug?view_as=subscriber"]}]}},"_links":{"self":[{"href":"https:\/\/sombrafestival.com\/en\/wp-json\/wp\/v2\/pages\/6420","targetHints":{"allow":["GET"]}}],"collection":[{"href":"https:\/\/sombrafestival.com\/en\/wp-json\/wp\/v2\/pages"}],"about":[{"href":"https:\/\/sombrafestival.com\/en\/wp-json\/wp\/v2\/types\/page"}],"author":[{"embeddable":true,"href":"https:\/\/sombrafestival.com\/en\/wp-json\/wp\/v2\/users\/2"}],"replies":[{"embeddable":true,"href":"https:\/\/sombrafestival.com\/en\/wp-json\/wp\/v2\/comments?post=6420"}],"version-history":[{"count":1,"href":"https:\/\/sombrafestival.com\/en\/wp-json\/wp\/v2\/pages\/6420\/revisions"}],"predecessor-version":[{"id":6422,"href":"https:\/\/sombrafestival.com\/en\/wp-json\/wp\/v2\/pages\/6420\/revisions\/6422"}],"wp:featuredmedia":[{"embeddable":true,"href":"https:\/\/sombrafestival.com\/en\/wp-json\/wp\/v2\/media\/6421"}],"wp:attachment":[{"href":"https:\/\/sombrafestival.com\/en\/wp-json\/wp\/v2\/media?parent=6420"}],"curies":[{"name":"wp","href":"https:\/\/api.w.org\/{rel}","templated":true}]}}