{"id":6467,"date":"2024-02-11T22:14:49","date_gmt":"2024-02-11T21:14:49","guid":{"rendered":"https:\/\/sombrafestival.com\/?page_id=6467"},"modified":"2024-02-11T22:14:49","modified_gmt":"2024-02-11T21:14:49","slug":"jurado-cortometrajes-2024-jose-luis-aleman","status":"publish","type":"page","link":"https:\/\/sombrafestival.com\/en\/jurado-cortometrajes-2024-jose-luis-aleman\/","title":{"rendered":"Jurado Cortometrajes 2024 | Jos\u00e9 Luis Alem\u00e1n"},"content":{"rendered":"<h2>Jos\u00e9 Luis Alem\u00e1n<\/h2>\n<p>Ha sido Director, guionista y productor de pel\u00edculas ya convertidas en obras de culto como son \u201cLa Herencia Valdemar\u201d y su continuaci\u00f3n \u201cLa Sombra Prohibida\u201d. El reconocimiento internacional le llegar\u00eda m\u00e1s tarde, gracias al cortometraje \u201cHOTEL\u201d que fue galardonado con m\u00e1s de 80 premios por todo el mundo.<\/p>\n<p>Desde entonces ha incrementado su faceta de productor de documentales, como de jurado en los m\u00e1s importantes festivales europeos de g\u00e9nero, para, por \u00faltimo, centrarse en la creaci\u00f3n y producci\u00f3n de NOCTURNA \u201cFestival Internacional de cine Fant\u00e1stico de Madrid\u201d Que pese a llevar solo siete ediciones en marcha, se ha convertido por m\u00e9ritos propios en un referente mundial para los amantes del fant\u00e1stico.<\/p>\n<p>\u201cVESNA\u201d , su primera incursi\u00f3n en el g\u00e9nero literario, fue la ganadora del premio C\u00edrculo rojo a la mejor novela de terror 2020. Su segunda novela \u00bb LA JAULA ABIERTA \u00bb fue galardonada con el sello talento universo y distribuida por toda Latinoam\u00e9rica.<\/p>\n<p><img loading=\"lazy\" decoding=\"async\" class=\"size-large wp-image-6468 aligncenter\" src=\"https:\/\/sombrafestival.com\/wp-content\/uploads\/2024\/02\/jose-luis-aleman-1024x1024.jpg\" alt=\"\" width=\"696\" height=\"696\" srcset=\"https:\/\/sombrafestival.com\/wp-content\/uploads\/2024\/02\/jose-luis-aleman-1024x1024.jpg 1024w, https:\/\/sombrafestival.com\/wp-content\/uploads\/2024\/02\/jose-luis-aleman-300x300.jpg 300w, https:\/\/sombrafestival.com\/wp-content\/uploads\/2024\/02\/jose-luis-aleman-150x150.jpg 150w, https:\/\/sombrafestival.com\/wp-content\/uploads\/2024\/02\/jose-luis-aleman-768x768.jpg 768w, https:\/\/sombrafestival.com\/wp-content\/uploads\/2024\/02\/jose-luis-aleman-1536x1536.jpg 1536w, https:\/\/sombrafestival.com\/wp-content\/uploads\/2024\/02\/jose-luis-aleman-12x12.jpg 12w, https:\/\/sombrafestival.com\/wp-content\/uploads\/2024\/02\/jose-luis-aleman-696x696.jpg 696w, https:\/\/sombrafestival.com\/wp-content\/uploads\/2024\/02\/jose-luis-aleman-1068x1068.jpg 1068w, https:\/\/sombrafestival.com\/wp-content\/uploads\/2024\/02\/jose-luis-aleman-420x420.jpg 420w, https:\/\/sombrafestival.com\/wp-content\/uploads\/2024\/02\/jose-luis-aleman.jpg 1622w\" sizes=\"auto, (max-width: 696px) 100vw, 696px\" \/><\/p>","protected":false},"excerpt":{"rendered":"<p>Jos\u00e9 Luis Alem\u00e1n Ha sido Director, guionista y productor de pel\u00edculas ya convertidas en obras de culto como son \u201cLa Herencia Valdemar\u201d y su continuaci\u00f3n \u201cLa Sombra Prohibida\u201d. El reconocimiento internacional le llegar\u00eda m\u00e1s tarde, gracias al cortometraje \u201cHOTEL\u201d que fue galardonado con m\u00e1s de 80 premios por todo el mundo. Desde entonces ha incrementado [&hellip;]<\/p>","protected":false},"author":2,"featured_media":6468,"parent":0,"menu_order":0,"comment_status":"closed","ping_status":"closed","template":"","meta":{"footnotes":""},"class_list":["post-6467","page","type-page","status-publish","has-post-thumbnail"],"yoast_head":"<!-- This site is optimized with the Yoast SEO plugin v24.3 - https:\/\/yoast.com\/wordpress\/plugins\/seo\/ -->\n<title>Jurado Cortometrajes 2024 | Jos\u00e9 Luis Alem\u00e1n - Sombra Festival<\/title>\n<meta name=\"robots\" content=\"index, follow, max-snippet:-1, max-image-preview:large, max-video-preview:-1\" \/>\n<link rel=\"canonical\" href=\"https:\/\/sombrafestival.com\/en\/jurado-cortometrajes-2024-jose-luis-aleman\/\" \/>\n<meta property=\"og:locale\" content=\"en_GB\" \/>\n<meta property=\"og:type\" content=\"article\" \/>\n<meta property=\"og:title\" content=\"Jurado Cortometrajes 2024 | Jos\u00e9 Luis Alem\u00e1n - Sombra Festival\" \/>\n<meta property=\"og:description\" content=\"Jos\u00e9 Luis Alem\u00e1n Ha sido Director, guionista y productor de pel\u00edculas ya convertidas en obras de culto como son \u201cLa Herencia Valdemar\u201d y su continuaci\u00f3n \u201cLa Sombra Prohibida\u201d. El reconocimiento internacional le llegar\u00eda m\u00e1s tarde, gracias al cortometraje \u201cHOTEL\u201d que fue galardonado con m\u00e1s de 80 premios por todo el mundo. Desde entonces ha incrementado [&hellip;]\" \/>\n<meta property=\"og:url\" content=\"https:\/\/sombrafestival.com\/en\/jurado-cortometrajes-2024-jose-luis-aleman\/\" \/>\n<meta property=\"og:site_name\" content=\"Sombra Festival\" \/>\n<meta property=\"article:publisher\" content=\"https:\/\/www.facebook.com\/Sombra-Festival-De-CINE-Fantastico-Europeo-De-Murcia-175337032531429\/\" \/>\n<meta property=\"og:image\" content=\"https:\/\/sombrafestival.com\/wp-content\/uploads\/2024\/02\/jose-luis-aleman.jpg\" \/>\n\t<meta property=\"og:image:width\" content=\"1622\" \/>\n\t<meta property=\"og:image:height\" content=\"1622\" \/>\n\t<meta property=\"og:image:type\" content=\"image\/jpeg\" \/>\n<meta name=\"twitter:card\" content=\"summary_large_image\" \/>\n<meta name=\"twitter:site\" content=\"@SombraFestival\" \/>\n<meta name=\"twitter:label1\" content=\"Est. reading time\" \/>\n\t<meta name=\"twitter:data1\" content=\"1 minute\" \/>\n<script type=\"application\/ld+json\" class=\"yoast-schema-graph\">{\"@context\":\"https:\/\/schema.org\",\"@graph\":[{\"@type\":\"WebPage\",\"@id\":\"https:\/\/sombrafestival.com\/jurado-cortometrajes-2024-jose-luis-aleman\/\",\"url\":\"https:\/\/sombrafestival.com\/jurado-cortometrajes-2024-jose-luis-aleman\/\",\"name\":\"Jurado Cortometrajes 2024 | Jos\u00e9 Luis Alem\u00e1n - Sombra Festival\",\"isPartOf\":{\"@id\":\"https:\/\/sombrafestival.com\/en\/#website\"},\"primaryImageOfPage\":{\"@id\":\"https:\/\/sombrafestival.com\/jurado-cortometrajes-2024-jose-luis-aleman\/#primaryimage\"},\"image\":{\"@id\":\"https:\/\/sombrafestival.com\/jurado-cortometrajes-2024-jose-luis-aleman\/#primaryimage\"},\"thumbnailUrl\":\"https:\/\/sombrafestival.com\/wp-content\/uploads\/2024\/02\/jose-luis-aleman.jpg\",\"datePublished\":\"2024-02-11T21:14:49+00:00\",\"dateModified\":\"2024-02-11T21:14:49+00:00\",\"breadcrumb\":{\"@id\":\"https:\/\/sombrafestival.com\/jurado-cortometrajes-2024-jose-luis-aleman\/#breadcrumb\"},\"inLanguage\":\"en-GB\",\"potentialAction\":[{\"@type\":\"ReadAction\",\"target\":[\"https:\/\/sombrafestival.com\/jurado-cortometrajes-2024-jose-luis-aleman\/\"]}]},{\"@type\":\"ImageObject\",\"inLanguage\":\"en-GB\",\"@id\":\"https:\/\/sombrafestival.com\/jurado-cortometrajes-2024-jose-luis-aleman\/#primaryimage\",\"url\":\"https:\/\/sombrafestival.com\/wp-content\/uploads\/2024\/02\/jose-luis-aleman.jpg\",\"contentUrl\":\"https:\/\/sombrafestival.com\/wp-content\/uploads\/2024\/02\/jose-luis-aleman.jpg\",\"width\":1622,\"height\":1622},{\"@type\":\"BreadcrumbList\",\"@id\":\"https:\/\/sombrafestival.com\/jurado-cortometrajes-2024-jose-luis-aleman\/#breadcrumb\",\"itemListElement\":[{\"@type\":\"ListItem\",\"position\":1,\"name\":\"Portada\",\"item\":\"https:\/\/sombrafestival.com\/\"},{\"@type\":\"ListItem\",\"position\":2,\"name\":\"Jurado Cortometrajes 2024 | Jos\u00e9 Luis Alem\u00e1n\"}]},{\"@type\":\"WebSite\",\"@id\":\"https:\/\/sombrafestival.com\/en\/#website\",\"url\":\"https:\/\/sombrafestival.com\/en\/\",\"name\":\"Sombra Festival\",\"description\":\"XIII Festival de Cine Fant\u00e1stico Europeo de Murcia, 8-17 MARZO 2024\",\"publisher\":{\"@id\":\"https:\/\/sombrafestival.com\/en\/#organization\"},\"potentialAction\":[{\"@type\":\"SearchAction\",\"target\":{\"@type\":\"EntryPoint\",\"urlTemplate\":\"https:\/\/sombrafestival.com\/en\/?s={search_term_string}\"},\"query-input\":{\"@type\":\"PropertyValueSpecification\",\"valueRequired\":true,\"valueName\":\"search_term_string\"}}],\"inLanguage\":\"en-GB\"},{\"@type\":\"Organization\",\"@id\":\"https:\/\/sombrafestival.com\/en\/#organization\",\"name\":\"SOMBRA, IX FESTIVAL DE CINE FANTASTICO EUROPEO DE MURCIA\",\"url\":\"https:\/\/sombrafestival.com\/en\/\",\"logo\":{\"@type\":\"ImageObject\",\"inLanguage\":\"en-GB\",\"@id\":\"https:\/\/sombrafestival.com\/en\/#\/schema\/logo\/image\/\",\"url\":\"https:\/\/sombrafestival.com\/wp-content\/uploads\/2019\/10\/Sombra-LogoIdentificador-Negativo.jpg\",\"contentUrl\":\"https:\/\/sombrafestival.com\/wp-content\/uploads\/2019\/10\/Sombra-LogoIdentificador-Negativo.jpg\",\"width\":400,\"height\":400,\"caption\":\"SOMBRA, IX FESTIVAL DE CINE FANTASTICO EUROPEO DE MURCIA\"},\"image\":{\"@id\":\"https:\/\/sombrafestival.com\/en\/#\/schema\/logo\/image\/\"},\"sameAs\":[\"https:\/\/www.facebook.com\/Sombra-Festival-De-CINE-Fantastico-Europeo-De-Murcia-175337032531429\/\",\"https:\/\/x.com\/SombraFestival\",\"https:\/\/www.instagram.com\/sombrafestival\/\",\"https:\/\/www.youtube.com\/channel\/UCBdSJni9V30Tq4cGf4Lj0Ug?view_as=subscriber\"]}]}<\/script>\n<!-- \/ Yoast SEO plugin. -->","yoast_head_json":{"title":"Jurado Cortometrajes 2024 | Jos\u00e9 Luis Alem\u00e1n - Sombra Festival","robots":{"index":"index","follow":"follow","max-snippet":"max-snippet:-1","max-image-preview":"max-image-preview:large","max-video-preview":"max-video-preview:-1"},"canonical":"https:\/\/sombrafestival.com\/en\/jurado-cortometrajes-2024-jose-luis-aleman\/","og_locale":"en_GB","og_type":"article","og_title":"Jurado Cortometrajes 2024 | Jos\u00e9 Luis Alem\u00e1n - Sombra Festival","og_description":"Jos\u00e9 Luis Alem\u00e1n Ha sido Director, guionista y productor de pel\u00edculas ya convertidas en obras de culto como son \u201cLa Herencia Valdemar\u201d y su continuaci\u00f3n \u201cLa Sombra Prohibida\u201d. El reconocimiento internacional le llegar\u00eda m\u00e1s tarde, gracias al cortometraje \u201cHOTEL\u201d que fue galardonado con m\u00e1s de 80 premios por todo el mundo. Desde entonces ha incrementado [&hellip;]","og_url":"https:\/\/sombrafestival.com\/en\/jurado-cortometrajes-2024-jose-luis-aleman\/","og_site_name":"Sombra Festival","article_publisher":"https:\/\/www.facebook.com\/Sombra-Festival-De-CINE-Fantastico-Europeo-De-Murcia-175337032531429\/","og_image":[{"width":1622,"height":1622,"url":"https:\/\/sombrafestival.com\/wp-content\/uploads\/2024\/02\/jose-luis-aleman.jpg","type":"image\/jpeg"}],"twitter_card":"summary_large_image","twitter_site":"@SombraFestival","twitter_misc":{"Est. reading time":"1 minute"},"schema":{"@context":"https:\/\/schema.org","@graph":[{"@type":"WebPage","@id":"https:\/\/sombrafestival.com\/jurado-cortometrajes-2024-jose-luis-aleman\/","url":"https:\/\/sombrafestival.com\/jurado-cortometrajes-2024-jose-luis-aleman\/","name":"Jurado Cortometrajes 2024 | Jos\u00e9 Luis Alem\u00e1n - Sombra Festival","isPartOf":{"@id":"https:\/\/sombrafestival.com\/en\/#website"},"primaryImageOfPage":{"@id":"https:\/\/sombrafestival.com\/jurado-cortometrajes-2024-jose-luis-aleman\/#primaryimage"},"image":{"@id":"https:\/\/sombrafestival.com\/jurado-cortometrajes-2024-jose-luis-aleman\/#primaryimage"},"thumbnailUrl":"https:\/\/sombrafestival.com\/wp-content\/uploads\/2024\/02\/jose-luis-aleman.jpg","datePublished":"2024-02-11T21:14:49+00:00","dateModified":"2024-02-11T21:14:49+00:00","breadcrumb":{"@id":"https:\/\/sombrafestival.com\/jurado-cortometrajes-2024-jose-luis-aleman\/#breadcrumb"},"inLanguage":"en-GB","potentialAction":[{"@type":"ReadAction","target":["https:\/\/sombrafestival.com\/jurado-cortometrajes-2024-jose-luis-aleman\/"]}]},{"@type":"ImageObject","inLanguage":"en-GB","@id":"https:\/\/sombrafestival.com\/jurado-cortometrajes-2024-jose-luis-aleman\/#primaryimage","url":"https:\/\/sombrafestival.com\/wp-content\/uploads\/2024\/02\/jose-luis-aleman.jpg","contentUrl":"https:\/\/sombrafestival.com\/wp-content\/uploads\/2024\/02\/jose-luis-aleman.jpg","width":1622,"height":1622},{"@type":"BreadcrumbList","@id":"https:\/\/sombrafestival.com\/jurado-cortometrajes-2024-jose-luis-aleman\/#breadcrumb","itemListElement":[{"@type":"ListItem","position":1,"name":"Portada","item":"https:\/\/sombrafestival.com\/"},{"@type":"ListItem","position":2,"name":"Jurado Cortometrajes 2024 | Jos\u00e9 Luis Alem\u00e1n"}]},{"@type":"WebSite","@id":"https:\/\/sombrafestival.com\/en\/#website","url":"https:\/\/sombrafestival.com\/en\/","name":"Sombra Festival","description":"XIII Festival de Cine Fant\u00e1stico Europeo de Murcia, 8-17 MARZO 2024","publisher":{"@id":"https:\/\/sombrafestival.com\/en\/#organization"},"potentialAction":[{"@type":"SearchAction","target":{"@type":"EntryPoint","urlTemplate":"https:\/\/sombrafestival.com\/en\/?s={search_term_string}"},"query-input":{"@type":"PropertyValueSpecification","valueRequired":true,"valueName":"search_term_string"}}],"inLanguage":"en-GB"},{"@type":"Organization","@id":"https:\/\/sombrafestival.com\/en\/#organization","name":"SOMBRA, IX FESTIVAL DE CINE FANTASTICO EUROPEO DE MURCIA","url":"https:\/\/sombrafestival.com\/en\/","logo":{"@type":"ImageObject","inLanguage":"en-GB","@id":"https:\/\/sombrafestival.com\/en\/#\/schema\/logo\/image\/","url":"https:\/\/sombrafestival.com\/wp-content\/uploads\/2019\/10\/Sombra-LogoIdentificador-Negativo.jpg","contentUrl":"https:\/\/sombrafestival.com\/wp-content\/uploads\/2019\/10\/Sombra-LogoIdentificador-Negativo.jpg","width":400,"height":400,"caption":"SOMBRA, IX FESTIVAL DE CINE FANTASTICO EUROPEO DE MURCIA"},"image":{"@id":"https:\/\/sombrafestival.com\/en\/#\/schema\/logo\/image\/"},"sameAs":["https:\/\/www.facebook.com\/Sombra-Festival-De-CINE-Fantastico-Europeo-De-Murcia-175337032531429\/","https:\/\/x.com\/SombraFestival","https:\/\/www.instagram.com\/sombrafestival\/","https:\/\/www.youtube.com\/channel\/UCBdSJni9V30Tq4cGf4Lj0Ug?view_as=subscriber"]}]}},"_links":{"self":[{"href":"https:\/\/sombrafestival.com\/en\/wp-json\/wp\/v2\/pages\/6467","targetHints":{"allow":["GET"]}}],"collection":[{"href":"https:\/\/sombrafestival.com\/en\/wp-json\/wp\/v2\/pages"}],"about":[{"href":"https:\/\/sombrafestival.com\/en\/wp-json\/wp\/v2\/types\/page"}],"author":[{"embeddable":true,"href":"https:\/\/sombrafestival.com\/en\/wp-json\/wp\/v2\/users\/2"}],"replies":[{"embeddable":true,"href":"https:\/\/sombrafestival.com\/en\/wp-json\/wp\/v2\/comments?post=6467"}],"version-history":[{"count":1,"href":"https:\/\/sombrafestival.com\/en\/wp-json\/wp\/v2\/pages\/6467\/revisions"}],"predecessor-version":[{"id":6469,"href":"https:\/\/sombrafestival.com\/en\/wp-json\/wp\/v2\/pages\/6467\/revisions\/6469"}],"wp:featuredmedia":[{"embeddable":true,"href":"https:\/\/sombrafestival.com\/en\/wp-json\/wp\/v2\/media\/6468"}],"wp:attachment":[{"href":"https:\/\/sombrafestival.com\/en\/wp-json\/wp\/v2\/media?parent=6467"}],"curies":[{"name":"wp","href":"https:\/\/api.w.org\/{rel}","templated":true}]}}