{"id":6727,"date":"2025-02-03T22:27:17","date_gmt":"2025-02-03T21:27:17","guid":{"rendered":"https:\/\/sombrafestival.com\/?page_id=6727"},"modified":"2025-02-04T10:29:10","modified_gmt":"2025-02-04T09:29:10","slug":"tu-color-ciclo-anima-te","status":"publish","type":"page","link":"https:\/\/sombrafestival.com\/en\/largometrajes-2025\/tu-color-ciclo-anima-te\/","title":{"rendered":"Tu color | CICLO ANIMA\/TE"},"content":{"rendered":"<ul>\n<li><strong>Fecha:<\/strong> S\u00e1bado, 15 de marzo<\/li>\n<li><strong>Hora:<\/strong> 17:00<\/li>\n<li><strong>Lugar:<\/strong> Filmoteca Regional de Murcia (Sala A)<\/li>\n<li><strong>Idioma:<\/strong> VE<\/li>\n<\/ul>\n<p style=\"text-align: center;\"><a href=\"https:\/\/entradium.com\/events\/tu-color\"><span class=\"td_btn td_btn_lg td_default_btn\">COMPRAR ENTRADAS<\/span><\/a><\/p>\n<p><iframe loading=\"lazy\" title=\"Kimi no Iro | Your Colors Movie | Official Trailer\" width=\"696\" height=\"392\" src=\"https:\/\/www.youtube.com\/embed\/1Wx8wGWKe08?feature=oembed\" frameborder=\"0\" allow=\"accelerometer; autoplay; clipboard-write; encrypted-media; gyroscope; picture-in-picture; web-share\" referrerpolicy=\"strict-origin-when-cross-origin\" allowfullscreen><\/iframe><\/p>\n<h3>Sinopsis<\/h3>\n<p><span style=\"color: #ffffff;\">La estudiante sinest\u00e9sica Totsuko puede ver a los dem\u00e1s como colores. Kimi, alumna de matr\u00edcula de honor, ha dejado los estudios pero finge asistir por su abuela. Se re\u00fanen y deciden formar un grupo con Rui, que sue\u00f1a con componer con sintetizadores anal\u00f3gicos pero cuya madre espera que se convierta en m\u00e9dico. Juntos encuentran la libertad, la alegr\u00eda y el amor.<\/span><\/p>\n<p><img loading=\"lazy\" decoding=\"async\" class=\"size-large wp-image-6728 aligncenter\" src=\"https:\/\/sombrafestival.com\/wp-content\/uploads\/2025\/01\/kimi_no_iro-654560558-large-724x1024.jpg\" alt=\"\" width=\"696\" height=\"984\" srcset=\"https:\/\/sombrafestival.com\/wp-content\/uploads\/2025\/01\/kimi_no_iro-654560558-large-724x1024.jpg 724w, https:\/\/sombrafestival.com\/wp-content\/uploads\/2025\/01\/kimi_no_iro-654560558-large-212x300.jpg 212w, https:\/\/sombrafestival.com\/wp-content\/uploads\/2025\/01\/kimi_no_iro-654560558-large-768x1086.jpg 768w, https:\/\/sombrafestival.com\/wp-content\/uploads\/2025\/01\/kimi_no_iro-654560558-large-8x12.jpg 8w, https:\/\/sombrafestival.com\/wp-content\/uploads\/2025\/01\/kimi_no_iro-654560558-large-297x420.jpg 297w, https:\/\/sombrafestival.com\/wp-content\/uploads\/2025\/01\/kimi_no_iro-654560558-large-696x984.jpg 696w, https:\/\/sombrafestival.com\/wp-content\/uploads\/2025\/01\/kimi_no_iro-654560558-large.jpg 848w\" sizes=\"auto, (max-width: 696px) 100vw, 696px\" \/><\/p>\n<ul>\n<li><strong>T\u00edtulo original: <\/strong>Kimi no Iro<\/li>\n<li><strong>A\u00f1o: <\/strong>2024<\/li>\n<li><strong>Duraci\u00f3n: <\/strong>100 min.<\/li>\n<li><strong>Pa\u00eds: <\/strong>Jap\u00f3n<\/li>\n<li><strong>Direcci\u00f3n: <\/strong>Naoko Yamada<\/li>\n<li><strong>Guion: <\/strong>Reiko Yoshida<\/li>\n<li><strong>Reparto: <\/strong>Animaci\u00f3n<\/li>\n<li><strong>M\u00fasica: <\/strong>Kensuke Ushio<\/li>\n<li><strong>Fotograf\u00eda: <\/strong>Animaci\u00f3n<\/li>\n<li><strong>Compa\u00f1\u00edas: <\/strong>Science SARU<\/li>\n<li><strong>G\u00e9nero: <\/strong>Animaci\u00f3n. Drama | Adolescencia. Amistad<\/li>\n<\/ul>","protected":false},"excerpt":{"rendered":"<p>Fecha: S\u00e1bado, 15 de marzo Hora: 17:00 Lugar: Filmoteca Regional de Murcia (Sala A) Idioma: VE COMPRAR ENTRADAS Sinopsis La estudiante sinest\u00e9sica Totsuko puede ver a los dem\u00e1s como colores. Kimi, alumna de matr\u00edcula de honor, ha dejado los estudios pero finge asistir por su abuela. Se re\u00fanen y deciden formar un grupo con Rui, [&hellip;]<\/p>","protected":false},"author":2,"featured_media":6728,"parent":6838,"menu_order":0,"comment_status":"closed","ping_status":"closed","template":"","meta":{"footnotes":""},"class_list":["post-6727","page","type-page","status-publish","has-post-thumbnail"],"yoast_head":"<!-- This site is optimized with the Yoast SEO plugin v24.3 - https:\/\/yoast.com\/wordpress\/plugins\/seo\/ -->\n<title>Tu color | CICLO ANIMA\/TE - Sombra Festival<\/title>\n<meta name=\"robots\" content=\"index, follow, max-snippet:-1, max-image-preview:large, max-video-preview:-1\" \/>\n<link rel=\"canonical\" href=\"https:\/\/sombrafestival.com\/en\/largometrajes-2025\/tu-color-ciclo-anima-te\/\" \/>\n<meta property=\"og:locale\" content=\"en_GB\" \/>\n<meta property=\"og:type\" content=\"article\" \/>\n<meta property=\"og:title\" content=\"Tu color | CICLO ANIMA\/TE - Sombra Festival\" \/>\n<meta property=\"og:description\" content=\"Fecha: S\u00e1bado, 15 de marzo Hora: 17:00 Lugar: Filmoteca Regional de Murcia (Sala A) Idioma: VE COMPRAR ENTRADAS Sinopsis La estudiante sinest\u00e9sica Totsuko puede ver a los dem\u00e1s como colores. Kimi, alumna de matr\u00edcula de honor, ha dejado los estudios pero finge asistir por su abuela. Se re\u00fanen y deciden formar un grupo con Rui, [&hellip;]\" \/>\n<meta property=\"og:url\" content=\"https:\/\/sombrafestival.com\/en\/largometrajes-2025\/tu-color-ciclo-anima-te\/\" \/>\n<meta property=\"og:site_name\" content=\"Sombra Festival\" \/>\n<meta property=\"article:publisher\" content=\"https:\/\/www.facebook.com\/Sombra-Festival-De-CINE-Fantastico-Europeo-De-Murcia-175337032531429\/\" \/>\n<meta property=\"article:modified_time\" content=\"2025-02-04T09:29:10+00:00\" \/>\n<meta property=\"og:image\" content=\"https:\/\/sombrafestival.com\/wp-content\/uploads\/2025\/01\/kimi_no_iro-654560558-large.jpg\" \/>\n\t<meta property=\"og:image:width\" content=\"848\" \/>\n\t<meta property=\"og:image:height\" content=\"1199\" \/>\n\t<meta property=\"og:image:type\" content=\"image\/jpeg\" \/>\n<meta name=\"twitter:card\" content=\"summary_large_image\" \/>\n<meta name=\"twitter:site\" content=\"@SombraFestival\" \/>\n<meta name=\"twitter:label1\" content=\"Est. reading time\" \/>\n\t<meta name=\"twitter:data1\" content=\"1 minute\" \/>\n<script type=\"application\/ld+json\" class=\"yoast-schema-graph\">{\"@context\":\"https:\/\/schema.org\",\"@graph\":[{\"@type\":\"WebPage\",\"@id\":\"https:\/\/sombrafestival.com\/largometrajes-2025\/tu-color-ciclo-anima-te\/\",\"url\":\"https:\/\/sombrafestival.com\/largometrajes-2025\/tu-color-ciclo-anima-te\/\",\"name\":\"Tu color | CICLO ANIMA\/TE - Sombra Festival\",\"isPartOf\":{\"@id\":\"https:\/\/sombrafestival.com\/en\/#website\"},\"primaryImageOfPage\":{\"@id\":\"https:\/\/sombrafestival.com\/largometrajes-2025\/tu-color-ciclo-anima-te\/#primaryimage\"},\"image\":{\"@id\":\"https:\/\/sombrafestival.com\/largometrajes-2025\/tu-color-ciclo-anima-te\/#primaryimage\"},\"thumbnailUrl\":\"https:\/\/sombrafestival.com\/wp-content\/uploads\/2025\/01\/kimi_no_iro-654560558-large.jpg\",\"datePublished\":\"2025-02-03T21:27:17+00:00\",\"dateModified\":\"2025-02-04T09:29:10+00:00\",\"breadcrumb\":{\"@id\":\"https:\/\/sombrafestival.com\/largometrajes-2025\/tu-color-ciclo-anima-te\/#breadcrumb\"},\"inLanguage\":\"en-GB\",\"potentialAction\":[{\"@type\":\"ReadAction\",\"target\":[\"https:\/\/sombrafestival.com\/largometrajes-2025\/tu-color-ciclo-anima-te\/\"]}]},{\"@type\":\"ImageObject\",\"inLanguage\":\"en-GB\",\"@id\":\"https:\/\/sombrafestival.com\/largometrajes-2025\/tu-color-ciclo-anima-te\/#primaryimage\",\"url\":\"https:\/\/sombrafestival.com\/wp-content\/uploads\/2025\/01\/kimi_no_iro-654560558-large.jpg\",\"contentUrl\":\"https:\/\/sombrafestival.com\/wp-content\/uploads\/2025\/01\/kimi_no_iro-654560558-large.jpg\",\"width\":848,\"height\":1199},{\"@type\":\"BreadcrumbList\",\"@id\":\"https:\/\/sombrafestival.com\/largometrajes-2025\/tu-color-ciclo-anima-te\/#breadcrumb\",\"itemListElement\":[{\"@type\":\"ListItem\",\"position\":1,\"name\":\"Portada\",\"item\":\"https:\/\/sombrafestival.com\/\"},{\"@type\":\"ListItem\",\"position\":2,\"name\":\"Largometrajes 2025\",\"item\":\"https:\/\/sombrafestival.com\/largometrajes-2025\/\"},{\"@type\":\"ListItem\",\"position\":3,\"name\":\"Tu color | CICLO ANIMA\/TE\"}]},{\"@type\":\"WebSite\",\"@id\":\"https:\/\/sombrafestival.com\/en\/#website\",\"url\":\"https:\/\/sombrafestival.com\/en\/\",\"name\":\"Sombra Festival\",\"description\":\"XIII Festival de Cine Fant\u00e1stico Europeo de Murcia, 8-17 MARZO 2024\",\"publisher\":{\"@id\":\"https:\/\/sombrafestival.com\/en\/#organization\"},\"potentialAction\":[{\"@type\":\"SearchAction\",\"target\":{\"@type\":\"EntryPoint\",\"urlTemplate\":\"https:\/\/sombrafestival.com\/en\/?s={search_term_string}\"},\"query-input\":{\"@type\":\"PropertyValueSpecification\",\"valueRequired\":true,\"valueName\":\"search_term_string\"}}],\"inLanguage\":\"en-GB\"},{\"@type\":\"Organization\",\"@id\":\"https:\/\/sombrafestival.com\/en\/#organization\",\"name\":\"SOMBRA, IX FESTIVAL DE CINE FANTASTICO EUROPEO DE MURCIA\",\"url\":\"https:\/\/sombrafestival.com\/en\/\",\"logo\":{\"@type\":\"ImageObject\",\"inLanguage\":\"en-GB\",\"@id\":\"https:\/\/sombrafestival.com\/en\/#\/schema\/logo\/image\/\",\"url\":\"https:\/\/sombrafestival.com\/wp-content\/uploads\/2019\/10\/Sombra-LogoIdentificador-Negativo.jpg\",\"contentUrl\":\"https:\/\/sombrafestival.com\/wp-content\/uploads\/2019\/10\/Sombra-LogoIdentificador-Negativo.jpg\",\"width\":400,\"height\":400,\"caption\":\"SOMBRA, IX FESTIVAL DE CINE FANTASTICO EUROPEO DE MURCIA\"},\"image\":{\"@id\":\"https:\/\/sombrafestival.com\/en\/#\/schema\/logo\/image\/\"},\"sameAs\":[\"https:\/\/www.facebook.com\/Sombra-Festival-De-CINE-Fantastico-Europeo-De-Murcia-175337032531429\/\",\"https:\/\/x.com\/SombraFestival\",\"https:\/\/www.instagram.com\/sombrafestival\/\",\"https:\/\/www.youtube.com\/channel\/UCBdSJni9V30Tq4cGf4Lj0Ug?view_as=subscriber\"]}]}<\/script>\n<!-- \/ Yoast SEO plugin. -->","yoast_head_json":{"title":"Tu color | CICLO ANIMA\/TE - Sombra Festival","robots":{"index":"index","follow":"follow","max-snippet":"max-snippet:-1","max-image-preview":"max-image-preview:large","max-video-preview":"max-video-preview:-1"},"canonical":"https:\/\/sombrafestival.com\/en\/largometrajes-2025\/tu-color-ciclo-anima-te\/","og_locale":"en_GB","og_type":"article","og_title":"Tu color | CICLO ANIMA\/TE - Sombra Festival","og_description":"Fecha: S\u00e1bado, 15 de marzo Hora: 17:00 Lugar: Filmoteca Regional de Murcia (Sala A) Idioma: VE COMPRAR ENTRADAS Sinopsis La estudiante sinest\u00e9sica Totsuko puede ver a los dem\u00e1s como colores. Kimi, alumna de matr\u00edcula de honor, ha dejado los estudios pero finge asistir por su abuela. Se re\u00fanen y deciden formar un grupo con Rui, [&hellip;]","og_url":"https:\/\/sombrafestival.com\/en\/largometrajes-2025\/tu-color-ciclo-anima-te\/","og_site_name":"Sombra Festival","article_publisher":"https:\/\/www.facebook.com\/Sombra-Festival-De-CINE-Fantastico-Europeo-De-Murcia-175337032531429\/","article_modified_time":"2025-02-04T09:29:10+00:00","og_image":[{"width":848,"height":1199,"url":"https:\/\/sombrafestival.com\/wp-content\/uploads\/2025\/01\/kimi_no_iro-654560558-large.jpg","type":"image\/jpeg"}],"twitter_card":"summary_large_image","twitter_site":"@SombraFestival","twitter_misc":{"Est. reading time":"1 minute"},"schema":{"@context":"https:\/\/schema.org","@graph":[{"@type":"WebPage","@id":"https:\/\/sombrafestival.com\/largometrajes-2025\/tu-color-ciclo-anima-te\/","url":"https:\/\/sombrafestival.com\/largometrajes-2025\/tu-color-ciclo-anima-te\/","name":"Tu color | CICLO ANIMA\/TE - Sombra Festival","isPartOf":{"@id":"https:\/\/sombrafestival.com\/en\/#website"},"primaryImageOfPage":{"@id":"https:\/\/sombrafestival.com\/largometrajes-2025\/tu-color-ciclo-anima-te\/#primaryimage"},"image":{"@id":"https:\/\/sombrafestival.com\/largometrajes-2025\/tu-color-ciclo-anima-te\/#primaryimage"},"thumbnailUrl":"https:\/\/sombrafestival.com\/wp-content\/uploads\/2025\/01\/kimi_no_iro-654560558-large.jpg","datePublished":"2025-02-03T21:27:17+00:00","dateModified":"2025-02-04T09:29:10+00:00","breadcrumb":{"@id":"https:\/\/sombrafestival.com\/largometrajes-2025\/tu-color-ciclo-anima-te\/#breadcrumb"},"inLanguage":"en-GB","potentialAction":[{"@type":"ReadAction","target":["https:\/\/sombrafestival.com\/largometrajes-2025\/tu-color-ciclo-anima-te\/"]}]},{"@type":"ImageObject","inLanguage":"en-GB","@id":"https:\/\/sombrafestival.com\/largometrajes-2025\/tu-color-ciclo-anima-te\/#primaryimage","url":"https:\/\/sombrafestival.com\/wp-content\/uploads\/2025\/01\/kimi_no_iro-654560558-large.jpg","contentUrl":"https:\/\/sombrafestival.com\/wp-content\/uploads\/2025\/01\/kimi_no_iro-654560558-large.jpg","width":848,"height":1199},{"@type":"BreadcrumbList","@id":"https:\/\/sombrafestival.com\/largometrajes-2025\/tu-color-ciclo-anima-te\/#breadcrumb","itemListElement":[{"@type":"ListItem","position":1,"name":"Portada","item":"https:\/\/sombrafestival.com\/"},{"@type":"ListItem","position":2,"name":"Largometrajes 2025","item":"https:\/\/sombrafestival.com\/largometrajes-2025\/"},{"@type":"ListItem","position":3,"name":"Tu color | CICLO ANIMA\/TE"}]},{"@type":"WebSite","@id":"https:\/\/sombrafestival.com\/en\/#website","url":"https:\/\/sombrafestival.com\/en\/","name":"Sombra Festival","description":"XIII Festival de Cine Fant\u00e1stico Europeo de Murcia, 8-17 MARZO 2024","publisher":{"@id":"https:\/\/sombrafestival.com\/en\/#organization"},"potentialAction":[{"@type":"SearchAction","target":{"@type":"EntryPoint","urlTemplate":"https:\/\/sombrafestival.com\/en\/?s={search_term_string}"},"query-input":{"@type":"PropertyValueSpecification","valueRequired":true,"valueName":"search_term_string"}}],"inLanguage":"en-GB"},{"@type":"Organization","@id":"https:\/\/sombrafestival.com\/en\/#organization","name":"SOMBRA, IX FESTIVAL DE CINE FANTASTICO EUROPEO DE MURCIA","url":"https:\/\/sombrafestival.com\/en\/","logo":{"@type":"ImageObject","inLanguage":"en-GB","@id":"https:\/\/sombrafestival.com\/en\/#\/schema\/logo\/image\/","url":"https:\/\/sombrafestival.com\/wp-content\/uploads\/2019\/10\/Sombra-LogoIdentificador-Negativo.jpg","contentUrl":"https:\/\/sombrafestival.com\/wp-content\/uploads\/2019\/10\/Sombra-LogoIdentificador-Negativo.jpg","width":400,"height":400,"caption":"SOMBRA, IX FESTIVAL DE CINE FANTASTICO EUROPEO DE MURCIA"},"image":{"@id":"https:\/\/sombrafestival.com\/en\/#\/schema\/logo\/image\/"},"sameAs":["https:\/\/www.facebook.com\/Sombra-Festival-De-CINE-Fantastico-Europeo-De-Murcia-175337032531429\/","https:\/\/x.com\/SombraFestival","https:\/\/www.instagram.com\/sombrafestival\/","https:\/\/www.youtube.com\/channel\/UCBdSJni9V30Tq4cGf4Lj0Ug?view_as=subscriber"]}]}},"_links":{"self":[{"href":"https:\/\/sombrafestival.com\/en\/wp-json\/wp\/v2\/pages\/6727","targetHints":{"allow":["GET"]}}],"collection":[{"href":"https:\/\/sombrafestival.com\/en\/wp-json\/wp\/v2\/pages"}],"about":[{"href":"https:\/\/sombrafestival.com\/en\/wp-json\/wp\/v2\/types\/page"}],"author":[{"embeddable":true,"href":"https:\/\/sombrafestival.com\/en\/wp-json\/wp\/v2\/users\/2"}],"replies":[{"embeddable":true,"href":"https:\/\/sombrafestival.com\/en\/wp-json\/wp\/v2\/comments?post=6727"}],"version-history":[{"count":6,"href":"https:\/\/sombrafestival.com\/en\/wp-json\/wp\/v2\/pages\/6727\/revisions"}],"predecessor-version":[{"id":7289,"href":"https:\/\/sombrafestival.com\/en\/wp-json\/wp\/v2\/pages\/6727\/revisions\/7289"}],"up":[{"embeddable":true,"href":"https:\/\/sombrafestival.com\/en\/wp-json\/wp\/v2\/pages\/6838"}],"wp:featuredmedia":[{"embeddable":true,"href":"https:\/\/sombrafestival.com\/en\/wp-json\/wp\/v2\/media\/6728"}],"wp:attachment":[{"href":"https:\/\/sombrafestival.com\/en\/wp-json\/wp\/v2\/media?parent=6727"}],"curies":[{"name":"wp","href":"https:\/\/api.w.org\/{rel}","templated":true}]}}