{"id":6739,"date":"2025-02-03T22:45:38","date_gmt":"2025-02-03T21:45:38","guid":{"rendered":"https:\/\/sombrafestival.com\/?page_id=6739"},"modified":"2025-02-04T22:47:23","modified_gmt":"2025-02-04T21:47:23","slug":"frewaka-media-window","status":"publish","type":"page","link":"https:\/\/sombrafestival.com\/en\/largometrajes-2025\/frewaka-media-window\/","title":{"rendered":"Fr\u00e9waka | Media Window | Secci\u00f3n Oficial a Concurso"},"content":{"rendered":"<ul>\n<li><strong>Fecha:<\/strong> Domingo, 16 de marzo<\/li>\n<li><strong>Hora:<\/strong> 18:00<\/li>\n<li><strong>Lugar:<\/strong> Filmoteca Regional de Murcia (Sala A)<\/li>\n<li><strong>Idioma:<\/strong> VOSE<\/li>\n<\/ul>\n<p style=\"text-align: center;\"><a href=\"https:\/\/entradium.com\/events\/frewaka\"><span class=\"td_btn td_btn_lg td_default_btn\">COMPRA ENTRADAS<\/span><\/a><\/p>\n<h3>Sinopsis<\/h3>\n<p><span style=\"color: #ffffff;\">La historia de una estudiante de enfermer\u00eda de cuidados paliativos que est\u00e1 acosada por un trauma de su pasado que tiene un efecto desorientador en su presente: su relaci\u00f3n, su carrera y su capacidad para funcionar.<\/span><\/p>\n<p><img loading=\"lazy\" decoding=\"async\" class=\"size-full wp-image-6740 aligncenter\" src=\"https:\/\/sombrafestival.com\/wp-content\/uploads\/2025\/01\/frewaka-246019395-large.jpg\" alt=\"\" width=\"511\" height=\"720\" srcset=\"https:\/\/sombrafestival.com\/wp-content\/uploads\/2025\/01\/frewaka-246019395-large.jpg 511w, https:\/\/sombrafestival.com\/wp-content\/uploads\/2025\/01\/frewaka-246019395-large-213x300.jpg 213w, https:\/\/sombrafestival.com\/wp-content\/uploads\/2025\/01\/frewaka-246019395-large-9x12.jpg 9w, https:\/\/sombrafestival.com\/wp-content\/uploads\/2025\/01\/frewaka-246019395-large-298x420.jpg 298w\" sizes=\"auto, (max-width: 511px) 100vw, 511px\" \/><\/p>\n<ul>\n<li><strong>T\u00edtulo original: <\/strong>Fr\u00e9waka<\/li>\n<li><strong>A\u00f1o: <\/strong>2024<\/li>\n<li><strong>Duraci\u00f3n: <\/strong>103 min.<strong><br \/>\n<\/strong><\/li>\n<li><strong>Pa\u00eds: <\/strong>Irlanda<\/li>\n<li><strong>Direcci\u00f3n: <\/strong>Aislinn Clarke<\/li>\n<li><strong>Reparto:\u00a0<\/strong>Brid Ni Neachtain, Clare Monnelly, Aleksandra Bystrzhitskaya<\/li>\n<li><strong>M\u00fasica: <\/strong>Die Hexen<\/li>\n<li><strong>G\u00e9nero:<\/strong> Terror | Drama psicol\u00f3gico. Folk Horror<\/li>\n<\/ul>","protected":false},"excerpt":{"rendered":"<p>Fecha: Domingo, 16 de marzo Hora: 18:00 Lugar: Filmoteca Regional de Murcia (Sala A) Idioma: VOSE COMPRA ENTRADAS Sinopsis La historia de una estudiante de enfermer\u00eda de cuidados paliativos que est\u00e1 acosada por un trauma de su pasado que tiene un efecto desorientador en su presente: su relaci\u00f3n, su carrera y su capacidad para funcionar. [&hellip;]<\/p>","protected":false},"author":2,"featured_media":6740,"parent":6838,"menu_order":0,"comment_status":"closed","ping_status":"closed","template":"","meta":{"footnotes":""},"class_list":["post-6739","page","type-page","status-publish","has-post-thumbnail"],"yoast_head":"<!-- This site is optimized with the Yoast SEO plugin v24.3 - https:\/\/yoast.com\/wordpress\/plugins\/seo\/ -->\n<title>Fr\u00e9waka | Media Window | Secci\u00f3n Oficial a Concurso - Sombra Festival<\/title>\n<meta name=\"robots\" content=\"index, follow, max-snippet:-1, max-image-preview:large, max-video-preview:-1\" \/>\n<link rel=\"canonical\" href=\"https:\/\/sombrafestival.com\/en\/largometrajes-2025\/frewaka-media-window\/\" \/>\n<meta property=\"og:locale\" content=\"en_GB\" \/>\n<meta property=\"og:type\" content=\"article\" \/>\n<meta property=\"og:title\" content=\"Fr\u00e9waka | Media Window | Secci\u00f3n Oficial a Concurso - Sombra Festival\" \/>\n<meta property=\"og:description\" content=\"Fecha: Domingo, 16 de marzo Hora: 18:00 Lugar: Filmoteca Regional de Murcia (Sala A) Idioma: VOSE COMPRA ENTRADAS Sinopsis La historia de una estudiante de enfermer\u00eda de cuidados paliativos que est\u00e1 acosada por un trauma de su pasado que tiene un efecto desorientador en su presente: su relaci\u00f3n, su carrera y su capacidad para funcionar. [&hellip;]\" \/>\n<meta property=\"og:url\" content=\"https:\/\/sombrafestival.com\/en\/largometrajes-2025\/frewaka-media-window\/\" \/>\n<meta property=\"og:site_name\" content=\"Sombra Festival\" \/>\n<meta property=\"article:publisher\" content=\"https:\/\/www.facebook.com\/Sombra-Festival-De-CINE-Fantastico-Europeo-De-Murcia-175337032531429\/\" \/>\n<meta property=\"article:modified_time\" content=\"2025-02-04T21:47:23+00:00\" \/>\n<meta property=\"og:image\" content=\"https:\/\/sombrafestival.com\/wp-content\/uploads\/2025\/01\/frewaka-246019395-large.jpg\" \/>\n\t<meta property=\"og:image:width\" content=\"511\" \/>\n\t<meta property=\"og:image:height\" content=\"720\" \/>\n\t<meta property=\"og:image:type\" content=\"image\/jpeg\" \/>\n<meta name=\"twitter:card\" content=\"summary_large_image\" \/>\n<meta name=\"twitter:site\" content=\"@SombraFestival\" \/>\n<meta name=\"twitter:label1\" content=\"Est. reading time\" \/>\n\t<meta name=\"twitter:data1\" content=\"1 minute\" \/>\n<script type=\"application\/ld+json\" class=\"yoast-schema-graph\">{\"@context\":\"https:\/\/schema.org\",\"@graph\":[{\"@type\":\"WebPage\",\"@id\":\"https:\/\/sombrafestival.com\/largometrajes-2025\/frewaka-media-window\/\",\"url\":\"https:\/\/sombrafestival.com\/largometrajes-2025\/frewaka-media-window\/\",\"name\":\"Fr\u00e9waka | Media Window | Secci\u00f3n Oficial a Concurso - Sombra Festival\",\"isPartOf\":{\"@id\":\"https:\/\/sombrafestival.com\/en\/#website\"},\"primaryImageOfPage\":{\"@id\":\"https:\/\/sombrafestival.com\/largometrajes-2025\/frewaka-media-window\/#primaryimage\"},\"image\":{\"@id\":\"https:\/\/sombrafestival.com\/largometrajes-2025\/frewaka-media-window\/#primaryimage\"},\"thumbnailUrl\":\"https:\/\/sombrafestival.com\/wp-content\/uploads\/2025\/01\/frewaka-246019395-large.jpg\",\"datePublished\":\"2025-02-03T21:45:38+00:00\",\"dateModified\":\"2025-02-04T21:47:23+00:00\",\"breadcrumb\":{\"@id\":\"https:\/\/sombrafestival.com\/largometrajes-2025\/frewaka-media-window\/#breadcrumb\"},\"inLanguage\":\"en-GB\",\"potentialAction\":[{\"@type\":\"ReadAction\",\"target\":[\"https:\/\/sombrafestival.com\/largometrajes-2025\/frewaka-media-window\/\"]}]},{\"@type\":\"ImageObject\",\"inLanguage\":\"en-GB\",\"@id\":\"https:\/\/sombrafestival.com\/largometrajes-2025\/frewaka-media-window\/#primaryimage\",\"url\":\"https:\/\/sombrafestival.com\/wp-content\/uploads\/2025\/01\/frewaka-246019395-large.jpg\",\"contentUrl\":\"https:\/\/sombrafestival.com\/wp-content\/uploads\/2025\/01\/frewaka-246019395-large.jpg\",\"width\":511,\"height\":720},{\"@type\":\"BreadcrumbList\",\"@id\":\"https:\/\/sombrafestival.com\/largometrajes-2025\/frewaka-media-window\/#breadcrumb\",\"itemListElement\":[{\"@type\":\"ListItem\",\"position\":1,\"name\":\"Portada\",\"item\":\"https:\/\/sombrafestival.com\/\"},{\"@type\":\"ListItem\",\"position\":2,\"name\":\"Largometrajes 2025\",\"item\":\"https:\/\/sombrafestival.com\/largometrajes-2025\/\"},{\"@type\":\"ListItem\",\"position\":3,\"name\":\"Fr\u00e9waka | Media Window | Secci\u00f3n Oficial a Concurso\"}]},{\"@type\":\"WebSite\",\"@id\":\"https:\/\/sombrafestival.com\/en\/#website\",\"url\":\"https:\/\/sombrafestival.com\/en\/\",\"name\":\"Sombra Festival\",\"description\":\"XIII Festival de Cine Fant\u00e1stico Europeo de Murcia, 8-17 MARZO 2024\",\"publisher\":{\"@id\":\"https:\/\/sombrafestival.com\/en\/#organization\"},\"potentialAction\":[{\"@type\":\"SearchAction\",\"target\":{\"@type\":\"EntryPoint\",\"urlTemplate\":\"https:\/\/sombrafestival.com\/en\/?s={search_term_string}\"},\"query-input\":{\"@type\":\"PropertyValueSpecification\",\"valueRequired\":true,\"valueName\":\"search_term_string\"}}],\"inLanguage\":\"en-GB\"},{\"@type\":\"Organization\",\"@id\":\"https:\/\/sombrafestival.com\/en\/#organization\",\"name\":\"SOMBRA, IX FESTIVAL DE CINE FANTASTICO EUROPEO DE MURCIA\",\"url\":\"https:\/\/sombrafestival.com\/en\/\",\"logo\":{\"@type\":\"ImageObject\",\"inLanguage\":\"en-GB\",\"@id\":\"https:\/\/sombrafestival.com\/en\/#\/schema\/logo\/image\/\",\"url\":\"https:\/\/sombrafestival.com\/wp-content\/uploads\/2019\/10\/Sombra-LogoIdentificador-Negativo.jpg\",\"contentUrl\":\"https:\/\/sombrafestival.com\/wp-content\/uploads\/2019\/10\/Sombra-LogoIdentificador-Negativo.jpg\",\"width\":400,\"height\":400,\"caption\":\"SOMBRA, IX FESTIVAL DE CINE FANTASTICO EUROPEO DE MURCIA\"},\"image\":{\"@id\":\"https:\/\/sombrafestival.com\/en\/#\/schema\/logo\/image\/\"},\"sameAs\":[\"https:\/\/www.facebook.com\/Sombra-Festival-De-CINE-Fantastico-Europeo-De-Murcia-175337032531429\/\",\"https:\/\/x.com\/SombraFestival\",\"https:\/\/www.instagram.com\/sombrafestival\/\",\"https:\/\/www.youtube.com\/channel\/UCBdSJni9V30Tq4cGf4Lj0Ug?view_as=subscriber\"]}]}<\/script>\n<!-- \/ Yoast SEO plugin. -->","yoast_head_json":{"title":"Fr\u00e9waka | Media Window | Secci\u00f3n Oficial a Concurso - Sombra Festival","robots":{"index":"index","follow":"follow","max-snippet":"max-snippet:-1","max-image-preview":"max-image-preview:large","max-video-preview":"max-video-preview:-1"},"canonical":"https:\/\/sombrafestival.com\/en\/largometrajes-2025\/frewaka-media-window\/","og_locale":"en_GB","og_type":"article","og_title":"Fr\u00e9waka | Media Window | Secci\u00f3n Oficial a Concurso - Sombra Festival","og_description":"Fecha: Domingo, 16 de marzo Hora: 18:00 Lugar: Filmoteca Regional de Murcia (Sala A) Idioma: VOSE COMPRA ENTRADAS Sinopsis La historia de una estudiante de enfermer\u00eda de cuidados paliativos que est\u00e1 acosada por un trauma de su pasado que tiene un efecto desorientador en su presente: su relaci\u00f3n, su carrera y su capacidad para funcionar. [&hellip;]","og_url":"https:\/\/sombrafestival.com\/en\/largometrajes-2025\/frewaka-media-window\/","og_site_name":"Sombra Festival","article_publisher":"https:\/\/www.facebook.com\/Sombra-Festival-De-CINE-Fantastico-Europeo-De-Murcia-175337032531429\/","article_modified_time":"2025-02-04T21:47:23+00:00","og_image":[{"width":511,"height":720,"url":"https:\/\/sombrafestival.com\/wp-content\/uploads\/2025\/01\/frewaka-246019395-large.jpg","type":"image\/jpeg"}],"twitter_card":"summary_large_image","twitter_site":"@SombraFestival","twitter_misc":{"Est. reading time":"1 minute"},"schema":{"@context":"https:\/\/schema.org","@graph":[{"@type":"WebPage","@id":"https:\/\/sombrafestival.com\/largometrajes-2025\/frewaka-media-window\/","url":"https:\/\/sombrafestival.com\/largometrajes-2025\/frewaka-media-window\/","name":"Fr\u00e9waka | Media Window | Secci\u00f3n Oficial a Concurso - Sombra Festival","isPartOf":{"@id":"https:\/\/sombrafestival.com\/en\/#website"},"primaryImageOfPage":{"@id":"https:\/\/sombrafestival.com\/largometrajes-2025\/frewaka-media-window\/#primaryimage"},"image":{"@id":"https:\/\/sombrafestival.com\/largometrajes-2025\/frewaka-media-window\/#primaryimage"},"thumbnailUrl":"https:\/\/sombrafestival.com\/wp-content\/uploads\/2025\/01\/frewaka-246019395-large.jpg","datePublished":"2025-02-03T21:45:38+00:00","dateModified":"2025-02-04T21:47:23+00:00","breadcrumb":{"@id":"https:\/\/sombrafestival.com\/largometrajes-2025\/frewaka-media-window\/#breadcrumb"},"inLanguage":"en-GB","potentialAction":[{"@type":"ReadAction","target":["https:\/\/sombrafestival.com\/largometrajes-2025\/frewaka-media-window\/"]}]},{"@type":"ImageObject","inLanguage":"en-GB","@id":"https:\/\/sombrafestival.com\/largometrajes-2025\/frewaka-media-window\/#primaryimage","url":"https:\/\/sombrafestival.com\/wp-content\/uploads\/2025\/01\/frewaka-246019395-large.jpg","contentUrl":"https:\/\/sombrafestival.com\/wp-content\/uploads\/2025\/01\/frewaka-246019395-large.jpg","width":511,"height":720},{"@type":"BreadcrumbList","@id":"https:\/\/sombrafestival.com\/largometrajes-2025\/frewaka-media-window\/#breadcrumb","itemListElement":[{"@type":"ListItem","position":1,"name":"Portada","item":"https:\/\/sombrafestival.com\/"},{"@type":"ListItem","position":2,"name":"Largometrajes 2025","item":"https:\/\/sombrafestival.com\/largometrajes-2025\/"},{"@type":"ListItem","position":3,"name":"Fr\u00e9waka | Media Window | Secci\u00f3n Oficial a Concurso"}]},{"@type":"WebSite","@id":"https:\/\/sombrafestival.com\/en\/#website","url":"https:\/\/sombrafestival.com\/en\/","name":"Sombra Festival","description":"XIII Festival de Cine Fant\u00e1stico Europeo de Murcia, 8-17 MARZO 2024","publisher":{"@id":"https:\/\/sombrafestival.com\/en\/#organization"},"potentialAction":[{"@type":"SearchAction","target":{"@type":"EntryPoint","urlTemplate":"https:\/\/sombrafestival.com\/en\/?s={search_term_string}"},"query-input":{"@type":"PropertyValueSpecification","valueRequired":true,"valueName":"search_term_string"}}],"inLanguage":"en-GB"},{"@type":"Organization","@id":"https:\/\/sombrafestival.com\/en\/#organization","name":"SOMBRA, IX FESTIVAL DE CINE FANTASTICO EUROPEO DE MURCIA","url":"https:\/\/sombrafestival.com\/en\/","logo":{"@type":"ImageObject","inLanguage":"en-GB","@id":"https:\/\/sombrafestival.com\/en\/#\/schema\/logo\/image\/","url":"https:\/\/sombrafestival.com\/wp-content\/uploads\/2019\/10\/Sombra-LogoIdentificador-Negativo.jpg","contentUrl":"https:\/\/sombrafestival.com\/wp-content\/uploads\/2019\/10\/Sombra-LogoIdentificador-Negativo.jpg","width":400,"height":400,"caption":"SOMBRA, IX FESTIVAL DE CINE FANTASTICO EUROPEO DE MURCIA"},"image":{"@id":"https:\/\/sombrafestival.com\/en\/#\/schema\/logo\/image\/"},"sameAs":["https:\/\/www.facebook.com\/Sombra-Festival-De-CINE-Fantastico-Europeo-De-Murcia-175337032531429\/","https:\/\/x.com\/SombraFestival","https:\/\/www.instagram.com\/sombrafestival\/","https:\/\/www.youtube.com\/channel\/UCBdSJni9V30Tq4cGf4Lj0Ug?view_as=subscriber"]}]}},"_links":{"self":[{"href":"https:\/\/sombrafestival.com\/en\/wp-json\/wp\/v2\/pages\/6739","targetHints":{"allow":["GET"]}}],"collection":[{"href":"https:\/\/sombrafestival.com\/en\/wp-json\/wp\/v2\/pages"}],"about":[{"href":"https:\/\/sombrafestival.com\/en\/wp-json\/wp\/v2\/types\/page"}],"author":[{"embeddable":true,"href":"https:\/\/sombrafestival.com\/en\/wp-json\/wp\/v2\/users\/2"}],"replies":[{"embeddable":true,"href":"https:\/\/sombrafestival.com\/en\/wp-json\/wp\/v2\/comments?post=6739"}],"version-history":[{"count":5,"href":"https:\/\/sombrafestival.com\/en\/wp-json\/wp\/v2\/pages\/6739\/revisions"}],"predecessor-version":[{"id":7311,"href":"https:\/\/sombrafestival.com\/en\/wp-json\/wp\/v2\/pages\/6739\/revisions\/7311"}],"up":[{"embeddable":true,"href":"https:\/\/sombrafestival.com\/en\/wp-json\/wp\/v2\/pages\/6838"}],"wp:featuredmedia":[{"embeddable":true,"href":"https:\/\/sombrafestival.com\/en\/wp-json\/wp\/v2\/media\/6740"}],"wp:attachment":[{"href":"https:\/\/sombrafestival.com\/en\/wp-json\/wp\/v2\/media?parent=6739"}],"curies":[{"name":"wp","href":"https:\/\/api.w.org\/{rel}","templated":true}]}}