{"id":6748,"date":"2025-02-03T22:58:18","date_gmt":"2025-02-03T21:58:18","guid":{"rendered":"https:\/\/sombrafestival.com\/?page_id=6748"},"modified":"2025-02-04T10:08:04","modified_gmt":"2025-02-04T09:08:04","slug":"spermageddon-seccion-oficial-a-concurso","status":"publish","type":"page","link":"https:\/\/sombrafestival.com\/en\/largometrajes-2025\/spermageddon-seccion-oficial-a-concurso\/","title":{"rendered":"Spermageddon | Secci\u00f3n Oficial a Concurso"},"content":{"rendered":"<ul>\n<li><strong>Fecha:<\/strong> Mi\u00e9rcoles, 19 de marzo<\/li>\n<li><strong>Hora:<\/strong> 20:00<\/li>\n<li><strong>Lugar:<\/strong> Filmoteca Regional de Murcia (Sala A)<\/li>\n<li><strong>Idioma:<\/strong> VOSE<\/li>\n<\/ul>\n<p style=\"text-align: center;\"><a href=\"https:\/\/entradium.com\/events\/spermageddon\"><span class=\"td_btn td_btn_lg td_default_btn\">COMPRAR ENTRADAS<\/span><\/a><\/p>\n<p><iframe loading=\"lazy\" title=\"Spermageddon \u2013 Teaser Trailer\" width=\"696\" height=\"392\" src=\"https:\/\/www.youtube.com\/embed\/PxwaaZT3s3g?feature=oembed\" frameborder=\"0\" allow=\"accelerometer; autoplay; clipboard-write; encrypted-media; gyroscope; picture-in-picture; web-share\" referrerpolicy=\"strict-origin-when-cross-origin\" allowfullscreen><\/iframe><\/p>\n<h3>Sinopsis<\/h3>\n<p><span style=\"color: #ffffff;\">Los adolescentes Jens y Lisa est\u00e1n a punto de experimentar su primera relaci\u00f3n sexual. Dentro del cuerpo de Jens, el Spermageddon se acerca, un evento para el que el espermatozoide Simon el Semen y sus amigos han estado prepar\u00e1ndose duramente. En esta carrera donde solo puede ganar uno, deber\u00e1n sortear todo tipo de obst\u00e1culos inesperados que les har\u00e1n la vida imposible.<\/span><\/p>\n<p><img loading=\"lazy\" decoding=\"async\" class=\"size-large wp-image-6749 aligncenter\" src=\"https:\/\/sombrafestival.com\/wp-content\/uploads\/2025\/01\/spermageddon-809481422-large-683x1024.jpg\" alt=\"\" width=\"683\" height=\"1024\" srcset=\"https:\/\/sombrafestival.com\/wp-content\/uploads\/2025\/01\/spermageddon-809481422-large-683x1024.jpg 683w, https:\/\/sombrafestival.com\/wp-content\/uploads\/2025\/01\/spermageddon-809481422-large-200x300.jpg 200w, https:\/\/sombrafestival.com\/wp-content\/uploads\/2025\/01\/spermageddon-809481422-large-768x1152.jpg 768w, https:\/\/sombrafestival.com\/wp-content\/uploads\/2025\/01\/spermageddon-809481422-large-8x12.jpg 8w, https:\/\/sombrafestival.com\/wp-content\/uploads\/2025\/01\/spermageddon-809481422-large-280x420.jpg 280w, https:\/\/sombrafestival.com\/wp-content\/uploads\/2025\/01\/spermageddon-809481422-large-696x1044.jpg 696w, https:\/\/sombrafestival.com\/wp-content\/uploads\/2025\/01\/spermageddon-809481422-large.jpg 800w\" sizes=\"auto, (max-width: 683px) 100vw, 683px\" \/><\/p>\n<ul>\n<li><strong>T\u00edtulo original: <\/strong>Spermageddon<\/li>\n<li><strong>A\u00f1o: <\/strong>2024<\/li>\n<li><strong>Duraci\u00f3n: <\/strong>90 min.<strong><br \/>\n<\/strong><\/li>\n<li><strong>Pa\u00eds: <\/strong>Noruega<\/li>\n<li><strong>Direcci\u00f3n: <\/strong>Rasmus A. Sivertsen, Tommy Wirkola<\/li>\n<li><strong>Guion: <\/strong>Vegar Hoel, Jesper Sundnes, Tommy Wirkola<\/li>\n<li><strong>Reparto: <\/strong>Animaci\u00f3n<\/li>\n<li><strong>M\u00fasica: <\/strong>Christian Wibe<\/li>\n<li><strong>Fotograf\u00eda: <\/strong>Animaci\u00f3n<\/li>\n<li><strong>Compa\u00f1\u00edas: <\/strong>74 Entertainment, Qvisten Animation. Distribuidora: Exponenta, Youplanet Pictures<\/li>\n<li><strong>G\u00e9nero: <\/strong>Animaci\u00f3n. Musical. Comedia | Animaci\u00f3n para adultos. Sexualidad y pornograf\u00eda. Adolescencia<\/li>\n<\/ul>","protected":false},"excerpt":{"rendered":"<p>Fecha: Mi\u00e9rcoles, 19 de marzo Hora: 20:00 Lugar: Filmoteca Regional de Murcia (Sala A) Idioma: VOSE COMPRAR ENTRADAS Sinopsis Los adolescentes Jens y Lisa est\u00e1n a punto de experimentar su primera relaci\u00f3n sexual. Dentro del cuerpo de Jens, el Spermageddon se acerca, un evento para el que el espermatozoide Simon el Semen y sus amigos [&hellip;]<\/p>","protected":false},"author":2,"featured_media":6749,"parent":6838,"menu_order":0,"comment_status":"closed","ping_status":"closed","template":"","meta":{"footnotes":""},"class_list":["post-6748","page","type-page","status-publish","has-post-thumbnail"],"yoast_head":"<!-- This site is optimized with the Yoast SEO plugin v24.3 - https:\/\/yoast.com\/wordpress\/plugins\/seo\/ -->\n<title>Spermageddon | Secci\u00f3n Oficial a Concurso - Sombra Festival<\/title>\n<meta name=\"robots\" content=\"index, follow, max-snippet:-1, max-image-preview:large, max-video-preview:-1\" \/>\n<link rel=\"canonical\" href=\"https:\/\/sombrafestival.com\/en\/largometrajes-2025\/spermageddon-seccion-oficial-a-concurso\/\" \/>\n<meta property=\"og:locale\" content=\"en_GB\" \/>\n<meta property=\"og:type\" content=\"article\" \/>\n<meta property=\"og:title\" content=\"Spermageddon | Secci\u00f3n Oficial a Concurso - Sombra Festival\" \/>\n<meta property=\"og:description\" content=\"Fecha: Mi\u00e9rcoles, 19 de marzo Hora: 20:00 Lugar: Filmoteca Regional de Murcia (Sala A) Idioma: VOSE COMPRAR ENTRADAS Sinopsis Los adolescentes Jens y Lisa est\u00e1n a punto de experimentar su primera relaci\u00f3n sexual. Dentro del cuerpo de Jens, el Spermageddon se acerca, un evento para el que el espermatozoide Simon el Semen y sus amigos [&hellip;]\" \/>\n<meta property=\"og:url\" content=\"https:\/\/sombrafestival.com\/en\/largometrajes-2025\/spermageddon-seccion-oficial-a-concurso\/\" \/>\n<meta property=\"og:site_name\" content=\"Sombra Festival\" \/>\n<meta property=\"article:publisher\" content=\"https:\/\/www.facebook.com\/Sombra-Festival-De-CINE-Fantastico-Europeo-De-Murcia-175337032531429\/\" \/>\n<meta property=\"article:modified_time\" content=\"2025-02-04T09:08:04+00:00\" \/>\n<meta property=\"og:image\" content=\"https:\/\/sombrafestival.com\/wp-content\/uploads\/2025\/01\/spermageddon-809481422-large.jpg\" \/>\n\t<meta property=\"og:image:width\" content=\"800\" \/>\n\t<meta property=\"og:image:height\" content=\"1200\" \/>\n\t<meta property=\"og:image:type\" content=\"image\/jpeg\" \/>\n<meta name=\"twitter:card\" content=\"summary_large_image\" \/>\n<meta name=\"twitter:site\" content=\"@SombraFestival\" \/>\n<meta name=\"twitter:label1\" content=\"Est. reading time\" \/>\n\t<meta name=\"twitter:data1\" content=\"2 minutes\" \/>\n<script type=\"application\/ld+json\" class=\"yoast-schema-graph\">{\"@context\":\"https:\/\/schema.org\",\"@graph\":[{\"@type\":\"WebPage\",\"@id\":\"https:\/\/sombrafestival.com\/largometrajes-2025\/spermageddon-seccion-oficial-a-concurso\/\",\"url\":\"https:\/\/sombrafestival.com\/largometrajes-2025\/spermageddon-seccion-oficial-a-concurso\/\",\"name\":\"Spermageddon | Secci\u00f3n Oficial a Concurso - Sombra Festival\",\"isPartOf\":{\"@id\":\"https:\/\/sombrafestival.com\/en\/#website\"},\"primaryImageOfPage\":{\"@id\":\"https:\/\/sombrafestival.com\/largometrajes-2025\/spermageddon-seccion-oficial-a-concurso\/#primaryimage\"},\"image\":{\"@id\":\"https:\/\/sombrafestival.com\/largometrajes-2025\/spermageddon-seccion-oficial-a-concurso\/#primaryimage\"},\"thumbnailUrl\":\"https:\/\/sombrafestival.com\/wp-content\/uploads\/2025\/01\/spermageddon-809481422-large.jpg\",\"datePublished\":\"2025-02-03T21:58:18+00:00\",\"dateModified\":\"2025-02-04T09:08:04+00:00\",\"breadcrumb\":{\"@id\":\"https:\/\/sombrafestival.com\/largometrajes-2025\/spermageddon-seccion-oficial-a-concurso\/#breadcrumb\"},\"inLanguage\":\"en-GB\",\"potentialAction\":[{\"@type\":\"ReadAction\",\"target\":[\"https:\/\/sombrafestival.com\/largometrajes-2025\/spermageddon-seccion-oficial-a-concurso\/\"]}]},{\"@type\":\"ImageObject\",\"inLanguage\":\"en-GB\",\"@id\":\"https:\/\/sombrafestival.com\/largometrajes-2025\/spermageddon-seccion-oficial-a-concurso\/#primaryimage\",\"url\":\"https:\/\/sombrafestival.com\/wp-content\/uploads\/2025\/01\/spermageddon-809481422-large.jpg\",\"contentUrl\":\"https:\/\/sombrafestival.com\/wp-content\/uploads\/2025\/01\/spermageddon-809481422-large.jpg\",\"width\":800,\"height\":1200},{\"@type\":\"BreadcrumbList\",\"@id\":\"https:\/\/sombrafestival.com\/largometrajes-2025\/spermageddon-seccion-oficial-a-concurso\/#breadcrumb\",\"itemListElement\":[{\"@type\":\"ListItem\",\"position\":1,\"name\":\"Portada\",\"item\":\"https:\/\/sombrafestival.com\/\"},{\"@type\":\"ListItem\",\"position\":2,\"name\":\"Largometrajes 2025\",\"item\":\"https:\/\/sombrafestival.com\/largometrajes-2025\/\"},{\"@type\":\"ListItem\",\"position\":3,\"name\":\"Spermageddon | Secci\u00f3n Oficial a Concurso\"}]},{\"@type\":\"WebSite\",\"@id\":\"https:\/\/sombrafestival.com\/en\/#website\",\"url\":\"https:\/\/sombrafestival.com\/en\/\",\"name\":\"Sombra Festival\",\"description\":\"XIII Festival de Cine Fant\u00e1stico Europeo de Murcia, 8-17 MARZO 2024\",\"publisher\":{\"@id\":\"https:\/\/sombrafestival.com\/en\/#organization\"},\"potentialAction\":[{\"@type\":\"SearchAction\",\"target\":{\"@type\":\"EntryPoint\",\"urlTemplate\":\"https:\/\/sombrafestival.com\/en\/?s={search_term_string}\"},\"query-input\":{\"@type\":\"PropertyValueSpecification\",\"valueRequired\":true,\"valueName\":\"search_term_string\"}}],\"inLanguage\":\"en-GB\"},{\"@type\":\"Organization\",\"@id\":\"https:\/\/sombrafestival.com\/en\/#organization\",\"name\":\"SOMBRA, IX FESTIVAL DE CINE FANTASTICO EUROPEO DE MURCIA\",\"url\":\"https:\/\/sombrafestival.com\/en\/\",\"logo\":{\"@type\":\"ImageObject\",\"inLanguage\":\"en-GB\",\"@id\":\"https:\/\/sombrafestival.com\/en\/#\/schema\/logo\/image\/\",\"url\":\"https:\/\/sombrafestival.com\/wp-content\/uploads\/2019\/10\/Sombra-LogoIdentificador-Negativo.jpg\",\"contentUrl\":\"https:\/\/sombrafestival.com\/wp-content\/uploads\/2019\/10\/Sombra-LogoIdentificador-Negativo.jpg\",\"width\":400,\"height\":400,\"caption\":\"SOMBRA, IX FESTIVAL DE CINE FANTASTICO EUROPEO DE MURCIA\"},\"image\":{\"@id\":\"https:\/\/sombrafestival.com\/en\/#\/schema\/logo\/image\/\"},\"sameAs\":[\"https:\/\/www.facebook.com\/Sombra-Festival-De-CINE-Fantastico-Europeo-De-Murcia-175337032531429\/\",\"https:\/\/x.com\/SombraFestival\",\"https:\/\/www.instagram.com\/sombrafestival\/\",\"https:\/\/www.youtube.com\/channel\/UCBdSJni9V30Tq4cGf4Lj0Ug?view_as=subscriber\"]}]}<\/script>\n<!-- \/ Yoast SEO plugin. -->","yoast_head_json":{"title":"Spermageddon | Secci\u00f3n Oficial a Concurso - Sombra Festival","robots":{"index":"index","follow":"follow","max-snippet":"max-snippet:-1","max-image-preview":"max-image-preview:large","max-video-preview":"max-video-preview:-1"},"canonical":"https:\/\/sombrafestival.com\/en\/largometrajes-2025\/spermageddon-seccion-oficial-a-concurso\/","og_locale":"en_GB","og_type":"article","og_title":"Spermageddon | Secci\u00f3n Oficial a Concurso - Sombra Festival","og_description":"Fecha: Mi\u00e9rcoles, 19 de marzo Hora: 20:00 Lugar: Filmoteca Regional de Murcia (Sala A) Idioma: VOSE COMPRAR ENTRADAS Sinopsis Los adolescentes Jens y Lisa est\u00e1n a punto de experimentar su primera relaci\u00f3n sexual. Dentro del cuerpo de Jens, el Spermageddon se acerca, un evento para el que el espermatozoide Simon el Semen y sus amigos [&hellip;]","og_url":"https:\/\/sombrafestival.com\/en\/largometrajes-2025\/spermageddon-seccion-oficial-a-concurso\/","og_site_name":"Sombra Festival","article_publisher":"https:\/\/www.facebook.com\/Sombra-Festival-De-CINE-Fantastico-Europeo-De-Murcia-175337032531429\/","article_modified_time":"2025-02-04T09:08:04+00:00","og_image":[{"width":800,"height":1200,"url":"https:\/\/sombrafestival.com\/wp-content\/uploads\/2025\/01\/spermageddon-809481422-large.jpg","type":"image\/jpeg"}],"twitter_card":"summary_large_image","twitter_site":"@SombraFestival","twitter_misc":{"Est. reading time":"2 minutes"},"schema":{"@context":"https:\/\/schema.org","@graph":[{"@type":"WebPage","@id":"https:\/\/sombrafestival.com\/largometrajes-2025\/spermageddon-seccion-oficial-a-concurso\/","url":"https:\/\/sombrafestival.com\/largometrajes-2025\/spermageddon-seccion-oficial-a-concurso\/","name":"Spermageddon | Secci\u00f3n Oficial a Concurso - Sombra Festival","isPartOf":{"@id":"https:\/\/sombrafestival.com\/en\/#website"},"primaryImageOfPage":{"@id":"https:\/\/sombrafestival.com\/largometrajes-2025\/spermageddon-seccion-oficial-a-concurso\/#primaryimage"},"image":{"@id":"https:\/\/sombrafestival.com\/largometrajes-2025\/spermageddon-seccion-oficial-a-concurso\/#primaryimage"},"thumbnailUrl":"https:\/\/sombrafestival.com\/wp-content\/uploads\/2025\/01\/spermageddon-809481422-large.jpg","datePublished":"2025-02-03T21:58:18+00:00","dateModified":"2025-02-04T09:08:04+00:00","breadcrumb":{"@id":"https:\/\/sombrafestival.com\/largometrajes-2025\/spermageddon-seccion-oficial-a-concurso\/#breadcrumb"},"inLanguage":"en-GB","potentialAction":[{"@type":"ReadAction","target":["https:\/\/sombrafestival.com\/largometrajes-2025\/spermageddon-seccion-oficial-a-concurso\/"]}]},{"@type":"ImageObject","inLanguage":"en-GB","@id":"https:\/\/sombrafestival.com\/largometrajes-2025\/spermageddon-seccion-oficial-a-concurso\/#primaryimage","url":"https:\/\/sombrafestival.com\/wp-content\/uploads\/2025\/01\/spermageddon-809481422-large.jpg","contentUrl":"https:\/\/sombrafestival.com\/wp-content\/uploads\/2025\/01\/spermageddon-809481422-large.jpg","width":800,"height":1200},{"@type":"BreadcrumbList","@id":"https:\/\/sombrafestival.com\/largometrajes-2025\/spermageddon-seccion-oficial-a-concurso\/#breadcrumb","itemListElement":[{"@type":"ListItem","position":1,"name":"Portada","item":"https:\/\/sombrafestival.com\/"},{"@type":"ListItem","position":2,"name":"Largometrajes 2025","item":"https:\/\/sombrafestival.com\/largometrajes-2025\/"},{"@type":"ListItem","position":3,"name":"Spermageddon | Secci\u00f3n Oficial a Concurso"}]},{"@type":"WebSite","@id":"https:\/\/sombrafestival.com\/en\/#website","url":"https:\/\/sombrafestival.com\/en\/","name":"Sombra Festival","description":"XIII Festival de Cine Fant\u00e1stico Europeo de Murcia, 8-17 MARZO 2024","publisher":{"@id":"https:\/\/sombrafestival.com\/en\/#organization"},"potentialAction":[{"@type":"SearchAction","target":{"@type":"EntryPoint","urlTemplate":"https:\/\/sombrafestival.com\/en\/?s={search_term_string}"},"query-input":{"@type":"PropertyValueSpecification","valueRequired":true,"valueName":"search_term_string"}}],"inLanguage":"en-GB"},{"@type":"Organization","@id":"https:\/\/sombrafestival.com\/en\/#organization","name":"SOMBRA, IX FESTIVAL DE CINE FANTASTICO EUROPEO DE MURCIA","url":"https:\/\/sombrafestival.com\/en\/","logo":{"@type":"ImageObject","inLanguage":"en-GB","@id":"https:\/\/sombrafestival.com\/en\/#\/schema\/logo\/image\/","url":"https:\/\/sombrafestival.com\/wp-content\/uploads\/2019\/10\/Sombra-LogoIdentificador-Negativo.jpg","contentUrl":"https:\/\/sombrafestival.com\/wp-content\/uploads\/2019\/10\/Sombra-LogoIdentificador-Negativo.jpg","width":400,"height":400,"caption":"SOMBRA, IX FESTIVAL DE CINE FANTASTICO EUROPEO DE MURCIA"},"image":{"@id":"https:\/\/sombrafestival.com\/en\/#\/schema\/logo\/image\/"},"sameAs":["https:\/\/www.facebook.com\/Sombra-Festival-De-CINE-Fantastico-Europeo-De-Murcia-175337032531429\/","https:\/\/x.com\/SombraFestival","https:\/\/www.instagram.com\/sombrafestival\/","https:\/\/www.youtube.com\/channel\/UCBdSJni9V30Tq4cGf4Lj0Ug?view_as=subscriber"]}]}},"_links":{"self":[{"href":"https:\/\/sombrafestival.com\/en\/wp-json\/wp\/v2\/pages\/6748","targetHints":{"allow":["GET"]}}],"collection":[{"href":"https:\/\/sombrafestival.com\/en\/wp-json\/wp\/v2\/pages"}],"about":[{"href":"https:\/\/sombrafestival.com\/en\/wp-json\/wp\/v2\/types\/page"}],"author":[{"embeddable":true,"href":"https:\/\/sombrafestival.com\/en\/wp-json\/wp\/v2\/users\/2"}],"replies":[{"embeddable":true,"href":"https:\/\/sombrafestival.com\/en\/wp-json\/wp\/v2\/comments?post=6748"}],"version-history":[{"count":5,"href":"https:\/\/sombrafestival.com\/en\/wp-json\/wp\/v2\/pages\/6748\/revisions"}],"predecessor-version":[{"id":7245,"href":"https:\/\/sombrafestival.com\/en\/wp-json\/wp\/v2\/pages\/6748\/revisions\/7245"}],"up":[{"embeddable":true,"href":"https:\/\/sombrafestival.com\/en\/wp-json\/wp\/v2\/pages\/6838"}],"wp:featuredmedia":[{"embeddable":true,"href":"https:\/\/sombrafestival.com\/en\/wp-json\/wp\/v2\/media\/6749"}],"wp:attachment":[{"href":"https:\/\/sombrafestival.com\/en\/wp-json\/wp\/v2\/media?parent=6748"}],"curies":[{"name":"wp","href":"https:\/\/api.w.org\/{rel}","templated":true}]}}