{"id":6775,"date":"2025-02-03T22:52:59","date_gmt":"2025-02-03T21:52:59","guid":{"rendered":"https:\/\/sombrafestival.com\/?page_id=6775"},"modified":"2025-02-04T10:10:39","modified_gmt":"2025-02-04T09:10:39","slug":"mulholland-drive-homenaje-postumo-a-david-lynch","status":"publish","type":"page","link":"https:\/\/sombrafestival.com\/en\/largometrajes-2025\/mulholland-drive-homenaje-postumo-a-david-lynch\/","title":{"rendered":"Mulholland Drive | Homenaje p\u00f3stumo a David Lynch"},"content":{"rendered":"<ul>\n<li><strong>Fecha:<\/strong> Martes, 18 de marzo<\/li>\n<li><strong>Hora:<\/strong> 18:30<\/li>\n<li><strong>Lugar:<\/strong> Fundaci\u00f3n Mediterr\u00e1neo<\/li>\n<li><strong>Idioma:<\/strong> VOSE<\/li>\n<\/ul>\n<p style=\"text-align: center;\"><a href=\"https:\/\/entradium.com\/events\/mulholland-drive\"><span class=\"td_btn td_btn_lg td_default_btn\">COMPRAR ENTRADAS<\/span><\/a><\/p>\n<p><iframe loading=\"lazy\" title=\"MULHOLLAND DRIVE - Tr\u00e1iler Espa\u00f1ol\" width=\"696\" height=\"392\" src=\"https:\/\/www.youtube.com\/embed\/iDSsG6bephI?feature=oembed\" frameborder=\"0\" allow=\"accelerometer; autoplay; clipboard-write; encrypted-media; gyroscope; picture-in-picture; web-share\" referrerpolicy=\"strict-origin-when-cross-origin\" allowfullscreen><\/iframe><\/p>\n<h3>Sinopsis<\/h3>\n<p><span style=\"color: #ffffff;\">Betty Elms (Naomi Watts), una joven aspirante a actriz, llega a Los \u00c1ngeles para convertirse en estrella de cine y se aloja en el apartamento de su t\u00eda. All\u00ed conoce a la enigm\u00e1tica Rita (Laura Harring), una mujer que padece amnesia a causa de un accidente sufrido en Mulholland Drive. Las dos juntas deciden investigar qui\u00e9n es Rita y c\u00f3mo lleg\u00f3 hasta all\u00ed.\u00a0<\/span><\/p>\n<p><img loading=\"lazy\" decoding=\"async\" class=\"size-large wp-image-6776 aligncenter\" src=\"https:\/\/sombrafestival.com\/wp-content\/uploads\/2025\/01\/mulholland_dr-783721234-large-689x1024.jpg\" alt=\"\" width=\"689\" height=\"1024\" srcset=\"https:\/\/sombrafestival.com\/wp-content\/uploads\/2025\/01\/mulholland_dr-783721234-large-689x1024.jpg 689w, https:\/\/sombrafestival.com\/wp-content\/uploads\/2025\/01\/mulholland_dr-783721234-large-202x300.jpg 202w, https:\/\/sombrafestival.com\/wp-content\/uploads\/2025\/01\/mulholland_dr-783721234-large-768x1141.jpg 768w, https:\/\/sombrafestival.com\/wp-content\/uploads\/2025\/01\/mulholland_dr-783721234-large-8x12.jpg 8w, https:\/\/sombrafestival.com\/wp-content\/uploads\/2025\/01\/mulholland_dr-783721234-large-283x420.jpg 283w, https:\/\/sombrafestival.com\/wp-content\/uploads\/2025\/01\/mulholland_dr-783721234-large-696x1034.jpg 696w, https:\/\/sombrafestival.com\/wp-content\/uploads\/2025\/01\/mulholland_dr-783721234-large.jpg 808w\" sizes=\"auto, (max-width: 689px) 100vw, 689px\" \/><\/p>\n<ul>\n<li><strong>T\u00edtulo original: <\/strong>Mulholland Dr.<\/li>\n<li><strong>A\u00f1o: <\/strong>2001<\/li>\n<li><strong>Duraci\u00f3n: <\/strong>147 min.<strong><br \/>\n<\/strong><\/li>\n<li><strong>Pa\u00eds: <\/strong>Estados Unidos<\/li>\n<li><strong>Direcci\u00f3n: <\/strong>David Lynch<\/li>\n<li><strong>Guion: <\/strong>David Lynch<\/li>\n<li><strong>Reparto: <\/strong>Naomi Watts, Laura Harring, Justin Theroux, Ann Miller, Robert Forster, Brent Briscoe, Jeannie Bates, Melissa George, Patrick Fischler, Dan Hedaya, Lori Heuring, Billy Ray Cyrus, Rena Riffel, Katharine Towne, Bonnie Aarons<\/li>\n<li><strong>M\u00fasica:<\/strong> Angelo Badalamenti<\/li>\n<li><strong>Fotograf\u00eda: <\/strong>Peter Deming<\/li>\n<li><strong>Compa\u00f1\u00edas: <\/strong>Coproducci\u00f3n Estados Unidos-Francia; Les Films Alain Sarde, Asymetrical Production<\/li>\n<li><strong>G\u00e9nero: <\/strong>Intriga. Drama. Thriller. Romance | Drama psicol\u00f3gico. Thriller psicol\u00f3gico. Surrealismo. Homosexualidad. Cine dentro del cine. Pel\u00edcula de culto. Cine independiente USA<\/li>\n<\/ul>","protected":false},"excerpt":{"rendered":"<p>Fecha: Martes, 18 de marzo Hora: 18:30 Lugar: Fundaci\u00f3n Mediterr\u00e1neo Idioma: VOSE COMPRAR ENTRADAS Sinopsis Betty Elms (Naomi Watts), una joven aspirante a actriz, llega a Los \u00c1ngeles para convertirse en estrella de cine y se aloja en el apartamento de su t\u00eda. All\u00ed conoce a la enigm\u00e1tica Rita (Laura Harring), una mujer que padece [&hellip;]<\/p>","protected":false},"author":2,"featured_media":6776,"parent":6838,"menu_order":0,"comment_status":"closed","ping_status":"closed","template":"","meta":{"footnotes":""},"class_list":["post-6775","page","type-page","status-publish","has-post-thumbnail"],"yoast_head":"<!-- This site is optimized with the Yoast SEO plugin v24.3 - https:\/\/yoast.com\/wordpress\/plugins\/seo\/ -->\n<title>Mulholland Drive | Homenaje p\u00f3stumo a David Lynch - Sombra Festival<\/title>\n<meta name=\"robots\" content=\"index, follow, max-snippet:-1, max-image-preview:large, max-video-preview:-1\" \/>\n<link rel=\"canonical\" href=\"https:\/\/sombrafestival.com\/en\/largometrajes-2025\/mulholland-drive-homenaje-postumo-a-david-lynch\/\" \/>\n<meta property=\"og:locale\" content=\"en_GB\" \/>\n<meta property=\"og:type\" content=\"article\" \/>\n<meta property=\"og:title\" content=\"Mulholland Drive | Homenaje p\u00f3stumo a David Lynch - Sombra Festival\" \/>\n<meta property=\"og:description\" content=\"Fecha: Martes, 18 de marzo Hora: 18:30 Lugar: Fundaci\u00f3n Mediterr\u00e1neo Idioma: VOSE COMPRAR ENTRADAS Sinopsis Betty Elms (Naomi Watts), una joven aspirante a actriz, llega a Los \u00c1ngeles para convertirse en estrella de cine y se aloja en el apartamento de su t\u00eda. All\u00ed conoce a la enigm\u00e1tica Rita (Laura Harring), una mujer que padece [&hellip;]\" \/>\n<meta property=\"og:url\" content=\"https:\/\/sombrafestival.com\/en\/largometrajes-2025\/mulholland-drive-homenaje-postumo-a-david-lynch\/\" \/>\n<meta property=\"og:site_name\" content=\"Sombra Festival\" \/>\n<meta property=\"article:publisher\" content=\"https:\/\/www.facebook.com\/Sombra-Festival-De-CINE-Fantastico-Europeo-De-Murcia-175337032531429\/\" \/>\n<meta property=\"article:modified_time\" content=\"2025-02-04T09:10:39+00:00\" \/>\n<meta property=\"og:image\" content=\"https:\/\/sombrafestival.com\/wp-content\/uploads\/2025\/01\/mulholland_dr-783721234-large.jpg\" \/>\n\t<meta property=\"og:image:width\" content=\"808\" \/>\n\t<meta property=\"og:image:height\" content=\"1200\" \/>\n\t<meta property=\"og:image:type\" content=\"image\/jpeg\" \/>\n<meta name=\"twitter:card\" content=\"summary_large_image\" \/>\n<meta name=\"twitter:site\" content=\"@SombraFestival\" \/>\n<meta name=\"twitter:label1\" content=\"Est. reading time\" \/>\n\t<meta name=\"twitter:data1\" content=\"2 minutes\" \/>\n<script type=\"application\/ld+json\" class=\"yoast-schema-graph\">{\"@context\":\"https:\/\/schema.org\",\"@graph\":[{\"@type\":\"WebPage\",\"@id\":\"https:\/\/sombrafestival.com\/largometrajes-2025\/mulholland-drive-homenaje-postumo-a-david-lynch\/\",\"url\":\"https:\/\/sombrafestival.com\/largometrajes-2025\/mulholland-drive-homenaje-postumo-a-david-lynch\/\",\"name\":\"Mulholland Drive | Homenaje p\u00f3stumo a David Lynch - Sombra Festival\",\"isPartOf\":{\"@id\":\"https:\/\/sombrafestival.com\/en\/#website\"},\"primaryImageOfPage\":{\"@id\":\"https:\/\/sombrafestival.com\/largometrajes-2025\/mulholland-drive-homenaje-postumo-a-david-lynch\/#primaryimage\"},\"image\":{\"@id\":\"https:\/\/sombrafestival.com\/largometrajes-2025\/mulholland-drive-homenaje-postumo-a-david-lynch\/#primaryimage\"},\"thumbnailUrl\":\"https:\/\/sombrafestival.com\/wp-content\/uploads\/2025\/01\/mulholland_dr-783721234-large.jpg\",\"datePublished\":\"2025-02-03T21:52:59+00:00\",\"dateModified\":\"2025-02-04T09:10:39+00:00\",\"breadcrumb\":{\"@id\":\"https:\/\/sombrafestival.com\/largometrajes-2025\/mulholland-drive-homenaje-postumo-a-david-lynch\/#breadcrumb\"},\"inLanguage\":\"en-GB\",\"potentialAction\":[{\"@type\":\"ReadAction\",\"target\":[\"https:\/\/sombrafestival.com\/largometrajes-2025\/mulholland-drive-homenaje-postumo-a-david-lynch\/\"]}]},{\"@type\":\"ImageObject\",\"inLanguage\":\"en-GB\",\"@id\":\"https:\/\/sombrafestival.com\/largometrajes-2025\/mulholland-drive-homenaje-postumo-a-david-lynch\/#primaryimage\",\"url\":\"https:\/\/sombrafestival.com\/wp-content\/uploads\/2025\/01\/mulholland_dr-783721234-large.jpg\",\"contentUrl\":\"https:\/\/sombrafestival.com\/wp-content\/uploads\/2025\/01\/mulholland_dr-783721234-large.jpg\",\"width\":808,\"height\":1200},{\"@type\":\"BreadcrumbList\",\"@id\":\"https:\/\/sombrafestival.com\/largometrajes-2025\/mulholland-drive-homenaje-postumo-a-david-lynch\/#breadcrumb\",\"itemListElement\":[{\"@type\":\"ListItem\",\"position\":1,\"name\":\"Portada\",\"item\":\"https:\/\/sombrafestival.com\/\"},{\"@type\":\"ListItem\",\"position\":2,\"name\":\"Largometrajes 2025\",\"item\":\"https:\/\/sombrafestival.com\/largometrajes-2025\/\"},{\"@type\":\"ListItem\",\"position\":3,\"name\":\"Mulholland Drive | Homenaje p\u00f3stumo a David Lynch\"}]},{\"@type\":\"WebSite\",\"@id\":\"https:\/\/sombrafestival.com\/en\/#website\",\"url\":\"https:\/\/sombrafestival.com\/en\/\",\"name\":\"Sombra Festival\",\"description\":\"XIII Festival de Cine Fant\u00e1stico Europeo de Murcia, 8-17 MARZO 2024\",\"publisher\":{\"@id\":\"https:\/\/sombrafestival.com\/en\/#organization\"},\"potentialAction\":[{\"@type\":\"SearchAction\",\"target\":{\"@type\":\"EntryPoint\",\"urlTemplate\":\"https:\/\/sombrafestival.com\/en\/?s={search_term_string}\"},\"query-input\":{\"@type\":\"PropertyValueSpecification\",\"valueRequired\":true,\"valueName\":\"search_term_string\"}}],\"inLanguage\":\"en-GB\"},{\"@type\":\"Organization\",\"@id\":\"https:\/\/sombrafestival.com\/en\/#organization\",\"name\":\"SOMBRA, IX FESTIVAL DE CINE FANTASTICO EUROPEO DE MURCIA\",\"url\":\"https:\/\/sombrafestival.com\/en\/\",\"logo\":{\"@type\":\"ImageObject\",\"inLanguage\":\"en-GB\",\"@id\":\"https:\/\/sombrafestival.com\/en\/#\/schema\/logo\/image\/\",\"url\":\"https:\/\/sombrafestival.com\/wp-content\/uploads\/2019\/10\/Sombra-LogoIdentificador-Negativo.jpg\",\"contentUrl\":\"https:\/\/sombrafestival.com\/wp-content\/uploads\/2019\/10\/Sombra-LogoIdentificador-Negativo.jpg\",\"width\":400,\"height\":400,\"caption\":\"SOMBRA, IX FESTIVAL DE CINE FANTASTICO EUROPEO DE MURCIA\"},\"image\":{\"@id\":\"https:\/\/sombrafestival.com\/en\/#\/schema\/logo\/image\/\"},\"sameAs\":[\"https:\/\/www.facebook.com\/Sombra-Festival-De-CINE-Fantastico-Europeo-De-Murcia-175337032531429\/\",\"https:\/\/x.com\/SombraFestival\",\"https:\/\/www.instagram.com\/sombrafestival\/\",\"https:\/\/www.youtube.com\/channel\/UCBdSJni9V30Tq4cGf4Lj0Ug?view_as=subscriber\"]}]}<\/script>\n<!-- \/ Yoast SEO plugin. -->","yoast_head_json":{"title":"Mulholland Drive | Homenaje p\u00f3stumo a David Lynch - Sombra Festival","robots":{"index":"index","follow":"follow","max-snippet":"max-snippet:-1","max-image-preview":"max-image-preview:large","max-video-preview":"max-video-preview:-1"},"canonical":"https:\/\/sombrafestival.com\/en\/largometrajes-2025\/mulholland-drive-homenaje-postumo-a-david-lynch\/","og_locale":"en_GB","og_type":"article","og_title":"Mulholland Drive | Homenaje p\u00f3stumo a David Lynch - Sombra Festival","og_description":"Fecha: Martes, 18 de marzo Hora: 18:30 Lugar: Fundaci\u00f3n Mediterr\u00e1neo Idioma: VOSE COMPRAR ENTRADAS Sinopsis Betty Elms (Naomi Watts), una joven aspirante a actriz, llega a Los \u00c1ngeles para convertirse en estrella de cine y se aloja en el apartamento de su t\u00eda. All\u00ed conoce a la enigm\u00e1tica Rita (Laura Harring), una mujer que padece [&hellip;]","og_url":"https:\/\/sombrafestival.com\/en\/largometrajes-2025\/mulholland-drive-homenaje-postumo-a-david-lynch\/","og_site_name":"Sombra Festival","article_publisher":"https:\/\/www.facebook.com\/Sombra-Festival-De-CINE-Fantastico-Europeo-De-Murcia-175337032531429\/","article_modified_time":"2025-02-04T09:10:39+00:00","og_image":[{"width":808,"height":1200,"url":"https:\/\/sombrafestival.com\/wp-content\/uploads\/2025\/01\/mulholland_dr-783721234-large.jpg","type":"image\/jpeg"}],"twitter_card":"summary_large_image","twitter_site":"@SombraFestival","twitter_misc":{"Est. reading time":"2 minutes"},"schema":{"@context":"https:\/\/schema.org","@graph":[{"@type":"WebPage","@id":"https:\/\/sombrafestival.com\/largometrajes-2025\/mulholland-drive-homenaje-postumo-a-david-lynch\/","url":"https:\/\/sombrafestival.com\/largometrajes-2025\/mulholland-drive-homenaje-postumo-a-david-lynch\/","name":"Mulholland Drive | Homenaje p\u00f3stumo a David Lynch - Sombra Festival","isPartOf":{"@id":"https:\/\/sombrafestival.com\/en\/#website"},"primaryImageOfPage":{"@id":"https:\/\/sombrafestival.com\/largometrajes-2025\/mulholland-drive-homenaje-postumo-a-david-lynch\/#primaryimage"},"image":{"@id":"https:\/\/sombrafestival.com\/largometrajes-2025\/mulholland-drive-homenaje-postumo-a-david-lynch\/#primaryimage"},"thumbnailUrl":"https:\/\/sombrafestival.com\/wp-content\/uploads\/2025\/01\/mulholland_dr-783721234-large.jpg","datePublished":"2025-02-03T21:52:59+00:00","dateModified":"2025-02-04T09:10:39+00:00","breadcrumb":{"@id":"https:\/\/sombrafestival.com\/largometrajes-2025\/mulholland-drive-homenaje-postumo-a-david-lynch\/#breadcrumb"},"inLanguage":"en-GB","potentialAction":[{"@type":"ReadAction","target":["https:\/\/sombrafestival.com\/largometrajes-2025\/mulholland-drive-homenaje-postumo-a-david-lynch\/"]}]},{"@type":"ImageObject","inLanguage":"en-GB","@id":"https:\/\/sombrafestival.com\/largometrajes-2025\/mulholland-drive-homenaje-postumo-a-david-lynch\/#primaryimage","url":"https:\/\/sombrafestival.com\/wp-content\/uploads\/2025\/01\/mulholland_dr-783721234-large.jpg","contentUrl":"https:\/\/sombrafestival.com\/wp-content\/uploads\/2025\/01\/mulholland_dr-783721234-large.jpg","width":808,"height":1200},{"@type":"BreadcrumbList","@id":"https:\/\/sombrafestival.com\/largometrajes-2025\/mulholland-drive-homenaje-postumo-a-david-lynch\/#breadcrumb","itemListElement":[{"@type":"ListItem","position":1,"name":"Portada","item":"https:\/\/sombrafestival.com\/"},{"@type":"ListItem","position":2,"name":"Largometrajes 2025","item":"https:\/\/sombrafestival.com\/largometrajes-2025\/"},{"@type":"ListItem","position":3,"name":"Mulholland Drive | Homenaje p\u00f3stumo a David Lynch"}]},{"@type":"WebSite","@id":"https:\/\/sombrafestival.com\/en\/#website","url":"https:\/\/sombrafestival.com\/en\/","name":"Sombra Festival","description":"XIII Festival de Cine Fant\u00e1stico Europeo de Murcia, 8-17 MARZO 2024","publisher":{"@id":"https:\/\/sombrafestival.com\/en\/#organization"},"potentialAction":[{"@type":"SearchAction","target":{"@type":"EntryPoint","urlTemplate":"https:\/\/sombrafestival.com\/en\/?s={search_term_string}"},"query-input":{"@type":"PropertyValueSpecification","valueRequired":true,"valueName":"search_term_string"}}],"inLanguage":"en-GB"},{"@type":"Organization","@id":"https:\/\/sombrafestival.com\/en\/#organization","name":"SOMBRA, IX FESTIVAL DE CINE FANTASTICO EUROPEO DE MURCIA","url":"https:\/\/sombrafestival.com\/en\/","logo":{"@type":"ImageObject","inLanguage":"en-GB","@id":"https:\/\/sombrafestival.com\/en\/#\/schema\/logo\/image\/","url":"https:\/\/sombrafestival.com\/wp-content\/uploads\/2019\/10\/Sombra-LogoIdentificador-Negativo.jpg","contentUrl":"https:\/\/sombrafestival.com\/wp-content\/uploads\/2019\/10\/Sombra-LogoIdentificador-Negativo.jpg","width":400,"height":400,"caption":"SOMBRA, IX FESTIVAL DE CINE FANTASTICO EUROPEO DE MURCIA"},"image":{"@id":"https:\/\/sombrafestival.com\/en\/#\/schema\/logo\/image\/"},"sameAs":["https:\/\/www.facebook.com\/Sombra-Festival-De-CINE-Fantastico-Europeo-De-Murcia-175337032531429\/","https:\/\/x.com\/SombraFestival","https:\/\/www.instagram.com\/sombrafestival\/","https:\/\/www.youtube.com\/channel\/UCBdSJni9V30Tq4cGf4Lj0Ug?view_as=subscriber"]}]}},"_links":{"self":[{"href":"https:\/\/sombrafestival.com\/en\/wp-json\/wp\/v2\/pages\/6775","targetHints":{"allow":["GET"]}}],"collection":[{"href":"https:\/\/sombrafestival.com\/en\/wp-json\/wp\/v2\/pages"}],"about":[{"href":"https:\/\/sombrafestival.com\/en\/wp-json\/wp\/v2\/types\/page"}],"author":[{"embeddable":true,"href":"https:\/\/sombrafestival.com\/en\/wp-json\/wp\/v2\/users\/2"}],"replies":[{"embeddable":true,"href":"https:\/\/sombrafestival.com\/en\/wp-json\/wp\/v2\/comments?post=6775"}],"version-history":[{"count":5,"href":"https:\/\/sombrafestival.com\/en\/wp-json\/wp\/v2\/pages\/6775\/revisions"}],"predecessor-version":[{"id":7250,"href":"https:\/\/sombrafestival.com\/en\/wp-json\/wp\/v2\/pages\/6775\/revisions\/7250"}],"up":[{"embeddable":true,"href":"https:\/\/sombrafestival.com\/en\/wp-json\/wp\/v2\/pages\/6838"}],"wp:featuredmedia":[{"embeddable":true,"href":"https:\/\/sombrafestival.com\/en\/wp-json\/wp\/v2\/media\/6776"}],"wp:attachment":[{"href":"https:\/\/sombrafestival.com\/en\/wp-json\/wp\/v2\/media?parent=6775"}],"curies":[{"name":"wp","href":"https:\/\/api.w.org\/{rel}","templated":true}]}}