{"id":6784,"date":"2025-02-03T22:43:45","date_gmt":"2025-02-03T21:43:45","guid":{"rendered":"https:\/\/sombrafestival.com\/?page_id=6784"},"modified":"2025-02-04T10:25:02","modified_gmt":"2025-02-04T09:25:02","slug":"la-invasion-de-los-ultracuerpos-homenaje-postumo-a-donald-sutherland","status":"publish","type":"page","link":"https:\/\/sombrafestival.com\/en\/largometrajes-2025\/la-invasion-de-los-ultracuerpos-homenaje-postumo-a-donald-sutherland\/","title":{"rendered":"La invasi\u00f3n de los ultracuerpos | Homenaje postumo a Donald Sutherland"},"content":{"rendered":"<ul>\n<li><strong>Fecha:<\/strong> Domingo, 16 de marzo<\/li>\n<li><strong>Hora:<\/strong> 17:00<\/li>\n<li><strong>Lugar:<\/strong> Filmoteca Regional de Murcia (Sala B)<\/li>\n<li><strong>Idioma:<\/strong> VOSE<\/li>\n<\/ul>\n<p style=\"text-align: center;\"><a href=\"https:\/\/entradium.com\/events\/la-invasion-de-los-ultracuerpos\"><span class=\"td_btn td_btn_lg td_default_btn\">COMPRAR ENTRADAS<\/span><\/a><\/p>\n<p><iframe loading=\"lazy\" title=\"Invasion of the Body Snatchers (1978) - Official Trailer (HD)\" width=\"696\" height=\"392\" src=\"https:\/\/www.youtube.com\/embed\/vc_0dlmSq7I?feature=oembed\" frameborder=\"0\" allow=\"accelerometer; autoplay; clipboard-write; encrypted-media; gyroscope; picture-in-picture; web-share\" referrerpolicy=\"strict-origin-when-cross-origin\" allowfullscreen><\/iframe><\/p>\n<h3>Sinopsis<\/h3>\n<p><span style=\"color: #ffffff;\">Unos microorganismos de un lejano planeta han llegado a la Tierra. Matthew trabaja como funcionario en el departamento de sanidad de la ciudad de San Francisco. Elizabeth, una colaboradora suya por la que siente algo m\u00e1s que admiraci\u00f3n profesional, le cuenta que su marido ha experimentado una transformaci\u00f3n tal que le resulta irreconocible. Matthew se lo toma a broma, pero ese mismo d\u00eda observa que tambi\u00e9n otras personas sienten el mismo recelo hacia sus parejas o amigos. Versi\u00f3n, con ligeras variaciones, del cl\u00e1sico de ciencia-ficci\u00f3n de Don Siegel que narra la invasi\u00f3n de unos extraterrestres.<\/span><\/p>\n<p><img loading=\"lazy\" decoding=\"async\" class=\"size-full wp-image-6785 aligncenter\" src=\"https:\/\/sombrafestival.com\/wp-content\/uploads\/2025\/01\/invasion_of_the_body_snatchers-328278337-large.jpg\" alt=\"\" width=\"494\" height=\"755\" srcset=\"https:\/\/sombrafestival.com\/wp-content\/uploads\/2025\/01\/invasion_of_the_body_snatchers-328278337-large.jpg 494w, https:\/\/sombrafestival.com\/wp-content\/uploads\/2025\/01\/invasion_of_the_body_snatchers-328278337-large-196x300.jpg 196w, https:\/\/sombrafestival.com\/wp-content\/uploads\/2025\/01\/invasion_of_the_body_snatchers-328278337-large-8x12.jpg 8w, https:\/\/sombrafestival.com\/wp-content\/uploads\/2025\/01\/invasion_of_the_body_snatchers-328278337-large-275x420.jpg 275w\" sizes=\"auto, (max-width: 494px) 100vw, 494px\" \/><\/p>\n<ul>\n<li><strong>T\u00edtulo original: <\/strong>Invasion of the Body Snatchers<strong><br \/>\n<\/strong><\/li>\n<li><strong>A\u00f1o: <\/strong>1978<\/li>\n<li><strong>Duraci\u00f3n: <\/strong>115 min.<strong><br \/>\n<\/strong><\/li>\n<li><strong>Pa\u00eds: <\/strong>Estados Unidos<\/li>\n<li><strong>Direcci\u00f3n: <\/strong>Philip Kaufman<\/li>\n<li><strong>Guion: <\/strong>W.D. Richter. Novela: Jack Finney<\/li>\n<li><strong>Reparto: <\/strong>Donald Sutherland, Brooke Adams, Leonard Nimoy, Jeff Goldblum, Veronica Cartwright, Art Hindle, Lelia Goldoni, Kevin McCarthy, Don Siegel, Tom Luddy, Michael Chapman, Robert Duvall<\/li>\n<li><strong>M\u00fasica: <\/strong>Denny Zeitlin<\/li>\n<li><strong>Fotograf\u00eda: <\/strong>Michael Chapman<\/li>\n<li><strong>Compa\u00f1\u00edas: <\/strong>Solofilm<\/li>\n<li><strong>G\u00e9nero: <\/strong>Ciencia ficci\u00f3n. Fant\u00e1stico. Terror | Extraterrestres. Body Horror. Remake<\/li>\n<\/ul>","protected":false},"excerpt":{"rendered":"<p>Fecha: Domingo, 16 de marzo Hora: 17:00 Lugar: Filmoteca Regional de Murcia (Sala B) Idioma: VOSE COMPRAR ENTRADAS Sinopsis Unos microorganismos de un lejano planeta han llegado a la Tierra. Matthew trabaja como funcionario en el departamento de sanidad de la ciudad de San Francisco. Elizabeth, una colaboradora suya por la que siente algo m\u00e1s [&hellip;]<\/p>","protected":false},"author":2,"featured_media":6785,"parent":6838,"menu_order":0,"comment_status":"closed","ping_status":"closed","template":"","meta":{"footnotes":""},"class_list":["post-6784","page","type-page","status-publish","has-post-thumbnail"],"yoast_head":"<!-- This site is optimized with the Yoast SEO plugin v24.3 - https:\/\/yoast.com\/wordpress\/plugins\/seo\/ -->\n<title>La invasi\u00f3n de los ultracuerpos | Homenaje postumo a Donald Sutherland - Sombra Festival<\/title>\n<meta name=\"robots\" content=\"index, follow, max-snippet:-1, max-image-preview:large, max-video-preview:-1\" \/>\n<link rel=\"canonical\" href=\"https:\/\/sombrafestival.com\/en\/largometrajes-2025\/la-invasion-de-los-ultracuerpos-homenaje-postumo-a-donald-sutherland\/\" \/>\n<meta property=\"og:locale\" content=\"en_GB\" \/>\n<meta property=\"og:type\" content=\"article\" \/>\n<meta property=\"og:title\" content=\"La invasi\u00f3n de los ultracuerpos | Homenaje postumo a Donald Sutherland - Sombra Festival\" \/>\n<meta property=\"og:description\" content=\"Fecha: Domingo, 16 de marzo Hora: 17:00 Lugar: Filmoteca Regional de Murcia (Sala B) Idioma: VOSE COMPRAR ENTRADAS Sinopsis Unos microorganismos de un lejano planeta han llegado a la Tierra. Matthew trabaja como funcionario en el departamento de sanidad de la ciudad de San Francisco. Elizabeth, una colaboradora suya por la que siente algo m\u00e1s [&hellip;]\" \/>\n<meta property=\"og:url\" content=\"https:\/\/sombrafestival.com\/en\/largometrajes-2025\/la-invasion-de-los-ultracuerpos-homenaje-postumo-a-donald-sutherland\/\" \/>\n<meta property=\"og:site_name\" content=\"Sombra Festival\" \/>\n<meta property=\"article:publisher\" content=\"https:\/\/www.facebook.com\/Sombra-Festival-De-CINE-Fantastico-Europeo-De-Murcia-175337032531429\/\" \/>\n<meta property=\"article:modified_time\" content=\"2025-02-04T09:25:02+00:00\" \/>\n<meta property=\"og:image\" content=\"https:\/\/sombrafestival.com\/wp-content\/uploads\/2025\/01\/invasion_of_the_body_snatchers-328278337-large.jpg\" \/>\n\t<meta property=\"og:image:width\" content=\"494\" \/>\n\t<meta property=\"og:image:height\" content=\"755\" \/>\n\t<meta property=\"og:image:type\" content=\"image\/jpeg\" \/>\n<meta name=\"twitter:card\" content=\"summary_large_image\" \/>\n<meta name=\"twitter:site\" content=\"@SombraFestival\" \/>\n<meta name=\"twitter:label1\" content=\"Est. reading time\" \/>\n\t<meta name=\"twitter:data1\" content=\"2 minutes\" \/>\n<script type=\"application\/ld+json\" class=\"yoast-schema-graph\">{\"@context\":\"https:\/\/schema.org\",\"@graph\":[{\"@type\":\"WebPage\",\"@id\":\"https:\/\/sombrafestival.com\/largometrajes-2025\/la-invasion-de-los-ultracuerpos-homenaje-postumo-a-donald-sutherland\/\",\"url\":\"https:\/\/sombrafestival.com\/largometrajes-2025\/la-invasion-de-los-ultracuerpos-homenaje-postumo-a-donald-sutherland\/\",\"name\":\"La invasi\u00f3n de los ultracuerpos | Homenaje postumo a Donald Sutherland - Sombra Festival\",\"isPartOf\":{\"@id\":\"https:\/\/sombrafestival.com\/en\/#website\"},\"primaryImageOfPage\":{\"@id\":\"https:\/\/sombrafestival.com\/largometrajes-2025\/la-invasion-de-los-ultracuerpos-homenaje-postumo-a-donald-sutherland\/#primaryimage\"},\"image\":{\"@id\":\"https:\/\/sombrafestival.com\/largometrajes-2025\/la-invasion-de-los-ultracuerpos-homenaje-postumo-a-donald-sutherland\/#primaryimage\"},\"thumbnailUrl\":\"https:\/\/sombrafestival.com\/wp-content\/uploads\/2025\/01\/invasion_of_the_body_snatchers-328278337-large.jpg\",\"datePublished\":\"2025-02-03T21:43:45+00:00\",\"dateModified\":\"2025-02-04T09:25:02+00:00\",\"breadcrumb\":{\"@id\":\"https:\/\/sombrafestival.com\/largometrajes-2025\/la-invasion-de-los-ultracuerpos-homenaje-postumo-a-donald-sutherland\/#breadcrumb\"},\"inLanguage\":\"en-GB\",\"potentialAction\":[{\"@type\":\"ReadAction\",\"target\":[\"https:\/\/sombrafestival.com\/largometrajes-2025\/la-invasion-de-los-ultracuerpos-homenaje-postumo-a-donald-sutherland\/\"]}]},{\"@type\":\"ImageObject\",\"inLanguage\":\"en-GB\",\"@id\":\"https:\/\/sombrafestival.com\/largometrajes-2025\/la-invasion-de-los-ultracuerpos-homenaje-postumo-a-donald-sutherland\/#primaryimage\",\"url\":\"https:\/\/sombrafestival.com\/wp-content\/uploads\/2025\/01\/invasion_of_the_body_snatchers-328278337-large.jpg\",\"contentUrl\":\"https:\/\/sombrafestival.com\/wp-content\/uploads\/2025\/01\/invasion_of_the_body_snatchers-328278337-large.jpg\",\"width\":494,\"height\":755},{\"@type\":\"BreadcrumbList\",\"@id\":\"https:\/\/sombrafestival.com\/largometrajes-2025\/la-invasion-de-los-ultracuerpos-homenaje-postumo-a-donald-sutherland\/#breadcrumb\",\"itemListElement\":[{\"@type\":\"ListItem\",\"position\":1,\"name\":\"Portada\",\"item\":\"https:\/\/sombrafestival.com\/\"},{\"@type\":\"ListItem\",\"position\":2,\"name\":\"Largometrajes 2025\",\"item\":\"https:\/\/sombrafestival.com\/largometrajes-2025\/\"},{\"@type\":\"ListItem\",\"position\":3,\"name\":\"La invasi\u00f3n de los ultracuerpos | Homenaje postumo a Donald Sutherland\"}]},{\"@type\":\"WebSite\",\"@id\":\"https:\/\/sombrafestival.com\/en\/#website\",\"url\":\"https:\/\/sombrafestival.com\/en\/\",\"name\":\"Sombra Festival\",\"description\":\"XIII Festival de Cine Fant\u00e1stico Europeo de Murcia, 8-17 MARZO 2024\",\"publisher\":{\"@id\":\"https:\/\/sombrafestival.com\/en\/#organization\"},\"potentialAction\":[{\"@type\":\"SearchAction\",\"target\":{\"@type\":\"EntryPoint\",\"urlTemplate\":\"https:\/\/sombrafestival.com\/en\/?s={search_term_string}\"},\"query-input\":{\"@type\":\"PropertyValueSpecification\",\"valueRequired\":true,\"valueName\":\"search_term_string\"}}],\"inLanguage\":\"en-GB\"},{\"@type\":\"Organization\",\"@id\":\"https:\/\/sombrafestival.com\/en\/#organization\",\"name\":\"SOMBRA, IX FESTIVAL DE CINE FANTASTICO EUROPEO DE MURCIA\",\"url\":\"https:\/\/sombrafestival.com\/en\/\",\"logo\":{\"@type\":\"ImageObject\",\"inLanguage\":\"en-GB\",\"@id\":\"https:\/\/sombrafestival.com\/en\/#\/schema\/logo\/image\/\",\"url\":\"https:\/\/sombrafestival.com\/wp-content\/uploads\/2019\/10\/Sombra-LogoIdentificador-Negativo.jpg\",\"contentUrl\":\"https:\/\/sombrafestival.com\/wp-content\/uploads\/2019\/10\/Sombra-LogoIdentificador-Negativo.jpg\",\"width\":400,\"height\":400,\"caption\":\"SOMBRA, IX FESTIVAL DE CINE FANTASTICO EUROPEO DE MURCIA\"},\"image\":{\"@id\":\"https:\/\/sombrafestival.com\/en\/#\/schema\/logo\/image\/\"},\"sameAs\":[\"https:\/\/www.facebook.com\/Sombra-Festival-De-CINE-Fantastico-Europeo-De-Murcia-175337032531429\/\",\"https:\/\/x.com\/SombraFestival\",\"https:\/\/www.instagram.com\/sombrafestival\/\",\"https:\/\/www.youtube.com\/channel\/UCBdSJni9V30Tq4cGf4Lj0Ug?view_as=subscriber\"]}]}<\/script>\n<!-- \/ Yoast SEO plugin. -->","yoast_head_json":{"title":"La invasi\u00f3n de los ultracuerpos | Homenaje postumo a Donald Sutherland - Sombra Festival","robots":{"index":"index","follow":"follow","max-snippet":"max-snippet:-1","max-image-preview":"max-image-preview:large","max-video-preview":"max-video-preview:-1"},"canonical":"https:\/\/sombrafestival.com\/en\/largometrajes-2025\/la-invasion-de-los-ultracuerpos-homenaje-postumo-a-donald-sutherland\/","og_locale":"en_GB","og_type":"article","og_title":"La invasi\u00f3n de los ultracuerpos | Homenaje postumo a Donald Sutherland - Sombra Festival","og_description":"Fecha: Domingo, 16 de marzo Hora: 17:00 Lugar: Filmoteca Regional de Murcia (Sala B) Idioma: VOSE COMPRAR ENTRADAS Sinopsis Unos microorganismos de un lejano planeta han llegado a la Tierra. Matthew trabaja como funcionario en el departamento de sanidad de la ciudad de San Francisco. Elizabeth, una colaboradora suya por la que siente algo m\u00e1s [&hellip;]","og_url":"https:\/\/sombrafestival.com\/en\/largometrajes-2025\/la-invasion-de-los-ultracuerpos-homenaje-postumo-a-donald-sutherland\/","og_site_name":"Sombra Festival","article_publisher":"https:\/\/www.facebook.com\/Sombra-Festival-De-CINE-Fantastico-Europeo-De-Murcia-175337032531429\/","article_modified_time":"2025-02-04T09:25:02+00:00","og_image":[{"width":494,"height":755,"url":"https:\/\/sombrafestival.com\/wp-content\/uploads\/2025\/01\/invasion_of_the_body_snatchers-328278337-large.jpg","type":"image\/jpeg"}],"twitter_card":"summary_large_image","twitter_site":"@SombraFestival","twitter_misc":{"Est. reading time":"2 minutes"},"schema":{"@context":"https:\/\/schema.org","@graph":[{"@type":"WebPage","@id":"https:\/\/sombrafestival.com\/largometrajes-2025\/la-invasion-de-los-ultracuerpos-homenaje-postumo-a-donald-sutherland\/","url":"https:\/\/sombrafestival.com\/largometrajes-2025\/la-invasion-de-los-ultracuerpos-homenaje-postumo-a-donald-sutherland\/","name":"La invasi\u00f3n de los ultracuerpos | Homenaje postumo a Donald Sutherland - Sombra Festival","isPartOf":{"@id":"https:\/\/sombrafestival.com\/en\/#website"},"primaryImageOfPage":{"@id":"https:\/\/sombrafestival.com\/largometrajes-2025\/la-invasion-de-los-ultracuerpos-homenaje-postumo-a-donald-sutherland\/#primaryimage"},"image":{"@id":"https:\/\/sombrafestival.com\/largometrajes-2025\/la-invasion-de-los-ultracuerpos-homenaje-postumo-a-donald-sutherland\/#primaryimage"},"thumbnailUrl":"https:\/\/sombrafestival.com\/wp-content\/uploads\/2025\/01\/invasion_of_the_body_snatchers-328278337-large.jpg","datePublished":"2025-02-03T21:43:45+00:00","dateModified":"2025-02-04T09:25:02+00:00","breadcrumb":{"@id":"https:\/\/sombrafestival.com\/largometrajes-2025\/la-invasion-de-los-ultracuerpos-homenaje-postumo-a-donald-sutherland\/#breadcrumb"},"inLanguage":"en-GB","potentialAction":[{"@type":"ReadAction","target":["https:\/\/sombrafestival.com\/largometrajes-2025\/la-invasion-de-los-ultracuerpos-homenaje-postumo-a-donald-sutherland\/"]}]},{"@type":"ImageObject","inLanguage":"en-GB","@id":"https:\/\/sombrafestival.com\/largometrajes-2025\/la-invasion-de-los-ultracuerpos-homenaje-postumo-a-donald-sutherland\/#primaryimage","url":"https:\/\/sombrafestival.com\/wp-content\/uploads\/2025\/01\/invasion_of_the_body_snatchers-328278337-large.jpg","contentUrl":"https:\/\/sombrafestival.com\/wp-content\/uploads\/2025\/01\/invasion_of_the_body_snatchers-328278337-large.jpg","width":494,"height":755},{"@type":"BreadcrumbList","@id":"https:\/\/sombrafestival.com\/largometrajes-2025\/la-invasion-de-los-ultracuerpos-homenaje-postumo-a-donald-sutherland\/#breadcrumb","itemListElement":[{"@type":"ListItem","position":1,"name":"Portada","item":"https:\/\/sombrafestival.com\/"},{"@type":"ListItem","position":2,"name":"Largometrajes 2025","item":"https:\/\/sombrafestival.com\/largometrajes-2025\/"},{"@type":"ListItem","position":3,"name":"La invasi\u00f3n de los ultracuerpos | Homenaje postumo a Donald Sutherland"}]},{"@type":"WebSite","@id":"https:\/\/sombrafestival.com\/en\/#website","url":"https:\/\/sombrafestival.com\/en\/","name":"Sombra Festival","description":"XIII Festival de Cine Fant\u00e1stico Europeo de Murcia, 8-17 MARZO 2024","publisher":{"@id":"https:\/\/sombrafestival.com\/en\/#organization"},"potentialAction":[{"@type":"SearchAction","target":{"@type":"EntryPoint","urlTemplate":"https:\/\/sombrafestival.com\/en\/?s={search_term_string}"},"query-input":{"@type":"PropertyValueSpecification","valueRequired":true,"valueName":"search_term_string"}}],"inLanguage":"en-GB"},{"@type":"Organization","@id":"https:\/\/sombrafestival.com\/en\/#organization","name":"SOMBRA, IX FESTIVAL DE CINE FANTASTICO EUROPEO DE MURCIA","url":"https:\/\/sombrafestival.com\/en\/","logo":{"@type":"ImageObject","inLanguage":"en-GB","@id":"https:\/\/sombrafestival.com\/en\/#\/schema\/logo\/image\/","url":"https:\/\/sombrafestival.com\/wp-content\/uploads\/2019\/10\/Sombra-LogoIdentificador-Negativo.jpg","contentUrl":"https:\/\/sombrafestival.com\/wp-content\/uploads\/2019\/10\/Sombra-LogoIdentificador-Negativo.jpg","width":400,"height":400,"caption":"SOMBRA, IX FESTIVAL DE CINE FANTASTICO EUROPEO DE MURCIA"},"image":{"@id":"https:\/\/sombrafestival.com\/en\/#\/schema\/logo\/image\/"},"sameAs":["https:\/\/www.facebook.com\/Sombra-Festival-De-CINE-Fantastico-Europeo-De-Murcia-175337032531429\/","https:\/\/x.com\/SombraFestival","https:\/\/www.instagram.com\/sombrafestival\/","https:\/\/www.youtube.com\/channel\/UCBdSJni9V30Tq4cGf4Lj0Ug?view_as=subscriber"]}]}},"_links":{"self":[{"href":"https:\/\/sombrafestival.com\/en\/wp-json\/wp\/v2\/pages\/6784","targetHints":{"allow":["GET"]}}],"collection":[{"href":"https:\/\/sombrafestival.com\/en\/wp-json\/wp\/v2\/pages"}],"about":[{"href":"https:\/\/sombrafestival.com\/en\/wp-json\/wp\/v2\/types\/page"}],"author":[{"embeddable":true,"href":"https:\/\/sombrafestival.com\/en\/wp-json\/wp\/v2\/users\/2"}],"replies":[{"embeddable":true,"href":"https:\/\/sombrafestival.com\/en\/wp-json\/wp\/v2\/comments?post=6784"}],"version-history":[{"count":4,"href":"https:\/\/sombrafestival.com\/en\/wp-json\/wp\/v2\/pages\/6784\/revisions"}],"predecessor-version":[{"id":7283,"href":"https:\/\/sombrafestival.com\/en\/wp-json\/wp\/v2\/pages\/6784\/revisions\/7283"}],"up":[{"embeddable":true,"href":"https:\/\/sombrafestival.com\/en\/wp-json\/wp\/v2\/pages\/6838"}],"wp:featuredmedia":[{"embeddable":true,"href":"https:\/\/sombrafestival.com\/en\/wp-json\/wp\/v2\/media\/6785"}],"wp:attachment":[{"href":"https:\/\/sombrafestival.com\/en\/wp-json\/wp\/v2\/media?parent=6784"}],"curies":[{"name":"wp","href":"https:\/\/api.w.org\/{rel}","templated":true}]}}