{"id":6838,"date":"2025-02-03T22:22:23","date_gmt":"2025-02-03T21:22:23","guid":{"rendered":"https:\/\/sombrafestival.com\/?page_id=6838"},"modified":"2025-02-11T09:31:17","modified_gmt":"2025-02-11T08:31:17","slug":"largometrajes-2025","status":"publish","type":"page","link":"https:\/\/sombrafestival.com\/en\/largometrajes-2025\/","title":{"rendered":"Largometrajes 2025"},"content":{"rendered":"<h2 class=\"wp-block-heading\">Secci\u00f3n Oficial<\/h2>\n\n\n\n<div class=\"wp-block-columns is-layout-flex wp-container-core-columns-is-layout-1 wp-block-columns-is-layout-flex\">\n<div class=\"wp-block-column is-layout-flow wp-block-column-is-layout-flow\">\n<figure class=\"wp-block-image size-large td-caption-align-https:\/\/sombrafestival.com\/wp-content\/uploads\/2024\/02\/stream-cartel.jpg\"><a href=\"https:\/\/sombrafestival.com\/en\/largometrajes-2025\/el-instinto-seccion-oficial\/\"><img loading=\"lazy\" decoding=\"async\" width=\"717\" height=\"1024\" src=\"https:\/\/sombrafestival.com\/wp-content\/uploads\/2025\/01\/el_instinto-607156970-large-717x1024.jpg\" alt=\"\" class=\"wp-image-6768\" srcset=\"https:\/\/sombrafestival.com\/wp-content\/uploads\/2025\/01\/el_instinto-607156970-large-717x1024.jpg 717w, https:\/\/sombrafestival.com\/wp-content\/uploads\/2025\/01\/el_instinto-607156970-large-210x300.jpg 210w, https:\/\/sombrafestival.com\/wp-content\/uploads\/2025\/01\/el_instinto-607156970-large-768x1097.jpg 768w, https:\/\/sombrafestival.com\/wp-content\/uploads\/2025\/01\/el_instinto-607156970-large-8x12.jpg 8w, https:\/\/sombrafestival.com\/wp-content\/uploads\/2025\/01\/el_instinto-607156970-large-294x420.jpg 294w, https:\/\/sombrafestival.com\/wp-content\/uploads\/2025\/01\/el_instinto-607156970-large-696x994.jpg 696w, https:\/\/sombrafestival.com\/wp-content\/uploads\/2025\/01\/el_instinto-607156970-large.jpg 840w\" sizes=\"auto, (max-width: 717px) 100vw, 717px\" \/><\/a><\/figure>\n\n\n\n<figure class=\"wp-block-image size-large td-caption-align-https:\/\/sombrafestival.com\/wp-content\/uploads\/2024\/01\/os_reviento-528310780-large.jpg\"><a href=\"https:\/\/sombrafestival.com\/en\/largometrajes-2025\/deviant-seccion-oficial\/\"><img loading=\"lazy\" decoding=\"async\" width=\"724\" height=\"1024\" src=\"https:\/\/sombrafestival.com\/wp-content\/uploads\/2025\/01\/Cartel-Deviant-A4-4oct2023_v2-724x1024.jpg\" alt=\"\" class=\"wp-image-6909\" srcset=\"https:\/\/sombrafestival.com\/wp-content\/uploads\/2025\/01\/Cartel-Deviant-A4-4oct2023_v2-724x1024.jpg 724w, https:\/\/sombrafestival.com\/wp-content\/uploads\/2025\/01\/Cartel-Deviant-A4-4oct2023_v2-212x300.jpg 212w, https:\/\/sombrafestival.com\/wp-content\/uploads\/2025\/01\/Cartel-Deviant-A4-4oct2023_v2-768x1086.jpg 768w, https:\/\/sombrafestival.com\/wp-content\/uploads\/2025\/01\/Cartel-Deviant-A4-4oct2023_v2-1086x1536.jpg 1086w, https:\/\/sombrafestival.com\/wp-content\/uploads\/2025\/01\/Cartel-Deviant-A4-4oct2023_v2-1448x2048.jpg 1448w, https:\/\/sombrafestival.com\/wp-content\/uploads\/2025\/01\/Cartel-Deviant-A4-4oct2023_v2-8x12.jpg 8w, https:\/\/sombrafestival.com\/wp-content\/uploads\/2025\/01\/Cartel-Deviant-A4-4oct2023_v2-297x420.jpg 297w, https:\/\/sombrafestival.com\/wp-content\/uploads\/2025\/01\/Cartel-Deviant-A4-4oct2023_v2-696x985.jpg 696w, https:\/\/sombrafestival.com\/wp-content\/uploads\/2025\/01\/Cartel-Deviant-A4-4oct2023_v2-1068x1511.jpg 1068w, https:\/\/sombrafestival.com\/wp-content\/uploads\/2025\/01\/Cartel-Deviant-A4-4oct2023_v2-1920x2716.jpg 1920w, https:\/\/sombrafestival.com\/wp-content\/uploads\/2025\/01\/Cartel-Deviant-A4-4oct2023_v2-scaled.jpg 1810w\" sizes=\"auto, (max-width: 724px) 100vw, 724px\" \/><\/a><\/figure>\n\n\n\n<figure class=\"wp-block-image size-large td-caption-align-https:\/\/sombrafestival.com\/wp-content\/uploads\/2024\/01\/dark-tales.jpg\"><a href=\"https:\/\/sombrafestival.com\/en\/largometrajes-2025\/spermageddon-seccion-oficial-a-concurso\/\"><img loading=\"lazy\" decoding=\"async\" width=\"717\" height=\"1024\" src=\"https:\/\/sombrafestival.com\/wp-content\/uploads\/2025\/01\/sperm-717x1024.jpg\" alt=\"\" class=\"wp-image-6847\" srcset=\"https:\/\/sombrafestival.com\/wp-content\/uploads\/2025\/01\/sperm-717x1024.jpg 717w, https:\/\/sombrafestival.com\/wp-content\/uploads\/2025\/01\/sperm-210x300.jpg 210w, https:\/\/sombrafestival.com\/wp-content\/uploads\/2025\/01\/sperm-768x1097.jpg 768w, https:\/\/sombrafestival.com\/wp-content\/uploads\/2025\/01\/sperm-8x12.jpg 8w, https:\/\/sombrafestival.com\/wp-content\/uploads\/2025\/01\/sperm-294x420.jpg 294w, https:\/\/sombrafestival.com\/wp-content\/uploads\/2025\/01\/sperm-696x994.jpg 696w, https:\/\/sombrafestival.com\/wp-content\/uploads\/2025\/01\/sperm.jpg 840w\" sizes=\"auto, (max-width: 717px) 100vw, 717px\" \/><\/a><\/figure>\n<\/div>\n\n\n\n<div class=\"wp-block-column is-layout-flow wp-block-column-is-layout-flow\">\n<figure class=\"wp-block-image size-large td-caption-align-https:\/\/sombrafestival.com\/wp-content\/uploads\/2024\/01\/vincent_doit_mourir-234965784-large.jpg\"><a href=\"https:\/\/sombrafestival.com\/en\/largometrajes-2025\/historias-de-halloween-seccion-oficial\/\"><img loading=\"lazy\" decoding=\"async\" width=\"721\" height=\"1024\" src=\"https:\/\/sombrafestival.com\/wp-content\/uploads\/2025\/01\/historias_de_halloween-881290163-large-721x1024.jpg\" alt=\"\" class=\"wp-image-6759\" srcset=\"https:\/\/sombrafestival.com\/wp-content\/uploads\/2025\/01\/historias_de_halloween-881290163-large-721x1024.jpg 721w, https:\/\/sombrafestival.com\/wp-content\/uploads\/2025\/01\/historias_de_halloween-881290163-large-211x300.jpg 211w, https:\/\/sombrafestival.com\/wp-content\/uploads\/2025\/01\/historias_de_halloween-881290163-large-768x1091.jpg 768w, https:\/\/sombrafestival.com\/wp-content\/uploads\/2025\/01\/historias_de_halloween-881290163-large-8x12.jpg 8w, https:\/\/sombrafestival.com\/wp-content\/uploads\/2025\/01\/historias_de_halloween-881290163-large-296x420.jpg 296w, https:\/\/sombrafestival.com\/wp-content\/uploads\/2025\/01\/historias_de_halloween-881290163-large-696x988.jpg 696w, https:\/\/sombrafestival.com\/wp-content\/uploads\/2025\/01\/historias_de_halloween-881290163-large.jpg 845w\" sizes=\"auto, (max-width: 721px) 100vw, 721px\" \/><\/a><\/figure>\n\n\n\n<figure class=\"wp-block-image size-large td-caption-align-https:\/\/sombrafestival.com\/wp-content\/uploads\/2024\/01\/la_mesita_del_comedor-401694950-large.jpg\"><a href=\"https:\/\/sombrafestival.com\/en\/largometrajes-2025\/el-segundo-acto-seccion-oficial-media-window-seccion-oficial-a-concurso\/\"><img loading=\"lazy\" decoding=\"async\" width=\"717\" height=\"1024\" src=\"https:\/\/sombrafestival.com\/wp-content\/uploads\/2025\/01\/segundo-acto-717x1024.jpg\" alt=\"\" class=\"wp-image-6845\" srcset=\"https:\/\/sombrafestival.com\/wp-content\/uploads\/2025\/01\/segundo-acto-717x1024.jpg 717w, https:\/\/sombrafestival.com\/wp-content\/uploads\/2025\/01\/segundo-acto-210x300.jpg 210w, https:\/\/sombrafestival.com\/wp-content\/uploads\/2025\/01\/segundo-acto-768x1097.jpg 768w, https:\/\/sombrafestival.com\/wp-content\/uploads\/2025\/01\/segundo-acto-8x12.jpg 8w, https:\/\/sombrafestival.com\/wp-content\/uploads\/2025\/01\/segundo-acto-294x420.jpg 294w, https:\/\/sombrafestival.com\/wp-content\/uploads\/2025\/01\/segundo-acto-696x994.jpg 696w, https:\/\/sombrafestival.com\/wp-content\/uploads\/2025\/01\/segundo-acto.jpg 840w\" sizes=\"auto, (max-width: 717px) 100vw, 717px\" \/><\/a><\/figure>\n\n\n\n<figure class=\"wp-block-image size-large td-caption-align-https:\/\/sombrafestival.com\/wp-content\/uploads\/2024\/01\/ufo_sweden-253204836-large.jpg\"><a href=\"https:\/\/sombrafestival.com\/en\/largometrajes-2025\/night-call-seccion-oficial\/\"><img loading=\"lazy\" decoding=\"async\" width=\"717\" height=\"1024\" src=\"https:\/\/sombrafestival.com\/wp-content\/uploads\/2025\/01\/la-nuit-717x1024.jpg\" alt=\"\" class=\"wp-image-6849\" srcset=\"https:\/\/sombrafestival.com\/wp-content\/uploads\/2025\/01\/la-nuit-717x1024.jpg 717w, https:\/\/sombrafestival.com\/wp-content\/uploads\/2025\/01\/la-nuit-210x300.jpg 210w, https:\/\/sombrafestival.com\/wp-content\/uploads\/2025\/01\/la-nuit-768x1097.jpg 768w, https:\/\/sombrafestival.com\/wp-content\/uploads\/2025\/01\/la-nuit-8x12.jpg 8w, https:\/\/sombrafestival.com\/wp-content\/uploads\/2025\/01\/la-nuit-294x420.jpg 294w, https:\/\/sombrafestival.com\/wp-content\/uploads\/2025\/01\/la-nuit-696x994.jpg 696w, https:\/\/sombrafestival.com\/wp-content\/uploads\/2025\/01\/la-nuit.jpg 840w\" sizes=\"auto, (max-width: 717px) 100vw, 717px\" \/><\/a><\/figure>\n<\/div>\n\n\n\n<div class=\"wp-block-column is-layout-flow wp-block-column-is-layout-flow\">\n<figure class=\"wp-block-image size-full td-caption-align-https:\/\/sombrafestival.com\/wp-content\/uploads\/2024\/01\/stric-278319285-large.jpg\"><a href=\"https:\/\/sombrafestival.com\/en\/largometrajes-2025\/las-motosierras-cantan-seccion-oficial\/\"><img loading=\"lazy\" decoding=\"async\" width=\"845\" height=\"1200\" src=\"https:\/\/sombrafestival.com\/wp-content\/uploads\/2025\/02\/las-motosierras.jpg\" alt=\"\" class=\"wp-image-7312\" srcset=\"https:\/\/sombrafestival.com\/wp-content\/uploads\/2025\/02\/las-motosierras.jpg 845w, https:\/\/sombrafestival.com\/wp-content\/uploads\/2025\/02\/las-motosierras-211x300.jpg 211w, https:\/\/sombrafestival.com\/wp-content\/uploads\/2025\/02\/las-motosierras-721x1024.jpg 721w, https:\/\/sombrafestival.com\/wp-content\/uploads\/2025\/02\/las-motosierras-768x1091.jpg 768w, https:\/\/sombrafestival.com\/wp-content\/uploads\/2025\/02\/las-motosierras-8x12.jpg 8w, https:\/\/sombrafestival.com\/wp-content\/uploads\/2025\/02\/las-motosierras-296x420.jpg 296w, https:\/\/sombrafestival.com\/wp-content\/uploads\/2025\/02\/las-motosierras-696x988.jpg 696w\" sizes=\"auto, (max-width: 845px) 100vw, 845px\" \/><\/a><\/figure>\n\n\n\n<figure class=\"wp-block-image size-large is-resized td-caption-align-https:\/\/sombrafestival.com\/wp-content\/uploads\/2024\/01\/ufo_sweden-253204836-large.jpg\"><a href=\"https:\/\/sombrafestival.com\/en\/largometrajes-2025\/frewaka-media-window\/\"><img loading=\"lazy\" decoding=\"async\" width=\"717\" height=\"1024\" src=\"https:\/\/sombrafestival.com\/wp-content\/uploads\/2025\/01\/frewaka-717x1024.jpg\" alt=\"\" class=\"wp-image-6848\" style=\"width:332px;height:auto\" srcset=\"https:\/\/sombrafestival.com\/wp-content\/uploads\/2025\/01\/frewaka-717x1024.jpg 717w, https:\/\/sombrafestival.com\/wp-content\/uploads\/2025\/01\/frewaka-210x300.jpg 210w, https:\/\/sombrafestival.com\/wp-content\/uploads\/2025\/01\/frewaka-768x1097.jpg 768w, https:\/\/sombrafestival.com\/wp-content\/uploads\/2025\/01\/frewaka-8x12.jpg 8w, https:\/\/sombrafestival.com\/wp-content\/uploads\/2025\/01\/frewaka-294x420.jpg 294w, https:\/\/sombrafestival.com\/wp-content\/uploads\/2025\/01\/frewaka-696x994.jpg 696w, https:\/\/sombrafestival.com\/wp-content\/uploads\/2025\/01\/frewaka.jpg 840w\" sizes=\"auto, (max-width: 717px) 100vw, 717px\" \/><\/a><\/figure>\n\n\n\n<p><\/p>\n<\/div>\n<\/div>\n\n\n\n<p><\/p>\n\n\n\n<div class=\"wp-block-columns is-layout-flex wp-container-core-columns-is-layout-2 wp-block-columns-is-layout-flex\">\n<div class=\"wp-block-column is-layout-flow wp-block-column-is-layout-flow\">\n<h2 class=\"wp-block-heading has-text-align-center\">Retrospectiva<\/h2>\n\n\n\n<figure class=\"wp-block-image size-full\"><a href=\"https:\/\/sombrafestival.com\/en\/largometrajes-2025\/jungla-de-cristal-retrospectiva\/\"><img loading=\"lazy\" decoding=\"async\" width=\"615\" height=\"923\" src=\"https:\/\/sombrafestival.com\/wp-content\/uploads\/2025\/01\/die_hard-336213173-large.jpg\" alt=\"\" class=\"wp-image-6962\" srcset=\"https:\/\/sombrafestival.com\/wp-content\/uploads\/2025\/01\/die_hard-336213173-large.jpg 615w, https:\/\/sombrafestival.com\/wp-content\/uploads\/2025\/01\/die_hard-336213173-large-200x300.jpg 200w, https:\/\/sombrafestival.com\/wp-content\/uploads\/2025\/01\/die_hard-336213173-large-8x12.jpg 8w, https:\/\/sombrafestival.com\/wp-content\/uploads\/2025\/01\/die_hard-336213173-large-280x420.jpg 280w\" sizes=\"auto, (max-width: 615px) 100vw, 615px\" \/><\/a><\/figure>\n<\/div>\n\n\n\n<div class=\"wp-block-column is-layout-flow wp-block-column-is-layout-flow\">\n<h2 class=\"wp-block-heading has-text-align-center\">20 Aniversario<\/h2>\n\n\n\n<figure class=\"wp-block-image size-full\"><a href=\"https:\/\/sombrafestival.com\/en\/largometrajes-2025\/the-descent-20-aniversario\/\"><img loading=\"lazy\" decoding=\"async\" width=\"501\" height=\"709\" src=\"https:\/\/sombrafestival.com\/wp-content\/uploads\/2025\/01\/the_descent-396561570-large.jpg\" alt=\"\" class=\"wp-image-6746\" srcset=\"https:\/\/sombrafestival.com\/wp-content\/uploads\/2025\/01\/the_descent-396561570-large.jpg 501w, https:\/\/sombrafestival.com\/wp-content\/uploads\/2025\/01\/the_descent-396561570-large-212x300.jpg 212w, https:\/\/sombrafestival.com\/wp-content\/uploads\/2025\/01\/the_descent-396561570-large-8x12.jpg 8w, https:\/\/sombrafestival.com\/wp-content\/uploads\/2025\/01\/the_descent-396561570-large-297x420.jpg 297w\" sizes=\"auto, (max-width: 501px) 100vw, 501px\" \/><\/a><\/figure>\n<\/div>\n\n\n\n<div class=\"wp-block-column is-layout-flow wp-block-column-is-layout-flow\">\n<h2 class=\"wp-block-heading has-text-align-center\">Retrospectiva Zombie<\/h2>\n\n\n\n<figure class=\"wp-block-image size-full\"><a href=\"https:\/\/sombrafestival.com\/en\/largometrajes-2025\/la-noche-de-los-muertos-vivientes-restrospectiva-zombie\/\"><img loading=\"lazy\" decoding=\"async\" width=\"501\" height=\"709\" src=\"https:\/\/sombrafestival.com\/wp-content\/uploads\/2025\/01\/night-of-the.jpg\" alt=\"\" class=\"wp-image-6850\" srcset=\"https:\/\/sombrafestival.com\/wp-content\/uploads\/2025\/01\/night-of-the.jpg 501w, https:\/\/sombrafestival.com\/wp-content\/uploads\/2025\/01\/night-of-the-212x300.jpg 212w, https:\/\/sombrafestival.com\/wp-content\/uploads\/2025\/01\/night-of-the-8x12.jpg 8w, https:\/\/sombrafestival.com\/wp-content\/uploads\/2025\/01\/night-of-the-297x420.jpg 297w\" sizes=\"auto, (max-width: 501px) 100vw, 501px\" \/><\/a><\/figure>\n<\/div>\n<\/div>\n\n\n\n<h2 class=\"wp-block-heading\">Anima\/te<\/h2>\n\n\n\n<div class=\"wp-block-columns is-layout-flex wp-container-core-columns-is-layout-3 wp-block-columns-is-layout-flex\">\n<div class=\"wp-block-column is-layout-flow wp-block-column-is-layout-flow\">\n<figure class=\"wp-block-image size-large\"><a href=\"https:\/\/sombrafestival.com\/en\/largometrajes-2025\/el-artista-del-cristal-ciclo-anima-te\/\"><img loading=\"lazy\" decoding=\"async\" width=\"712\" height=\"1024\" src=\"https:\/\/sombrafestival.com\/wp-content\/uploads\/2025\/01\/the_glassworker-496322115-large-712x1024.jpg\" alt=\"\" class=\"wp-image-6723\" srcset=\"https:\/\/sombrafestival.com\/wp-content\/uploads\/2025\/01\/the_glassworker-496322115-large-712x1024.jpg 712w, https:\/\/sombrafestival.com\/wp-content\/uploads\/2025\/01\/the_glassworker-496322115-large-209x300.jpg 209w, https:\/\/sombrafestival.com\/wp-content\/uploads\/2025\/01\/the_glassworker-496322115-large-768x1105.jpg 768w, https:\/\/sombrafestival.com\/wp-content\/uploads\/2025\/01\/the_glassworker-496322115-large-8x12.jpg 8w, https:\/\/sombrafestival.com\/wp-content\/uploads\/2025\/01\/the_glassworker-496322115-large-292x420.jpg 292w, https:\/\/sombrafestival.com\/wp-content\/uploads\/2025\/01\/the_glassworker-496322115-large-696x1001.jpg 696w, https:\/\/sombrafestival.com\/wp-content\/uploads\/2025\/01\/the_glassworker-496322115-large.jpg 834w\" sizes=\"auto, (max-width: 712px) 100vw, 712px\" \/><\/a><\/figure>\n<\/div>\n\n\n\n<div class=\"wp-block-column is-layout-flow wp-block-column-is-layout-flow\">\n<figure class=\"wp-block-image size-large\"><a href=\"https:\/\/sombrafestival.com\/en\/largometrajes-2025\/tu-color-ciclo-anima-te\/\"><img loading=\"lazy\" decoding=\"async\" width=\"724\" height=\"1024\" src=\"https:\/\/sombrafestival.com\/wp-content\/uploads\/2025\/01\/kimi_no_iro-654560558-large-724x1024.jpg\" alt=\"\" class=\"wp-image-6728\" srcset=\"https:\/\/sombrafestival.com\/wp-content\/uploads\/2025\/01\/kimi_no_iro-654560558-large-724x1024.jpg 724w, https:\/\/sombrafestival.com\/wp-content\/uploads\/2025\/01\/kimi_no_iro-654560558-large-212x300.jpg 212w, https:\/\/sombrafestival.com\/wp-content\/uploads\/2025\/01\/kimi_no_iro-654560558-large-768x1086.jpg 768w, https:\/\/sombrafestival.com\/wp-content\/uploads\/2025\/01\/kimi_no_iro-654560558-large-8x12.jpg 8w, https:\/\/sombrafestival.com\/wp-content\/uploads\/2025\/01\/kimi_no_iro-654560558-large-297x420.jpg 297w, https:\/\/sombrafestival.com\/wp-content\/uploads\/2025\/01\/kimi_no_iro-654560558-large-696x984.jpg 696w, https:\/\/sombrafestival.com\/wp-content\/uploads\/2025\/01\/kimi_no_iro-654560558-large.jpg 848w\" sizes=\"auto, (max-width: 724px) 100vw, 724px\" \/><\/a><\/figure>\n<\/div>\n<\/div>\n\n\n\n<h2 class=\"wp-block-heading\">Media Window<\/h2>\n\n\n\n<div class=\"wp-block-columns is-layout-flex wp-container-core-columns-is-layout-4 wp-block-columns-is-layout-flex\">\n<div class=\"wp-block-column is-layout-flow wp-block-column-is-layout-flow\">\n<figure class=\"wp-block-image size-full is-resized td-caption-align-https:\/\/sombrafestival.com\/wp-content\/uploads\/2024\/01\/vermin-911326500-large.jpg\"><a href=\"https:\/\/sombrafestival.com\/en\/largometrajes-2025\/el-bano-del-diablo-joyas-del-terror\/\"><img loading=\"lazy\" decoding=\"async\" width=\"848\" height=\"1200\" src=\"https:\/\/sombrafestival.com\/wp-content\/uploads\/2025\/01\/des_teufels_bad-981077325-large.jpg\" alt=\"\" class=\"wp-image-6743\" style=\"width:514px;height:auto\" srcset=\"https:\/\/sombrafestival.com\/wp-content\/uploads\/2025\/01\/des_teufels_bad-981077325-large.jpg 848w, https:\/\/sombrafestival.com\/wp-content\/uploads\/2025\/01\/des_teufels_bad-981077325-large-212x300.jpg 212w, https:\/\/sombrafestival.com\/wp-content\/uploads\/2025\/01\/des_teufels_bad-981077325-large-724x1024.jpg 724w, https:\/\/sombrafestival.com\/wp-content\/uploads\/2025\/01\/des_teufels_bad-981077325-large-768x1087.jpg 768w, https:\/\/sombrafestival.com\/wp-content\/uploads\/2025\/01\/des_teufels_bad-981077325-large-8x12.jpg 8w, https:\/\/sombrafestival.com\/wp-content\/uploads\/2025\/01\/des_teufels_bad-981077325-large-297x420.jpg 297w, https:\/\/sombrafestival.com\/wp-content\/uploads\/2025\/01\/des_teufels_bad-981077325-large-696x985.jpg 696w\" sizes=\"auto, (max-width: 848px) 100vw, 848px\" \/><\/a><\/figure>\n<\/div>\n\n\n\n<div class=\"wp-block-column is-layout-flow wp-block-column-is-layout-flow\">\n<figure class=\"wp-block-image size-full td-caption-align-https:\/\/sombrafestival.com\/wp-content\/uploads\/2024\/01\/vermin-911326500-large.jpg\"><a href=\"https:\/\/sombrafestival.com\/en\/largometrajes-2025\/frewaka-media-window\/\"><img loading=\"lazy\" decoding=\"async\" width=\"511\" height=\"720\" src=\"https:\/\/sombrafestival.com\/wp-content\/uploads\/2025\/01\/frewaka-246019395-large.jpg\" alt=\"\" class=\"wp-image-6740\" srcset=\"https:\/\/sombrafestival.com\/wp-content\/uploads\/2025\/01\/frewaka-246019395-large.jpg 511w, https:\/\/sombrafestival.com\/wp-content\/uploads\/2025\/01\/frewaka-246019395-large-213x300.jpg 213w, https:\/\/sombrafestival.com\/wp-content\/uploads\/2025\/01\/frewaka-246019395-large-9x12.jpg 9w, https:\/\/sombrafestival.com\/wp-content\/uploads\/2025\/01\/frewaka-246019395-large-298x420.jpg 298w\" sizes=\"auto, (max-width: 511px) 100vw, 511px\" \/><\/a><\/figure>\n<\/div>\n\n\n\n<div class=\"wp-block-column is-layout-flow wp-block-column-is-layout-flow\">\n<figure class=\"wp-block-image size-large is-resized td-caption-align-https:\/\/sombrafestival.com\/wp-content\/uploads\/2024\/01\/club_zero-511206995-large.jpg\"><a href=\"https:\/\/sombrafestival.com\/en\/largometrajes-2025\/el-segundo-acto-seccion-oficial-media-window-seccion-oficial-a-concurso\/\"><img loading=\"lazy\" decoding=\"async\" width=\"717\" height=\"1024\" src=\"https:\/\/sombrafestival.com\/wp-content\/uploads\/2025\/01\/segundo-acto-717x1024.jpg\" alt=\"\" class=\"wp-image-6845\" style=\"width:504px;height:auto\" srcset=\"https:\/\/sombrafestival.com\/wp-content\/uploads\/2025\/01\/segundo-acto-717x1024.jpg 717w, https:\/\/sombrafestival.com\/wp-content\/uploads\/2025\/01\/segundo-acto-210x300.jpg 210w, https:\/\/sombrafestival.com\/wp-content\/uploads\/2025\/01\/segundo-acto-768x1097.jpg 768w, https:\/\/sombrafestival.com\/wp-content\/uploads\/2025\/01\/segundo-acto-8x12.jpg 8w, https:\/\/sombrafestival.com\/wp-content\/uploads\/2025\/01\/segundo-acto-294x420.jpg 294w, https:\/\/sombrafestival.com\/wp-content\/uploads\/2025\/01\/segundo-acto-696x994.jpg 696w, https:\/\/sombrafestival.com\/wp-content\/uploads\/2025\/01\/segundo-acto.jpg 840w\" sizes=\"auto, (max-width: 717px) 100vw, 717px\" \/><\/a><\/figure>\n<\/div>\n<\/div>\n\n\n\n<div class=\"wp-block-columns is-layout-flex wp-container-core-columns-is-layout-5 wp-block-columns-is-layout-flex\">\n<div class=\"wp-block-column is-layout-flow wp-block-column-is-layout-flow\"><\/div>\n\n\n\n<div class=\"wp-block-column is-layout-flow wp-block-column-is-layout-flow\"><\/div>\n<\/div>\n\n\n\n<div class=\"wp-block-columns is-layout-flex wp-container-core-columns-is-layout-6 wp-block-columns-is-layout-flex\">\n<div class=\"wp-block-column is-layout-flow wp-block-column-is-layout-flow\">\n<h2 class=\"wp-block-heading has-text-align-center\">Homenaje P\u00f3stumo<\/h2>\n\n\n\n<figure class=\"wp-block-image size-full td-caption-align-https:\/\/sombrafestival.com\/wp-content\/uploads\/2024\/01\/vermin-911326500-large.jpg\"><a href=\"https:\/\/sombrafestival.com\/en\/largometrajes-2025\/la-invasion-de-los-ultracuerpos-homenaje-postumo-a-donald-sutherland\/\"><img loading=\"lazy\" decoding=\"async\" width=\"494\" height=\"755\" src=\"https:\/\/sombrafestival.com\/wp-content\/uploads\/2025\/01\/invasion_of_the_body_snatchers-328278337-large.jpg\" alt=\"\" class=\"wp-image-6785\" srcset=\"https:\/\/sombrafestival.com\/wp-content\/uploads\/2025\/01\/invasion_of_the_body_snatchers-328278337-large.jpg 494w, https:\/\/sombrafestival.com\/wp-content\/uploads\/2025\/01\/invasion_of_the_body_snatchers-328278337-large-196x300.jpg 196w, https:\/\/sombrafestival.com\/wp-content\/uploads\/2025\/01\/invasion_of_the_body_snatchers-328278337-large-8x12.jpg 8w, https:\/\/sombrafestival.com\/wp-content\/uploads\/2025\/01\/invasion_of_the_body_snatchers-328278337-large-275x420.jpg 275w\" sizes=\"auto, (max-width: 494px) 100vw, 494px\" \/><\/a><\/figure>\n<\/div>\n\n\n\n<div class=\"wp-block-column is-layout-flow wp-block-column-is-layout-flow\">\n<h2 class=\"wp-block-heading has-text-align-center\">Sesi\u00f3n no te Prives<\/h2>\n\n\n\n<figure class=\"wp-block-image size-full is-resized td-caption-align-https:\/\/sombrafestival.com\/wp-content\/uploads\/2024\/01\/club_zero-511206995-large.jpg\"><a href=\"https:\/\/sombrafestival.com\/en\/largometrajes-2025\/the-hunger-sesion-no-te-prives\/\"><img loading=\"lazy\" decoding=\"async\" width=\"814\" height=\"1200\" src=\"https:\/\/sombrafestival.com\/wp-content\/uploads\/2025\/01\/the_hunger-775947755-large.jpg\" alt=\"\" class=\"wp-image-6964\" style=\"width:504px;height:auto\" srcset=\"https:\/\/sombrafestival.com\/wp-content\/uploads\/2025\/01\/the_hunger-775947755-large.jpg 814w, https:\/\/sombrafestival.com\/wp-content\/uploads\/2025\/01\/the_hunger-775947755-large-204x300.jpg 204w, https:\/\/sombrafestival.com\/wp-content\/uploads\/2025\/01\/the_hunger-775947755-large-695x1024.jpg 695w, https:\/\/sombrafestival.com\/wp-content\/uploads\/2025\/01\/the_hunger-775947755-large-768x1132.jpg 768w, https:\/\/sombrafestival.com\/wp-content\/uploads\/2025\/01\/the_hunger-775947755-large-8x12.jpg 8w, https:\/\/sombrafestival.com\/wp-content\/uploads\/2025\/01\/the_hunger-775947755-large-285x420.jpg 285w, https:\/\/sombrafestival.com\/wp-content\/uploads\/2025\/01\/the_hunger-775947755-large-696x1026.jpg 696w\" sizes=\"auto, (max-width: 814px) 100vw, 814px\" \/><\/a><\/figure>\n<\/div>\n\n\n\n<div class=\"wp-block-column is-layout-flow wp-block-column-is-layout-flow\">\n<h2 class=\"wp-block-heading has-text-align-center\">Sesi\u00f3n Rock Imperium<\/h2>\n\n\n\n<figure class=\"wp-block-image size-full is-resized td-caption-align-https:\/\/sombrafestival.com\/wp-content\/uploads\/2024\/01\/vermin-911326500-large.jpg\"><a href=\"https:\/\/sombrafestival.com\/en\/largometrajes-2025\/la-invocacion-sesion-rock-imperium\/\"><img loading=\"lazy\" decoding=\"async\" width=\"800\" height=\"1200\" src=\"https:\/\/sombrafestival.com\/wp-content\/uploads\/2025\/01\/we_summon_the_darkness-236114725-large.jpg\" alt=\"\" class=\"wp-image-6788\" style=\"width:514px;height:auto\" srcset=\"https:\/\/sombrafestival.com\/wp-content\/uploads\/2025\/01\/we_summon_the_darkness-236114725-large.jpg 800w, https:\/\/sombrafestival.com\/wp-content\/uploads\/2025\/01\/we_summon_the_darkness-236114725-large-200x300.jpg 200w, https:\/\/sombrafestival.com\/wp-content\/uploads\/2025\/01\/we_summon_the_darkness-236114725-large-683x1024.jpg 683w, https:\/\/sombrafestival.com\/wp-content\/uploads\/2025\/01\/we_summon_the_darkness-236114725-large-768x1152.jpg 768w, https:\/\/sombrafestival.com\/wp-content\/uploads\/2025\/01\/we_summon_the_darkness-236114725-large-8x12.jpg 8w, https:\/\/sombrafestival.com\/wp-content\/uploads\/2025\/01\/we_summon_the_darkness-236114725-large-280x420.jpg 280w, https:\/\/sombrafestival.com\/wp-content\/uploads\/2025\/01\/we_summon_the_darkness-236114725-large-696x1044.jpg 696w\" sizes=\"auto, (max-width: 800px) 100vw, 800px\" \/><\/a><\/figure>\n<\/div>\n<\/div>\n\n\n\n<div class=\"wp-block-columns is-layout-flex wp-container-core-columns-is-layout-7 wp-block-columns-is-layout-flex\"><\/div>\n\n\n\n<h2 class=\"wp-block-heading\">Joyas del Terror<\/h2>\n\n\n\n<div class=\"wp-block-columns is-layout-flex wp-container-core-columns-is-layout-8 wp-block-columns-is-layout-flex\">\n<div class=\"wp-block-column is-layout-flow wp-block-column-is-layout-flow\">\n<figure class=\"wp-block-image size-large is-resized td-caption-align-https:\/\/sombrafestival.com\/wp-content\/uploads\/2024\/01\/club_zero-511206995-large.jpg\"><a href=\"https:\/\/sombrafestival.com\/en\/largometrajes-2025\/strange-darling-joyas-del-terror\/\"><img loading=\"lazy\" decoding=\"async\" width=\"708\" height=\"1024\" src=\"https:\/\/sombrafestival.com\/wp-content\/uploads\/2025\/01\/strange_darling-184939212-large-708x1024.jpg\" alt=\"\" class=\"wp-image-6731\" style=\"width:504px;height:auto\" srcset=\"https:\/\/sombrafestival.com\/wp-content\/uploads\/2025\/01\/strange_darling-184939212-large-708x1024.jpg 708w, https:\/\/sombrafestival.com\/wp-content\/uploads\/2025\/01\/strange_darling-184939212-large-208x300.jpg 208w, https:\/\/sombrafestival.com\/wp-content\/uploads\/2025\/01\/strange_darling-184939212-large-768x1110.jpg 768w, https:\/\/sombrafestival.com\/wp-content\/uploads\/2025\/01\/strange_darling-184939212-large-8x12.jpg 8w, https:\/\/sombrafestival.com\/wp-content\/uploads\/2025\/01\/strange_darling-184939212-large-291x420.jpg 291w, https:\/\/sombrafestival.com\/wp-content\/uploads\/2025\/01\/strange_darling-184939212-large-696x1006.jpg 696w, https:\/\/sombrafestival.com\/wp-content\/uploads\/2025\/01\/strange_darling-184939212-large.jpg 830w\" sizes=\"auto, (max-width: 708px) 100vw, 708px\" \/><\/a><\/figure>\n<\/div>\n\n\n\n<div class=\"wp-block-column is-layout-flow wp-block-column-is-layout-flow\">\n<figure class=\"wp-block-image size-large\"><a href=\"https:\/\/sombrafestival.com\/en\/largometrajes-2025\/the-end-joyas-del-terror\/\"><img loading=\"lazy\" decoding=\"async\" width=\"690\" height=\"1024\" src=\"https:\/\/sombrafestival.com\/wp-content\/uploads\/2025\/02\/the_end-620136160-large-690x1024.jpg\" alt=\"\" class=\"wp-image-7403\" srcset=\"https:\/\/sombrafestival.com\/wp-content\/uploads\/2025\/02\/the_end-620136160-large-690x1024.jpg 690w, https:\/\/sombrafestival.com\/wp-content\/uploads\/2025\/02\/the_end-620136160-large-202x300.jpg 202w, https:\/\/sombrafestival.com\/wp-content\/uploads\/2025\/02\/the_end-620136160-large-768x1139.jpg 768w, https:\/\/sombrafestival.com\/wp-content\/uploads\/2025\/02\/the_end-620136160-large-8x12.jpg 8w, https:\/\/sombrafestival.com\/wp-content\/uploads\/2025\/02\/the_end-620136160-large-283x420.jpg 283w, https:\/\/sombrafestival.com\/wp-content\/uploads\/2025\/02\/the_end-620136160-large-696x1032.jpg 696w, https:\/\/sombrafestival.com\/wp-content\/uploads\/2025\/02\/the_end-620136160-large.jpg 809w\" sizes=\"auto, (max-width: 690px) 100vw, 690px\" \/><\/a><\/figure>\n<\/div>\n\n\n\n<div class=\"wp-block-column is-layout-flow wp-block-column-is-layout-flow\">\n<figure class=\"wp-block-image size-large\"><a href=\"https:\/\/sombrafestival.com\/en\/largometrajes-2025\/el-bano-del-diablo-joyas-del-terror\/\"><img loading=\"lazy\" decoding=\"async\" width=\"724\" height=\"1024\" src=\"https:\/\/sombrafestival.com\/wp-content\/uploads\/2025\/01\/des_teufels_bad-981077325-large-724x1024.jpg\" alt=\"\" class=\"wp-image-6743\" srcset=\"https:\/\/sombrafestival.com\/wp-content\/uploads\/2025\/01\/des_teufels_bad-981077325-large-724x1024.jpg 724w, https:\/\/sombrafestival.com\/wp-content\/uploads\/2025\/01\/des_teufels_bad-981077325-large-212x300.jpg 212w, https:\/\/sombrafestival.com\/wp-content\/uploads\/2025\/01\/des_teufels_bad-981077325-large-768x1087.jpg 768w, https:\/\/sombrafestival.com\/wp-content\/uploads\/2025\/01\/des_teufels_bad-981077325-large-8x12.jpg 8w, https:\/\/sombrafestival.com\/wp-content\/uploads\/2025\/01\/des_teufels_bad-981077325-large-297x420.jpg 297w, https:\/\/sombrafestival.com\/wp-content\/uploads\/2025\/01\/des_teufels_bad-981077325-large-696x985.jpg 696w, https:\/\/sombrafestival.com\/wp-content\/uploads\/2025\/01\/des_teufels_bad-981077325-large.jpg 848w\" sizes=\"auto, (max-width: 724px) 100vw, 724px\" \/><\/a><\/figure>\n<\/div>\n<\/div>\n\n\n\n<div class=\"wp-block-columns is-layout-flex wp-container-core-columns-is-layout-9 wp-block-columns-is-layout-flex\">\n<div class=\"wp-block-column is-layout-flow wp-block-column-is-layout-flow\"><\/div>\n\n\n\n<div class=\"wp-block-column is-layout-flow wp-block-column-is-layout-flow\"><\/div>\n<\/div>\n\n\n\n<h2 class=\"wp-block-heading\">Muestra Terror Latinoamericano<\/h2>\n\n\n\n<div class=\"wp-block-columns is-layout-flex wp-container-core-columns-is-layout-10 wp-block-columns-is-layout-flex\">\n<div class=\"wp-block-column is-layout-flow wp-block-column-is-layout-flow\">\n<figure class=\"wp-block-image size-full is-resized td-caption-align-https:\/\/sombrafestival.com\/wp-content\/uploads\/2024\/01\/vermin-911326500-large.jpg\"><a href=\"https:\/\/sombrafestival.com\/en\/largometrajes-2025\/masacre-en-el-delta-muestra-terror-latinoamericano\/\"><img loading=\"lazy\" decoding=\"async\" width=\"849\" height=\"1201\" src=\"https:\/\/sombrafestival.com\/wp-content\/uploads\/2025\/01\/Massacre-en-el-Delta-Key-Art-V2-WEB.jpg\" alt=\"\" class=\"wp-image-6900\" style=\"width:514px;height:auto\" srcset=\"https:\/\/sombrafestival.com\/wp-content\/uploads\/2025\/01\/Massacre-en-el-Delta-Key-Art-V2-WEB.jpg 849w, https:\/\/sombrafestival.com\/wp-content\/uploads\/2025\/01\/Massacre-en-el-Delta-Key-Art-V2-WEB-212x300.jpg 212w, https:\/\/sombrafestival.com\/wp-content\/uploads\/2025\/01\/Massacre-en-el-Delta-Key-Art-V2-WEB-724x1024.jpg 724w, https:\/\/sombrafestival.com\/wp-content\/uploads\/2025\/01\/Massacre-en-el-Delta-Key-Art-V2-WEB-768x1086.jpg 768w, https:\/\/sombrafestival.com\/wp-content\/uploads\/2025\/01\/Massacre-en-el-Delta-Key-Art-V2-WEB-8x12.jpg 8w, https:\/\/sombrafestival.com\/wp-content\/uploads\/2025\/01\/Massacre-en-el-Delta-Key-Art-V2-WEB-297x420.jpg 297w, https:\/\/sombrafestival.com\/wp-content\/uploads\/2025\/01\/Massacre-en-el-Delta-Key-Art-V2-WEB-696x985.jpg 696w\" sizes=\"auto, (max-width: 849px) 100vw, 849px\" \/><\/a><\/figure>\n<\/div>\n\n\n\n<div class=\"wp-block-column is-layout-flow wp-block-column-is-layout-flow\">\n<figure class=\"wp-block-image size-full is-resized td-caption-align-https:\/\/sombrafestival.com\/wp-content\/uploads\/2024\/01\/club_zero-511206995-large.jpg\"><a href=\"https:\/\/sombrafestival.com\/en\/largometrajes-2025\/toxico-muestra-terror-latinoamericano\/\"><img loading=\"lazy\" decoding=\"async\" width=\"501\" height=\"709\" src=\"https:\/\/sombrafestival.com\/wp-content\/uploads\/2025\/01\/toxico.jpg\" alt=\"\" class=\"wp-image-6888\" style=\"width:504px;height:auto\" srcset=\"https:\/\/sombrafestival.com\/wp-content\/uploads\/2025\/01\/toxico.jpg 501w, https:\/\/sombrafestival.com\/wp-content\/uploads\/2025\/01\/toxico-212x300.jpg 212w, https:\/\/sombrafestival.com\/wp-content\/uploads\/2025\/01\/toxico-8x12.jpg 8w, https:\/\/sombrafestival.com\/wp-content\/uploads\/2025\/01\/toxico-297x420.jpg 297w\" sizes=\"auto, (max-width: 501px) 100vw, 501px\" \/><\/a><\/figure>\n<\/div>\n<\/div>\n\n\n\n<div class=\"wp-block-columns is-layout-flex wp-container-core-columns-is-layout-11 wp-block-columns-is-layout-flex\">\n<div class=\"wp-block-column is-layout-flow wp-block-column-is-layout-flow\"><\/div>\n\n\n\n<div class=\"wp-block-column is-layout-flow wp-block-column-is-layout-flow\"><\/div>\n\n\n\n<div class=\"wp-block-column is-layout-flow wp-block-column-is-layout-flow\"><\/div>\n<\/div>\n\n\n\n<p><\/p>\n\n\n\n<p><\/p>\n\n\n\n<h2 class=\"wp-block-heading\"><strong>CLAUSURA XIV SOMBRA: FABIO FRIZZI PLAYS NUEVA YORK BAJO EL TERROR DE LOS ZOMBIS<\/strong><\/h2>\n\n\n\n<figure class=\"wp-block-image size-large td-caption-align-https:\/\/sombrafestival.com\/wp-content\/uploads\/2023\/12\/410061752_2636784199804884_654268513444646517_n.jpg\"><a href=\"https:\/\/sombrafestival.com\/en\/una-noche-inolvidable-con-fabio-frizzi-plays-nueva-york-bajo-el-terror-de-los-zombis\/\"><img loading=\"lazy\" decoding=\"async\" width=\"819\" height=\"1024\" src=\"https:\/\/sombrafestival.com\/wp-content\/uploads\/2024\/12\/471569698_1213985757107703_6405969279920211434_n-1-819x1024.jpg\" alt=\"\" class=\"wp-image-6692\" srcset=\"https:\/\/sombrafestival.com\/wp-content\/uploads\/2024\/12\/471569698_1213985757107703_6405969279920211434_n-1-819x1024.jpg 819w, https:\/\/sombrafestival.com\/wp-content\/uploads\/2024\/12\/471569698_1213985757107703_6405969279920211434_n-1-240x300.jpg 240w, https:\/\/sombrafestival.com\/wp-content\/uploads\/2024\/12\/471569698_1213985757107703_6405969279920211434_n-1-768x960.jpg 768w, https:\/\/sombrafestival.com\/wp-content\/uploads\/2024\/12\/471569698_1213985757107703_6405969279920211434_n-1-10x12.jpg 10w, https:\/\/sombrafestival.com\/wp-content\/uploads\/2024\/12\/471569698_1213985757107703_6405969279920211434_n-1-696x870.jpg 696w, https:\/\/sombrafestival.com\/wp-content\/uploads\/2024\/12\/471569698_1213985757107703_6405969279920211434_n-1-1068x1335.jpg 1068w, https:\/\/sombrafestival.com\/wp-content\/uploads\/2024\/12\/471569698_1213985757107703_6405969279920211434_n-1-336x420.jpg 336w, https:\/\/sombrafestival.com\/wp-content\/uploads\/2024\/12\/471569698_1213985757107703_6405969279920211434_n-1.jpg 1152w\" sizes=\"auto, (max-width: 819px) 100vw, 819px\" \/><\/a><\/figure>","protected":false},"excerpt":{"rendered":"<p>Secci\u00f3n Oficial Retrospectiva 20 Aniversario Retrospectiva Zombie Anima\/te Media Window Homenaje P\u00f3stumo Sesi\u00f3n no te Prives Sesi\u00f3n Rock Imperium Joyas del Terror Muestra Terror Latinoamericano CLAUSURA XIV SOMBRA: FABIO FRIZZI PLAYS NUEVA YORK BAJO EL TERROR DE LOS ZOMBIS<\/p>","protected":false},"author":2,"featured_media":0,"parent":0,"menu_order":0,"comment_status":"closed","ping_status":"closed","template":"","meta":{"footnotes":""},"class_list":["post-6838","page","type-page","status-publish"],"yoast_head":"<!-- This site is optimized with the Yoast SEO plugin v24.3 - https:\/\/yoast.com\/wordpress\/plugins\/seo\/ -->\n<title>Largometrajes 2025 - Sombra Festival<\/title>\n<meta name=\"robots\" content=\"index, follow, max-snippet:-1, max-image-preview:large, max-video-preview:-1\" \/>\n<link rel=\"canonical\" href=\"https:\/\/sombrafestival.com\/en\/largometrajes-2025\/\" \/>\n<meta property=\"og:locale\" content=\"en_GB\" \/>\n<meta property=\"og:type\" content=\"article\" \/>\n<meta property=\"og:title\" content=\"Largometrajes 2025 - Sombra Festival\" \/>\n<meta property=\"og:description\" content=\"Secci\u00f3n Oficial Retrospectiva 20 Aniversario Retrospectiva Zombie Anima\/te Media Window Homenaje P\u00f3stumo Sesi\u00f3n no te Prives Sesi\u00f3n Rock Imperium Joyas del Terror Muestra Terror Latinoamericano CLAUSURA XIV SOMBRA: FABIO FRIZZI PLAYS NUEVA YORK BAJO EL TERROR DE LOS ZOMBIS\" \/>\n<meta property=\"og:url\" content=\"https:\/\/sombrafestival.com\/en\/largometrajes-2025\/\" \/>\n<meta property=\"og:site_name\" content=\"Sombra Festival\" \/>\n<meta property=\"article:publisher\" content=\"https:\/\/www.facebook.com\/Sombra-Festival-De-CINE-Fantastico-Europeo-De-Murcia-175337032531429\/\" \/>\n<meta property=\"article:modified_time\" content=\"2025-02-11T08:31:17+00:00\" \/>\n<meta property=\"og:image\" content=\"https:\/\/sombrafestival.com\/wp-content\/uploads\/2025\/01\/el_instinto-607156970-large.jpg\" \/>\n\t<meta property=\"og:image:width\" content=\"840\" \/>\n\t<meta property=\"og:image:height\" content=\"1200\" \/>\n\t<meta property=\"og:image:type\" content=\"image\/jpeg\" \/>\n<meta name=\"twitter:card\" content=\"summary_large_image\" \/>\n<meta name=\"twitter:site\" content=\"@SombraFestival\" \/>\n<meta name=\"twitter:label1\" content=\"Est. reading time\" \/>\n\t<meta name=\"twitter:data1\" content=\"6 minutes\" \/>\n<script type=\"application\/ld+json\" class=\"yoast-schema-graph\">{\"@context\":\"https:\/\/schema.org\",\"@graph\":[{\"@type\":\"WebPage\",\"@id\":\"https:\/\/sombrafestival.com\/largometrajes-2025\/\",\"url\":\"https:\/\/sombrafestival.com\/largometrajes-2025\/\",\"name\":\"Largometrajes 2025 - Sombra Festival\",\"isPartOf\":{\"@id\":\"https:\/\/sombrafestival.com\/en\/#website\"},\"primaryImageOfPage\":{\"@id\":\"https:\/\/sombrafestival.com\/largometrajes-2025\/#primaryimage\"},\"image\":{\"@id\":\"https:\/\/sombrafestival.com\/largometrajes-2025\/#primaryimage\"},\"thumbnailUrl\":\"https:\/\/sombrafestival.com\/wp-content\/uploads\/2025\/01\/el_instinto-607156970-large-717x1024.jpg\",\"datePublished\":\"2025-02-03T21:22:23+00:00\",\"dateModified\":\"2025-02-11T08:31:17+00:00\",\"breadcrumb\":{\"@id\":\"https:\/\/sombrafestival.com\/largometrajes-2025\/#breadcrumb\"},\"inLanguage\":\"en-GB\",\"potentialAction\":[{\"@type\":\"ReadAction\",\"target\":[\"https:\/\/sombrafestival.com\/largometrajes-2025\/\"]}]},{\"@type\":\"ImageObject\",\"inLanguage\":\"en-GB\",\"@id\":\"https:\/\/sombrafestival.com\/largometrajes-2025\/#primaryimage\",\"url\":\"https:\/\/sombrafestival.com\/wp-content\/uploads\/2025\/01\/el_instinto-607156970-large-717x1024.jpg\",\"contentUrl\":\"https:\/\/sombrafestival.com\/wp-content\/uploads\/2025\/01\/el_instinto-607156970-large-717x1024.jpg\"},{\"@type\":\"BreadcrumbList\",\"@id\":\"https:\/\/sombrafestival.com\/largometrajes-2025\/#breadcrumb\",\"itemListElement\":[{\"@type\":\"ListItem\",\"position\":1,\"name\":\"Portada\",\"item\":\"https:\/\/sombrafestival.com\/\"},{\"@type\":\"ListItem\",\"position\":2,\"name\":\"Largometrajes 2025\"}]},{\"@type\":\"WebSite\",\"@id\":\"https:\/\/sombrafestival.com\/en\/#website\",\"url\":\"https:\/\/sombrafestival.com\/en\/\",\"name\":\"Sombra Festival\",\"description\":\"XIII Festival de Cine Fant\u00e1stico Europeo de Murcia, 8-17 MARZO 2024\",\"publisher\":{\"@id\":\"https:\/\/sombrafestival.com\/en\/#organization\"},\"potentialAction\":[{\"@type\":\"SearchAction\",\"target\":{\"@type\":\"EntryPoint\",\"urlTemplate\":\"https:\/\/sombrafestival.com\/en\/?s={search_term_string}\"},\"query-input\":{\"@type\":\"PropertyValueSpecification\",\"valueRequired\":true,\"valueName\":\"search_term_string\"}}],\"inLanguage\":\"en-GB\"},{\"@type\":\"Organization\",\"@id\":\"https:\/\/sombrafestival.com\/en\/#organization\",\"name\":\"SOMBRA, IX FESTIVAL DE CINE FANTASTICO EUROPEO DE MURCIA\",\"url\":\"https:\/\/sombrafestival.com\/en\/\",\"logo\":{\"@type\":\"ImageObject\",\"inLanguage\":\"en-GB\",\"@id\":\"https:\/\/sombrafestival.com\/en\/#\/schema\/logo\/image\/\",\"url\":\"https:\/\/sombrafestival.com\/wp-content\/uploads\/2019\/10\/Sombra-LogoIdentificador-Negativo.jpg\",\"contentUrl\":\"https:\/\/sombrafestival.com\/wp-content\/uploads\/2019\/10\/Sombra-LogoIdentificador-Negativo.jpg\",\"width\":400,\"height\":400,\"caption\":\"SOMBRA, IX FESTIVAL DE CINE FANTASTICO EUROPEO DE MURCIA\"},\"image\":{\"@id\":\"https:\/\/sombrafestival.com\/en\/#\/schema\/logo\/image\/\"},\"sameAs\":[\"https:\/\/www.facebook.com\/Sombra-Festival-De-CINE-Fantastico-Europeo-De-Murcia-175337032531429\/\",\"https:\/\/x.com\/SombraFestival\",\"https:\/\/www.instagram.com\/sombrafestival\/\",\"https:\/\/www.youtube.com\/channel\/UCBdSJni9V30Tq4cGf4Lj0Ug?view_as=subscriber\"]}]}<\/script>\n<!-- \/ Yoast SEO plugin. -->","yoast_head_json":{"title":"Largometrajes 2025 - Sombra Festival","robots":{"index":"index","follow":"follow","max-snippet":"max-snippet:-1","max-image-preview":"max-image-preview:large","max-video-preview":"max-video-preview:-1"},"canonical":"https:\/\/sombrafestival.com\/en\/largometrajes-2025\/","og_locale":"en_GB","og_type":"article","og_title":"Largometrajes 2025 - Sombra Festival","og_description":"Secci\u00f3n Oficial Retrospectiva 20 Aniversario Retrospectiva Zombie Anima\/te Media Window Homenaje P\u00f3stumo Sesi\u00f3n no te Prives Sesi\u00f3n Rock Imperium Joyas del Terror Muestra Terror Latinoamericano CLAUSURA XIV SOMBRA: FABIO FRIZZI PLAYS NUEVA YORK BAJO EL TERROR DE LOS ZOMBIS","og_url":"https:\/\/sombrafestival.com\/en\/largometrajes-2025\/","og_site_name":"Sombra Festival","article_publisher":"https:\/\/www.facebook.com\/Sombra-Festival-De-CINE-Fantastico-Europeo-De-Murcia-175337032531429\/","article_modified_time":"2025-02-11T08:31:17+00:00","og_image":[{"width":840,"height":1200,"url":"https:\/\/sombrafestival.com\/wp-content\/uploads\/2025\/01\/el_instinto-607156970-large.jpg","type":"image\/jpeg"}],"twitter_card":"summary_large_image","twitter_site":"@SombraFestival","twitter_misc":{"Est. reading time":"6 minutes"},"schema":{"@context":"https:\/\/schema.org","@graph":[{"@type":"WebPage","@id":"https:\/\/sombrafestival.com\/largometrajes-2025\/","url":"https:\/\/sombrafestival.com\/largometrajes-2025\/","name":"Largometrajes 2025 - Sombra Festival","isPartOf":{"@id":"https:\/\/sombrafestival.com\/en\/#website"},"primaryImageOfPage":{"@id":"https:\/\/sombrafestival.com\/largometrajes-2025\/#primaryimage"},"image":{"@id":"https:\/\/sombrafestival.com\/largometrajes-2025\/#primaryimage"},"thumbnailUrl":"https:\/\/sombrafestival.com\/wp-content\/uploads\/2025\/01\/el_instinto-607156970-large-717x1024.jpg","datePublished":"2025-02-03T21:22:23+00:00","dateModified":"2025-02-11T08:31:17+00:00","breadcrumb":{"@id":"https:\/\/sombrafestival.com\/largometrajes-2025\/#breadcrumb"},"inLanguage":"en-GB","potentialAction":[{"@type":"ReadAction","target":["https:\/\/sombrafestival.com\/largometrajes-2025\/"]}]},{"@type":"ImageObject","inLanguage":"en-GB","@id":"https:\/\/sombrafestival.com\/largometrajes-2025\/#primaryimage","url":"https:\/\/sombrafestival.com\/wp-content\/uploads\/2025\/01\/el_instinto-607156970-large-717x1024.jpg","contentUrl":"https:\/\/sombrafestival.com\/wp-content\/uploads\/2025\/01\/el_instinto-607156970-large-717x1024.jpg"},{"@type":"BreadcrumbList","@id":"https:\/\/sombrafestival.com\/largometrajes-2025\/#breadcrumb","itemListElement":[{"@type":"ListItem","position":1,"name":"Portada","item":"https:\/\/sombrafestival.com\/"},{"@type":"ListItem","position":2,"name":"Largometrajes 2025"}]},{"@type":"WebSite","@id":"https:\/\/sombrafestival.com\/en\/#website","url":"https:\/\/sombrafestival.com\/en\/","name":"Sombra Festival","description":"XIII Festival de Cine Fant\u00e1stico Europeo de Murcia, 8-17 MARZO 2024","publisher":{"@id":"https:\/\/sombrafestival.com\/en\/#organization"},"potentialAction":[{"@type":"SearchAction","target":{"@type":"EntryPoint","urlTemplate":"https:\/\/sombrafestival.com\/en\/?s={search_term_string}"},"query-input":{"@type":"PropertyValueSpecification","valueRequired":true,"valueName":"search_term_string"}}],"inLanguage":"en-GB"},{"@type":"Organization","@id":"https:\/\/sombrafestival.com\/en\/#organization","name":"SOMBRA, IX FESTIVAL DE CINE FANTASTICO EUROPEO DE MURCIA","url":"https:\/\/sombrafestival.com\/en\/","logo":{"@type":"ImageObject","inLanguage":"en-GB","@id":"https:\/\/sombrafestival.com\/en\/#\/schema\/logo\/image\/","url":"https:\/\/sombrafestival.com\/wp-content\/uploads\/2019\/10\/Sombra-LogoIdentificador-Negativo.jpg","contentUrl":"https:\/\/sombrafestival.com\/wp-content\/uploads\/2019\/10\/Sombra-LogoIdentificador-Negativo.jpg","width":400,"height":400,"caption":"SOMBRA, IX FESTIVAL DE CINE FANTASTICO EUROPEO DE MURCIA"},"image":{"@id":"https:\/\/sombrafestival.com\/en\/#\/schema\/logo\/image\/"},"sameAs":["https:\/\/www.facebook.com\/Sombra-Festival-De-CINE-Fantastico-Europeo-De-Murcia-175337032531429\/","https:\/\/x.com\/SombraFestival","https:\/\/www.instagram.com\/sombrafestival\/","https:\/\/www.youtube.com\/channel\/UCBdSJni9V30Tq4cGf4Lj0Ug?view_as=subscriber"]}]}},"_links":{"self":[{"href":"https:\/\/sombrafestival.com\/en\/wp-json\/wp\/v2\/pages\/6838","targetHints":{"allow":["GET"]}}],"collection":[{"href":"https:\/\/sombrafestival.com\/en\/wp-json\/wp\/v2\/pages"}],"about":[{"href":"https:\/\/sombrafestival.com\/en\/wp-json\/wp\/v2\/types\/page"}],"author":[{"embeddable":true,"href":"https:\/\/sombrafestival.com\/en\/wp-json\/wp\/v2\/users\/2"}],"replies":[{"embeddable":true,"href":"https:\/\/sombrafestival.com\/en\/wp-json\/wp\/v2\/comments?post=6838"}],"version-history":[{"count":21,"href":"https:\/\/sombrafestival.com\/en\/wp-json\/wp\/v2\/pages\/6838\/revisions"}],"predecessor-version":[{"id":7438,"href":"https:\/\/sombrafestival.com\/en\/wp-json\/wp\/v2\/pages\/6838\/revisions\/7438"}],"wp:attachment":[{"href":"https:\/\/sombrafestival.com\/en\/wp-json\/wp\/v2\/media?parent=6838"}],"curies":[{"name":"wp","href":"https:\/\/api.w.org\/{rel}","templated":true}]}}