{"id":6887,"date":"2025-02-03T23:05:26","date_gmt":"2025-02-03T22:05:26","guid":{"rendered":"https:\/\/sombrafestival.com\/?page_id=6887"},"modified":"2025-02-04T10:05:36","modified_gmt":"2025-02-04T09:05:36","slug":"toxico-muestra-terror-latinoamericano","status":"publish","type":"page","link":"https:\/\/sombrafestival.com\/en\/largometrajes-2025\/toxico-muestra-terror-latinoamericano\/","title":{"rendered":"T\u00f3xico | Muestra Terror Latinoamericano"},"content":{"rendered":"<ul>\n<li><strong>Fecha:<\/strong> Viernes, 21 de marzo<\/li>\n<li><strong>Hora:<\/strong> 17:00<\/li>\n<li><strong>Lugar:<\/strong> Fundaci\u00f3n Mediterr\u00e1neo<\/li>\n<li><strong>Idioma:<\/strong> VO<\/li>\n<\/ul>\n<p><span style=\"color: #ffff00;\"><strong>Presentada por Ariel Mart\u00ednez<\/strong><\/span><\/p>\n<p style=\"text-align: center;\"><a href=\"https:\/\/entradium.com\/events\/toxico\"><span class=\"td_btn td_btn_lg td_default_btn\">COMPRAR ENTRADAS<\/span><\/a><\/p>\n<h3>Sinopsis<\/h3>\n<p>En medio de una pandemia de insomnio que cobra lentamente dimensiones catastr\u00f3ficas, Laura (39) y Augusto (42) huyen de la ciudad en su motorhome para alejarse del caos. A medida que avanzan por la ruta, el mundo se vuelve un lugar cada vez mas extra\u00f1o y peligroso. Finalmente Laura revela una noticia que lo cambia todo. El camino se va despoblando, el silencio crece, cada vez resulta mas dif\u00edcil diferenciar la realidad del ensue\u00f1o.<\/p>\n<p><img loading=\"lazy\" decoding=\"async\" class=\"size-full wp-image-6888 aligncenter\" src=\"https:\/\/sombrafestival.com\/wp-content\/uploads\/2025\/01\/toxico.jpg\" alt=\"\" width=\"501\" height=\"709\" srcset=\"https:\/\/sombrafestival.com\/wp-content\/uploads\/2025\/01\/toxico.jpg 501w, https:\/\/sombrafestival.com\/wp-content\/uploads\/2025\/01\/toxico-212x300.jpg 212w, https:\/\/sombrafestival.com\/wp-content\/uploads\/2025\/01\/toxico-8x12.jpg 8w, https:\/\/sombrafestival.com\/wp-content\/uploads\/2025\/01\/toxico-297x420.jpg 297w\" sizes=\"auto, (max-width: 501px) 100vw, 501px\" \/><\/p>\n<ul>\n<li><strong>T\u00edtulo original: <\/strong>T\u00f3xico<strong><br \/>\n<\/strong><\/li>\n<li><strong>A\u00f1o: <\/strong>2020<\/li>\n<li><strong>Duraci\u00f3n:\u00a0<\/strong><strong><br \/>\n<\/strong><\/li>\n<li><strong>Pa\u00eds:\u00a0<\/strong><\/li>\n<li><strong>Direcci\u00f3n: <\/strong>Ariel Martinez Herrera<\/li>\n<li><strong>Guion: <\/strong>Ariel Mart\u00ednez Herrera, Luz Orlando Brennan, Lautaro Nunez De Arco, Santiago La Rosa, Santiago Podesta<strong><br \/>\n<\/strong><\/li>\n<li><strong>Reparto:\u00a0<\/strong><\/li>\n<li><strong>M\u00fasica:\u00a0<\/strong><\/li>\n<li><strong>Fotograf\u00eda:\u00a0<\/strong><\/li>\n<li><strong>Compa\u00f1\u00edas:\u00a0<\/strong><\/li>\n<li><strong>G\u00e9nero:\u00a0<\/strong><\/li>\n<\/ul>","protected":false},"excerpt":{"rendered":"<p>Fecha: Viernes, 21 de marzo Hora: 17:00 Lugar: Fundaci\u00f3n Mediterr\u00e1neo Idioma: VO Presentada por Ariel Mart\u00ednez COMPRAR ENTRADAS Sinopsis En medio de una pandemia de insomnio que cobra lentamente dimensiones catastr\u00f3ficas, Laura (39) y Augusto (42) huyen de la ciudad en su motorhome para alejarse del caos. A medida que avanzan por la ruta, el [&hellip;]<\/p>","protected":false},"author":2,"featured_media":6888,"parent":6838,"menu_order":0,"comment_status":"closed","ping_status":"closed","template":"","meta":{"footnotes":""},"class_list":["post-6887","page","type-page","status-publish","has-post-thumbnail"],"yoast_head":"<!-- This site is optimized with the Yoast SEO plugin v24.3 - https:\/\/yoast.com\/wordpress\/plugins\/seo\/ -->\n<title>T\u00f3xico | Muestra Terror Latinoamericano - Sombra Festival<\/title>\n<meta name=\"robots\" content=\"index, follow, max-snippet:-1, max-image-preview:large, max-video-preview:-1\" \/>\n<link rel=\"canonical\" href=\"https:\/\/sombrafestival.com\/en\/largometrajes-2025\/toxico-muestra-terror-latinoamericano\/\" \/>\n<meta property=\"og:locale\" content=\"en_GB\" \/>\n<meta property=\"og:type\" content=\"article\" \/>\n<meta property=\"og:title\" content=\"T\u00f3xico | Muestra Terror Latinoamericano - Sombra Festival\" \/>\n<meta property=\"og:description\" content=\"Fecha: Viernes, 21 de marzo Hora: 17:00 Lugar: Fundaci\u00f3n Mediterr\u00e1neo Idioma: VO Presentada por Ariel Mart\u00ednez COMPRAR ENTRADAS Sinopsis En medio de una pandemia de insomnio que cobra lentamente dimensiones catastr\u00f3ficas, Laura (39) y Augusto (42) huyen de la ciudad en su motorhome para alejarse del caos. A medida que avanzan por la ruta, el [&hellip;]\" \/>\n<meta property=\"og:url\" content=\"https:\/\/sombrafestival.com\/en\/largometrajes-2025\/toxico-muestra-terror-latinoamericano\/\" \/>\n<meta property=\"og:site_name\" content=\"Sombra Festival\" \/>\n<meta property=\"article:publisher\" content=\"https:\/\/www.facebook.com\/Sombra-Festival-De-CINE-Fantastico-Europeo-De-Murcia-175337032531429\/\" \/>\n<meta property=\"article:modified_time\" content=\"2025-02-04T09:05:36+00:00\" \/>\n<meta property=\"og:image\" content=\"https:\/\/sombrafestival.com\/wp-content\/uploads\/2025\/01\/toxico.jpg\" \/>\n\t<meta property=\"og:image:width\" content=\"501\" \/>\n\t<meta property=\"og:image:height\" content=\"709\" \/>\n\t<meta property=\"og:image:type\" content=\"image\/jpeg\" \/>\n<meta name=\"twitter:card\" content=\"summary_large_image\" \/>\n<meta name=\"twitter:site\" content=\"@SombraFestival\" \/>\n<meta name=\"twitter:label1\" content=\"Est. reading time\" \/>\n\t<meta name=\"twitter:data1\" content=\"1 minute\" \/>\n<script type=\"application\/ld+json\" class=\"yoast-schema-graph\">{\"@context\":\"https:\/\/schema.org\",\"@graph\":[{\"@type\":\"WebPage\",\"@id\":\"https:\/\/sombrafestival.com\/largometrajes-2025\/toxico-muestra-terror-latinoamericano\/\",\"url\":\"https:\/\/sombrafestival.com\/largometrajes-2025\/toxico-muestra-terror-latinoamericano\/\",\"name\":\"T\u00f3xico | Muestra Terror Latinoamericano - Sombra Festival\",\"isPartOf\":{\"@id\":\"https:\/\/sombrafestival.com\/en\/#website\"},\"primaryImageOfPage\":{\"@id\":\"https:\/\/sombrafestival.com\/largometrajes-2025\/toxico-muestra-terror-latinoamericano\/#primaryimage\"},\"image\":{\"@id\":\"https:\/\/sombrafestival.com\/largometrajes-2025\/toxico-muestra-terror-latinoamericano\/#primaryimage\"},\"thumbnailUrl\":\"https:\/\/sombrafestival.com\/wp-content\/uploads\/2025\/01\/toxico.jpg\",\"datePublished\":\"2025-02-03T22:05:26+00:00\",\"dateModified\":\"2025-02-04T09:05:36+00:00\",\"breadcrumb\":{\"@id\":\"https:\/\/sombrafestival.com\/largometrajes-2025\/toxico-muestra-terror-latinoamericano\/#breadcrumb\"},\"inLanguage\":\"en-GB\",\"potentialAction\":[{\"@type\":\"ReadAction\",\"target\":[\"https:\/\/sombrafestival.com\/largometrajes-2025\/toxico-muestra-terror-latinoamericano\/\"]}]},{\"@type\":\"ImageObject\",\"inLanguage\":\"en-GB\",\"@id\":\"https:\/\/sombrafestival.com\/largometrajes-2025\/toxico-muestra-terror-latinoamericano\/#primaryimage\",\"url\":\"https:\/\/sombrafestival.com\/wp-content\/uploads\/2025\/01\/toxico.jpg\",\"contentUrl\":\"https:\/\/sombrafestival.com\/wp-content\/uploads\/2025\/01\/toxico.jpg\",\"width\":501,\"height\":709},{\"@type\":\"BreadcrumbList\",\"@id\":\"https:\/\/sombrafestival.com\/largometrajes-2025\/toxico-muestra-terror-latinoamericano\/#breadcrumb\",\"itemListElement\":[{\"@type\":\"ListItem\",\"position\":1,\"name\":\"Portada\",\"item\":\"https:\/\/sombrafestival.com\/\"},{\"@type\":\"ListItem\",\"position\":2,\"name\":\"Largometrajes 2025\",\"item\":\"https:\/\/sombrafestival.com\/largometrajes-2025\/\"},{\"@type\":\"ListItem\",\"position\":3,\"name\":\"T\u00f3xico | Muestra Terror Latinoamericano\"}]},{\"@type\":\"WebSite\",\"@id\":\"https:\/\/sombrafestival.com\/en\/#website\",\"url\":\"https:\/\/sombrafestival.com\/en\/\",\"name\":\"Sombra Festival\",\"description\":\"XIII Festival de Cine Fant\u00e1stico Europeo de Murcia, 8-17 MARZO 2024\",\"publisher\":{\"@id\":\"https:\/\/sombrafestival.com\/en\/#organization\"},\"potentialAction\":[{\"@type\":\"SearchAction\",\"target\":{\"@type\":\"EntryPoint\",\"urlTemplate\":\"https:\/\/sombrafestival.com\/en\/?s={search_term_string}\"},\"query-input\":{\"@type\":\"PropertyValueSpecification\",\"valueRequired\":true,\"valueName\":\"search_term_string\"}}],\"inLanguage\":\"en-GB\"},{\"@type\":\"Organization\",\"@id\":\"https:\/\/sombrafestival.com\/en\/#organization\",\"name\":\"SOMBRA, IX FESTIVAL DE CINE FANTASTICO EUROPEO DE MURCIA\",\"url\":\"https:\/\/sombrafestival.com\/en\/\",\"logo\":{\"@type\":\"ImageObject\",\"inLanguage\":\"en-GB\",\"@id\":\"https:\/\/sombrafestival.com\/en\/#\/schema\/logo\/image\/\",\"url\":\"https:\/\/sombrafestival.com\/wp-content\/uploads\/2019\/10\/Sombra-LogoIdentificador-Negativo.jpg\",\"contentUrl\":\"https:\/\/sombrafestival.com\/wp-content\/uploads\/2019\/10\/Sombra-LogoIdentificador-Negativo.jpg\",\"width\":400,\"height\":400,\"caption\":\"SOMBRA, IX FESTIVAL DE CINE FANTASTICO EUROPEO DE MURCIA\"},\"image\":{\"@id\":\"https:\/\/sombrafestival.com\/en\/#\/schema\/logo\/image\/\"},\"sameAs\":[\"https:\/\/www.facebook.com\/Sombra-Festival-De-CINE-Fantastico-Europeo-De-Murcia-175337032531429\/\",\"https:\/\/x.com\/SombraFestival\",\"https:\/\/www.instagram.com\/sombrafestival\/\",\"https:\/\/www.youtube.com\/channel\/UCBdSJni9V30Tq4cGf4Lj0Ug?view_as=subscriber\"]}]}<\/script>\n<!-- \/ Yoast SEO plugin. -->","yoast_head_json":{"title":"T\u00f3xico | Muestra Terror Latinoamericano - Sombra Festival","robots":{"index":"index","follow":"follow","max-snippet":"max-snippet:-1","max-image-preview":"max-image-preview:large","max-video-preview":"max-video-preview:-1"},"canonical":"https:\/\/sombrafestival.com\/en\/largometrajes-2025\/toxico-muestra-terror-latinoamericano\/","og_locale":"en_GB","og_type":"article","og_title":"T\u00f3xico | Muestra Terror Latinoamericano - Sombra Festival","og_description":"Fecha: Viernes, 21 de marzo Hora: 17:00 Lugar: Fundaci\u00f3n Mediterr\u00e1neo Idioma: VO Presentada por Ariel Mart\u00ednez COMPRAR ENTRADAS Sinopsis En medio de una pandemia de insomnio que cobra lentamente dimensiones catastr\u00f3ficas, Laura (39) y Augusto (42) huyen de la ciudad en su motorhome para alejarse del caos. A medida que avanzan por la ruta, el [&hellip;]","og_url":"https:\/\/sombrafestival.com\/en\/largometrajes-2025\/toxico-muestra-terror-latinoamericano\/","og_site_name":"Sombra Festival","article_publisher":"https:\/\/www.facebook.com\/Sombra-Festival-De-CINE-Fantastico-Europeo-De-Murcia-175337032531429\/","article_modified_time":"2025-02-04T09:05:36+00:00","og_image":[{"width":501,"height":709,"url":"https:\/\/sombrafestival.com\/wp-content\/uploads\/2025\/01\/toxico.jpg","type":"image\/jpeg"}],"twitter_card":"summary_large_image","twitter_site":"@SombraFestival","twitter_misc":{"Est. reading time":"1 minute"},"schema":{"@context":"https:\/\/schema.org","@graph":[{"@type":"WebPage","@id":"https:\/\/sombrafestival.com\/largometrajes-2025\/toxico-muestra-terror-latinoamericano\/","url":"https:\/\/sombrafestival.com\/largometrajes-2025\/toxico-muestra-terror-latinoamericano\/","name":"T\u00f3xico | Muestra Terror Latinoamericano - Sombra Festival","isPartOf":{"@id":"https:\/\/sombrafestival.com\/en\/#website"},"primaryImageOfPage":{"@id":"https:\/\/sombrafestival.com\/largometrajes-2025\/toxico-muestra-terror-latinoamericano\/#primaryimage"},"image":{"@id":"https:\/\/sombrafestival.com\/largometrajes-2025\/toxico-muestra-terror-latinoamericano\/#primaryimage"},"thumbnailUrl":"https:\/\/sombrafestival.com\/wp-content\/uploads\/2025\/01\/toxico.jpg","datePublished":"2025-02-03T22:05:26+00:00","dateModified":"2025-02-04T09:05:36+00:00","breadcrumb":{"@id":"https:\/\/sombrafestival.com\/largometrajes-2025\/toxico-muestra-terror-latinoamericano\/#breadcrumb"},"inLanguage":"en-GB","potentialAction":[{"@type":"ReadAction","target":["https:\/\/sombrafestival.com\/largometrajes-2025\/toxico-muestra-terror-latinoamericano\/"]}]},{"@type":"ImageObject","inLanguage":"en-GB","@id":"https:\/\/sombrafestival.com\/largometrajes-2025\/toxico-muestra-terror-latinoamericano\/#primaryimage","url":"https:\/\/sombrafestival.com\/wp-content\/uploads\/2025\/01\/toxico.jpg","contentUrl":"https:\/\/sombrafestival.com\/wp-content\/uploads\/2025\/01\/toxico.jpg","width":501,"height":709},{"@type":"BreadcrumbList","@id":"https:\/\/sombrafestival.com\/largometrajes-2025\/toxico-muestra-terror-latinoamericano\/#breadcrumb","itemListElement":[{"@type":"ListItem","position":1,"name":"Portada","item":"https:\/\/sombrafestival.com\/"},{"@type":"ListItem","position":2,"name":"Largometrajes 2025","item":"https:\/\/sombrafestival.com\/largometrajes-2025\/"},{"@type":"ListItem","position":3,"name":"T\u00f3xico | Muestra Terror Latinoamericano"}]},{"@type":"WebSite","@id":"https:\/\/sombrafestival.com\/en\/#website","url":"https:\/\/sombrafestival.com\/en\/","name":"Sombra Festival","description":"XIII Festival de Cine Fant\u00e1stico Europeo de Murcia, 8-17 MARZO 2024","publisher":{"@id":"https:\/\/sombrafestival.com\/en\/#organization"},"potentialAction":[{"@type":"SearchAction","target":{"@type":"EntryPoint","urlTemplate":"https:\/\/sombrafestival.com\/en\/?s={search_term_string}"},"query-input":{"@type":"PropertyValueSpecification","valueRequired":true,"valueName":"search_term_string"}}],"inLanguage":"en-GB"},{"@type":"Organization","@id":"https:\/\/sombrafestival.com\/en\/#organization","name":"SOMBRA, IX FESTIVAL DE CINE FANTASTICO EUROPEO DE MURCIA","url":"https:\/\/sombrafestival.com\/en\/","logo":{"@type":"ImageObject","inLanguage":"en-GB","@id":"https:\/\/sombrafestival.com\/en\/#\/schema\/logo\/image\/","url":"https:\/\/sombrafestival.com\/wp-content\/uploads\/2019\/10\/Sombra-LogoIdentificador-Negativo.jpg","contentUrl":"https:\/\/sombrafestival.com\/wp-content\/uploads\/2019\/10\/Sombra-LogoIdentificador-Negativo.jpg","width":400,"height":400,"caption":"SOMBRA, IX FESTIVAL DE CINE FANTASTICO EUROPEO DE MURCIA"},"image":{"@id":"https:\/\/sombrafestival.com\/en\/#\/schema\/logo\/image\/"},"sameAs":["https:\/\/www.facebook.com\/Sombra-Festival-De-CINE-Fantastico-Europeo-De-Murcia-175337032531429\/","https:\/\/x.com\/SombraFestival","https:\/\/www.instagram.com\/sombrafestival\/","https:\/\/www.youtube.com\/channel\/UCBdSJni9V30Tq4cGf4Lj0Ug?view_as=subscriber"]}]}},"_links":{"self":[{"href":"https:\/\/sombrafestival.com\/en\/wp-json\/wp\/v2\/pages\/6887","targetHints":{"allow":["GET"]}}],"collection":[{"href":"https:\/\/sombrafestival.com\/en\/wp-json\/wp\/v2\/pages"}],"about":[{"href":"https:\/\/sombrafestival.com\/en\/wp-json\/wp\/v2\/types\/page"}],"author":[{"embeddable":true,"href":"https:\/\/sombrafestival.com\/en\/wp-json\/wp\/v2\/users\/2"}],"replies":[{"embeddable":true,"href":"https:\/\/sombrafestival.com\/en\/wp-json\/wp\/v2\/comments?post=6887"}],"version-history":[{"count":4,"href":"https:\/\/sombrafestival.com\/en\/wp-json\/wp\/v2\/pages\/6887\/revisions"}],"predecessor-version":[{"id":7240,"href":"https:\/\/sombrafestival.com\/en\/wp-json\/wp\/v2\/pages\/6887\/revisions\/7240"}],"up":[{"embeddable":true,"href":"https:\/\/sombrafestival.com\/en\/wp-json\/wp\/v2\/pages\/6838"}],"wp:featuredmedia":[{"embeddable":true,"href":"https:\/\/sombrafestival.com\/en\/wp-json\/wp\/v2\/media\/6888"}],"wp:attachment":[{"href":"https:\/\/sombrafestival.com\/en\/wp-json\/wp\/v2\/media?parent=6887"}],"curies":[{"name":"wp","href":"https:\/\/api.w.org\/{rel}","templated":true}]}}