{"id":6941,"date":"2025-02-03T23:20:47","date_gmt":"2025-02-03T22:20:47","guid":{"rendered":"https:\/\/sombrafestival.com\/?page_id=6941"},"modified":"2025-03-12T16:24:29","modified_gmt":"2025-03-12T15:24:29","slug":"programacion-sombra-2025-2","status":"publish","type":"page","link":"https:\/\/sombrafestival.com\/en\/programacion-sombra-2025-2\/","title":{"rendered":"Programaci\u00f3n Sombra 2025"},"content":{"rendered":"<p><\/p>\n\n\n\n<div class=\"wp-block-buttons alignwide is-content-justification-center is-layout-flex wp-container-core-buttons-is-layout-1 wp-block-buttons-is-layout-flex\">\n<div class=\"wp-block-button has-custom-font-size is-style-round has-regular-font-size\"><a class=\"wp-block-button__link has-vivid-red-background-color has-background has-text-align-center wp-element-button\" href=\"https:\/\/sombrafestival.com\/wp-content\/uploads\/2025\/03\/Programacion-Murcia-2025-Actualizacion-12-03-2025.pdf\">Descargar Programaci\u00f3n Sombra Murcia 2025<\/a><\/div>\n<\/div>\n\n\n\n<h3 class=\"wp-block-heading has-text-align-center\"><\/h3>\n\n\n\n<hr class=\"wp-block-separator has-text-color has-background has-very-light-gray-background-color has-very-light-gray-color is-style-wide\"\/>\n\n\n\n<h3 class=\"wp-block-heading has-text-align-center\">Jueves, 13 de marzo <\/h3>\n\n\n\n<div class=\"wp-block-columns is-layout-flex wp-container-core-columns-is-layout-1 wp-block-columns-is-layout-flex\">\n<div class=\"wp-block-column is-layout-flow wp-block-column-is-layout-flow\">\n<figure class=\"wp-block-image size-full is-resized td-caption-align-https:\/\/sombrafestival.com\/wp-content\/uploads\/2024\/02\/GIALLO-Recuperado.jpg\"><img loading=\"lazy\" decoding=\"async\" width=\"1080\" height=\"1350\" src=\"https:\/\/sombrafestival.com\/wp-content\/uploads\/2025\/03\/Snapinst.app_483012144_18393935062099249_4989610193912946978_n_1080-1.webp\" alt=\"\" class=\"wp-image-7519\" style=\"width:468px;height:auto\" srcset=\"https:\/\/sombrafestival.com\/wp-content\/uploads\/2025\/03\/Snapinst.app_483012144_18393935062099249_4989610193912946978_n_1080-1.webp 1080w, https:\/\/sombrafestival.com\/wp-content\/uploads\/2025\/03\/Snapinst.app_483012144_18393935062099249_4989610193912946978_n_1080-1-240x300.webp 240w, https:\/\/sombrafestival.com\/wp-content\/uploads\/2025\/03\/Snapinst.app_483012144_18393935062099249_4989610193912946978_n_1080-1-819x1024.webp 819w, https:\/\/sombrafestival.com\/wp-content\/uploads\/2025\/03\/Snapinst.app_483012144_18393935062099249_4989610193912946978_n_1080-1-768x960.webp 768w, https:\/\/sombrafestival.com\/wp-content\/uploads\/2025\/03\/Snapinst.app_483012144_18393935062099249_4989610193912946978_n_1080-1-10x12.webp 10w, https:\/\/sombrafestival.com\/wp-content\/uploads\/2025\/03\/Snapinst.app_483012144_18393935062099249_4989610193912946978_n_1080-1-336x420.webp 336w, https:\/\/sombrafestival.com\/wp-content\/uploads\/2025\/03\/Snapinst.app_483012144_18393935062099249_4989610193912946978_n_1080-1-696x870.webp 696w, https:\/\/sombrafestival.com\/wp-content\/uploads\/2025\/03\/Snapinst.app_483012144_18393935062099249_4989610193912946978_n_1080-1-1068x1335.webp 1068w\" sizes=\"auto, (max-width: 1080px) 100vw, 1080px\" \/><\/figure>\n\n\n\n<p><\/p>\n<\/div>\n\n\n\n<div class=\"wp-block-column is-layout-flow wp-block-column-is-layout-flow\">\n<p class=\"has-very-dark-gray-color has-cyan-bluish-gray-background-color has-text-color has-background\"><strong>Presentaci\u00f3n del libro \u201cA TRAV\u00c9S DEL ABISMO: H. P. Lovecraft y el horror ontol\u00f3gico\u201d de David Soto y Giorgia Bertozzi<\/strong><\/p>\n\n\n\n<p class=\"has-very-dark-gray-color has-very-light-gray-background-color has-text-color has-background\"><strong><strong>Hora: <\/strong><\/strong><em>19:00<\/em><strong><strong><br>\u00bfD\u00f3nde?: &nbsp;<\/strong><\/strong><em>Librer\u00eda 7 H\u00e9roes<\/em><\/p>\n\n\n\n<div class=\"wp-block-buttons is-layout-flex wp-block-buttons-is-layout-flex\">\n<div class=\"wp-block-button\"><a class=\"wp-block-button__link has-vivid-red-background-color has-background wp-element-button\" href=\"https:\/\/sombrafestival.com\/en\/actividades-sombra-2025\/presentacion-del-libro-a-traves-del-abismo-h-p-lovecraft-y-el-horror-ontologico\/\">M\u00c1S INFO<\/a><\/div>\n<\/div>\n<\/div>\n<\/div>\n\n\n\n<p><\/p>\n\n\n\n<div class=\"wp-block-columns is-layout-flex wp-container-core-columns-is-layout-2 wp-block-columns-is-layout-flex\">\n<div class=\"wp-block-column is-layout-flow wp-block-column-is-layout-flow\">\n<figure class=\"wp-block-image size-full is-resized td-caption-align-https:\/\/sombrafestival.com\/wp-content\/uploads\/2024\/02\/GIALLO-Recuperado.jpg\"><img loading=\"lazy\" decoding=\"async\" width=\"800\" height=\"1200\" src=\"https:\/\/sombrafestival.com\/wp-content\/uploads\/2025\/02\/expo-ficciones.jpg\" alt=\"\" class=\"wp-image-7002\" style=\"width:449px;height:auto\" srcset=\"https:\/\/sombrafestival.com\/wp-content\/uploads\/2025\/02\/expo-ficciones.jpg 800w, https:\/\/sombrafestival.com\/wp-content\/uploads\/2025\/02\/expo-ficciones-200x300.jpg 200w, https:\/\/sombrafestival.com\/wp-content\/uploads\/2025\/02\/expo-ficciones-683x1024.jpg 683w, https:\/\/sombrafestival.com\/wp-content\/uploads\/2025\/02\/expo-ficciones-768x1152.jpg 768w, https:\/\/sombrafestival.com\/wp-content\/uploads\/2025\/02\/expo-ficciones-8x12.jpg 8w, https:\/\/sombrafestival.com\/wp-content\/uploads\/2025\/02\/expo-ficciones-280x420.jpg 280w, https:\/\/sombrafestival.com\/wp-content\/uploads\/2025\/02\/expo-ficciones-696x1044.jpg 696w\" sizes=\"auto, (max-width: 800px) 100vw, 800px\" \/><\/figure>\n\n\n\n<p><\/p>\n<\/div>\n\n\n\n<div class=\"wp-block-column is-layout-flow wp-block-column-is-layout-flow\">\n<p class=\"has-very-dark-gray-color has-cyan-bluish-gray-background-color has-text-color has-background\"><strong>Inauguraci\u00f3n Exposici\u00f3n <\/strong>\u00ab<strong>Zombi<\/strong>\u00ab<\/p>\n\n\n\n<p class=\"has-very-dark-gray-color has-very-light-gray-background-color has-text-color has-background\"><strong>Hora:<\/strong> 21:00<br><strong>\u00bfD\u00f3nde?:<\/strong> Caf\u00e9 Ficciones<br>Recorrido cronol\u00f3gico por la historia del cine zombie<\/p>\n\n\n\n<p class=\"has-very-dark-gray-color has-luminous-vivid-amber-background-color has-text-color has-background\">Disponible hasta el 28 de marzo<\/p>\n\n\n\n<div class=\"wp-block-buttons is-layout-flex wp-block-buttons-is-layout-flex\">\n<div class=\"wp-block-button\"><a class=\"wp-block-button__link has-vivid-red-background-color has-background wp-element-button\" href=\"https:\/\/sombrafestival.com\/en\/actividades-sombra-2025\/exposicion-zombie\/\">M\u00c1S INFO<\/a><\/div>\n<\/div>\n<\/div>\n<\/div>\n\n\n\n<h3 class=\"wp-block-heading has-text-align-center\">Viernes, 14 de marzo<\/h3>\n\n\n\n<div class=\"wp-block-group\"><div class=\"wp-block-group__inner-container is-layout-constrained wp-block-group-is-layout-constrained\">\n<div class=\"wp-block-columns is-layout-flex wp-container-core-columns-is-layout-3 wp-block-columns-is-layout-flex\">\n<div class=\"wp-block-column is-layout-flow wp-block-column-is-layout-flow\">\n<figure class=\"wp-block-image size-full td-caption-align-https:\/\/sombrafestival.com\/wp-content\/uploads\/2024\/02\/GIALLO-Recuperado.jpg\"><img loading=\"lazy\" decoding=\"async\" width=\"1080\" height=\"1350\" src=\"https:\/\/sombrafestival.com\/wp-content\/uploads\/2025\/03\/Snapinst.app_483069463_18393938299099249_1969952967247493682_n_1080.webp\" alt=\"\" class=\"wp-image-7508\" srcset=\"https:\/\/sombrafestival.com\/wp-content\/uploads\/2025\/03\/Snapinst.app_483069463_18393938299099249_1969952967247493682_n_1080.webp 1080w, https:\/\/sombrafestival.com\/wp-content\/uploads\/2025\/03\/Snapinst.app_483069463_18393938299099249_1969952967247493682_n_1080-240x300.webp 240w, https:\/\/sombrafestival.com\/wp-content\/uploads\/2025\/03\/Snapinst.app_483069463_18393938299099249_1969952967247493682_n_1080-819x1024.webp 819w, https:\/\/sombrafestival.com\/wp-content\/uploads\/2025\/03\/Snapinst.app_483069463_18393938299099249_1969952967247493682_n_1080-768x960.webp 768w, https:\/\/sombrafestival.com\/wp-content\/uploads\/2025\/03\/Snapinst.app_483069463_18393938299099249_1969952967247493682_n_1080-10x12.webp 10w, https:\/\/sombrafestival.com\/wp-content\/uploads\/2025\/03\/Snapinst.app_483069463_18393938299099249_1969952967247493682_n_1080-336x420.webp 336w, https:\/\/sombrafestival.com\/wp-content\/uploads\/2025\/03\/Snapinst.app_483069463_18393938299099249_1969952967247493682_n_1080-696x870.webp 696w, https:\/\/sombrafestival.com\/wp-content\/uploads\/2025\/03\/Snapinst.app_483069463_18393938299099249_1969952967247493682_n_1080-1068x1335.webp 1068w\" sizes=\"auto, (max-width: 1080px) 100vw, 1080px\" \/><\/figure>\n\n\n\n<p><\/p>\n<\/div>\n\n\n\n<div class=\"wp-block-column is-layout-flow wp-block-column-is-layout-flow\">\n<p class=\"has-very-dark-gray-color has-cyan-bluish-gray-background-color has-text-color has-background\"><strong>Partida de rol \u201cCultos innombrables\u201d<\/strong><\/p>\n\n\n\n<p class=\"has-very-dark-gray-color has-luminous-vivid-amber-background-color has-text-color has-background\"><strong>Ciclo Arkham Literatura, C\u00f3mic y Juegos<\/strong><\/p>\n\n\n\n<p class=\"has-very-dark-gray-color has-very-light-gray-background-color has-text-color has-background\"><strong><strong>Hora: <\/strong><\/strong><em>17:00<\/em><strong><strong><br>\u00bfD\u00f3nde?: &nbsp;<\/strong><\/strong><em>Librer\u00eda 7 H\u00e9roes<\/em><\/p>\n\n\n\n<p class=\"has-very-dark-gray-color has-very-light-gray-background-color has-text-color has-background\">Tem\u00e1tica lovecraftiana<br>Plazas limitadas. Reserva previa 4 \u20ac.<\/p>\n\n\n\n<div class=\"wp-block-buttons is-layout-flex wp-block-buttons-is-layout-flex\">\n<div class=\"wp-block-button\"><a class=\"wp-block-button__link has-vivid-red-background-color has-background wp-element-button\" href=\"https:\/\/sombrafestival.com\/en\/actividades-sombra-2025\/partida-de-rol-cultos-innombrables\/\">M\u00c1S INFO<\/a><\/div>\n<\/div>\n<\/div>\n<\/div>\n<\/div><\/div>\n\n\n\n<hr class=\"wp-block-separator has-text-color has-background has-very-light-gray-background-color has-very-light-gray-color is-style-wide\"\/>\n\n\n\n<div class=\"wp-block-columns is-layout-flex wp-container-core-columns-is-layout-5 wp-block-columns-is-layout-flex\">\n<div class=\"wp-block-column is-layout-flow wp-block-column-is-layout-flow\">\n<figure class=\"wp-block-image size-large is-resized td-caption-align-https:\/\/sombrafestival.com\/wp-content\/uploads\/2023\/02\/fbi.jpg\"><img loading=\"lazy\" decoding=\"async\" width=\"717\" height=\"1024\" src=\"https:\/\/sombrafestival.com\/wp-content\/uploads\/2025\/01\/el_instinto-607156970-large-717x1024.jpg\" alt=\"\" class=\"wp-image-6768\" style=\"width:468px;height:auto\" srcset=\"https:\/\/sombrafestival.com\/wp-content\/uploads\/2025\/01\/el_instinto-607156970-large-717x1024.jpg 717w, https:\/\/sombrafestival.com\/wp-content\/uploads\/2025\/01\/el_instinto-607156970-large-210x300.jpg 210w, https:\/\/sombrafestival.com\/wp-content\/uploads\/2025\/01\/el_instinto-607156970-large-768x1097.jpg 768w, https:\/\/sombrafestival.com\/wp-content\/uploads\/2025\/01\/el_instinto-607156970-large-8x12.jpg 8w, https:\/\/sombrafestival.com\/wp-content\/uploads\/2025\/01\/el_instinto-607156970-large-294x420.jpg 294w, https:\/\/sombrafestival.com\/wp-content\/uploads\/2025\/01\/el_instinto-607156970-large-696x994.jpg 696w, https:\/\/sombrafestival.com\/wp-content\/uploads\/2025\/01\/el_instinto-607156970-large.jpg 840w\" sizes=\"auto, (max-width: 717px) 100vw, 717px\" \/><\/figure>\n<\/div>\n\n\n\n<div class=\"wp-block-column is-layout-flow wp-block-column-is-layout-flow\">\n<p class=\"has-very-dark-gray-color has-cyan-bluish-gray-background-color has-text-color has-background\"><strong>Inauguraci\u00f3n Sombra <\/strong><\/p>\n\n\n\n<p><\/p>\n\n\n\n<p class=\"has-very-dark-gray-color has-very-light-gray-background-color has-text-color has-background\"><strong><strong>Hora: <\/strong><\/strong><em>21:30<\/em><strong><strong><br>\u00bfD\u00f3nde?: &nbsp;<\/strong><\/strong><em>Filmoteca Regional de Murcia<\/em><\/p>\n\n\n\n<p class=\"has-very-dark-gray-color has-luminous-vivid-amber-background-color has-text-color has-background\"><strong>El Instinto (Secci\u00f3n Oficial) + \u00c1ngulo Muerto<\/strong><\/p>\n\n\n\n<p class=\"has-very-dark-gray-color has-luminous-vivid-amber-background-color has-text-color has-background\"><strong>Entrega Premio Serial Killer a Eva Llorach<\/strong><\/p>\n\n\n\n<div class=\"wp-block-group\"><div class=\"wp-block-group__inner-container is-layout-constrained wp-block-group-is-layout-constrained\">\n<div class=\"wp-block-group\"><div class=\"wp-block-group__inner-container is-layout-constrained wp-block-group-is-layout-constrained\">\n<div class=\"wp-block-columns is-layout-flex wp-container-core-columns-is-layout-4 wp-block-columns-is-layout-flex\">\n<div class=\"wp-block-column is-layout-flow wp-block-column-is-layout-flow\">\n<div class=\"wp-block-buttons is-layout-flex wp-block-buttons-is-layout-flex\">\n<div class=\"wp-block-button\"><a class=\"wp-block-button__link has-very-light-gray-color has-vivid-red-background-color has-text-color has-background wp-element-button\" href=\"https:\/\/sombrafestival.com\/en\/largometrajes-2025\/el-instinto-seccion-oficial\/\">M\u00c1S INFO<\/a><\/div>\n<\/div>\n\n\n\n<p><\/p>\n<\/div>\n\n\n\n<div class=\"wp-block-column is-layout-flow wp-block-column-is-layout-flow\">\n<div class=\"wp-block-buttons is-layout-flex wp-block-buttons-is-layout-flex\">\n<div class=\"wp-block-button\"><a class=\"wp-block-button__link wp-element-button\" href=\"https:\/\/entradium.com\/events\/el-instinto\">COMPRAR ENTRADAS<\/a><\/div>\n<\/div>\n\n\n\n<p><\/p>\n<\/div>\n<\/div>\n<\/div><\/div>\n<\/div><\/div>\n<\/div>\n<\/div>\n\n\n\n<h3 class=\"wp-block-heading has-text-align-center\">S\u00e1bado, 15 de marzo<\/h3>\n\n\n\n<hr class=\"wp-block-separator has-text-color has-background has-very-light-gray-background-color has-very-light-gray-color is-style-wide\"\/>\n\n\n\n<div class=\"wp-block-columns is-layout-flex wp-container-core-columns-is-layout-7 wp-block-columns-is-layout-flex\">\n<div class=\"wp-block-column is-layout-flow wp-block-column-is-layout-flow\">\n<figure class=\"wp-block-image size-full is-resized td-caption-align-https:\/\/sombrafestival.com\/wp-content\/uploads\/2023\/02\/la-llamada-de-Cthulhu.jpg\"><img loading=\"lazy\" decoding=\"async\" width=\"667\" height=\"1001\" src=\"https:\/\/sombrafestival.com\/wp-content\/uploads\/2025\/02\/John-McTiernan-1.jpg\" alt=\"\" class=\"wp-image-7169\" style=\"width:458px;height:auto\" srcset=\"https:\/\/sombrafestival.com\/wp-content\/uploads\/2025\/02\/John-McTiernan-1.jpg 667w, https:\/\/sombrafestival.com\/wp-content\/uploads\/2025\/02\/John-McTiernan-1-200x300.jpg 200w, https:\/\/sombrafestival.com\/wp-content\/uploads\/2025\/02\/John-McTiernan-1-8x12.jpg 8w, https:\/\/sombrafestival.com\/wp-content\/uploads\/2025\/02\/John-McTiernan-1-280x420.jpg 280w\" sizes=\"auto, (max-width: 667px) 100vw, 667px\" \/><\/figure>\n<\/div>\n\n\n\n<div class=\"wp-block-column is-layout-flow wp-block-column-is-layout-flow\">\n<p class=\"has-very-dark-gray-color has-cyan-bluish-gray-background-color has-text-color has-background\"><strong>JOHN MCTIERNAN, ENCUENTRO CON FANS Y Q&amp;A<\/strong><\/p>\n\n\n\n<p class=\"has-very-dark-gray-color has-very-light-gray-background-color has-text-color has-background\"><strong><strong><strong>Hora: <\/strong><\/strong><\/strong>12:00<strong><strong><strong><br>\u00bfD\u00f3nde? <\/strong><\/strong><\/strong>Filmoteca Regional de Murcia (Sala B)<strong><strong><strong><br>Precio: &nbsp;<\/strong><\/strong><\/strong><em>5 \u20ac<\/em><\/p>\n\n\n\n<div class=\"wp-block-group\"><div class=\"wp-block-group__inner-container is-layout-constrained wp-block-group-is-layout-constrained\">\n<div class=\"wp-block-columns is-layout-flex wp-container-core-columns-is-layout-6 wp-block-columns-is-layout-flex\">\n<div class=\"wp-block-column is-layout-flow wp-block-column-is-layout-flow\">\n<div class=\"wp-block-buttons is-layout-flex wp-block-buttons-is-layout-flex\">\n<div class=\"wp-block-button\"><a class=\"wp-block-button__link has-very-light-gray-color has-vivid-red-background-color has-text-color has-background wp-element-button\" href=\"https:\/\/sombrafestival.com\/en\/actividades-sombra-2025\/john-mctiernan-en-sombra-2025-encuentro-con-fans-y-qa-exclusivo\/\">M\u00c1S INFO<\/a><\/div>\n<\/div>\n\n\n\n<p><\/p>\n<\/div>\n\n\n\n<div class=\"wp-block-column is-layout-flow wp-block-column-is-layout-flow\">\n<div class=\"wp-block-buttons is-layout-flex wp-block-buttons-is-layout-flex\">\n<div class=\"wp-block-button\"><a class=\"wp-block-button__link wp-element-button\">COMPRAR ENTRADAS<\/a><\/div>\n<\/div>\n\n\n\n<p><\/p>\n<\/div>\n<\/div>\n<\/div><\/div>\n\n\n\n<p><\/p>\n<\/div>\n<\/div>\n\n\n\n<div class=\"wp-block-columns is-layout-flex wp-container-core-columns-is-layout-9 wp-block-columns-is-layout-flex\">\n<div class=\"wp-block-column is-layout-flow wp-block-column-is-layout-flow\">\n<figure class=\"wp-block-image size-full is-resized td-caption-align-https:\/\/sombrafestival.com\/wp-content\/uploads\/2023\/02\/la-llamada-de-Cthulhu.jpg\"><img loading=\"lazy\" decoding=\"async\" width=\"610\" height=\"765\" src=\"https:\/\/sombrafestival.com\/wp-content\/uploads\/2025\/03\/Snapinst.app_482274263_1207743968027744_5375050916149926828_n_1080-1.jpg\" alt=\"\" class=\"wp-image-7514\" style=\"width:458px;height:auto\" srcset=\"https:\/\/sombrafestival.com\/wp-content\/uploads\/2025\/03\/Snapinst.app_482274263_1207743968027744_5375050916149926828_n_1080-1.jpg 610w, https:\/\/sombrafestival.com\/wp-content\/uploads\/2025\/03\/Snapinst.app_482274263_1207743968027744_5375050916149926828_n_1080-1-239x300.jpg 239w, https:\/\/sombrafestival.com\/wp-content\/uploads\/2025\/03\/Snapinst.app_482274263_1207743968027744_5375050916149926828_n_1080-1-10x12.jpg 10w, https:\/\/sombrafestival.com\/wp-content\/uploads\/2025\/03\/Snapinst.app_482274263_1207743968027744_5375050916149926828_n_1080-1-335x420.jpg 335w\" sizes=\"auto, (max-width: 610px) 100vw, 610px\" \/><\/figure>\n<\/div>\n\n\n\n<div class=\"wp-block-column is-layout-flow wp-block-column-is-layout-flow\">\n<p class=\"has-very-dark-gray-color has-cyan-bluish-gray-background-color has-text-color has-background\"><strong>Charla el c\u00f3mic y los salones del c\u00f3mic en los Balcanes y en Espa\u00f1a<\/strong><\/p>\n\n\n\n<p class=\"has-very-dark-gray-color has-very-light-gray-background-color has-text-color has-background\"><strong><strong><strong>Hora: <\/strong><\/strong><\/strong>13:00<strong><strong><strong><br>\u00bfD\u00f3nde? <\/strong><\/strong><\/strong>Librer\u00eda 7 H\u00e9roes<strong><strong><strong><br><\/strong><\/strong><\/strong>Encuentro con Alen Masic, director del Festival Mostrip. Con Fernando Dagnino, Juan \u00c1lvarez y \u00c1ngel Abell\u00e1n<\/p>\n\n\n\n<div class=\"wp-block-group\"><div class=\"wp-block-group__inner-container is-layout-constrained wp-block-group-is-layout-constrained\">\n<div class=\"wp-block-columns is-layout-flex wp-container-core-columns-is-layout-8 wp-block-columns-is-layout-flex\">\n<div class=\"wp-block-column is-layout-flow wp-block-column-is-layout-flow\">\n<div class=\"wp-block-buttons is-layout-flex wp-block-buttons-is-layout-flex\">\n<div class=\"wp-block-button\"><a class=\"wp-block-button__link has-very-light-gray-color has-vivid-red-background-color has-text-color has-background wp-element-button\" href=\"https:\/\/sombrafestival.com\/en\/actividades-2025\/charla-el-comic-y-los-salones-del-comic-en-los-balcanes-y-en-espana\/\">M\u00c1S INFO<\/a><\/div>\n<\/div>\n\n\n\n<p><\/p>\n<\/div>\n\n\n\n<div class=\"wp-block-column is-layout-flow wp-block-column-is-layout-flow\">\n<p><\/p>\n<\/div>\n<\/div>\n<\/div><\/div>\n\n\n\n<p><\/p>\n<\/div>\n<\/div>\n\n\n\n<div class=\"wp-block-columns is-layout-flex wp-container-core-columns-is-layout-11 wp-block-columns-is-layout-flex\">\n<div class=\"wp-block-column is-layout-flow wp-block-column-is-layout-flow\">\n<figure class=\"wp-block-image size-full is-resized td-caption-align-https:\/\/sombrafestival.com\/wp-content\/uploads\/2023\/02\/la-llamada-de-Cthulhu.jpg\"><img loading=\"lazy\" decoding=\"async\" width=\"840\" height=\"1200\" src=\"https:\/\/sombrafestival.com\/wp-content\/uploads\/2025\/02\/cortos-bloquea.jpg\" alt=\"\" class=\"wp-image-6996\" style=\"width:458px;height:auto\" srcset=\"https:\/\/sombrafestival.com\/wp-content\/uploads\/2025\/02\/cortos-bloquea.jpg 840w, https:\/\/sombrafestival.com\/wp-content\/uploads\/2025\/02\/cortos-bloquea-210x300.jpg 210w, https:\/\/sombrafestival.com\/wp-content\/uploads\/2025\/02\/cortos-bloquea-717x1024.jpg 717w, https:\/\/sombrafestival.com\/wp-content\/uploads\/2025\/02\/cortos-bloquea-768x1097.jpg 768w, https:\/\/sombrafestival.com\/wp-content\/uploads\/2025\/02\/cortos-bloquea-8x12.jpg 8w, https:\/\/sombrafestival.com\/wp-content\/uploads\/2025\/02\/cortos-bloquea-294x420.jpg 294w, https:\/\/sombrafestival.com\/wp-content\/uploads\/2025\/02\/cortos-bloquea-696x994.jpg 696w\" sizes=\"auto, (max-width: 840px) 100vw, 840px\" \/><\/figure>\n<\/div>\n\n\n\n<div class=\"wp-block-column is-layout-flow wp-block-column-is-layout-flow\">\n<p class=\"has-very-dark-gray-color has-cyan-bluish-gray-background-color has-text-color has-background\"><strong>Cortometrajes &#8211; Bloque A | Secci\u00f3n Oficial a Concurso<\/strong><\/p>\n\n\n\n<p class=\"has-very-dark-gray-color has-very-light-gray-background-color has-text-color has-background\"><strong><strong><strong>Hora: <\/strong><\/strong><\/strong>11:00<strong><strong><strong><br>\u00bfD\u00f3nde? <\/strong><\/strong><\/strong>Filmoteca Regional de Murcia (Sala A)<strong><strong><strong><br>Precio: &nbsp;<\/strong><\/strong><\/strong><em>2 \u20ac<\/em><\/p>\n\n\n\n<div class=\"wp-block-group\"><div class=\"wp-block-group__inner-container is-layout-constrained wp-block-group-is-layout-constrained\">\n<div class=\"wp-block-columns is-layout-flex wp-container-core-columns-is-layout-10 wp-block-columns-is-layout-flex\">\n<div class=\"wp-block-column is-layout-flow wp-block-column-is-layout-flow\">\n<div class=\"wp-block-buttons is-layout-flex wp-block-buttons-is-layout-flex\">\n<div class=\"wp-block-button\"><a class=\"wp-block-button__link has-very-light-gray-color has-vivid-red-background-color has-text-color has-background wp-element-button\" href=\"https:\/\/sombrafestival.com\/en\/cortometrajes-2025\/\">M\u00c1S INFO<\/a><\/div>\n<\/div>\n\n\n\n<p><\/p>\n<\/div>\n\n\n\n<div class=\"wp-block-column is-layout-flow wp-block-column-is-layout-flow\">\n<div class=\"wp-block-buttons is-layout-flex wp-block-buttons-is-layout-flex\">\n<div class=\"wp-block-button\"><a class=\"wp-block-button__link wp-element-button\" href=\"https:\/\/entradium.com\/events\/cortometrajes-seccion-oficial-a-concurso\">COMPRAR ENTRADAS<\/a><\/div>\n<\/div>\n\n\n\n<p><\/p>\n<\/div>\n<\/div>\n<\/div><\/div>\n\n\n\n<p><\/p>\n<\/div>\n<\/div>\n\n\n\n<div class=\"wp-block-columns is-layout-flex wp-container-core-columns-is-layout-12 wp-block-columns-is-layout-flex\">\n<div class=\"wp-block-column is-layout-flow wp-block-column-is-layout-flow\">\n<figure class=\"wp-block-image size-full is-resized td-caption-align-https:\/\/sombrafestival.com\/wp-content\/uploads\/2023\/02\/la-llamada-de-Cthulhu.jpg\"><img loading=\"lazy\" decoding=\"async\" width=\"840\" height=\"1200\" src=\"https:\/\/sombrafestival.com\/wp-content\/uploads\/2025\/02\/Cortos-bloque-2.jpg\" alt=\"\" class=\"wp-image-6987\" style=\"width:422px;height:auto\" srcset=\"https:\/\/sombrafestival.com\/wp-content\/uploads\/2025\/02\/Cortos-bloque-2.jpg 840w, https:\/\/sombrafestival.com\/wp-content\/uploads\/2025\/02\/Cortos-bloque-2-210x300.jpg 210w, https:\/\/sombrafestival.com\/wp-content\/uploads\/2025\/02\/Cortos-bloque-2-717x1024.jpg 717w, https:\/\/sombrafestival.com\/wp-content\/uploads\/2025\/02\/Cortos-bloque-2-768x1097.jpg 768w, https:\/\/sombrafestival.com\/wp-content\/uploads\/2025\/02\/Cortos-bloque-2-8x12.jpg 8w, https:\/\/sombrafestival.com\/wp-content\/uploads\/2025\/02\/Cortos-bloque-2-294x420.jpg 294w, https:\/\/sombrafestival.com\/wp-content\/uploads\/2025\/02\/Cortos-bloque-2-696x994.jpg 696w\" sizes=\"auto, (max-width: 840px) 100vw, 840px\" \/><\/figure>\n<\/div>\n\n\n\n<div class=\"wp-block-column is-layout-flow wp-block-column-is-layout-flow\">\n<p class=\"has-very-dark-gray-color has-cyan-bluish-gray-background-color has-text-color has-background\"><strong><strong>Cortometrajes &#8211; Bloque B | Secci\u00f3n Oficial a Concurso<\/strong><\/strong><\/p>\n\n\n\n<p class=\"has-very-dark-gray-color has-very-light-gray-background-color has-text-color has-background\"><strong><strong><strong>Hora: <\/strong><\/strong><\/strong>13:00<strong><strong><strong><br>\u00bfD\u00f3nde? <\/strong><\/strong><\/strong>Filmoteca Regional de Murcia (Sala A)<strong><strong><strong><br>Precio: &nbsp;<\/strong><\/strong><\/strong><em>2 \u20ac<\/em><\/p>\n\n\n\n<div class=\"wp-block-buttons is-layout-flex wp-block-buttons-is-layout-flex\">\n<div class=\"wp-block-button\"><a class=\"wp-block-button__link has-very-light-gray-color has-vivid-red-background-color has-text-color has-background wp-element-button\" href=\"https:\/\/sombrafestival.com\/en\/cortometrajes-2025\/\">M\u00c1S INFO<\/a><\/div>\n\n\n\n<div class=\"wp-block-button\"><a class=\"wp-block-button__link wp-element-button\" href=\"https:\/\/entradium.com\/events\/cortometrajes-seccion-oficial-a-concurso-bloque-b\">COMPRAR ENTRADAS<\/a><\/div>\n<\/div>\n\n\n\n<p><\/p>\n<\/div>\n<\/div>\n\n\n\n<div class=\"wp-block-columns is-layout-flex wp-container-core-columns-is-layout-14 wp-block-columns-is-layout-flex\">\n<div class=\"wp-block-column is-layout-flow wp-block-column-is-layout-flow\">\n<figure class=\"wp-block-image size-large td-caption-align-https:\/\/sombrafestival.com\/wp-content\/uploads\/2023\/02\/la-llamada-de-Cthulhu.jpg\"><img loading=\"lazy\" decoding=\"async\" width=\"724\" height=\"1024\" src=\"https:\/\/sombrafestival.com\/wp-content\/uploads\/2025\/01\/kimi_no_iro-654560558-large-724x1024.jpg\" alt=\"\" class=\"wp-image-6728\" srcset=\"https:\/\/sombrafestival.com\/wp-content\/uploads\/2025\/01\/kimi_no_iro-654560558-large-724x1024.jpg 724w, https:\/\/sombrafestival.com\/wp-content\/uploads\/2025\/01\/kimi_no_iro-654560558-large-212x300.jpg 212w, https:\/\/sombrafestival.com\/wp-content\/uploads\/2025\/01\/kimi_no_iro-654560558-large-768x1086.jpg 768w, https:\/\/sombrafestival.com\/wp-content\/uploads\/2025\/01\/kimi_no_iro-654560558-large-8x12.jpg 8w, https:\/\/sombrafestival.com\/wp-content\/uploads\/2025\/01\/kimi_no_iro-654560558-large-297x420.jpg 297w, https:\/\/sombrafestival.com\/wp-content\/uploads\/2025\/01\/kimi_no_iro-654560558-large-696x984.jpg 696w, https:\/\/sombrafestival.com\/wp-content\/uploads\/2025\/01\/kimi_no_iro-654560558-large.jpg 848w\" sizes=\"auto, (max-width: 724px) 100vw, 724px\" \/><\/figure>\n<\/div>\n\n\n\n<div class=\"wp-block-column is-layout-flow wp-block-column-is-layout-flow\">\n<p class=\"has-very-dark-gray-color has-cyan-bluish-gray-background-color has-text-color has-background\"><strong><strong>Tu Color | Ciclo Anima\/t<\/strong><\/strong> <strong>(VE)<\/strong><\/p>\n\n\n\n<p class=\"has-very-dark-gray-color has-very-light-gray-background-color has-text-color has-background\"><strong><strong><strong>Hora: <\/strong><\/strong><\/strong>17:00<strong><strong><strong><br>\u00bfD\u00f3nde? <\/strong><\/strong><\/strong>Filmoteca Regional de Murcia (Sala A)<strong><strong><strong><br>Precio: <\/strong><\/strong><\/strong><em>5<\/em> \u20ac<\/p>\n\n\n\n<div class=\"wp-block-group\"><div class=\"wp-block-group__inner-container is-layout-constrained wp-block-group-is-layout-constrained\">\n<div class=\"wp-block-columns is-layout-flex wp-container-core-columns-is-layout-13 wp-block-columns-is-layout-flex\">\n<div class=\"wp-block-column is-layout-flow wp-block-column-is-layout-flow\">\n<div class=\"wp-block-buttons is-layout-flex wp-block-buttons-is-layout-flex\">\n<div class=\"wp-block-button\"><a class=\"wp-block-button__link has-very-light-gray-color has-vivid-red-background-color has-text-color has-background wp-element-button\" href=\"https:\/\/sombrafestival.com\/en\/largometrajes-2025\/tu-color-ciclo-anima-te\/\">M\u00c1S INFO<\/a><\/div>\n<\/div>\n\n\n\n<p><\/p>\n<\/div>\n\n\n\n<div class=\"wp-block-column is-layout-flow wp-block-column-is-layout-flow\">\n<div class=\"wp-block-buttons is-layout-flex wp-block-buttons-is-layout-flex\">\n<div class=\"wp-block-button\"><a class=\"wp-block-button__link wp-element-button\" href=\"https:\/\/entradium.com\/events\/tu-color\">COMPRAR ENTRADAS<\/a><\/div>\n<\/div>\n\n\n\n<p><\/p>\n<\/div>\n<\/div>\n<\/div><\/div>\n\n\n\n<p><\/p>\n<\/div>\n<\/div>\n\n\n\n<div class=\"wp-block-columns is-layout-flex wp-container-core-columns-is-layout-16 wp-block-columns-is-layout-flex\">\n<div class=\"wp-block-column is-layout-flow wp-block-column-is-layout-flow\">\n<figure class=\"wp-block-image size-full is-resized td-caption-align-https:\/\/sombrafestival.com\/wp-content\/uploads\/2023\/02\/la-llamada-de-Cthulhu.jpg\"><img loading=\"lazy\" decoding=\"async\" width=\"615\" height=\"923\" src=\"https:\/\/sombrafestival.com\/wp-content\/uploads\/2025\/01\/die_hard-336213173-large.jpg\" alt=\"\" class=\"wp-image-6962\" style=\"width:451px;height:auto\" srcset=\"https:\/\/sombrafestival.com\/wp-content\/uploads\/2025\/01\/die_hard-336213173-large.jpg 615w, https:\/\/sombrafestival.com\/wp-content\/uploads\/2025\/01\/die_hard-336213173-large-200x300.jpg 200w, https:\/\/sombrafestival.com\/wp-content\/uploads\/2025\/01\/die_hard-336213173-large-8x12.jpg 8w, https:\/\/sombrafestival.com\/wp-content\/uploads\/2025\/01\/die_hard-336213173-large-280x420.jpg 280w\" sizes=\"auto, (max-width: 615px) 100vw, 615px\" \/><\/figure>\n<\/div>\n\n\n\n<div class=\"wp-block-column is-layout-flow wp-block-column-is-layout-flow\">\n<p class=\"has-very-dark-gray-color has-cyan-bluish-gray-background-color has-text-color has-background\"><strong><strong>Jungla de Cristal<\/strong><\/strong> | <strong>Retrospectiva<\/strong> <strong>(VOSE)<\/strong><\/p>\n\n\n\n<p class=\"has-very-dark-gray-color has-very-light-gray-background-color has-text-color has-background\"><strong><strong><strong>Hora: <\/strong><\/strong><\/strong>19:00<strong><strong><strong><br>\u00bfD\u00f3nde? <\/strong><\/strong><\/strong>Filmoteca Regional de Murcia (Sala A)<strong><strong><strong><br>Precio: &nbsp;<\/strong><\/strong><\/strong><em>5<\/em> \u20ac<\/p>\n\n\n\n<div class=\"wp-block-group\"><div class=\"wp-block-group__inner-container is-layout-constrained wp-block-group-is-layout-constrained\">\n<p class=\"has-very-dark-gray-color has-luminous-vivid-amber-background-color has-text-color has-background\"><strong>Presentada por John McTiernan<\/strong><\/p>\n<\/div><\/div>\n\n\n\n<div class=\"wp-block-group\"><div class=\"wp-block-group__inner-container is-layout-constrained wp-block-group-is-layout-constrained\">\n<p class=\"has-very-dark-gray-color has-luminous-vivid-amber-background-color has-text-color has-background\"><strong>Entrega premio Sombra de Leyenda a John McTiernan<\/strong><\/p>\n<\/div><\/div>\n\n\n\n<div class=\"wp-block-group\"><div class=\"wp-block-group__inner-container is-layout-constrained wp-block-group-is-layout-constrained\">\n<div class=\"wp-block-columns is-layout-flex wp-container-core-columns-is-layout-15 wp-block-columns-is-layout-flex\">\n<div class=\"wp-block-column is-layout-flow wp-block-column-is-layout-flow\">\n<div class=\"wp-block-buttons is-layout-flex wp-block-buttons-is-layout-flex\">\n<div class=\"wp-block-button\"><a class=\"wp-block-button__link has-very-light-gray-color has-vivid-red-background-color has-text-color has-background wp-element-button\" href=\"https:\/\/sombrafestival.com\/en\/largometrajes-2025\/jungla-de-cristal-retrospectiva\/\">M\u00c1S INFO<\/a><\/div>\n<\/div>\n\n\n\n<p><\/p>\n<\/div>\n\n\n\n<div class=\"wp-block-column is-layout-flow wp-block-column-is-layout-flow\">\n<div class=\"wp-block-buttons is-layout-flex wp-block-buttons-is-layout-flex\">\n<div class=\"wp-block-button\"><a class=\"wp-block-button__link wp-element-button\" href=\"https:\/\/entradium.com\/events\/jungla-de-cristal\">COMPRAR ENTRADAS<\/a><\/div>\n<\/div>\n\n\n\n<p><\/p>\n<\/div>\n<\/div>\n<\/div><\/div>\n\n\n\n<p><\/p>\n<\/div>\n<\/div>\n\n\n\n<div class=\"wp-block-columns is-layout-flex wp-container-core-columns-is-layout-18 wp-block-columns-is-layout-flex\">\n<div class=\"wp-block-column is-layout-flow wp-block-column-is-layout-flow\">\n<figure class=\"wp-block-image size-full is-resized td-caption-align-https:\/\/sombrafestival.com\/wp-content\/uploads\/2023\/02\/la-llamada-de-Cthulhu.jpg\"><img loading=\"lazy\" decoding=\"async\" width=\"814\" height=\"1200\" src=\"https:\/\/sombrafestival.com\/wp-content\/uploads\/2025\/01\/the_hunger-775947755-large.jpg\" alt=\"\" class=\"wp-image-6964\" style=\"width:454px;height:auto\" srcset=\"https:\/\/sombrafestival.com\/wp-content\/uploads\/2025\/01\/the_hunger-775947755-large.jpg 814w, https:\/\/sombrafestival.com\/wp-content\/uploads\/2025\/01\/the_hunger-775947755-large-204x300.jpg 204w, https:\/\/sombrafestival.com\/wp-content\/uploads\/2025\/01\/the_hunger-775947755-large-695x1024.jpg 695w, https:\/\/sombrafestival.com\/wp-content\/uploads\/2025\/01\/the_hunger-775947755-large-768x1132.jpg 768w, https:\/\/sombrafestival.com\/wp-content\/uploads\/2025\/01\/the_hunger-775947755-large-8x12.jpg 8w, https:\/\/sombrafestival.com\/wp-content\/uploads\/2025\/01\/the_hunger-775947755-large-285x420.jpg 285w, https:\/\/sombrafestival.com\/wp-content\/uploads\/2025\/01\/the_hunger-775947755-large-696x1026.jpg 696w\" sizes=\"auto, (max-width: 814px) 100vw, 814px\" \/><\/figure>\n<\/div>\n\n\n\n<div class=\"wp-block-column is-layout-flow wp-block-column-is-layout-flow\">\n<p class=\"has-very-dark-gray-color has-cyan-bluish-gray-background-color has-text-color has-background\"><strong>The Hunger | Sesi\u00f3n No Te Prives<\/strong> <strong>(VOSE)<\/strong><\/p>\n\n\n\n<p class=\"has-very-dark-gray-color has-very-light-gray-background-color has-text-color has-background\"><strong><strong><strong>Hora: <\/strong><\/strong><\/strong>19:15<strong><strong><strong><br>\u00bfD\u00f3nde? <\/strong><\/strong><\/strong>Filmoteca Regional de Murcia (Sala B)<strong><strong><strong><br>Precio: &nbsp;<\/strong><\/strong><\/strong><em>5<\/em> \u20ac<\/p>\n\n\n\n<div class=\"wp-block-group\"><div class=\"wp-block-group__inner-container is-layout-constrained wp-block-group-is-layout-constrained\">\n<div class=\"wp-block-columns is-layout-flex wp-container-core-columns-is-layout-17 wp-block-columns-is-layout-flex\">\n<div class=\"wp-block-column is-layout-flow wp-block-column-is-layout-flow\">\n<div class=\"wp-block-buttons is-layout-flex wp-block-buttons-is-layout-flex\">\n<div class=\"wp-block-button\"><a class=\"wp-block-button__link has-very-light-gray-color has-vivid-red-background-color has-text-color has-background wp-element-button\" href=\"https:\/\/sombrafestival.com\/en\/largometrajes-2025\/the-hunger-sesion-no-te-prives\/\">M\u00c1S INFO<\/a><\/div>\n<\/div>\n\n\n\n<p><\/p>\n<\/div>\n\n\n\n<div class=\"wp-block-column is-layout-flow wp-block-column-is-layout-flow\">\n<div class=\"wp-block-buttons is-layout-flex wp-block-buttons-is-layout-flex\">\n<div class=\"wp-block-button\"><a class=\"wp-block-button__link wp-element-button\" href=\"https:\/\/entradium.com\/events\/the-hunger\">COMPRAR ENTRADAS<\/a><\/div>\n<\/div>\n\n\n\n<p><\/p>\n<\/div>\n<\/div>\n<\/div><\/div>\n\n\n\n<p><\/p>\n<\/div>\n<\/div>\n\n\n\n<div class=\"wp-block-columns is-layout-flex wp-container-core-columns-is-layout-20 wp-block-columns-is-layout-flex\">\n<div class=\"wp-block-column is-layout-flow wp-block-column-is-layout-flow\">\n<figure class=\"wp-block-image size-full is-resized td-caption-align-https:\/\/sombrafestival.com\/wp-content\/uploads\/2023\/02\/la-llamada-de-Cthulhu.jpg\"><img loading=\"lazy\" decoding=\"async\" width=\"830\" height=\"1200\" src=\"https:\/\/sombrafestival.com\/wp-content\/uploads\/2025\/01\/strange_darling-184939212-large.jpg\" alt=\"\" class=\"wp-image-6731\" style=\"width:464px;height:auto\" srcset=\"https:\/\/sombrafestival.com\/wp-content\/uploads\/2025\/01\/strange_darling-184939212-large.jpg 830w, https:\/\/sombrafestival.com\/wp-content\/uploads\/2025\/01\/strange_darling-184939212-large-208x300.jpg 208w, https:\/\/sombrafestival.com\/wp-content\/uploads\/2025\/01\/strange_darling-184939212-large-708x1024.jpg 708w, https:\/\/sombrafestival.com\/wp-content\/uploads\/2025\/01\/strange_darling-184939212-large-768x1110.jpg 768w, https:\/\/sombrafestival.com\/wp-content\/uploads\/2025\/01\/strange_darling-184939212-large-8x12.jpg 8w, https:\/\/sombrafestival.com\/wp-content\/uploads\/2025\/01\/strange_darling-184939212-large-291x420.jpg 291w, https:\/\/sombrafestival.com\/wp-content\/uploads\/2025\/01\/strange_darling-184939212-large-696x1006.jpg 696w\" sizes=\"auto, (max-width: 830px) 100vw, 830px\" \/><\/figure>\n<\/div>\n\n\n\n<div class=\"wp-block-column is-layout-flow wp-block-column-is-layout-flow\">\n<p class=\"has-very-dark-gray-color has-cyan-bluish-gray-background-color has-text-color has-background\"><strong>Strange Darling | Joyas del Terror<\/strong> <strong>(VOSE)<\/strong><\/p>\n\n\n\n<p class=\"has-very-dark-gray-color has-very-light-gray-background-color has-text-color has-background\"><strong><strong><strong>Hora: <\/strong><\/strong><\/strong>21:30<strong><strong><strong><br>\u00bfD\u00f3nde? <\/strong><\/strong><\/strong>Filmoteca Regional de Murcia (Sala A)<strong><strong><strong><br>Precio: &nbsp;<\/strong><\/strong><\/strong><em>5<\/em> \u20ac<\/p>\n\n\n\n<div class=\"wp-block-group\"><div class=\"wp-block-group__inner-container is-layout-constrained wp-block-group-is-layout-constrained\">\n<div class=\"wp-block-columns is-layout-flex wp-container-core-columns-is-layout-19 wp-block-columns-is-layout-flex\">\n<div class=\"wp-block-column is-layout-flow wp-block-column-is-layout-flow\">\n<div class=\"wp-block-buttons is-layout-flex wp-block-buttons-is-layout-flex\">\n<div class=\"wp-block-button\"><a class=\"wp-block-button__link has-very-light-gray-color has-vivid-red-background-color has-text-color has-background wp-element-button\" href=\"https:\/\/sombrafestival.com\/en\/largometrajes-2025\/strange-darling-joyas-del-terror\/\">M\u00c1S INFO<\/a><\/div>\n<\/div>\n\n\n\n<p><\/p>\n<\/div>\n\n\n\n<div class=\"wp-block-column is-layout-flow wp-block-column-is-layout-flow\">\n<div class=\"wp-block-buttons is-layout-flex wp-block-buttons-is-layout-flex\">\n<div class=\"wp-block-button\"><a class=\"wp-block-button__link wp-element-button\" href=\"https:\/\/entradium.com\/events\/strange-darling\">COMPRAR ENTRADAS<\/a><\/div>\n<\/div>\n\n\n\n<p><\/p>\n<\/div>\n<\/div>\n<\/div><\/div>\n\n\n\n<p><\/p>\n<\/div>\n<\/div>\n\n\n\n<h3 class=\"wp-block-heading has-text-align-center\">Domingo, 16 de marzo<\/h3>\n\n\n\n<hr class=\"wp-block-separator has-text-color has-background has-very-light-gray-background-color has-very-light-gray-color is-style-wide\"\/>\n\n\n\n<div class=\"wp-block-columns is-layout-flex wp-container-core-columns-is-layout-22 wp-block-columns-is-layout-flex\">\n<div class=\"wp-block-column is-layout-flow wp-block-column-is-layout-flow\">\n<figure class=\"wp-block-image size-large td-caption-align-https:\/\/sombrafestival.com\/wp-content\/uploads\/2024\/02\/stream-cartel.jpg\"><img loading=\"lazy\" decoding=\"async\" width=\"712\" height=\"1024\" src=\"https:\/\/sombrafestival.com\/wp-content\/uploads\/2025\/01\/the_glassworker-496322115-large-712x1024.jpg\" alt=\"\" class=\"wp-image-6723\" srcset=\"https:\/\/sombrafestival.com\/wp-content\/uploads\/2025\/01\/the_glassworker-496322115-large-712x1024.jpg 712w, https:\/\/sombrafestival.com\/wp-content\/uploads\/2025\/01\/the_glassworker-496322115-large-209x300.jpg 209w, https:\/\/sombrafestival.com\/wp-content\/uploads\/2025\/01\/the_glassworker-496322115-large-768x1105.jpg 768w, https:\/\/sombrafestival.com\/wp-content\/uploads\/2025\/01\/the_glassworker-496322115-large-8x12.jpg 8w, https:\/\/sombrafestival.com\/wp-content\/uploads\/2025\/01\/the_glassworker-496322115-large-292x420.jpg 292w, https:\/\/sombrafestival.com\/wp-content\/uploads\/2025\/01\/the_glassworker-496322115-large-696x1001.jpg 696w, https:\/\/sombrafestival.com\/wp-content\/uploads\/2025\/01\/the_glassworker-496322115-large.jpg 834w\" sizes=\"auto, (max-width: 712px) 100vw, 712px\" \/><\/figure>\n<\/div>\n\n\n\n<div class=\"wp-block-column is-layout-flow wp-block-column-is-layout-flow\">\n<p class=\"has-very-dark-gray-color has-cyan-bluish-gray-background-color has-text-color has-background\"><strong>El Artista de Cristal | Ciclo Anima\/t<\/strong> <strong>(VE)<\/strong><\/p>\n\n\n\n<p class=\"has-very-dark-gray-color has-very-light-gray-background-color has-text-color has-background\"><strong><strong>Hora: <\/strong><\/strong>11:00<strong><strong><br>\u00bfD\u00f3nde? <\/strong><\/strong>Filmoteca Regional de Murcia (Sala A)<strong><strong><br>Precio: &nbsp;<\/strong><\/strong><em>5 \u20ac<\/em><\/p>\n\n\n\n<div class=\"wp-block-columns is-layout-flex wp-container-core-columns-is-layout-21 wp-block-columns-is-layout-flex\">\n<div class=\"wp-block-column is-layout-flow wp-block-column-is-layout-flow\">\n<div class=\"wp-block-buttons is-layout-flex wp-block-buttons-is-layout-flex\">\n<div class=\"wp-block-button\"><a class=\"wp-block-button__link has-very-light-gray-color has-vivid-red-background-color has-text-color has-background wp-element-button\" href=\"https:\/\/sombrafestival.com\/en\/largometrajes-2025\/el-artista-del-cristal-ciclo-anima-te\/\">M\u00c1S INFO<\/a><\/div>\n<\/div>\n\n\n\n<p><\/p>\n<\/div>\n\n\n\n<div class=\"wp-block-column is-layout-flow wp-block-column-is-layout-flow\">\n<div class=\"wp-block-buttons is-layout-flex wp-block-buttons-is-layout-flex\">\n<div class=\"wp-block-button\"><a class=\"wp-block-button__link wp-element-button\" href=\"https:\/\/entradium.com\/events\/el-artista-del-cristal\">COMPRAR ENTRADAS<\/a><\/div>\n<\/div>\n\n\n\n<p><\/p>\n<\/div>\n<\/div>\n\n\n\n<p><\/p>\n<\/div>\n<\/div>\n\n\n\n<div class=\"wp-block-columns is-layout-flex wp-container-core-columns-is-layout-24 wp-block-columns-is-layout-flex\">\n<div class=\"wp-block-column is-layout-flow wp-block-column-is-layout-flow\">\n<figure class=\"wp-block-image size-full td-caption-align-https:\/\/sombrafestival.com\/wp-content\/uploads\/2024\/02\/fiesta-somos-el-mal.jpg\"><img loading=\"lazy\" decoding=\"async\" width=\"494\" height=\"755\" src=\"https:\/\/sombrafestival.com\/wp-content\/uploads\/2025\/01\/invasion_of_the_body_snatchers-328278337-large.jpg\" alt=\"\" class=\"wp-image-6785\" srcset=\"https:\/\/sombrafestival.com\/wp-content\/uploads\/2025\/01\/invasion_of_the_body_snatchers-328278337-large.jpg 494w, https:\/\/sombrafestival.com\/wp-content\/uploads\/2025\/01\/invasion_of_the_body_snatchers-328278337-large-196x300.jpg 196w, https:\/\/sombrafestival.com\/wp-content\/uploads\/2025\/01\/invasion_of_the_body_snatchers-328278337-large-8x12.jpg 8w, https:\/\/sombrafestival.com\/wp-content\/uploads\/2025\/01\/invasion_of_the_body_snatchers-328278337-large-275x420.jpg 275w\" sizes=\"auto, (max-width: 494px) 100vw, 494px\" \/><\/figure>\n<\/div>\n\n\n\n<div class=\"wp-block-column is-layout-flow wp-block-column-is-layout-flow\">\n<p class=\"has-very-dark-gray-color has-cyan-bluish-gray-background-color has-text-color has-background\"><strong>La Invasi\u00f3n de los Ultracuerpos | Homenaje P\u00f3stumo a Donald Sutherland<\/strong> <strong>(VOSE)<\/strong><\/p>\n\n\n\n<p class=\"has-very-dark-gray-color has-very-light-gray-background-color has-text-color has-background\"><strong><strong>Hora: <\/strong><\/strong>17:00<strong><strong><br>\u00bfD\u00f3nde? <\/strong><\/strong>Filmoteca Regional de Murcia (Sala B)<strong><strong><br>Precio: &nbsp;<\/strong><\/strong><em>5 \u20ac<\/em><\/p>\n\n\n\n<div class=\"wp-block-group\"><div class=\"wp-block-group__inner-container is-layout-constrained wp-block-group-is-layout-constrained\">\n<div class=\"wp-block-columns is-layout-flex wp-container-core-columns-is-layout-23 wp-block-columns-is-layout-flex\">\n<div class=\"wp-block-column is-layout-flow wp-block-column-is-layout-flow\">\n<div class=\"wp-block-buttons is-layout-flex wp-block-buttons-is-layout-flex\">\n<div class=\"wp-block-button\"><a class=\"wp-block-button__link has-very-light-gray-color has-vivid-red-background-color has-text-color has-background wp-element-button\" href=\"https:\/\/sombrafestival.com\/en\/largometrajes-2025\/la-invasion-de-los-ultracuerpos-homenaje-postumo-a-donald-sutherland\/\">M\u00c1S INFO<\/a><\/div>\n<\/div>\n\n\n\n<p><\/p>\n<\/div>\n\n\n\n<div class=\"wp-block-column is-layout-flow wp-block-column-is-layout-flow\">\n<div class=\"wp-block-buttons is-layout-flex wp-block-buttons-is-layout-flex\">\n<div class=\"wp-block-button\"><a class=\"wp-block-button__link wp-element-button\" href=\"https:\/\/entradium.com\/events\/la-invasion-de-los-ultracuerpos\">COMPRAR ENTRADAS<\/a><\/div>\n<\/div>\n\n\n\n<p><\/p>\n<\/div>\n<\/div>\n<\/div><\/div>\n<\/div>\n<\/div>\n\n\n\n<div class=\"wp-block-columns is-layout-flex wp-container-core-columns-is-layout-26 wp-block-columns-is-layout-flex\">\n<div class=\"wp-block-column is-layout-flow wp-block-column-is-layout-flow\">\n<figure class=\"wp-block-image size-full is-resized td-caption-align-https:\/\/sombrafestival.com\/wp-content\/uploads\/2024\/02\/fiesta-somos-el-mal.jpg\"><img loading=\"lazy\" decoding=\"async\" width=\"840\" height=\"1200\" src=\"https:\/\/sombrafestival.com\/wp-content\/uploads\/2025\/01\/frewaka.jpg\" alt=\"\" class=\"wp-image-6848\" style=\"width:472px;height:auto\" srcset=\"https:\/\/sombrafestival.com\/wp-content\/uploads\/2025\/01\/frewaka.jpg 840w, https:\/\/sombrafestival.com\/wp-content\/uploads\/2025\/01\/frewaka-210x300.jpg 210w, https:\/\/sombrafestival.com\/wp-content\/uploads\/2025\/01\/frewaka-717x1024.jpg 717w, https:\/\/sombrafestival.com\/wp-content\/uploads\/2025\/01\/frewaka-768x1097.jpg 768w, https:\/\/sombrafestival.com\/wp-content\/uploads\/2025\/01\/frewaka-8x12.jpg 8w, https:\/\/sombrafestival.com\/wp-content\/uploads\/2025\/01\/frewaka-294x420.jpg 294w, https:\/\/sombrafestival.com\/wp-content\/uploads\/2025\/01\/frewaka-696x994.jpg 696w\" sizes=\"auto, (max-width: 840px) 100vw, 840px\" \/><\/figure>\n<\/div>\n\n\n\n<div class=\"wp-block-column is-layout-flow wp-block-column-is-layout-flow\">\n<p class=\"has-very-dark-gray-color has-cyan-bluish-gray-background-color has-text-color has-background\"><strong>Fr\u00e9waka | Media Window<\/strong> <strong>(VOSE)<\/strong><\/p>\n\n\n\n<p class=\"has-very-dark-gray-color has-very-light-gray-background-color has-text-color has-background\"><strong><strong>Hora: <\/strong><\/strong>18:00<strong><strong><br>\u00bfD\u00f3nde? <\/strong><\/strong>Filmoteca Regional de Murcia (Sala A)<br><strong>Precio:<\/strong>&nbsp;5 \u20ac<\/p>\n\n\n\n<div class=\"wp-block-group\"><div class=\"wp-block-group__inner-container is-layout-constrained wp-block-group-is-layout-constrained\">\n<div class=\"wp-block-columns is-layout-flex wp-container-core-columns-is-layout-25 wp-block-columns-is-layout-flex\">\n<div class=\"wp-block-column is-layout-flow wp-block-column-is-layout-flow\">\n<div class=\"wp-block-buttons is-layout-flex wp-block-buttons-is-layout-flex\">\n<div class=\"wp-block-button\"><a class=\"wp-block-button__link has-very-light-gray-color has-vivid-red-background-color has-text-color has-background wp-element-button\" href=\"https:\/\/sombrafestival.com\/en\/largometrajes-2025\/frewaka-media-window\/\">M\u00c1S INFO<\/a><\/div>\n<\/div>\n\n\n\n<p><\/p>\n<\/div>\n\n\n\n<div class=\"wp-block-column is-layout-flow wp-block-column-is-layout-flow\">\n<div class=\"wp-block-buttons is-layout-flex wp-block-buttons-is-layout-flex\">\n<div class=\"wp-block-button\"><a class=\"wp-block-button__link wp-element-button\" href=\"https:\/\/entradium.com\/events\/frewaka\">COMPRAR ENTRADAS<\/a><\/div>\n<\/div>\n\n\n\n<p><\/p>\n<\/div>\n<\/div>\n<\/div><\/div>\n<\/div>\n<\/div>\n\n\n\n<div class=\"wp-block-columns is-layout-flex wp-container-core-columns-is-layout-28 wp-block-columns-is-layout-flex\">\n<div class=\"wp-block-column is-layout-flow wp-block-column-is-layout-flow\">\n<figure class=\"wp-block-image size-full is-resized td-caption-align-https:\/\/sombrafestival.com\/wp-content\/uploads\/2024\/02\/fiesta-somos-el-mal.jpg\"><img loading=\"lazy\" decoding=\"async\" width=\"849\" height=\"1201\" src=\"https:\/\/sombrafestival.com\/wp-content\/uploads\/2025\/01\/Massacre-en-el-Delta-Key-Art-V2-WEB.jpg\" alt=\"\" class=\"wp-image-6900\" style=\"width:472px;height:auto\" srcset=\"https:\/\/sombrafestival.com\/wp-content\/uploads\/2025\/01\/Massacre-en-el-Delta-Key-Art-V2-WEB.jpg 849w, https:\/\/sombrafestival.com\/wp-content\/uploads\/2025\/01\/Massacre-en-el-Delta-Key-Art-V2-WEB-212x300.jpg 212w, https:\/\/sombrafestival.com\/wp-content\/uploads\/2025\/01\/Massacre-en-el-Delta-Key-Art-V2-WEB-724x1024.jpg 724w, https:\/\/sombrafestival.com\/wp-content\/uploads\/2025\/01\/Massacre-en-el-Delta-Key-Art-V2-WEB-768x1086.jpg 768w, https:\/\/sombrafestival.com\/wp-content\/uploads\/2025\/01\/Massacre-en-el-Delta-Key-Art-V2-WEB-8x12.jpg 8w, https:\/\/sombrafestival.com\/wp-content\/uploads\/2025\/01\/Massacre-en-el-Delta-Key-Art-V2-WEB-297x420.jpg 297w, https:\/\/sombrafestival.com\/wp-content\/uploads\/2025\/01\/Massacre-en-el-Delta-Key-Art-V2-WEB-696x985.jpg 696w\" sizes=\"auto, (max-width: 849px) 100vw, 849px\" \/><\/figure>\n<\/div>\n\n\n\n<div class=\"wp-block-column is-layout-flow wp-block-column-is-layout-flow\">\n<p class=\"has-very-dark-gray-color has-cyan-bluish-gray-background-color has-text-color has-background\"><strong>Masacre en el Delta | Muestra de terror latinoamericano<\/strong> (<strong>VO)<\/strong><\/p>\n\n\n\n<p class=\"has-very-dark-gray-color has-very-light-gray-background-color has-text-color has-background\"><strong>Hora: <\/strong>19:15<br><strong>\u00bfD\u00f3nde?<\/strong>: Filmoteca Regional de Murcia (Sala B)<br><strong>Precio:&nbsp;<\/strong>5 \u20ac<\/p>\n\n\n\n<div class=\"wp-block-group\"><div class=\"wp-block-group__inner-container is-layout-constrained wp-block-group-is-layout-constrained\">\n<div class=\"wp-block-columns is-layout-flex wp-container-core-columns-is-layout-27 wp-block-columns-is-layout-flex\">\n<div class=\"wp-block-column is-layout-flow wp-block-column-is-layout-flow\">\n<div class=\"wp-block-buttons is-layout-flex wp-block-buttons-is-layout-flex\">\n<div class=\"wp-block-button\"><a class=\"wp-block-button__link has-very-light-gray-color has-vivid-red-background-color has-text-color has-background wp-element-button\" href=\"https:\/\/sombrafestival.com\/en\/largometrajes-2025\/masacre-en-el-delta-muestra-terror-latinoamericano\/\">M\u00c1S INFO<\/a><\/div>\n<\/div>\n\n\n\n<p><\/p>\n<\/div>\n\n\n\n<div class=\"wp-block-column is-layout-flow wp-block-column-is-layout-flow\">\n<div class=\"wp-block-buttons is-layout-flex wp-block-buttons-is-layout-flex\">\n<div class=\"wp-block-button\"><a class=\"wp-block-button__link wp-element-button\" href=\"https:\/\/entradium.com\/events\/masacre-en-el-delta\">COMPRAR ENTRADAS<\/a><\/div>\n<\/div>\n\n\n\n<p><\/p>\n<\/div>\n<\/div>\n<\/div><\/div>\n<\/div>\n<\/div>\n\n\n\n<div class=\"wp-block-columns is-layout-flex wp-container-core-columns-is-layout-30 wp-block-columns-is-layout-flex\">\n<div class=\"wp-block-column is-layout-flow wp-block-column-is-layout-flow\">\n<figure class=\"wp-block-image size-full is-resized td-caption-align-https:\/\/sombrafestival.com\/wp-content\/uploads\/2024\/02\/fiesta-somos-el-mal.jpg\"><img loading=\"lazy\" decoding=\"async\" width=\"809\" height=\"1200\" src=\"https:\/\/sombrafestival.com\/wp-content\/uploads\/2025\/02\/the_end-620136160-large.jpg\" alt=\"\" class=\"wp-image-7403\" style=\"width:472px;height:auto\" srcset=\"https:\/\/sombrafestival.com\/wp-content\/uploads\/2025\/02\/the_end-620136160-large.jpg 809w, https:\/\/sombrafestival.com\/wp-content\/uploads\/2025\/02\/the_end-620136160-large-202x300.jpg 202w, https:\/\/sombrafestival.com\/wp-content\/uploads\/2025\/02\/the_end-620136160-large-690x1024.jpg 690w, https:\/\/sombrafestival.com\/wp-content\/uploads\/2025\/02\/the_end-620136160-large-768x1139.jpg 768w, https:\/\/sombrafestival.com\/wp-content\/uploads\/2025\/02\/the_end-620136160-large-8x12.jpg 8w, https:\/\/sombrafestival.com\/wp-content\/uploads\/2025\/02\/the_end-620136160-large-283x420.jpg 283w, https:\/\/sombrafestival.com\/wp-content\/uploads\/2025\/02\/the_end-620136160-large-696x1032.jpg 696w\" sizes=\"auto, (max-width: 809px) 100vw, 809px\" \/><\/figure>\n<\/div>\n\n\n\n<div class=\"wp-block-column is-layout-flow wp-block-column-is-layout-flow\">\n<p class=\"has-very-dark-gray-color has-cyan-bluish-gray-background-color has-text-color has-background\"><strong>The End| Joyas del Terror (VOSE)<\/strong><\/p>\n\n\n\n<p class=\"has-very-dark-gray-color has-very-light-gray-background-color has-text-color has-background\"><strong>Hora: <\/strong>20:00<br><strong>\u00bfD\u00f3nde?:<\/strong> Filmoteca Regional de Murcia (Sala A)<br><strong>Precio:<\/strong>&nbsp;5 \u20ac<\/p>\n\n\n\n<p class=\"has-very-dark-gray-color has-luminous-vivid-amber-background-color has-text-color has-background\"><strong>Preestreno<\/strong><\/p>\n\n\n\n<div class=\"wp-block-columns is-layout-flex wp-container-core-columns-is-layout-29 wp-block-columns-is-layout-flex\">\n<div class=\"wp-block-column is-layout-flow wp-block-column-is-layout-flow\">\n<div class=\"wp-block-buttons is-layout-flex wp-block-buttons-is-layout-flex\">\n<div class=\"wp-block-button\"><a class=\"wp-block-button__link has-very-light-gray-color has-vivid-red-background-color has-text-color has-background wp-element-button\" href=\"https:\/\/sombrafestival.com\/en\/largometrajes-2025\/the-end-joyas-del-terror\/\">M\u00c1S INFO<\/a><\/div>\n<\/div>\n\n\n\n<p><\/p>\n<\/div>\n\n\n\n<div class=\"wp-block-column is-layout-flow wp-block-column-is-layout-flow\">\n<div class=\"wp-block-buttons is-layout-flex wp-block-buttons-is-layout-flex\">\n<div class=\"wp-block-button\"><a class=\"wp-block-button__link wp-element-button\" href=\"https:\/\/entradium.com\/events\/the-end\">COMPRAR ENTRADAS<\/a><\/div>\n<\/div>\n\n\n\n<p><\/p>\n<\/div>\n<\/div>\n<\/div>\n<\/div>\n\n\n\n<h3 class=\"wp-block-heading has-text-align-center\">Lunes, 17 de marzo<\/h3>\n\n\n\n<hr class=\"wp-block-separator has-text-color has-background has-very-light-gray-background-color has-very-light-gray-color is-style-wide\"\/>\n\n\n\n<div class=\"wp-block-group\"><div class=\"wp-block-group__inner-container is-layout-constrained wp-block-group-is-layout-constrained\">\n<div class=\"wp-block-columns is-layout-flex wp-container-core-columns-is-layout-31 wp-block-columns-is-layout-flex\">\n<div class=\"wp-block-column is-layout-flow wp-block-column-is-layout-flow\">\n<figure class=\"wp-block-image size-full is-resized td-caption-align-https:\/\/sombrafestival.com\/wp-content\/uploads\/2024\/02\/GIALLO-Recuperado.jpg\"><img loading=\"lazy\" decoding=\"async\" width=\"666\" height=\"1024\" src=\"https:\/\/sombrafestival.com\/wp-content\/uploads\/2025\/02\/img_1672-1.webp\" alt=\"\" class=\"wp-image-6990\" style=\"width:420px;height:auto\" srcset=\"https:\/\/sombrafestival.com\/wp-content\/uploads\/2025\/02\/img_1672-1.webp 666w, https:\/\/sombrafestival.com\/wp-content\/uploads\/2025\/02\/img_1672-1-195x300.webp 195w, https:\/\/sombrafestival.com\/wp-content\/uploads\/2025\/02\/img_1672-1-8x12.webp 8w, https:\/\/sombrafestival.com\/wp-content\/uploads\/2025\/02\/img_1672-1-273x420.webp 273w\" sizes=\"auto, (max-width: 666px) 100vw, 666px\" \/><\/figure>\n\n\n\n<p><\/p>\n<\/div>\n\n\n\n<div class=\"wp-block-column is-layout-flow wp-block-column-is-layout-flow\">\n<p class=\"has-very-dark-gray-color has-cyan-bluish-gray-background-color has-text-color has-background\"><strong>DETECTIVE MURCIANO VS DANI ACU\u00d1A: El Terror en la Marvel 70,s.<\/strong><\/p>\n\n\n\n<p class=\"has-very-dark-gray-color has-luminous-vivid-amber-background-color has-text-color has-background\"><strong>Ciclo Arkham Literatura, C\u00f3mic y Juegos<\/strong><\/p>\n\n\n\n<p class=\"has-very-dark-gray-color has-very-light-gray-background-color has-text-color has-background\"><strong><strong>Hora: <\/strong><\/strong><em>19:00<\/em><strong><strong><br>\u00bfD\u00f3nde?: &nbsp;<\/strong><\/strong><em>Librer\u00eda 7 H\u00e9roes<\/em><\/p>\n<\/div>\n<\/div>\n<\/div><\/div>\n\n\n\n<div class=\"wp-block-columns is-layout-flex wp-container-core-columns-is-layout-32 wp-block-columns-is-layout-flex\">\n<div class=\"wp-block-column is-layout-flow wp-block-column-is-layout-flow\">\n<figure class=\"wp-block-image size-full is-resized td-caption-align-https:\/\/sombrafestival.com\/wp-content\/uploads\/2023\/02\/cilo-arkhan.jpg\"><img loading=\"lazy\" decoding=\"async\" width=\"840\" height=\"1200\" src=\"https:\/\/sombrafestival.com\/wp-content\/uploads\/2025\/02\/murcia-fantastica.jpg\" alt=\"\" class=\"wp-image-7223\" style=\"width:467px;height:auto\" srcset=\"https:\/\/sombrafestival.com\/wp-content\/uploads\/2025\/02\/murcia-fantastica.jpg 840w, https:\/\/sombrafestival.com\/wp-content\/uploads\/2025\/02\/murcia-fantastica-210x300.jpg 210w, https:\/\/sombrafestival.com\/wp-content\/uploads\/2025\/02\/murcia-fantastica-717x1024.jpg 717w, https:\/\/sombrafestival.com\/wp-content\/uploads\/2025\/02\/murcia-fantastica-768x1097.jpg 768w, https:\/\/sombrafestival.com\/wp-content\/uploads\/2025\/02\/murcia-fantastica-8x12.jpg 8w, https:\/\/sombrafestival.com\/wp-content\/uploads\/2025\/02\/murcia-fantastica-294x420.jpg 294w, https:\/\/sombrafestival.com\/wp-content\/uploads\/2025\/02\/murcia-fantastica-696x994.jpg 696w\" sizes=\"auto, (max-width: 840px) 100vw, 840px\" \/><\/figure>\n\n\n\n<p><\/p>\n<\/div>\n\n\n\n<div class=\"wp-block-column is-layout-flow wp-block-column-is-layout-flow\">\n<p class=\"has-very-dark-gray-color has-cyan-bluish-gray-background-color has-text-color has-background\"><strong>Murcia Fant\u00e1stica | Cortometrajes a Concurso<\/strong><\/p>\n\n\n\n<p><\/p>\n\n\n\n<p class=\"has-very-dark-gray-color has-very-light-gray-background-color has-text-color has-background\"><strong><strong>Hora: <\/strong><\/strong>20:00<strong><strong><br>\u00bfD\u00f3nde? <\/strong><\/strong>Filmoteca Regional de Murcia (Sala A)<strong><strong><br>Precio: &nbsp;<\/strong><\/strong><em>2 \u20ac<\/em><\/p>\n\n\n\n<div class=\"wp-block-buttons is-layout-flex wp-block-buttons-is-layout-flex\">\n<div class=\"wp-block-button td_btn_large\"><a class=\"wp-block-button__link has-vivid-red-background-color has-background wp-element-button\" href=\"https:\/\/sombrafestival.com\/en\/cortometrajes-2025\/\">M\u00c1S INFORMACI\u00d3N<\/a><\/div>\n\n\n\n<div class=\"wp-block-button\"><a class=\"wp-block-button__link has-text-align-center wp-element-button\" href=\"https:\/\/entradium.com\/events\/murcia-fantastica\">COMPRAR ENTRADAS<\/a><\/div>\n<\/div>\n\n\n\n<p><\/p>\n<\/div>\n<\/div>\n\n\n\n<h3 class=\"wp-block-heading has-text-align-center\">Martes, 18 de marzo<\/h3>\n\n\n\n<div class=\"wp-block-columns is-layout-flex wp-container-core-columns-is-layout-34 wp-block-columns-is-layout-flex\">\n<div class=\"wp-block-column is-layout-flow wp-block-column-is-layout-flow\">\n<figure class=\"wp-block-image size-large is-resized td-caption-align-https:\/\/sombrafestival.com\/wp-content\/uploads\/2024\/01\/digimon_adventure_02_the_beginning-727804796-large.jpg\"><img loading=\"lazy\" decoding=\"async\" width=\"683\" height=\"1024\" src=\"https:\/\/sombrafestival.com\/wp-content\/uploads\/2025\/01\/chainsaws_poster-683x1024.webp\" alt=\"\" class=\"wp-image-6902\" style=\"width:487px;height:auto\" srcset=\"https:\/\/sombrafestival.com\/wp-content\/uploads\/2025\/01\/chainsaws_poster-683x1024.webp 683w, https:\/\/sombrafestival.com\/wp-content\/uploads\/2025\/01\/chainsaws_poster-200x300.webp 200w, https:\/\/sombrafestival.com\/wp-content\/uploads\/2025\/01\/chainsaws_poster-768x1152.webp 768w, https:\/\/sombrafestival.com\/wp-content\/uploads\/2025\/01\/chainsaws_poster-1024x1536.webp 1024w, https:\/\/sombrafestival.com\/wp-content\/uploads\/2025\/01\/chainsaws_poster-8x12.webp 8w, https:\/\/sombrafestival.com\/wp-content\/uploads\/2025\/01\/chainsaws_poster-280x420.webp 280w, https:\/\/sombrafestival.com\/wp-content\/uploads\/2025\/01\/chainsaws_poster-696x1044.webp 696w, https:\/\/sombrafestival.com\/wp-content\/uploads\/2025\/01\/chainsaws_poster-1068x1602.webp 1068w, https:\/\/sombrafestival.com\/wp-content\/uploads\/2025\/01\/chainsaws_poster.webp 1080w\" sizes=\"auto, (max-width: 683px) 100vw, 683px\" \/><\/figure>\n<\/div>\n\n\n\n<div class=\"wp-block-column is-layout-flow wp-block-column-is-layout-flow\">\n<p class=\"has-very-dark-gray-color has-cyan-bluish-gray-background-color has-text-color has-background\"><strong>Las Motosierras Cantan | Secci\u00f3n Oficial<\/strong> <strong>(VOSE)<\/strong><\/p>\n\n\n\n<p class=\"has-very-dark-gray-color has-very-light-gray-background-color has-text-color has-background\"><strong><strong>Hora: <\/strong><\/strong>18:00<strong><strong><br>\u00bfD\u00f3nde? <\/strong><\/strong>Filmoteca Regional de Murcia (Sala A)<strong><strong><br>Precio: &nbsp;<\/strong><\/strong><em>5 \u20ac<\/em><\/p>\n\n\n\n<p class=\"has-luminous-vivid-amber-background-color has-background\"><strong>Premiere en Murcia<\/strong><\/p>\n\n\n\n<div class=\"wp-block-columns is-layout-flex wp-container-core-columns-is-layout-33 wp-block-columns-is-layout-flex\">\n<div class=\"wp-block-column is-layout-flow wp-block-column-is-layout-flow\">\n<div class=\"wp-block-buttons is-layout-flex wp-block-buttons-is-layout-flex\">\n<div class=\"wp-block-button\"><a class=\"wp-block-button__link has-vivid-red-background-color has-background wp-element-button\" href=\"https:\/\/sombrafestival.com\/en\/largometrajes-2025\/las-motosierras-cantan-seccion-oficial\/\">M\u00c1S INFO<\/a><\/div>\n<\/div>\n<\/div>\n\n\n\n<div class=\"wp-block-column is-layout-flow wp-block-column-is-layout-flow\">\n<div class=\"wp-block-buttons is-layout-flex wp-block-buttons-is-layout-flex\">\n<div class=\"wp-block-button\"><a class=\"wp-block-button__link wp-element-button\" href=\"https:\/\/entradium.com\/events\/las-motosierras-cantan\">COMPRAR ENTRADAS<\/a><\/div>\n<\/div>\n<\/div>\n<\/div>\n\n\n\n<p><\/p>\n<\/div>\n<\/div>\n\n\n\n<div class=\"wp-block-columns is-layout-flex wp-container-core-columns-is-layout-36 wp-block-columns-is-layout-flex\">\n<div class=\"wp-block-column is-layout-flow wp-block-column-is-layout-flow\">\n<figure class=\"wp-block-image size-large is-resized\"><img loading=\"lazy\" decoding=\"async\" width=\"724\" height=\"1024\" src=\"https:\/\/sombrafestival.com\/wp-content\/uploads\/2025\/01\/des_teufels_bad-981077325-large-724x1024.jpg\" alt=\"\" class=\"wp-image-6743\" style=\"width:468px;height:auto\" srcset=\"https:\/\/sombrafestival.com\/wp-content\/uploads\/2025\/01\/des_teufels_bad-981077325-large-724x1024.jpg 724w, https:\/\/sombrafestival.com\/wp-content\/uploads\/2025\/01\/des_teufels_bad-981077325-large-212x300.jpg 212w, https:\/\/sombrafestival.com\/wp-content\/uploads\/2025\/01\/des_teufels_bad-981077325-large-768x1087.jpg 768w, https:\/\/sombrafestival.com\/wp-content\/uploads\/2025\/01\/des_teufels_bad-981077325-large-8x12.jpg 8w, https:\/\/sombrafestival.com\/wp-content\/uploads\/2025\/01\/des_teufels_bad-981077325-large-297x420.jpg 297w, https:\/\/sombrafestival.com\/wp-content\/uploads\/2025\/01\/des_teufels_bad-981077325-large-696x985.jpg 696w, https:\/\/sombrafestival.com\/wp-content\/uploads\/2025\/01\/des_teufels_bad-981077325-large.jpg 848w\" sizes=\"auto, (max-width: 724px) 100vw, 724px\" \/><\/figure>\n<\/div>\n\n\n\n<div class=\"wp-block-column is-layout-flow wp-block-column-is-layout-flow\">\n<p class=\"has-very-dark-gray-color has-cyan-bluish-gray-background-color has-text-color has-background\"><strong>El Ba\u00f1o del Diablo | Joyas del Terror<\/strong> <strong>(VOSE)<\/strong><\/p>\n\n\n\n<p class=\"has-very-dark-gray-color has-very-light-gray-background-color has-text-color has-background\"><strong><strong>Hora: <\/strong><\/strong>20:00<strong><strong><br>\u00bfD\u00f3nde? <\/strong><\/strong>Filmoteca Regional de Murcia (Sala A)<strong><strong><br>Precio: &nbsp;<\/strong><\/strong><em>5 \u20ac<\/em><\/p>\n\n\n\n<div class=\"wp-block-columns is-layout-flex wp-container-core-columns-is-layout-35 wp-block-columns-is-layout-flex\">\n<div class=\"wp-block-column is-layout-flow wp-block-column-is-layout-flow\">\n<div class=\"wp-block-buttons is-layout-flex wp-block-buttons-is-layout-flex\">\n<div class=\"wp-block-button\"><a class=\"wp-block-button__link has-very-light-gray-color has-vivid-red-background-color has-text-color has-background wp-element-button\" href=\"https:\/\/sombrafestival.com\/en\/largometrajes-2025\/el-bano-del-diablo-joyas-del-terror\/\">M\u00c1S INFO<\/a><\/div>\n<\/div>\n<\/div>\n\n\n\n<div class=\"wp-block-column is-layout-flow wp-block-column-is-layout-flow\">\n<div class=\"wp-block-buttons is-layout-flex wp-block-buttons-is-layout-flex\">\n<div class=\"wp-block-button\"><a class=\"wp-block-button__link wp-element-button\" href=\"https:\/\/entradium.com\/events\/el-bano-del-diablo\">COMPRAR ENTRADAS<\/a><\/div>\n<\/div>\n<\/div>\n<\/div>\n<\/div>\n<\/div>\n\n\n\n<h3 class=\"wp-block-heading has-text-align-center\">Mi\u00e9rcoles, 19 de marzo<\/h3>\n\n\n\n<div class=\"wp-block-columns is-layout-flex wp-container-core-columns-is-layout-38 wp-block-columns-is-layout-flex\">\n<div class=\"wp-block-column is-layout-flow wp-block-column-is-layout-flow\">\n<figure class=\"wp-block-image size-full\"><img loading=\"lazy\" decoding=\"async\" width=\"501\" height=\"709\" src=\"https:\/\/sombrafestival.com\/wp-content\/uploads\/2025\/01\/the_descent-396561570-large.jpg\" alt=\"\" class=\"wp-image-6746\" srcset=\"https:\/\/sombrafestival.com\/wp-content\/uploads\/2025\/01\/the_descent-396561570-large.jpg 501w, https:\/\/sombrafestival.com\/wp-content\/uploads\/2025\/01\/the_descent-396561570-large-212x300.jpg 212w, https:\/\/sombrafestival.com\/wp-content\/uploads\/2025\/01\/the_descent-396561570-large-8x12.jpg 8w, https:\/\/sombrafestival.com\/wp-content\/uploads\/2025\/01\/the_descent-396561570-large-297x420.jpg 297w\" sizes=\"auto, (max-width: 501px) 100vw, 501px\" \/><\/figure>\n<\/div>\n\n\n\n<div class=\"wp-block-column is-layout-flow wp-block-column-is-layout-flow\">\n<p class=\"has-very-dark-gray-color has-cyan-bluish-gray-background-color has-text-color has-background\"><strong>The Descent | 20 Aniversario<\/strong><\/p>\n\n\n\n<p class=\"has-very-dark-gray-color has-very-light-gray-background-color has-text-color has-background\"><strong><strong>Hora: <\/strong><\/strong>18:00<strong><strong><br>\u00bfD\u00f3nde? <\/strong><\/strong>Filmoteca Regional de Murcia (Sala A)<strong><strong><br>Precio: &nbsp;<\/strong><\/strong><em>5 \u20ac<\/em><\/p>\n\n\n\n<p class=\"has-luminous-vivid-amber-background-color has-background\"><strong>Presentada por Shauna McDonald<\/strong><\/p>\n\n\n\n<p class=\"has-luminous-vivid-amber-background-color has-background\"><strong>Entrega Serial Killer a Shauna McDonald<\/strong><\/p>\n\n\n\n<div class=\"wp-block-columns is-layout-flex wp-container-core-columns-is-layout-37 wp-block-columns-is-layout-flex\">\n<div class=\"wp-block-column is-layout-flow wp-block-column-is-layout-flow\">\n<div class=\"wp-block-buttons is-layout-flex wp-block-buttons-is-layout-flex\">\n<div class=\"wp-block-button\"><a class=\"wp-block-button__link has-vivid-red-background-color has-background has-text-align-center wp-element-button\" href=\"https:\/\/sombrafestival.com\/en\/largometrajes-2025\/the-descent-20-aniversario\/\">M\u00c1S INFO<\/a><\/div>\n<\/div>\n<\/div>\n\n\n\n<div class=\"wp-block-column is-layout-flow wp-block-column-is-layout-flow\">\n<div class=\"wp-block-buttons is-layout-flex wp-block-buttons-is-layout-flex\">\n<div class=\"wp-block-button\"><a class=\"wp-block-button__link wp-element-button\" href=\"https:\/\/entradium.com\/events\/the-descent\">COMPRAR ENTRADAS<\/a><\/div>\n<\/div>\n<\/div>\n<\/div>\n<\/div>\n<\/div>\n\n\n\n<div class=\"wp-block-columns is-layout-flex wp-container-core-columns-is-layout-40 wp-block-columns-is-layout-flex\">\n<div class=\"wp-block-column is-layout-flow wp-block-column-is-layout-flow\">\n<figure class=\"wp-block-image size-full\"><img loading=\"lazy\" decoding=\"async\" width=\"840\" height=\"1200\" src=\"https:\/\/sombrafestival.com\/wp-content\/uploads\/2025\/01\/sperm.jpg\" alt=\"\" class=\"wp-image-6847\" srcset=\"https:\/\/sombrafestival.com\/wp-content\/uploads\/2025\/01\/sperm.jpg 840w, https:\/\/sombrafestival.com\/wp-content\/uploads\/2025\/01\/sperm-210x300.jpg 210w, https:\/\/sombrafestival.com\/wp-content\/uploads\/2025\/01\/sperm-717x1024.jpg 717w, https:\/\/sombrafestival.com\/wp-content\/uploads\/2025\/01\/sperm-768x1097.jpg 768w, https:\/\/sombrafestival.com\/wp-content\/uploads\/2025\/01\/sperm-8x12.jpg 8w, https:\/\/sombrafestival.com\/wp-content\/uploads\/2025\/01\/sperm-294x420.jpg 294w, https:\/\/sombrafestival.com\/wp-content\/uploads\/2025\/01\/sperm-696x994.jpg 696w\" sizes=\"auto, (max-width: 840px) 100vw, 840px\" \/><\/figure>\n<\/div>\n\n\n\n<div class=\"wp-block-column is-layout-flow wp-block-column-is-layout-flow\">\n<p class=\"has-very-dark-gray-color has-cyan-bluish-gray-background-color has-text-color has-background\"><strong>Spermageddon | Secci\u00f3n Oficial a Concurso<\/strong> <strong>(VOSE)<\/strong><\/p>\n\n\n\n<p class=\"has-very-dark-gray-color has-very-light-gray-background-color has-text-color has-background\"><strong><strong>Hora: <\/strong><\/strong>20:00<strong><strong><br>\u00bfD\u00f3nde? <\/strong><\/strong>Filmoteca Regional de Murcia (Sala A)<strong><strong><br>Precio: &nbsp;<\/strong><\/strong><em>5 \u20ac<\/em><\/p>\n\n\n\n<div class=\"wp-block-columns is-layout-flex wp-container-core-columns-is-layout-39 wp-block-columns-is-layout-flex\">\n<div class=\"wp-block-column is-layout-flow wp-block-column-is-layout-flow\">\n<div class=\"wp-block-buttons is-layout-flex wp-block-buttons-is-layout-flex\">\n<div class=\"wp-block-button\"><a class=\"wp-block-button__link has-vivid-red-background-color has-background wp-element-button\" href=\"https:\/\/sombrafestival.com\/en\/largometrajes-2025\/spermageddon-seccion-oficial-a-concurso\/\">M\u00c1S INFO<\/a><\/div>\n<\/div>\n<\/div>\n\n\n\n<div class=\"wp-block-column is-layout-flow wp-block-column-is-layout-flow\">\n<div class=\"wp-block-buttons is-layout-flex wp-block-buttons-is-layout-flex\">\n<div class=\"wp-block-button\"><a class=\"wp-block-button__link wp-element-button\" href=\"https:\/\/entradium.com\/events\/spermageddon\">COMPRAR ENTRADAS<\/a><\/div>\n<\/div>\n<\/div>\n<\/div>\n<\/div>\n<\/div>\n\n\n\n<h3 class=\"wp-block-heading has-text-align-center\">Jueves, 20 de marzo<\/h3>\n\n\n\n<hr class=\"wp-block-separator has-text-color has-background has-very-light-gray-background-color has-very-light-gray-color is-style-wide\"\/>\n\n\n\n<div class=\"wp-block-columns is-layout-flex wp-container-core-columns-is-layout-42 wp-block-columns-is-layout-flex\">\n<div class=\"wp-block-column is-layout-flow wp-block-column-is-layout-flow\">\n<figure class=\"wp-block-image size-large is-resized td-caption-align-https:\/\/sombrafestival.com\/wp-content\/uploads\/2024\/01\/kagami_no_kojo-106503499-large.jpg\"><img loading=\"lazy\" decoding=\"async\" width=\"721\" height=\"1024\" src=\"https:\/\/sombrafestival.com\/wp-content\/uploads\/2025\/01\/historias_de_halloween-881290163-large-721x1024.jpg\" alt=\"\" class=\"wp-image-6759\" style=\"width:460px;height:auto\" srcset=\"https:\/\/sombrafestival.com\/wp-content\/uploads\/2025\/01\/historias_de_halloween-881290163-large-721x1024.jpg 721w, https:\/\/sombrafestival.com\/wp-content\/uploads\/2025\/01\/historias_de_halloween-881290163-large-211x300.jpg 211w, https:\/\/sombrafestival.com\/wp-content\/uploads\/2025\/01\/historias_de_halloween-881290163-large-768x1091.jpg 768w, https:\/\/sombrafestival.com\/wp-content\/uploads\/2025\/01\/historias_de_halloween-881290163-large-8x12.jpg 8w, https:\/\/sombrafestival.com\/wp-content\/uploads\/2025\/01\/historias_de_halloween-881290163-large-296x420.jpg 296w, https:\/\/sombrafestival.com\/wp-content\/uploads\/2025\/01\/historias_de_halloween-881290163-large-696x988.jpg 696w, https:\/\/sombrafestival.com\/wp-content\/uploads\/2025\/01\/historias_de_halloween-881290163-large.jpg 845w\" sizes=\"auto, (max-width: 721px) 100vw, 721px\" \/><\/figure>\n<\/div>\n\n\n\n<div class=\"wp-block-column is-layout-flow wp-block-column-is-layout-flow\">\n<p class=\"has-very-dark-gray-color has-cyan-bluish-gray-background-color has-text-color has-background\"><strong>Historias de Halloween | Secci\u00f3n Oficial a Concurso<\/strong> <strong>(VO)<\/strong> <strong>+ Refugios (Cortometraje)<\/strong><\/p>\n\n\n\n<p class=\"has-very-dark-gray-color has-very-light-gray-background-color has-text-color has-background\"><strong><strong>Hora: <\/strong><\/strong>18:00<strong><strong><br>\u00bfD\u00f3nde? <\/strong><\/strong>Filmoteca Regional de Murcia (Sala A)<strong><strong><br>Precio: &nbsp;<\/strong><\/strong><em>5 \u20ac<\/em><\/p>\n\n\n\n<p class=\"has-luminous-vivid-amber-background-color has-background\"><strong>Presentada + Entrega Premio Sombra de Leyenda a Javier Botet <\/strong><\/p>\n\n\n\n<div class=\"wp-block-columns is-layout-flex wp-container-core-columns-is-layout-41 wp-block-columns-is-layout-flex\">\n<div class=\"wp-block-column is-layout-flow wp-block-column-is-layout-flow\">\n<div class=\"wp-block-buttons is-layout-flex wp-block-buttons-is-layout-flex\">\n<div class=\"wp-block-button\"><a class=\"wp-block-button__link has-vivid-red-background-color has-background wp-element-button\" href=\"https:\/\/sombrafestival.com\/en\/largometrajes-2025\/historias-de-halloween-seccion-oficial\/\">M\u00c1S INFO<\/a><\/div>\n<\/div>\n<\/div>\n\n\n\n<div class=\"wp-block-column is-layout-flow wp-block-column-is-layout-flow\">\n<div class=\"wp-block-buttons is-layout-flex wp-block-buttons-is-layout-flex\">\n<div class=\"wp-block-button\"><a class=\"wp-block-button__link wp-element-button\" href=\"https:\/\/entradium.com\/es\/events\/historias-de-halloween\">COMPRAR ENTRADAS<\/a><\/div>\n<\/div>\n<\/div>\n<\/div>\n<\/div>\n<\/div>\n\n\n\n<div class=\"wp-block-columns is-layout-flex wp-container-core-columns-is-layout-44 wp-block-columns-is-layout-flex\">\n<div class=\"wp-block-column is-layout-flow wp-block-column-is-layout-flow\">\n<figure class=\"wp-block-image size-full td-caption-align-https:\/\/sombrafestival.com\/wp-content\/uploads\/2024\/01\/mars_express-174096743-large.jpg\"><img loading=\"lazy\" decoding=\"async\" width=\"501\" height=\"709\" src=\"https:\/\/sombrafestival.com\/wp-content\/uploads\/2025\/01\/night-of-the.jpg\" alt=\"\" class=\"wp-image-6850\" srcset=\"https:\/\/sombrafestival.com\/wp-content\/uploads\/2025\/01\/night-of-the.jpg 501w, https:\/\/sombrafestival.com\/wp-content\/uploads\/2025\/01\/night-of-the-212x300.jpg 212w, https:\/\/sombrafestival.com\/wp-content\/uploads\/2025\/01\/night-of-the-8x12.jpg 8w, https:\/\/sombrafestival.com\/wp-content\/uploads\/2025\/01\/night-of-the-297x420.jpg 297w\" sizes=\"auto, (max-width: 501px) 100vw, 501px\" \/><\/figure>\n<\/div>\n\n\n\n<div class=\"wp-block-column is-layout-flow wp-block-column-is-layout-flow\">\n<p class=\"has-very-dark-gray-color has-cyan-bluish-gray-background-color has-text-color has-background\"><strong>La Noche de los Muertos Vivientes | Retrospectiva Zombie<\/strong> <strong>(VOSE)<\/strong><\/p>\n\n\n\n<p class=\"has-very-dark-gray-color has-very-light-gray-background-color has-text-color has-background\"><strong><strong>Hora: <\/strong><\/strong>20:00<strong><strong><br>\u00bfD\u00f3nde? <\/strong><\/strong>Filmoteca Regional de Murcia (Sala A)<strong><strong><br>Precio:&nbsp;<\/strong><\/strong><em>5 \u20ac<\/em><\/p>\n\n\n\n<div class=\"wp-block-columns is-layout-flex wp-container-core-columns-is-layout-43 wp-block-columns-is-layout-flex\">\n<div class=\"wp-block-column is-layout-flow wp-block-column-is-layout-flow\">\n<div class=\"wp-block-buttons is-layout-flex wp-block-buttons-is-layout-flex\">\n<div class=\"wp-block-button\"><a class=\"wp-block-button__link has-vivid-red-background-color has-background wp-element-button\" href=\"https:\/\/sombrafestival.com\/en\/largometrajes-2025\/la-noche-de-los-muertos-vivientes-restrospectiva-zombie\/\">M\u00c1S INFO<\/a><\/div>\n<\/div>\n<\/div>\n\n\n\n<div class=\"wp-block-column is-layout-flow wp-block-column-is-layout-flow\">\n<div class=\"wp-block-buttons is-layout-flex wp-block-buttons-is-layout-flex\">\n<div class=\"wp-block-button\"><a class=\"wp-block-button__link wp-element-button\" href=\"https:\/\/entradium.com\/events\/la-noche-de-los-muertos-vivientes\">COMPRAR ENTRADAS<\/a><\/div>\n<\/div>\n<\/div>\n<\/div>\n<\/div>\n<\/div>\n\n\n\n<div class=\"wp-block-columns is-layout-flex wp-container-core-columns-is-layout-46 wp-block-columns-is-layout-flex\">\n<div class=\"wp-block-column is-layout-flow wp-block-column-is-layout-flow\">\n<figure class=\"wp-block-image size-full is-resized td-caption-align-https:\/\/sombrafestival.com\/wp-content\/uploads\/2024\/01\/acide-477650327-large.jpg\"><img loading=\"lazy\" decoding=\"async\" width=\"849\" height=\"1201\" src=\"https:\/\/sombrafestival.com\/wp-content\/uploads\/2025\/02\/NocheDelTerrorSordo2.jpg\" alt=\"\" class=\"wp-image-7007\" style=\"width:408px;height:auto\" srcset=\"https:\/\/sombrafestival.com\/wp-content\/uploads\/2025\/02\/NocheDelTerrorSordo2.jpg 849w, https:\/\/sombrafestival.com\/wp-content\/uploads\/2025\/02\/NocheDelTerrorSordo2-212x300.jpg 212w, https:\/\/sombrafestival.com\/wp-content\/uploads\/2025\/02\/NocheDelTerrorSordo2-724x1024.jpg 724w, https:\/\/sombrafestival.com\/wp-content\/uploads\/2025\/02\/NocheDelTerrorSordo2-768x1086.jpg 768w, https:\/\/sombrafestival.com\/wp-content\/uploads\/2025\/02\/NocheDelTerrorSordo2-8x12.jpg 8w, https:\/\/sombrafestival.com\/wp-content\/uploads\/2025\/02\/NocheDelTerrorSordo2-297x420.jpg 297w, https:\/\/sombrafestival.com\/wp-content\/uploads\/2025\/02\/NocheDelTerrorSordo2-696x985.jpg 696w\" sizes=\"auto, (max-width: 849px) 100vw, 849px\" \/><\/figure>\n<\/div>\n\n\n\n<div class=\"wp-block-column is-layout-flow wp-block-column-is-layout-flow\">\n<p class=\"has-very-dark-gray-color has-cyan-bluish-gray-background-color has-text-color has-background\"><strong>DJ Hellions: La Noche de los Sonidos Muertos<\/strong><\/p>\n\n\n\n<p class=\"has-very-dark-gray-color has-very-light-gray-background-color has-text-color has-background\"><strong><strong>Hora: <\/strong><\/strong>22:30<strong><strong><br>\u00bfD\u00f3nde? <\/strong><\/strong>La Boca del Lobo<\/p>\n\n\n\n<p class=\"has-luminous-vivid-amber-background-color has-background\"><strong>Pinchada Tem\u00e1tica Metal<\/strong><\/p>\n\n\n\n<div class=\"wp-block-columns is-layout-flex wp-container-core-columns-is-layout-45 wp-block-columns-is-layout-flex\">\n<div class=\"wp-block-column is-layout-flow wp-block-column-is-layout-flow\">\n<div class=\"wp-block-buttons is-layout-flex wp-block-buttons-is-layout-flex\">\n<div class=\"wp-block-button\"><a class=\"wp-block-button__link has-very-light-gray-color has-vivid-red-background-color has-text-color has-background wp-element-button\" href=\"https:\/\/sombrafestival.com\/en\/actividades-sombra-2025\/dj-hellions-la-noche-de-los-sonidos-muertos\/\">M\u00c1S INFO<\/a><\/div>\n<\/div>\n<\/div>\n<\/div>\n\n\n\n<p><\/p>\n<\/div>\n<\/div>\n\n\n\n<h3 class=\"wp-block-heading has-text-align-center\">Viernes, 21 de marzo<\/h3>\n\n\n\n<hr class=\"wp-block-separator has-text-color has-background has-very-light-gray-background-color has-very-light-gray-color is-style-wide\"\/>\n\n\n\n<div class=\"wp-block-columns is-layout-flex wp-container-core-columns-is-layout-48 wp-block-columns-is-layout-flex\">\n<div class=\"wp-block-column is-layout-flow wp-block-column-is-layout-flow\">\n<figure class=\"wp-block-image size-full\"><img loading=\"lazy\" decoding=\"async\" width=\"501\" height=\"709\" src=\"https:\/\/sombrafestival.com\/wp-content\/uploads\/2025\/01\/toxico.jpg\" alt=\"\" class=\"wp-image-6888\" srcset=\"https:\/\/sombrafestival.com\/wp-content\/uploads\/2025\/01\/toxico.jpg 501w, https:\/\/sombrafestival.com\/wp-content\/uploads\/2025\/01\/toxico-212x300.jpg 212w, https:\/\/sombrafestival.com\/wp-content\/uploads\/2025\/01\/toxico-8x12.jpg 8w, https:\/\/sombrafestival.com\/wp-content\/uploads\/2025\/01\/toxico-297x420.jpg 297w\" sizes=\"auto, (max-width: 501px) 100vw, 501px\" \/><\/figure>\n<\/div>\n\n\n\n<div class=\"wp-block-column is-layout-flow wp-block-column-is-layout-flow\">\n<p class=\"has-very-dark-gray-color has-cyan-bluish-gray-background-color has-text-color has-background\"><strong>T\u00f3xico | Muestra de Terror Latinoamericano<\/strong> <strong>(VO)<\/strong><\/p>\n\n\n\n<p class=\"has-very-dark-gray-color has-very-light-gray-background-color has-text-color has-background\"><strong><strong>Hora: <\/strong><\/strong>17:00<strong><strong><br>\u00bfD\u00f3nde? <\/strong><\/strong>Fundaci\u00f3n Mediterr\u00e1neo<strong><strong><br>Precio: &nbsp;<\/strong><\/strong><em>5 \u20ac<\/em><\/p>\n\n\n\n<p class=\"has-luminous-vivid-amber-background-color has-background\"><strong>Presentada por Ariel Mart\u00ednez<\/strong><\/p>\n\n\n\n<div class=\"wp-block-columns is-layout-flex wp-container-core-columns-is-layout-47 wp-block-columns-is-layout-flex\">\n<div class=\"wp-block-column is-layout-flow wp-block-column-is-layout-flow\">\n<div class=\"wp-block-buttons is-layout-flex wp-block-buttons-is-layout-flex\">\n<div class=\"wp-block-button\"><a class=\"wp-block-button__link has-very-light-gray-color has-vivid-red-background-color has-text-color has-background wp-element-button\" href=\"https:\/\/sombrafestival.com\/en\/largometrajes-2025\/toxico-muestra-terror-latinoamericano\/\">M\u00c1S INFO<\/a><\/div>\n<\/div>\n<\/div>\n\n\n\n<div class=\"wp-block-column is-layout-flow wp-block-column-is-layout-flow\">\n<div class=\"wp-block-buttons is-layout-flex wp-block-buttons-is-layout-flex\">\n<div class=\"wp-block-button\"><a class=\"wp-block-button__link wp-element-button\" href=\"https:\/\/entradium.com\/events\/toxico\">COMPRAR ENTRADAS<\/a><\/div>\n<\/div>\n<\/div>\n<\/div>\n<\/div>\n<\/div>\n\n\n\n<div class=\"wp-block-columns is-layout-flex wp-container-core-columns-is-layout-50 wp-block-columns-is-layout-flex\">\n<div class=\"wp-block-column is-layout-flow wp-block-column-is-layout-flow\">\n<figure class=\"wp-block-image size-large td-caption-align-https:\/\/sombrafestival.com\/wp-content\/uploads\/2024\/01\/dark-tales.jpg\"><img loading=\"lazy\" decoding=\"async\" width=\"724\" height=\"1024\" src=\"https:\/\/sombrafestival.com\/wp-content\/uploads\/2025\/01\/Cartel-Deviant-A4-4oct2023_v2-724x1024.jpg\" alt=\"\" class=\"wp-image-6909\" srcset=\"https:\/\/sombrafestival.com\/wp-content\/uploads\/2025\/01\/Cartel-Deviant-A4-4oct2023_v2-724x1024.jpg 724w, https:\/\/sombrafestival.com\/wp-content\/uploads\/2025\/01\/Cartel-Deviant-A4-4oct2023_v2-212x300.jpg 212w, https:\/\/sombrafestival.com\/wp-content\/uploads\/2025\/01\/Cartel-Deviant-A4-4oct2023_v2-768x1086.jpg 768w, https:\/\/sombrafestival.com\/wp-content\/uploads\/2025\/01\/Cartel-Deviant-A4-4oct2023_v2-1086x1536.jpg 1086w, https:\/\/sombrafestival.com\/wp-content\/uploads\/2025\/01\/Cartel-Deviant-A4-4oct2023_v2-1448x2048.jpg 1448w, https:\/\/sombrafestival.com\/wp-content\/uploads\/2025\/01\/Cartel-Deviant-A4-4oct2023_v2-8x12.jpg 8w, https:\/\/sombrafestival.com\/wp-content\/uploads\/2025\/01\/Cartel-Deviant-A4-4oct2023_v2-297x420.jpg 297w, https:\/\/sombrafestival.com\/wp-content\/uploads\/2025\/01\/Cartel-Deviant-A4-4oct2023_v2-696x985.jpg 696w, https:\/\/sombrafestival.com\/wp-content\/uploads\/2025\/01\/Cartel-Deviant-A4-4oct2023_v2-1068x1511.jpg 1068w, https:\/\/sombrafestival.com\/wp-content\/uploads\/2025\/01\/Cartel-Deviant-A4-4oct2023_v2-1920x2716.jpg 1920w, https:\/\/sombrafestival.com\/wp-content\/uploads\/2025\/01\/Cartel-Deviant-A4-4oct2023_v2-scaled.jpg 1810w\" sizes=\"auto, (max-width: 724px) 100vw, 724px\" \/><\/figure>\n<\/div>\n\n\n\n<div class=\"wp-block-column is-layout-flow wp-block-column-is-layout-flow\">\n<p class=\"has-very-dark-gray-color has-cyan-bluish-gray-background-color has-text-color has-background\"><strong>Deviant | Secci\u00f3n Oficial<\/strong> <strong>a Concurso<\/strong> <strong>(VO)<\/strong> <\/p>\n\n\n\n<p class=\"has-very-dark-gray-color has-very-light-gray-background-color has-text-color has-background\"><strong><strong>Hora: <\/strong><\/strong>17:15<strong><strong><br>\u00bfD\u00f3nde? <\/strong><\/strong>Filmoteca Regional de Murcia (Sala A)<strong><strong><br>Precio: &nbsp;<\/strong><\/strong><em>5 \u20ac<\/em><\/p>\n\n\n\n<div class=\"wp-block-columns is-layout-flex wp-container-core-columns-is-layout-49 wp-block-columns-is-layout-flex\">\n<div class=\"wp-block-column is-layout-flow wp-block-column-is-layout-flow\">\n<div class=\"wp-block-buttons is-layout-flex wp-block-buttons-is-layout-flex\">\n<div class=\"wp-block-button\"><a class=\"wp-block-button__link has-very-light-gray-color has-vivid-red-background-color has-text-color has-background wp-element-button\" href=\"https:\/\/sombrafestival.com\/en\/largometrajes-2025\/deviant-seccion-oficial\/\">M\u00c1S INFO<\/a><\/div>\n<\/div>\n<\/div>\n\n\n\n<div class=\"wp-block-column is-layout-flow wp-block-column-is-layout-flow\">\n<div class=\"wp-block-buttons is-layout-flex wp-block-buttons-is-layout-flex\">\n<div class=\"wp-block-button\"><a class=\"wp-block-button__link wp-element-button\" href=\"https:\/\/entradium.com\/es\/events\/deviant\">COMPRAR ENTRADAS<\/a><\/div>\n<\/div>\n<\/div>\n<\/div>\n<\/div>\n<\/div>\n\n\n\n<div class=\"wp-block-columns is-layout-flex wp-container-core-columns-is-layout-52 wp-block-columns-is-layout-flex\">\n<div class=\"wp-block-column is-layout-flow wp-block-column-is-layout-flow\">\n<figure class=\"wp-block-image size-full is-resized td-caption-align-https:\/\/sombrafestival.com\/wp-content\/uploads\/2024\/01\/stric-278319285-large.jpg\"><img loading=\"lazy\" decoding=\"async\" width=\"840\" height=\"1200\" src=\"https:\/\/sombrafestival.com\/wp-content\/uploads\/2025\/01\/segundo-acto.jpg\" alt=\"\" class=\"wp-image-6845\" style=\"width:444px;height:auto\" srcset=\"https:\/\/sombrafestival.com\/wp-content\/uploads\/2025\/01\/segundo-acto.jpg 840w, https:\/\/sombrafestival.com\/wp-content\/uploads\/2025\/01\/segundo-acto-210x300.jpg 210w, https:\/\/sombrafestival.com\/wp-content\/uploads\/2025\/01\/segundo-acto-717x1024.jpg 717w, https:\/\/sombrafestival.com\/wp-content\/uploads\/2025\/01\/segundo-acto-768x1097.jpg 768w, https:\/\/sombrafestival.com\/wp-content\/uploads\/2025\/01\/segundo-acto-8x12.jpg 8w, https:\/\/sombrafestival.com\/wp-content\/uploads\/2025\/01\/segundo-acto-294x420.jpg 294w, https:\/\/sombrafestival.com\/wp-content\/uploads\/2025\/01\/segundo-acto-696x994.jpg 696w\" sizes=\"auto, (max-width: 840px) 100vw, 840px\" \/><\/figure>\n<\/div>\n\n\n\n<div class=\"wp-block-column is-layout-flow wp-block-column-is-layout-flow\">\n<p class=\"has-very-dark-gray-color has-cyan-bluish-gray-background-color has-text-color has-background\"><strong>El Segundo Acto | Secci\u00f3n Oficial a Concurso<\/strong> <strong>(VOSE)<\/strong><\/p>\n\n\n\n<p class=\"has-very-dark-gray-color has-very-light-gray-background-color has-text-color has-background\"><strong><strong>Hora: <\/strong><\/strong>19:00<strong><strong><br>\u00bfD\u00f3nde? <\/strong><\/strong>Filmoteca Regional de Murcia (Sala A)<strong><strong><br>Precio: &nbsp;<\/strong><\/strong><em>5 \u20ac<\/em><\/p>\n\n\n\n<div class=\"wp-block-columns is-layout-flex wp-container-core-columns-is-layout-51 wp-block-columns-is-layout-flex\">\n<div class=\"wp-block-column is-layout-flow wp-block-column-is-layout-flow\">\n<div class=\"wp-block-buttons is-layout-flex wp-block-buttons-is-layout-flex\">\n<div class=\"wp-block-button td_btn_large\"><a class=\"wp-block-button__link has-vivid-red-background-color has-background wp-element-button\" href=\"https:\/\/sombrafestival.com\/en\/largometrajes-2025\/el-segundo-acto-seccion-oficial-media-window-seccion-oficial-a-concurso\/\">M\u00c1S INFO<\/a><\/div>\n<\/div>\n<\/div>\n\n\n\n<div class=\"wp-block-column is-layout-flow wp-block-column-is-layout-flow\">\n<div class=\"wp-block-buttons is-layout-flex wp-block-buttons-is-layout-flex\">\n<div class=\"wp-block-button td_btn_large\"><a class=\"wp-block-button__link wp-element-button\" href=\"https:\/\/entradium.com\/events\/el-segundo-acto\">COMPRAR ENTRADAS<\/a><\/div>\n<\/div>\n<\/div>\n<\/div>\n<\/div>\n<\/div>\n\n\n\n<div class=\"wp-block-columns is-layout-flex wp-container-core-columns-is-layout-54 wp-block-columns-is-layout-flex\">\n<div class=\"wp-block-column is-layout-flow wp-block-column-is-layout-flow\">\n<figure class=\"wp-block-image size-full is-resized td-caption-align-https:\/\/sombrafestival.com\/wp-content\/uploads\/2024\/01\/stric-278319285-large.jpg\"><img loading=\"lazy\" decoding=\"async\" width=\"1758\" height=\"2560\" src=\"https:\/\/sombrafestival.com\/wp-content\/uploads\/2025\/02\/LUCES-ENTER-PLAY-scaled-1.jpg\" alt=\"\" class=\"wp-image-7076\" style=\"width:444px;height:auto\" srcset=\"https:\/\/sombrafestival.com\/wp-content\/uploads\/2025\/02\/LUCES-ENTER-PLAY-scaled-1.jpg 1758w, https:\/\/sombrafestival.com\/wp-content\/uploads\/2025\/02\/LUCES-ENTER-PLAY-scaled-1-206x300.jpg 206w, https:\/\/sombrafestival.com\/wp-content\/uploads\/2025\/02\/LUCES-ENTER-PLAY-scaled-1-703x1024.jpg 703w, https:\/\/sombrafestival.com\/wp-content\/uploads\/2025\/02\/LUCES-ENTER-PLAY-scaled-1-768x1118.jpg 768w, https:\/\/sombrafestival.com\/wp-content\/uploads\/2025\/02\/LUCES-ENTER-PLAY-scaled-1-1055x1536.jpg 1055w, https:\/\/sombrafestival.com\/wp-content\/uploads\/2025\/02\/LUCES-ENTER-PLAY-scaled-1-1406x2048.jpg 1406w, https:\/\/sombrafestival.com\/wp-content\/uploads\/2025\/02\/LUCES-ENTER-PLAY-scaled-1-8x12.jpg 8w, https:\/\/sombrafestival.com\/wp-content\/uploads\/2025\/02\/LUCES-ENTER-PLAY-scaled-1-288x420.jpg 288w, https:\/\/sombrafestival.com\/wp-content\/uploads\/2025\/02\/LUCES-ENTER-PLAY-scaled-1-696x1014.jpg 696w, https:\/\/sombrafestival.com\/wp-content\/uploads\/2025\/02\/LUCES-ENTER-PLAY-scaled-1-1068x1555.jpg 1068w\" sizes=\"auto, (max-width: 1758px) 100vw, 1758px\" \/><\/figure>\n<\/div>\n\n\n\n<div class=\"wp-block-column is-layout-flow wp-block-column-is-layout-flow\">\n<p class=\"has-very-dark-gray-color has-cyan-bluish-gray-background-color has-text-color has-background\"><strong>Presentaci\u00f3n Libro<\/strong>&nbsp;<strong>\u00abLuces, c\u00e1mara\u2026 Enter Play. Vol. 1 (or\u00edgenes-1988)\u00bb<\/strong><\/p>\n\n\n\n<p class=\"has-very-dark-gray-color has-very-light-gray-background-color has-text-color has-background\"><strong><strong>Hora: <\/strong><\/strong>19:15<strong><strong><br>\u00bfD\u00f3nde? <\/strong><\/strong>Filmoteca Regional de Murcia (Sala B)<\/p>\n\n\n\n<p class=\"has-luminous-vivid-amber-background-color has-background\"><strong>Con Pako Mulero<\/strong><\/p>\n\n\n\n<div class=\"wp-block-columns is-layout-flex wp-container-core-columns-is-layout-53 wp-block-columns-is-layout-flex\">\n<div class=\"wp-block-column is-layout-flow wp-block-column-is-layout-flow\">\n<div class=\"wp-block-buttons is-layout-flex wp-block-buttons-is-layout-flex\">\n<div class=\"wp-block-button td_btn_large\"><a class=\"wp-block-button__link has-vivid-red-background-color has-background wp-element-button\" href=\"https:\/\/sombrafestival.com\/en\/actividades-sombra-2025\/presentacion-del-libro-luces-camara-enter-play-vol-1-origenes-1988\/\">M\u00c1S INFO<\/a><\/div>\n<\/div>\n<\/div>\n<\/div>\n<\/div>\n<\/div>\n\n\n\n<div class=\"wp-block-columns is-layout-flex wp-container-core-columns-is-layout-56 wp-block-columns-is-layout-flex\">\n<div class=\"wp-block-column is-layout-flow wp-block-column-is-layout-flow\">\n<figure class=\"wp-block-image size-full is-resized td-caption-align-https:\/\/sombrafestival.com\/wp-content\/uploads\/2024\/01\/stric-278319285-large.jpg\"><img loading=\"lazy\" decoding=\"async\" width=\"800\" height=\"1200\" src=\"https:\/\/sombrafestival.com\/wp-content\/uploads\/2025\/01\/we_summon_the_darkness-236114725-large.jpg\" alt=\"\" class=\"wp-image-6788\" style=\"width:444px;height:auto\" srcset=\"https:\/\/sombrafestival.com\/wp-content\/uploads\/2025\/01\/we_summon_the_darkness-236114725-large.jpg 800w, https:\/\/sombrafestival.com\/wp-content\/uploads\/2025\/01\/we_summon_the_darkness-236114725-large-200x300.jpg 200w, https:\/\/sombrafestival.com\/wp-content\/uploads\/2025\/01\/we_summon_the_darkness-236114725-large-683x1024.jpg 683w, https:\/\/sombrafestival.com\/wp-content\/uploads\/2025\/01\/we_summon_the_darkness-236114725-large-768x1152.jpg 768w, https:\/\/sombrafestival.com\/wp-content\/uploads\/2025\/01\/we_summon_the_darkness-236114725-large-8x12.jpg 8w, https:\/\/sombrafestival.com\/wp-content\/uploads\/2025\/01\/we_summon_the_darkness-236114725-large-280x420.jpg 280w, https:\/\/sombrafestival.com\/wp-content\/uploads\/2025\/01\/we_summon_the_darkness-236114725-large-696x1044.jpg 696w\" sizes=\"auto, (max-width: 800px) 100vw, 800px\" \/><\/figure>\n<\/div>\n\n\n\n<div class=\"wp-block-column is-layout-flow wp-block-column-is-layout-flow\">\n<p class=\"has-very-dark-gray-color has-cyan-bluish-gray-background-color has-text-color has-background\"><strong>La Invocaci\u00f3n | Sesi\u00f3n Rock Imperium<\/strong> <strong>(VOSE)<\/strong><\/p>\n\n\n\n<p class=\"has-very-dark-gray-color has-very-light-gray-background-color has-text-color has-background\"><strong><strong>Hora: <\/strong><\/strong>19:30<strong><strong><br>\u00bfD\u00f3nde? <\/strong><\/strong>Fundaci\u00f3n Mediterr\u00e1neo<strong><strong><br>Precio: &nbsp;<\/strong><\/strong><em>5 \u20ac<\/em><\/p>\n\n\n\n<div class=\"wp-block-columns is-layout-flex wp-container-core-columns-is-layout-55 wp-block-columns-is-layout-flex\">\n<div class=\"wp-block-column is-layout-flow wp-block-column-is-layout-flow\">\n<div class=\"wp-block-buttons is-layout-flex wp-block-buttons-is-layout-flex\">\n<div class=\"wp-block-button td_btn_large\"><a class=\"wp-block-button__link has-vivid-red-background-color has-background wp-element-button\" href=\"https:\/\/sombrafestival.com\/en\/largometrajes-2025\/la-invocacion-sesion-rock-imperium\/\">M\u00c1S INFO<\/a><\/div>\n<\/div>\n<\/div>\n\n\n\n<div class=\"wp-block-column is-layout-flow wp-block-column-is-layout-flow\">\n<div class=\"wp-block-buttons is-layout-flex wp-block-buttons-is-layout-flex\">\n<div class=\"wp-block-button td_btn_large\"><a class=\"wp-block-button__link wp-element-button\" href=\"https:\/\/entradium.com\/events\/la-invocacion\">COMPRAR ENTRADAS<\/a><\/div>\n<\/div>\n<\/div>\n<\/div>\n<\/div>\n<\/div>\n\n\n\n<div class=\"wp-block-columns is-layout-flex wp-container-core-columns-is-layout-58 wp-block-columns-is-layout-flex\">\n<div class=\"wp-block-column is-layout-flow wp-block-column-is-layout-flow\">\n<figure class=\"wp-block-image size-full is-resized td-caption-align-https:\/\/sombrafestival.com\/wp-content\/uploads\/2024\/01\/stric-278319285-large.jpg\"><img loading=\"lazy\" decoding=\"async\" width=\"840\" height=\"1200\" src=\"https:\/\/sombrafestival.com\/wp-content\/uploads\/2025\/01\/la-nuit.jpg\" alt=\"\" class=\"wp-image-6849\" style=\"width:444px;height:auto\" srcset=\"https:\/\/sombrafestival.com\/wp-content\/uploads\/2025\/01\/la-nuit.jpg 840w, https:\/\/sombrafestival.com\/wp-content\/uploads\/2025\/01\/la-nuit-210x300.jpg 210w, https:\/\/sombrafestival.com\/wp-content\/uploads\/2025\/01\/la-nuit-717x1024.jpg 717w, https:\/\/sombrafestival.com\/wp-content\/uploads\/2025\/01\/la-nuit-768x1097.jpg 768w, https:\/\/sombrafestival.com\/wp-content\/uploads\/2025\/01\/la-nuit-8x12.jpg 8w, https:\/\/sombrafestival.com\/wp-content\/uploads\/2025\/01\/la-nuit-294x420.jpg 294w, https:\/\/sombrafestival.com\/wp-content\/uploads\/2025\/01\/la-nuit-696x994.jpg 696w\" sizes=\"auto, (max-width: 840px) 100vw, 840px\" \/><\/figure>\n<\/div>\n\n\n\n<div class=\"wp-block-column is-layout-flow wp-block-column-is-layout-flow\">\n<p class=\"has-very-dark-gray-color has-cyan-bluish-gray-background-color has-text-color has-background\"><strong>Night Call | Secci\u00f3n Oficial a Concurso<\/strong><\/p>\n\n\n\n<p class=\"has-very-dark-gray-color has-very-light-gray-background-color has-text-color has-background\"><strong><strong>Hora: <\/strong><\/strong>21:00<strong><strong><br>\u00bfD\u00f3nde? <\/strong><\/strong>Filmoteca Regional de Murcia (Sala A)<strong><strong><br>Precio: &nbsp;<\/strong><\/strong><em>5 \u20ac<\/em><\/p>\n\n\n\n<div class=\"wp-block-columns is-layout-flex wp-container-core-columns-is-layout-57 wp-block-columns-is-layout-flex\">\n<div class=\"wp-block-column is-layout-flow wp-block-column-is-layout-flow\">\n<div class=\"wp-block-buttons is-layout-flex wp-block-buttons-is-layout-flex\">\n<div class=\"wp-block-button td_btn_large\"><a class=\"wp-block-button__link has-vivid-red-background-color has-background wp-element-button\" href=\"https:\/\/sombrafestival.com\/en\/largometrajes-2025\/night-call-seccion-oficial\/\">M\u00c1S INFO<\/a><\/div>\n<\/div>\n<\/div>\n\n\n\n<div class=\"wp-block-column is-layout-flow wp-block-column-is-layout-flow\">\n<div class=\"wp-block-buttons is-layout-flex wp-block-buttons-is-layout-flex\">\n<div class=\"wp-block-button td_btn_large\"><a class=\"wp-block-button__link wp-element-button\" href=\"https:\/\/entradium.com\/events\/night-call\">COMPRAR ENTRADAS<\/a><\/div>\n<\/div>\n<\/div>\n<\/div>\n<\/div>\n<\/div>\n\n\n\n<h3 class=\"wp-block-heading has-text-align-center\">S\u00e1bado, 22 de Marzo<\/h3>\n\n\n\n<hr class=\"wp-block-separator has-text-color has-background has-very-light-gray-background-color has-very-light-gray-color is-style-wide\"\/>\n\n\n\n<div class=\"wp-block-columns is-layout-flex wp-container-core-columns-is-layout-60 wp-block-columns-is-layout-flex\">\n<div class=\"wp-block-column is-layout-flow wp-block-column-is-layout-flow\">\n<figure class=\"wp-block-image size-large td-caption-align-https:\/\/sombrafestival.com\/wp-content\/uploads\/2023\/03\/encuentro-con-fans-alex-de-la-iglesia.jpg\"><img loading=\"lazy\" decoding=\"async\" width=\"731\" height=\"1024\" src=\"https:\/\/sombrafestival.com\/wp-content\/uploads\/2025\/02\/Cartel-Murcia-web-731x1024.jpg\" alt=\"\" class=\"wp-image-7465\" srcset=\"https:\/\/sombrafestival.com\/wp-content\/uploads\/2025\/02\/Cartel-Murcia-web-731x1024.jpg 731w, https:\/\/sombrafestival.com\/wp-content\/uploads\/2025\/02\/Cartel-Murcia-web-214x300.jpg 214w, https:\/\/sombrafestival.com\/wp-content\/uploads\/2025\/02\/Cartel-Murcia-web-768x1075.jpg 768w, https:\/\/sombrafestival.com\/wp-content\/uploads\/2025\/02\/Cartel-Murcia-web-9x12.jpg 9w, https:\/\/sombrafestival.com\/wp-content\/uploads\/2025\/02\/Cartel-Murcia-web-300x420.jpg 300w, https:\/\/sombrafestival.com\/wp-content\/uploads\/2025\/02\/Cartel-Murcia-web-696x974.jpg 696w, https:\/\/sombrafestival.com\/wp-content\/uploads\/2025\/02\/Cartel-Murcia-web.jpg 1000w\" sizes=\"auto, (max-width: 731px) 100vw, 731px\" \/><\/figure>\n<\/div>\n\n\n\n<div class=\"wp-block-column is-layout-flow wp-block-column-is-layout-flow\">\n<p class=\"has-very-dark-gray-color has-cyan-bluish-gray-background-color has-text-color has-background\"><strong><strong>Fabio Frizzi Plays <\/strong>Nueva York Bajo el Terror de los Zombies<\/strong><\/p>\n\n\n\n<p class=\"has-luminous-vivid-amber-background-color has-background\"><strong>Clausura XIV Sombra<\/strong><\/p>\n\n\n\n<p class=\"has-very-dark-gray-color has-very-light-gray-background-color has-text-color has-background\"><strong><strong>Hora: <\/strong><\/strong>20:00<strong><strong><br>\u00bfD\u00f3nde? <\/strong><\/strong>Filmoteca Regional de Murcia (Sala A)<\/p>\n\n\n\n<div class=\"wp-block-columns is-layout-flex wp-container-core-columns-is-layout-59 wp-block-columns-is-layout-flex\">\n<div class=\"wp-block-column is-layout-flow wp-block-column-is-layout-flow\">\n<div class=\"wp-block-buttons is-layout-flex wp-block-buttons-is-layout-flex\">\n<div class=\"wp-block-button td_btn_large\"><a class=\"wp-block-button__link has-vivid-red-background-color has-background wp-element-button\" href=\"https:\/\/sombrafestival.com\/en\/una-noche-inolvidable-con-fabio-frizzi-plays-nueva-york-bajo-el-terror-de-los-zombis\/\">M\u00c1S INFO<\/a><\/div>\n<\/div>\n<\/div>\n\n\n\n<div class=\"wp-block-column is-layout-flow wp-block-column-is-layout-flow\">\n<div class=\"wp-block-buttons is-layout-flex wp-block-buttons-is-layout-flex\">\n<div class=\"wp-block-button td_btn_large\"><a class=\"wp-block-button__link wp-element-button\" href=\"https:\/\/entradium.com\/events\/fabio-frizzi-plays-nueva-york-bajo-el-terror-de-los-zombis-murcia?fbclid=IwY2xjawH2YSNleHRuA2FlbQIxMAABHZ_iP9AVcWa7ERwAfLVJ69HzJ0OLpuqF5ob_5CDEII_VPMKMQX-E3XrfLw_aem_rw5HtykGLzYdzxK87dcZlg\">COMPRAR ENTRADAS<\/a><\/div>\n<\/div>\n<\/div>\n<\/div>\n<\/div>\n<\/div>\n\n\n\n<hr class=\"wp-block-separator has-css-opacity is-style-wide\"\/>\n\n\n\n<hr class=\"wp-block-separator has-text-color has-background has-very-light-gray-background-color has-very-light-gray-color is-style-wide\"\/>\n\n\n\n<hr class=\"wp-block-separator has-text-color has-background has-very-light-gray-background-color has-very-light-gray-color is-style-wide\"\/>\n\n\n\n<div class=\"wp-block-columns is-layout-flex wp-container-core-columns-is-layout-61 wp-block-columns-is-layout-flex\">\n<div class=\"wp-block-column is-layout-flow wp-block-column-is-layout-flow\"><\/div>\n\n\n\n<div class=\"wp-block-column is-layout-flow wp-block-column-is-layout-flow\"><\/div>\n<\/div>","protected":false},"excerpt":{"rendered":"<p>Jueves, 13 de marzo Presentaci\u00f3n del libro \u201cA TRAV\u00c9S DEL ABISMO: H. P. Lovecraft y el horror ontol\u00f3gico\u201d de David Soto y Giorgia Bertozzi Hora: 19:00\u00bfD\u00f3nde?: &nbsp;Librer\u00eda 7 H\u00e9roes Inauguraci\u00f3n Exposici\u00f3n \u00abZombi\u00ab Hora: 21:00\u00bfD\u00f3nde?: Caf\u00e9 FiccionesRecorrido cronol\u00f3gico por la historia del cine zombie Disponible hasta el 28 de marzo Viernes, 14 de marzo Partida de [&hellip;]<\/p>","protected":false},"author":2,"featured_media":0,"parent":0,"menu_order":0,"comment_status":"closed","ping_status":"closed","template":"","meta":{"footnotes":""},"class_list":["post-6941","page","type-page","status-publish"],"yoast_head":"<!-- This site is optimized with the Yoast SEO plugin v24.3 - https:\/\/yoast.com\/wordpress\/plugins\/seo\/ -->\n<title>Programaci\u00f3n Sombra 2025 - Sombra Festival<\/title>\n<meta name=\"robots\" content=\"index, follow, max-snippet:-1, max-image-preview:large, max-video-preview:-1\" \/>\n<link rel=\"canonical\" href=\"https:\/\/sombrafestival.com\/en\/programacion-sombra-2025-2\/\" \/>\n<meta property=\"og:locale\" content=\"en_GB\" \/>\n<meta property=\"og:type\" content=\"article\" \/>\n<meta property=\"og:title\" content=\"Programaci\u00f3n Sombra 2025 - Sombra Festival\" \/>\n<meta property=\"og:description\" content=\"Jueves, 13 de marzo Presentaci\u00f3n del libro \u201cA TRAV\u00c9S DEL ABISMO: H. P. Lovecraft y el horror ontol\u00f3gico\u201d de David Soto y Giorgia Bertozzi Hora: 19:00\u00bfD\u00f3nde?: &nbsp;Librer\u00eda 7 H\u00e9roes Inauguraci\u00f3n Exposici\u00f3n \u00abZombi\u00ab Hora: 21:00\u00bfD\u00f3nde?: Caf\u00e9 FiccionesRecorrido cronol\u00f3gico por la historia del cine zombie Disponible hasta el 28 de marzo Viernes, 14 de marzo Partida de [&hellip;]\" \/>\n<meta property=\"og:url\" content=\"https:\/\/sombrafestival.com\/en\/programacion-sombra-2025-2\/\" \/>\n<meta property=\"og:site_name\" content=\"Sombra Festival\" \/>\n<meta property=\"article:publisher\" content=\"https:\/\/www.facebook.com\/Sombra-Festival-De-CINE-Fantastico-Europeo-De-Murcia-175337032531429\/\" \/>\n<meta property=\"article:modified_time\" content=\"2025-03-12T15:24:29+00:00\" \/>\n<meta property=\"og:image\" content=\"https:\/\/sombrafestival.com\/wp-content\/uploads\/2025\/03\/Snapinst.app_483012144_18393935062099249_4989610193912946978_n_1080-1.webp\" \/>\n\t<meta property=\"og:image:width\" content=\"1080\" \/>\n\t<meta property=\"og:image:height\" content=\"1350\" \/>\n\t<meta property=\"og:image:type\" content=\"image\/webp\" \/>\n<meta name=\"twitter:card\" content=\"summary_large_image\" \/>\n<meta name=\"twitter:site\" content=\"@SombraFestival\" \/>\n<meta name=\"twitter:label1\" content=\"Est. reading time\" \/>\n\t<meta name=\"twitter:data1\" content=\"11 minutes\" \/>\n<script type=\"application\/ld+json\" class=\"yoast-schema-graph\">{\"@context\":\"https:\/\/schema.org\",\"@graph\":[{\"@type\":\"WebPage\",\"@id\":\"https:\/\/sombrafestival.com\/programacion-sombra-2025-2\/\",\"url\":\"https:\/\/sombrafestival.com\/programacion-sombra-2025-2\/\",\"name\":\"Programaci\u00f3n Sombra 2025 - Sombra Festival\",\"isPartOf\":{\"@id\":\"https:\/\/sombrafestival.com\/en\/#website\"},\"primaryImageOfPage\":{\"@id\":\"https:\/\/sombrafestival.com\/programacion-sombra-2025-2\/#primaryimage\"},\"image\":{\"@id\":\"https:\/\/sombrafestival.com\/programacion-sombra-2025-2\/#primaryimage\"},\"thumbnailUrl\":\"https:\/\/sombrafestival.com\/wp-content\/uploads\/2025\/03\/Snapinst.app_483012144_18393935062099249_4989610193912946978_n_1080-1.webp\",\"datePublished\":\"2025-02-03T22:20:47+00:00\",\"dateModified\":\"2025-03-12T15:24:29+00:00\",\"breadcrumb\":{\"@id\":\"https:\/\/sombrafestival.com\/programacion-sombra-2025-2\/#breadcrumb\"},\"inLanguage\":\"en-GB\",\"potentialAction\":[{\"@type\":\"ReadAction\",\"target\":[\"https:\/\/sombrafestival.com\/programacion-sombra-2025-2\/\"]}]},{\"@type\":\"ImageObject\",\"inLanguage\":\"en-GB\",\"@id\":\"https:\/\/sombrafestival.com\/programacion-sombra-2025-2\/#primaryimage\",\"url\":\"https:\/\/sombrafestival.com\/wp-content\/uploads\/2025\/03\/Snapinst.app_483012144_18393935062099249_4989610193912946978_n_1080-1.webp\",\"contentUrl\":\"https:\/\/sombrafestival.com\/wp-content\/uploads\/2025\/03\/Snapinst.app_483012144_18393935062099249_4989610193912946978_n_1080-1.webp\"},{\"@type\":\"BreadcrumbList\",\"@id\":\"https:\/\/sombrafestival.com\/programacion-sombra-2025-2\/#breadcrumb\",\"itemListElement\":[{\"@type\":\"ListItem\",\"position\":1,\"name\":\"Portada\",\"item\":\"https:\/\/sombrafestival.com\/\"},{\"@type\":\"ListItem\",\"position\":2,\"name\":\"Programaci\u00f3n Sombra 2025\"}]},{\"@type\":\"WebSite\",\"@id\":\"https:\/\/sombrafestival.com\/en\/#website\",\"url\":\"https:\/\/sombrafestival.com\/en\/\",\"name\":\"Sombra Festival\",\"description\":\"XIII Festival de Cine Fant\u00e1stico Europeo de Murcia, 8-17 MARZO 2024\",\"publisher\":{\"@id\":\"https:\/\/sombrafestival.com\/en\/#organization\"},\"potentialAction\":[{\"@type\":\"SearchAction\",\"target\":{\"@type\":\"EntryPoint\",\"urlTemplate\":\"https:\/\/sombrafestival.com\/en\/?s={search_term_string}\"},\"query-input\":{\"@type\":\"PropertyValueSpecification\",\"valueRequired\":true,\"valueName\":\"search_term_string\"}}],\"inLanguage\":\"en-GB\"},{\"@type\":\"Organization\",\"@id\":\"https:\/\/sombrafestival.com\/en\/#organization\",\"name\":\"SOMBRA, IX FESTIVAL DE CINE FANTASTICO EUROPEO DE MURCIA\",\"url\":\"https:\/\/sombrafestival.com\/en\/\",\"logo\":{\"@type\":\"ImageObject\",\"inLanguage\":\"en-GB\",\"@id\":\"https:\/\/sombrafestival.com\/en\/#\/schema\/logo\/image\/\",\"url\":\"https:\/\/sombrafestival.com\/wp-content\/uploads\/2019\/10\/Sombra-LogoIdentificador-Negativo.jpg\",\"contentUrl\":\"https:\/\/sombrafestival.com\/wp-content\/uploads\/2019\/10\/Sombra-LogoIdentificador-Negativo.jpg\",\"width\":400,\"height\":400,\"caption\":\"SOMBRA, IX FESTIVAL DE CINE FANTASTICO EUROPEO DE MURCIA\"},\"image\":{\"@id\":\"https:\/\/sombrafestival.com\/en\/#\/schema\/logo\/image\/\"},\"sameAs\":[\"https:\/\/www.facebook.com\/Sombra-Festival-De-CINE-Fantastico-Europeo-De-Murcia-175337032531429\/\",\"https:\/\/x.com\/SombraFestival\",\"https:\/\/www.instagram.com\/sombrafestival\/\",\"https:\/\/www.youtube.com\/channel\/UCBdSJni9V30Tq4cGf4Lj0Ug?view_as=subscriber\"]}]}<\/script>\n<!-- \/ Yoast SEO plugin. -->","yoast_head_json":{"title":"Programaci\u00f3n Sombra 2025 - Sombra Festival","robots":{"index":"index","follow":"follow","max-snippet":"max-snippet:-1","max-image-preview":"max-image-preview:large","max-video-preview":"max-video-preview:-1"},"canonical":"https:\/\/sombrafestival.com\/en\/programacion-sombra-2025-2\/","og_locale":"en_GB","og_type":"article","og_title":"Programaci\u00f3n Sombra 2025 - Sombra Festival","og_description":"Jueves, 13 de marzo Presentaci\u00f3n del libro \u201cA TRAV\u00c9S DEL ABISMO: H. P. Lovecraft y el horror ontol\u00f3gico\u201d de David Soto y Giorgia Bertozzi Hora: 19:00\u00bfD\u00f3nde?: &nbsp;Librer\u00eda 7 H\u00e9roes Inauguraci\u00f3n Exposici\u00f3n \u00abZombi\u00ab Hora: 21:00\u00bfD\u00f3nde?: Caf\u00e9 FiccionesRecorrido cronol\u00f3gico por la historia del cine zombie Disponible hasta el 28 de marzo Viernes, 14 de marzo Partida de [&hellip;]","og_url":"https:\/\/sombrafestival.com\/en\/programacion-sombra-2025-2\/","og_site_name":"Sombra Festival","article_publisher":"https:\/\/www.facebook.com\/Sombra-Festival-De-CINE-Fantastico-Europeo-De-Murcia-175337032531429\/","article_modified_time":"2025-03-12T15:24:29+00:00","og_image":[{"width":1080,"height":1350,"url":"https:\/\/sombrafestival.com\/wp-content\/uploads\/2025\/03\/Snapinst.app_483012144_18393935062099249_4989610193912946978_n_1080-1.webp","type":"image\/webp"}],"twitter_card":"summary_large_image","twitter_site":"@SombraFestival","twitter_misc":{"Est. reading time":"11 minutes"},"schema":{"@context":"https:\/\/schema.org","@graph":[{"@type":"WebPage","@id":"https:\/\/sombrafestival.com\/programacion-sombra-2025-2\/","url":"https:\/\/sombrafestival.com\/programacion-sombra-2025-2\/","name":"Programaci\u00f3n Sombra 2025 - Sombra Festival","isPartOf":{"@id":"https:\/\/sombrafestival.com\/en\/#website"},"primaryImageOfPage":{"@id":"https:\/\/sombrafestival.com\/programacion-sombra-2025-2\/#primaryimage"},"image":{"@id":"https:\/\/sombrafestival.com\/programacion-sombra-2025-2\/#primaryimage"},"thumbnailUrl":"https:\/\/sombrafestival.com\/wp-content\/uploads\/2025\/03\/Snapinst.app_483012144_18393935062099249_4989610193912946978_n_1080-1.webp","datePublished":"2025-02-03T22:20:47+00:00","dateModified":"2025-03-12T15:24:29+00:00","breadcrumb":{"@id":"https:\/\/sombrafestival.com\/programacion-sombra-2025-2\/#breadcrumb"},"inLanguage":"en-GB","potentialAction":[{"@type":"ReadAction","target":["https:\/\/sombrafestival.com\/programacion-sombra-2025-2\/"]}]},{"@type":"ImageObject","inLanguage":"en-GB","@id":"https:\/\/sombrafestival.com\/programacion-sombra-2025-2\/#primaryimage","url":"https:\/\/sombrafestival.com\/wp-content\/uploads\/2025\/03\/Snapinst.app_483012144_18393935062099249_4989610193912946978_n_1080-1.webp","contentUrl":"https:\/\/sombrafestival.com\/wp-content\/uploads\/2025\/03\/Snapinst.app_483012144_18393935062099249_4989610193912946978_n_1080-1.webp"},{"@type":"BreadcrumbList","@id":"https:\/\/sombrafestival.com\/programacion-sombra-2025-2\/#breadcrumb","itemListElement":[{"@type":"ListItem","position":1,"name":"Portada","item":"https:\/\/sombrafestival.com\/"},{"@type":"ListItem","position":2,"name":"Programaci\u00f3n Sombra 2025"}]},{"@type":"WebSite","@id":"https:\/\/sombrafestival.com\/en\/#website","url":"https:\/\/sombrafestival.com\/en\/","name":"Sombra Festival","description":"XIII Festival de Cine Fant\u00e1stico Europeo de Murcia, 8-17 MARZO 2024","publisher":{"@id":"https:\/\/sombrafestival.com\/en\/#organization"},"potentialAction":[{"@type":"SearchAction","target":{"@type":"EntryPoint","urlTemplate":"https:\/\/sombrafestival.com\/en\/?s={search_term_string}"},"query-input":{"@type":"PropertyValueSpecification","valueRequired":true,"valueName":"search_term_string"}}],"inLanguage":"en-GB"},{"@type":"Organization","@id":"https:\/\/sombrafestival.com\/en\/#organization","name":"SOMBRA, IX FESTIVAL DE CINE FANTASTICO EUROPEO DE MURCIA","url":"https:\/\/sombrafestival.com\/en\/","logo":{"@type":"ImageObject","inLanguage":"en-GB","@id":"https:\/\/sombrafestival.com\/en\/#\/schema\/logo\/image\/","url":"https:\/\/sombrafestival.com\/wp-content\/uploads\/2019\/10\/Sombra-LogoIdentificador-Negativo.jpg","contentUrl":"https:\/\/sombrafestival.com\/wp-content\/uploads\/2019\/10\/Sombra-LogoIdentificador-Negativo.jpg","width":400,"height":400,"caption":"SOMBRA, IX FESTIVAL DE CINE FANTASTICO EUROPEO DE MURCIA"},"image":{"@id":"https:\/\/sombrafestival.com\/en\/#\/schema\/logo\/image\/"},"sameAs":["https:\/\/www.facebook.com\/Sombra-Festival-De-CINE-Fantastico-Europeo-De-Murcia-175337032531429\/","https:\/\/x.com\/SombraFestival","https:\/\/www.instagram.com\/sombrafestival\/","https:\/\/www.youtube.com\/channel\/UCBdSJni9V30Tq4cGf4Lj0Ug?view_as=subscriber"]}]}},"_links":{"self":[{"href":"https:\/\/sombrafestival.com\/en\/wp-json\/wp\/v2\/pages\/6941","targetHints":{"allow":["GET"]}}],"collection":[{"href":"https:\/\/sombrafestival.com\/en\/wp-json\/wp\/v2\/pages"}],"about":[{"href":"https:\/\/sombrafestival.com\/en\/wp-json\/wp\/v2\/types\/page"}],"author":[{"embeddable":true,"href":"https:\/\/sombrafestival.com\/en\/wp-json\/wp\/v2\/users\/2"}],"replies":[{"embeddable":true,"href":"https:\/\/sombrafestival.com\/en\/wp-json\/wp\/v2\/comments?post=6941"}],"version-history":[{"count":96,"href":"https:\/\/sombrafestival.com\/en\/wp-json\/wp\/v2\/pages\/6941\/revisions"}],"predecessor-version":[{"id":7523,"href":"https:\/\/sombrafestival.com\/en\/wp-json\/wp\/v2\/pages\/6941\/revisions\/7523"}],"wp:attachment":[{"href":"https:\/\/sombrafestival.com\/en\/wp-json\/wp\/v2\/media?parent=6941"}],"curies":[{"name":"wp","href":"https:\/\/api.w.org\/{rel}","templated":true}]}}