{"id":7016,"date":"2025-02-03T21:43:26","date_gmt":"2025-02-03T20:43:26","guid":{"rendered":"https:\/\/sombrafestival.com\/?page_id=7016"},"modified":"2025-02-10T23:16:49","modified_gmt":"2025-02-10T22:16:49","slug":"presentacion-del-libro-a-traves-del-abismo-h-p-lovecraft-y-el-horror-ontologico","status":"publish","type":"page","link":"https:\/\/sombrafestival.com\/en\/actividades-sombra-2025\/presentacion-del-libro-a-traves-del-abismo-h-p-lovecraft-y-el-horror-ontologico\/","title":{"rendered":"Presentaci\u00f3n del libro \u00abA trav\u00e9s del Abismo: H.P. Lovecraft y el horror ontol\u00f3gico\u00bb"},"content":{"rendered":"<ul>\n<li><strong>Fecha:<\/strong> Jueves, 13 de marzo<\/li>\n<li><strong>Hora:<\/strong> 19:00<\/li>\n<li><strong>Lugar:<\/strong> Librer\u00eda 7 H\u00e9roes<\/li>\n<\/ul>\n<p><span style=\"color: #ffff00;\"><strong>Con David Soto y Giorgia Bertozzi<\/strong><\/span><\/p>\n<p>La obra de H. P. Lovecraft es un objeto de estudio problem\u00e1tico, refractario a la clasificaci\u00f3n o explicaci\u00f3n en un plano puramente te\u00f3rico. De sus relatos emana un exceso que desborda los l\u00edmites de lo humano, haciendo de su literatura un umbral privilegiado del cual emergen los asuntos m\u00e1s radicales de la reflexi\u00f3n filos\u00f3fica.<\/p>\n<p>Las relaciones desconocidas de tiempo, espacio y materia; el contacto con no-entidades extratemporales; la ruptura de la certidumbre existencial; los descensos abisales; los lenguajes antediluvianos; las revelaciones cient\u00edficas incompatibles con lo humano; las materializaciones on\u00edricas; el horror abstracto y oce\u00e1nico conforman en Lovecraft un magma extrac\u00f3smico que revela la intrincada red de tensiones propia de la modernidad. Estas manifestaciones han permeado el pensamiento contempor\u00e1neo impulsando a un importante segmento del mismo a reflexionar sobre lo impensable, hablar sobre lo innombrable y asomarse a la radical exterioridad que circunda el mundo humano.<\/p>\n<p>Bajo esta perspectiva, en el presente volumen, Fernando Broncano, David Soto Carrasco, Mateusz Janik, Juan Manuel Zaragoza Bernal, David Hern\u00e1ndez de la Fuente, Sara Molpeceres Arn\u00e1iz, Giorgia Bertozzi, Vicente Cervera Salinas, Ana Pinel Benayas, Bartolom\u00e9 Nicol\u00e1s y Ana Carrasco Conde indagan las implicaciones filos\u00f3ficas de la obra del solitario de Providence desplegando, con ello, la experiencia al abismo inconmensurable de lo no pensado y lo no vivido.<\/p>\n<p><img loading=\"lazy\" decoding=\"async\" class=\"size-full wp-image-6959 aligncenter\" src=\"https:\/\/sombrafestival.com\/wp-content\/uploads\/2025\/01\/51eEpOJz59L._SL1000_.jpg\" alt=\"\" width=\"674\" height=\"1000\" data-wp-editing=\"1\" srcset=\"https:\/\/sombrafestival.com\/wp-content\/uploads\/2025\/01\/51eEpOJz59L._SL1000_.jpg 674w, https:\/\/sombrafestival.com\/wp-content\/uploads\/2025\/01\/51eEpOJz59L._SL1000_-202x300.jpg 202w, https:\/\/sombrafestival.com\/wp-content\/uploads\/2025\/01\/51eEpOJz59L._SL1000_-8x12.jpg 8w, https:\/\/sombrafestival.com\/wp-content\/uploads\/2025\/01\/51eEpOJz59L._SL1000_-283x420.jpg 283w\" sizes=\"auto, (max-width: 674px) 100vw, 674px\" \/><\/p>\n<h3><\/h3>\n<p>&nbsp;<\/p>","protected":false},"excerpt":{"rendered":"<p>Fecha: Jueves, 13 de marzo Hora: 19:00 Lugar: Librer\u00eda 7 H\u00e9roes Con David Soto y Giorgia Bertozzi La obra de H. P. Lovecraft es un objeto de estudio problem\u00e1tico, refractario a la clasificaci\u00f3n o explicaci\u00f3n en un plano puramente te\u00f3rico. De sus relatos emana un exceso que desborda los l\u00edmites de lo humano, haciendo de [&hellip;]<\/p>","protected":false},"author":2,"featured_media":6959,"parent":7014,"menu_order":0,"comment_status":"closed","ping_status":"closed","template":"","meta":{"footnotes":""},"class_list":["post-7016","page","type-page","status-publish","has-post-thumbnail"],"yoast_head":"<!-- This site is optimized with the Yoast SEO plugin v24.3 - https:\/\/yoast.com\/wordpress\/plugins\/seo\/ -->\n<title>Presentaci\u00f3n del libro &quot;A trav\u00e9s del Abismo: H.P. Lovecraft y el horror ontol\u00f3gico&quot; - Sombra Festival<\/title>\n<meta name=\"robots\" content=\"index, follow, max-snippet:-1, max-image-preview:large, max-video-preview:-1\" \/>\n<link rel=\"canonical\" href=\"https:\/\/sombrafestival.com\/en\/actividades-sombra-2025\/presentacion-del-libro-a-traves-del-abismo-h-p-lovecraft-y-el-horror-ontologico\/\" \/>\n<meta property=\"og:locale\" content=\"en_GB\" \/>\n<meta property=\"og:type\" content=\"article\" \/>\n<meta property=\"og:title\" content=\"Presentaci\u00f3n del libro &quot;A trav\u00e9s del Abismo: H.P. Lovecraft y el horror ontol\u00f3gico&quot; - Sombra Festival\" \/>\n<meta property=\"og:description\" content=\"Fecha: Jueves, 13 de marzo Hora: 19:00 Lugar: Librer\u00eda 7 H\u00e9roes Con David Soto y Giorgia Bertozzi La obra de H. P. Lovecraft es un objeto de estudio problem\u00e1tico, refractario a la clasificaci\u00f3n o explicaci\u00f3n en un plano puramente te\u00f3rico. De sus relatos emana un exceso que desborda los l\u00edmites de lo humano, haciendo de [&hellip;]\" \/>\n<meta property=\"og:url\" content=\"https:\/\/sombrafestival.com\/en\/actividades-sombra-2025\/presentacion-del-libro-a-traves-del-abismo-h-p-lovecraft-y-el-horror-ontologico\/\" \/>\n<meta property=\"og:site_name\" content=\"Sombra Festival\" \/>\n<meta property=\"article:publisher\" content=\"https:\/\/www.facebook.com\/Sombra-Festival-De-CINE-Fantastico-Europeo-De-Murcia-175337032531429\/\" \/>\n<meta property=\"article:modified_time\" content=\"2025-02-10T22:16:49+00:00\" \/>\n<meta property=\"og:image\" content=\"https:\/\/sombrafestival.com\/wp-content\/uploads\/2025\/01\/51eEpOJz59L._SL1000_.jpg\" \/>\n\t<meta property=\"og:image:width\" content=\"674\" \/>\n\t<meta property=\"og:image:height\" content=\"1000\" \/>\n\t<meta property=\"og:image:type\" content=\"image\/jpeg\" \/>\n<meta name=\"twitter:card\" content=\"summary_large_image\" \/>\n<meta name=\"twitter:site\" content=\"@SombraFestival\" \/>\n<meta name=\"twitter:label1\" content=\"Est. reading time\" \/>\n\t<meta name=\"twitter:data1\" content=\"2 minutes\" \/>\n<script type=\"application\/ld+json\" class=\"yoast-schema-graph\">{\"@context\":\"https:\/\/schema.org\",\"@graph\":[{\"@type\":\"WebPage\",\"@id\":\"https:\/\/sombrafestival.com\/actividades-sombra-2025\/presentacion-del-libro-a-traves-del-abismo-h-p-lovecraft-y-el-horror-ontologico\/\",\"url\":\"https:\/\/sombrafestival.com\/actividades-sombra-2025\/presentacion-del-libro-a-traves-del-abismo-h-p-lovecraft-y-el-horror-ontologico\/\",\"name\":\"Presentaci\u00f3n del libro \\\"A trav\u00e9s del Abismo: H.P. Lovecraft y el horror ontol\u00f3gico\\\" - Sombra Festival\",\"isPartOf\":{\"@id\":\"https:\/\/sombrafestival.com\/en\/#website\"},\"primaryImageOfPage\":{\"@id\":\"https:\/\/sombrafestival.com\/actividades-sombra-2025\/presentacion-del-libro-a-traves-del-abismo-h-p-lovecraft-y-el-horror-ontologico\/#primaryimage\"},\"image\":{\"@id\":\"https:\/\/sombrafestival.com\/actividades-sombra-2025\/presentacion-del-libro-a-traves-del-abismo-h-p-lovecraft-y-el-horror-ontologico\/#primaryimage\"},\"thumbnailUrl\":\"https:\/\/sombrafestival.com\/wp-content\/uploads\/2025\/01\/51eEpOJz59L._SL1000_.jpg\",\"datePublished\":\"2025-02-03T20:43:26+00:00\",\"dateModified\":\"2025-02-10T22:16:49+00:00\",\"breadcrumb\":{\"@id\":\"https:\/\/sombrafestival.com\/actividades-sombra-2025\/presentacion-del-libro-a-traves-del-abismo-h-p-lovecraft-y-el-horror-ontologico\/#breadcrumb\"},\"inLanguage\":\"en-GB\",\"potentialAction\":[{\"@type\":\"ReadAction\",\"target\":[\"https:\/\/sombrafestival.com\/actividades-sombra-2025\/presentacion-del-libro-a-traves-del-abismo-h-p-lovecraft-y-el-horror-ontologico\/\"]}]},{\"@type\":\"ImageObject\",\"inLanguage\":\"en-GB\",\"@id\":\"https:\/\/sombrafestival.com\/actividades-sombra-2025\/presentacion-del-libro-a-traves-del-abismo-h-p-lovecraft-y-el-horror-ontologico\/#primaryimage\",\"url\":\"https:\/\/sombrafestival.com\/wp-content\/uploads\/2025\/01\/51eEpOJz59L._SL1000_.jpg\",\"contentUrl\":\"https:\/\/sombrafestival.com\/wp-content\/uploads\/2025\/01\/51eEpOJz59L._SL1000_.jpg\",\"width\":674,\"height\":1000},{\"@type\":\"BreadcrumbList\",\"@id\":\"https:\/\/sombrafestival.com\/actividades-sombra-2025\/presentacion-del-libro-a-traves-del-abismo-h-p-lovecraft-y-el-horror-ontologico\/#breadcrumb\",\"itemListElement\":[{\"@type\":\"ListItem\",\"position\":1,\"name\":\"Portada\",\"item\":\"https:\/\/sombrafestival.com\/\"},{\"@type\":\"ListItem\",\"position\":2,\"name\":\"Actividades Sombra 2025\",\"item\":\"https:\/\/sombrafestival.com\/actividades-sombra-2025\/\"},{\"@type\":\"ListItem\",\"position\":3,\"name\":\"Presentaci\u00f3n del libro \u00abA trav\u00e9s del Abismo: H.P. Lovecraft y el horror ontol\u00f3gico\u00bb\"}]},{\"@type\":\"WebSite\",\"@id\":\"https:\/\/sombrafestival.com\/en\/#website\",\"url\":\"https:\/\/sombrafestival.com\/en\/\",\"name\":\"Sombra Festival\",\"description\":\"XIII Festival de Cine Fant\u00e1stico Europeo de Murcia, 8-17 MARZO 2024\",\"publisher\":{\"@id\":\"https:\/\/sombrafestival.com\/en\/#organization\"},\"potentialAction\":[{\"@type\":\"SearchAction\",\"target\":{\"@type\":\"EntryPoint\",\"urlTemplate\":\"https:\/\/sombrafestival.com\/en\/?s={search_term_string}\"},\"query-input\":{\"@type\":\"PropertyValueSpecification\",\"valueRequired\":true,\"valueName\":\"search_term_string\"}}],\"inLanguage\":\"en-GB\"},{\"@type\":\"Organization\",\"@id\":\"https:\/\/sombrafestival.com\/en\/#organization\",\"name\":\"SOMBRA, IX FESTIVAL DE CINE FANTASTICO EUROPEO DE MURCIA\",\"url\":\"https:\/\/sombrafestival.com\/en\/\",\"logo\":{\"@type\":\"ImageObject\",\"inLanguage\":\"en-GB\",\"@id\":\"https:\/\/sombrafestival.com\/en\/#\/schema\/logo\/image\/\",\"url\":\"https:\/\/sombrafestival.com\/wp-content\/uploads\/2019\/10\/Sombra-LogoIdentificador-Negativo.jpg\",\"contentUrl\":\"https:\/\/sombrafestival.com\/wp-content\/uploads\/2019\/10\/Sombra-LogoIdentificador-Negativo.jpg\",\"width\":400,\"height\":400,\"caption\":\"SOMBRA, IX FESTIVAL DE CINE FANTASTICO EUROPEO DE MURCIA\"},\"image\":{\"@id\":\"https:\/\/sombrafestival.com\/en\/#\/schema\/logo\/image\/\"},\"sameAs\":[\"https:\/\/www.facebook.com\/Sombra-Festival-De-CINE-Fantastico-Europeo-De-Murcia-175337032531429\/\",\"https:\/\/x.com\/SombraFestival\",\"https:\/\/www.instagram.com\/sombrafestival\/\",\"https:\/\/www.youtube.com\/channel\/UCBdSJni9V30Tq4cGf4Lj0Ug?view_as=subscriber\"]}]}<\/script>\n<!-- \/ Yoast SEO plugin. -->","yoast_head_json":{"title":"Presentaci\u00f3n del libro \"A trav\u00e9s del Abismo: H.P. Lovecraft y el horror ontol\u00f3gico\" - Sombra Festival","robots":{"index":"index","follow":"follow","max-snippet":"max-snippet:-1","max-image-preview":"max-image-preview:large","max-video-preview":"max-video-preview:-1"},"canonical":"https:\/\/sombrafestival.com\/en\/actividades-sombra-2025\/presentacion-del-libro-a-traves-del-abismo-h-p-lovecraft-y-el-horror-ontologico\/","og_locale":"en_GB","og_type":"article","og_title":"Presentaci\u00f3n del libro \"A trav\u00e9s del Abismo: H.P. Lovecraft y el horror ontol\u00f3gico\" - Sombra Festival","og_description":"Fecha: Jueves, 13 de marzo Hora: 19:00 Lugar: Librer\u00eda 7 H\u00e9roes Con David Soto y Giorgia Bertozzi La obra de H. P. Lovecraft es un objeto de estudio problem\u00e1tico, refractario a la clasificaci\u00f3n o explicaci\u00f3n en un plano puramente te\u00f3rico. De sus relatos emana un exceso que desborda los l\u00edmites de lo humano, haciendo de [&hellip;]","og_url":"https:\/\/sombrafestival.com\/en\/actividades-sombra-2025\/presentacion-del-libro-a-traves-del-abismo-h-p-lovecraft-y-el-horror-ontologico\/","og_site_name":"Sombra Festival","article_publisher":"https:\/\/www.facebook.com\/Sombra-Festival-De-CINE-Fantastico-Europeo-De-Murcia-175337032531429\/","article_modified_time":"2025-02-10T22:16:49+00:00","og_image":[{"width":674,"height":1000,"url":"https:\/\/sombrafestival.com\/wp-content\/uploads\/2025\/01\/51eEpOJz59L._SL1000_.jpg","type":"image\/jpeg"}],"twitter_card":"summary_large_image","twitter_site":"@SombraFestival","twitter_misc":{"Est. reading time":"2 minutes"},"schema":{"@context":"https:\/\/schema.org","@graph":[{"@type":"WebPage","@id":"https:\/\/sombrafestival.com\/actividades-sombra-2025\/presentacion-del-libro-a-traves-del-abismo-h-p-lovecraft-y-el-horror-ontologico\/","url":"https:\/\/sombrafestival.com\/actividades-sombra-2025\/presentacion-del-libro-a-traves-del-abismo-h-p-lovecraft-y-el-horror-ontologico\/","name":"Presentaci\u00f3n del libro \"A trav\u00e9s del Abismo: H.P. Lovecraft y el horror ontol\u00f3gico\" - Sombra Festival","isPartOf":{"@id":"https:\/\/sombrafestival.com\/en\/#website"},"primaryImageOfPage":{"@id":"https:\/\/sombrafestival.com\/actividades-sombra-2025\/presentacion-del-libro-a-traves-del-abismo-h-p-lovecraft-y-el-horror-ontologico\/#primaryimage"},"image":{"@id":"https:\/\/sombrafestival.com\/actividades-sombra-2025\/presentacion-del-libro-a-traves-del-abismo-h-p-lovecraft-y-el-horror-ontologico\/#primaryimage"},"thumbnailUrl":"https:\/\/sombrafestival.com\/wp-content\/uploads\/2025\/01\/51eEpOJz59L._SL1000_.jpg","datePublished":"2025-02-03T20:43:26+00:00","dateModified":"2025-02-10T22:16:49+00:00","breadcrumb":{"@id":"https:\/\/sombrafestival.com\/actividades-sombra-2025\/presentacion-del-libro-a-traves-del-abismo-h-p-lovecraft-y-el-horror-ontologico\/#breadcrumb"},"inLanguage":"en-GB","potentialAction":[{"@type":"ReadAction","target":["https:\/\/sombrafestival.com\/actividades-sombra-2025\/presentacion-del-libro-a-traves-del-abismo-h-p-lovecraft-y-el-horror-ontologico\/"]}]},{"@type":"ImageObject","inLanguage":"en-GB","@id":"https:\/\/sombrafestival.com\/actividades-sombra-2025\/presentacion-del-libro-a-traves-del-abismo-h-p-lovecraft-y-el-horror-ontologico\/#primaryimage","url":"https:\/\/sombrafestival.com\/wp-content\/uploads\/2025\/01\/51eEpOJz59L._SL1000_.jpg","contentUrl":"https:\/\/sombrafestival.com\/wp-content\/uploads\/2025\/01\/51eEpOJz59L._SL1000_.jpg","width":674,"height":1000},{"@type":"BreadcrumbList","@id":"https:\/\/sombrafestival.com\/actividades-sombra-2025\/presentacion-del-libro-a-traves-del-abismo-h-p-lovecraft-y-el-horror-ontologico\/#breadcrumb","itemListElement":[{"@type":"ListItem","position":1,"name":"Portada","item":"https:\/\/sombrafestival.com\/"},{"@type":"ListItem","position":2,"name":"Actividades Sombra 2025","item":"https:\/\/sombrafestival.com\/actividades-sombra-2025\/"},{"@type":"ListItem","position":3,"name":"Presentaci\u00f3n del libro \u00abA trav\u00e9s del Abismo: H.P. Lovecraft y el horror ontol\u00f3gico\u00bb"}]},{"@type":"WebSite","@id":"https:\/\/sombrafestival.com\/en\/#website","url":"https:\/\/sombrafestival.com\/en\/","name":"Sombra Festival","description":"XIII Festival de Cine Fant\u00e1stico Europeo de Murcia, 8-17 MARZO 2024","publisher":{"@id":"https:\/\/sombrafestival.com\/en\/#organization"},"potentialAction":[{"@type":"SearchAction","target":{"@type":"EntryPoint","urlTemplate":"https:\/\/sombrafestival.com\/en\/?s={search_term_string}"},"query-input":{"@type":"PropertyValueSpecification","valueRequired":true,"valueName":"search_term_string"}}],"inLanguage":"en-GB"},{"@type":"Organization","@id":"https:\/\/sombrafestival.com\/en\/#organization","name":"SOMBRA, IX FESTIVAL DE CINE FANTASTICO EUROPEO DE MURCIA","url":"https:\/\/sombrafestival.com\/en\/","logo":{"@type":"ImageObject","inLanguage":"en-GB","@id":"https:\/\/sombrafestival.com\/en\/#\/schema\/logo\/image\/","url":"https:\/\/sombrafestival.com\/wp-content\/uploads\/2019\/10\/Sombra-LogoIdentificador-Negativo.jpg","contentUrl":"https:\/\/sombrafestival.com\/wp-content\/uploads\/2019\/10\/Sombra-LogoIdentificador-Negativo.jpg","width":400,"height":400,"caption":"SOMBRA, IX FESTIVAL DE CINE FANTASTICO EUROPEO DE MURCIA"},"image":{"@id":"https:\/\/sombrafestival.com\/en\/#\/schema\/logo\/image\/"},"sameAs":["https:\/\/www.facebook.com\/Sombra-Festival-De-CINE-Fantastico-Europeo-De-Murcia-175337032531429\/","https:\/\/x.com\/SombraFestival","https:\/\/www.instagram.com\/sombrafestival\/","https:\/\/www.youtube.com\/channel\/UCBdSJni9V30Tq4cGf4Lj0Ug?view_as=subscriber"]}]}},"_links":{"self":[{"href":"https:\/\/sombrafestival.com\/en\/wp-json\/wp\/v2\/pages\/7016","targetHints":{"allow":["GET"]}}],"collection":[{"href":"https:\/\/sombrafestival.com\/en\/wp-json\/wp\/v2\/pages"}],"about":[{"href":"https:\/\/sombrafestival.com\/en\/wp-json\/wp\/v2\/types\/page"}],"author":[{"embeddable":true,"href":"https:\/\/sombrafestival.com\/en\/wp-json\/wp\/v2\/users\/2"}],"replies":[{"embeddable":true,"href":"https:\/\/sombrafestival.com\/en\/wp-json\/wp\/v2\/comments?post=7016"}],"version-history":[{"count":4,"href":"https:\/\/sombrafestival.com\/en\/wp-json\/wp\/v2\/pages\/7016\/revisions"}],"predecessor-version":[{"id":7400,"href":"https:\/\/sombrafestival.com\/en\/wp-json\/wp\/v2\/pages\/7016\/revisions\/7400"}],"up":[{"embeddable":true,"href":"https:\/\/sombrafestival.com\/en\/wp-json\/wp\/v2\/pages\/7014"}],"wp:featuredmedia":[{"embeddable":true,"href":"https:\/\/sombrafestival.com\/en\/wp-json\/wp\/v2\/media\/6959"}],"wp:attachment":[{"href":"https:\/\/sombrafestival.com\/en\/wp-json\/wp\/v2\/media?parent=7016"}],"curies":[{"name":"wp","href":"https:\/\/api.w.org\/{rel}","templated":true}]}}