{"id":7060,"date":"2025-02-03T23:03:23","date_gmt":"2025-02-03T22:03:23","guid":{"rendered":"https:\/\/sombrafestival.com\/?page_id=7060"},"modified":"2025-02-03T23:03:23","modified_gmt":"2025-02-03T22:03:23","slug":"dj-hellions-la-noche-de-los-sonidos-muertos","status":"publish","type":"page","link":"https:\/\/sombrafestival.com\/en\/actividades-sombra-2025\/dj-hellions-la-noche-de-los-sonidos-muertos\/","title":{"rendered":"DJ Hellions: La noche de los sonidos muertos"},"content":{"rendered":"<ul>\n<li><strong>Fecha:\u00a0<\/strong>Jueves, 20 de marzo<\/li>\n<li><strong>Hora:<\/strong> 22:30<\/li>\n<li><strong>Lugar:<\/strong> La Boca del Lobo<\/li>\n<\/ul>\n<p>Cuando cae la noche, los muertos se levantan\u2026 \u00a1y piden m\u00e1s volumen! \u26a1? \u00danete a <strong>DJ Hellions<\/strong> en una sesi\u00f3n especial donde el metal m\u00e1s oscuro, el horror punk y los himnos m\u00e1s brutales del cine de terror te har\u00e1n sacudir la cabeza hasta el amanecer.<\/p>\n<p>Desde cl\u00e1sicos como <em>Black Sabbath<\/em> and <em>Slayer<\/em> hasta sonidos extremos y bandas sonoras ic\u00f3nicas, esta pinchada tem\u00e1tica promete una atm\u00f3sfera tan electrizante como aterradora.<\/p>\n<p>? <strong>Riffs, sangre y headbanging asegurados<\/strong>. \u00bfTe atreves a entrar en <strong>La Boca del Lobo<\/strong>? ??<\/p>\n<p><img loading=\"lazy\" decoding=\"async\" class=\"size-large wp-image-7007 aligncenter\" src=\"https:\/\/sombrafestival.com\/wp-content\/uploads\/2025\/02\/NocheDelTerrorSordo2-724x1024.jpg\" alt=\"\" width=\"696\" height=\"984\" srcset=\"https:\/\/sombrafestival.com\/wp-content\/uploads\/2025\/02\/NocheDelTerrorSordo2-724x1024.jpg 724w, https:\/\/sombrafestival.com\/wp-content\/uploads\/2025\/02\/NocheDelTerrorSordo2-212x300.jpg 212w, https:\/\/sombrafestival.com\/wp-content\/uploads\/2025\/02\/NocheDelTerrorSordo2-768x1086.jpg 768w, https:\/\/sombrafestival.com\/wp-content\/uploads\/2025\/02\/NocheDelTerrorSordo2-8x12.jpg 8w, https:\/\/sombrafestival.com\/wp-content\/uploads\/2025\/02\/NocheDelTerrorSordo2-297x420.jpg 297w, https:\/\/sombrafestival.com\/wp-content\/uploads\/2025\/02\/NocheDelTerrorSordo2-696x985.jpg 696w, https:\/\/sombrafestival.com\/wp-content\/uploads\/2025\/02\/NocheDelTerrorSordo2.jpg 849w\" sizes=\"auto, (max-width: 696px) 100vw, 696px\" \/><\/p>\n<h3><\/h3>\n<p>&nbsp;<\/p>","protected":false},"excerpt":{"rendered":"<p>Fecha:\u00a0Jueves, 20 de marzo Hora: 22:30 Lugar: La Boca del Lobo Cuando cae la noche, los muertos se levantan\u2026 \u00a1y piden m\u00e1s volumen! \u26a1? \u00danete a DJ Hellions en una sesi\u00f3n especial donde el metal m\u00e1s oscuro, el horror punk y los himnos m\u00e1s brutales del cine de terror te har\u00e1n sacudir la cabeza hasta [&hellip;]<\/p>","protected":false},"author":2,"featured_media":7007,"parent":7014,"menu_order":0,"comment_status":"closed","ping_status":"closed","template":"","meta":{"footnotes":""},"class_list":["post-7060","page","type-page","status-publish","has-post-thumbnail"],"yoast_head":"<!-- This site is optimized with the Yoast SEO plugin v24.3 - https:\/\/yoast.com\/wordpress\/plugins\/seo\/ -->\n<title>DJ Hellions: La noche de los sonidos muertos - Sombra Festival<\/title>\n<meta name=\"robots\" content=\"index, follow, max-snippet:-1, max-image-preview:large, max-video-preview:-1\" \/>\n<link rel=\"canonical\" href=\"https:\/\/sombrafestival.com\/en\/actividades-sombra-2025\/dj-hellions-la-noche-de-los-sonidos-muertos\/\" \/>\n<meta property=\"og:locale\" content=\"en_GB\" \/>\n<meta property=\"og:type\" content=\"article\" \/>\n<meta property=\"og:title\" content=\"DJ Hellions: La noche de los sonidos muertos - Sombra Festival\" \/>\n<meta property=\"og:description\" content=\"Fecha:\u00a0Jueves, 20 de marzo Hora: 22:30 Lugar: La Boca del Lobo Cuando cae la noche, los muertos se levantan\u2026 \u00a1y piden m\u00e1s volumen! \u26a1? \u00danete a DJ Hellions en una sesi\u00f3n especial donde el metal m\u00e1s oscuro, el horror punk y los himnos m\u00e1s brutales del cine de terror te har\u00e1n sacudir la cabeza hasta [&hellip;]\" \/>\n<meta property=\"og:url\" content=\"https:\/\/sombrafestival.com\/en\/actividades-sombra-2025\/dj-hellions-la-noche-de-los-sonidos-muertos\/\" \/>\n<meta property=\"og:site_name\" content=\"Sombra Festival\" \/>\n<meta property=\"article:publisher\" content=\"https:\/\/www.facebook.com\/Sombra-Festival-De-CINE-Fantastico-Europeo-De-Murcia-175337032531429\/\" \/>\n<meta property=\"og:image\" content=\"https:\/\/sombrafestival.com\/wp-content\/uploads\/2025\/02\/NocheDelTerrorSordo2.jpg\" \/>\n\t<meta property=\"og:image:width\" content=\"849\" \/>\n\t<meta property=\"og:image:height\" content=\"1201\" \/>\n\t<meta property=\"og:image:type\" content=\"image\/jpeg\" \/>\n<meta name=\"twitter:card\" content=\"summary_large_image\" \/>\n<meta name=\"twitter:site\" content=\"@SombraFestival\" \/>\n<meta name=\"twitter:label1\" content=\"Est. reading time\" \/>\n\t<meta name=\"twitter:data1\" content=\"1 minute\" \/>\n<script type=\"application\/ld+json\" class=\"yoast-schema-graph\">{\"@context\":\"https:\/\/schema.org\",\"@graph\":[{\"@type\":\"WebPage\",\"@id\":\"https:\/\/sombrafestival.com\/actividades-sombra-2025\/dj-hellions-la-noche-de-los-sonidos-muertos\/\",\"url\":\"https:\/\/sombrafestival.com\/actividades-sombra-2025\/dj-hellions-la-noche-de-los-sonidos-muertos\/\",\"name\":\"DJ Hellions: La noche de los sonidos muertos - Sombra Festival\",\"isPartOf\":{\"@id\":\"https:\/\/sombrafestival.com\/en\/#website\"},\"primaryImageOfPage\":{\"@id\":\"https:\/\/sombrafestival.com\/actividades-sombra-2025\/dj-hellions-la-noche-de-los-sonidos-muertos\/#primaryimage\"},\"image\":{\"@id\":\"https:\/\/sombrafestival.com\/actividades-sombra-2025\/dj-hellions-la-noche-de-los-sonidos-muertos\/#primaryimage\"},\"thumbnailUrl\":\"https:\/\/sombrafestival.com\/wp-content\/uploads\/2025\/02\/NocheDelTerrorSordo2.jpg\",\"datePublished\":\"2025-02-03T22:03:23+00:00\",\"dateModified\":\"2025-02-03T22:03:23+00:00\",\"breadcrumb\":{\"@id\":\"https:\/\/sombrafestival.com\/actividades-sombra-2025\/dj-hellions-la-noche-de-los-sonidos-muertos\/#breadcrumb\"},\"inLanguage\":\"en-GB\",\"potentialAction\":[{\"@type\":\"ReadAction\",\"target\":[\"https:\/\/sombrafestival.com\/actividades-sombra-2025\/dj-hellions-la-noche-de-los-sonidos-muertos\/\"]}]},{\"@type\":\"ImageObject\",\"inLanguage\":\"en-GB\",\"@id\":\"https:\/\/sombrafestival.com\/actividades-sombra-2025\/dj-hellions-la-noche-de-los-sonidos-muertos\/#primaryimage\",\"url\":\"https:\/\/sombrafestival.com\/wp-content\/uploads\/2025\/02\/NocheDelTerrorSordo2.jpg\",\"contentUrl\":\"https:\/\/sombrafestival.com\/wp-content\/uploads\/2025\/02\/NocheDelTerrorSordo2.jpg\",\"width\":849,\"height\":1201},{\"@type\":\"BreadcrumbList\",\"@id\":\"https:\/\/sombrafestival.com\/actividades-sombra-2025\/dj-hellions-la-noche-de-los-sonidos-muertos\/#breadcrumb\",\"itemListElement\":[{\"@type\":\"ListItem\",\"position\":1,\"name\":\"Portada\",\"item\":\"https:\/\/sombrafestival.com\/\"},{\"@type\":\"ListItem\",\"position\":2,\"name\":\"Actividades Sombra 2025\",\"item\":\"https:\/\/sombrafestival.com\/actividades-sombra-2025\/\"},{\"@type\":\"ListItem\",\"position\":3,\"name\":\"DJ Hellions: La noche de los sonidos muertos\"}]},{\"@type\":\"WebSite\",\"@id\":\"https:\/\/sombrafestival.com\/en\/#website\",\"url\":\"https:\/\/sombrafestival.com\/en\/\",\"name\":\"Sombra Festival\",\"description\":\"XIII Festival de Cine Fant\u00e1stico Europeo de Murcia, 8-17 MARZO 2024\",\"publisher\":{\"@id\":\"https:\/\/sombrafestival.com\/en\/#organization\"},\"potentialAction\":[{\"@type\":\"SearchAction\",\"target\":{\"@type\":\"EntryPoint\",\"urlTemplate\":\"https:\/\/sombrafestival.com\/en\/?s={search_term_string}\"},\"query-input\":{\"@type\":\"PropertyValueSpecification\",\"valueRequired\":true,\"valueName\":\"search_term_string\"}}],\"inLanguage\":\"en-GB\"},{\"@type\":\"Organization\",\"@id\":\"https:\/\/sombrafestival.com\/en\/#organization\",\"name\":\"SOMBRA, IX FESTIVAL DE CINE FANTASTICO EUROPEO DE MURCIA\",\"url\":\"https:\/\/sombrafestival.com\/en\/\",\"logo\":{\"@type\":\"ImageObject\",\"inLanguage\":\"en-GB\",\"@id\":\"https:\/\/sombrafestival.com\/en\/#\/schema\/logo\/image\/\",\"url\":\"https:\/\/sombrafestival.com\/wp-content\/uploads\/2019\/10\/Sombra-LogoIdentificador-Negativo.jpg\",\"contentUrl\":\"https:\/\/sombrafestival.com\/wp-content\/uploads\/2019\/10\/Sombra-LogoIdentificador-Negativo.jpg\",\"width\":400,\"height\":400,\"caption\":\"SOMBRA, IX FESTIVAL DE CINE FANTASTICO EUROPEO DE MURCIA\"},\"image\":{\"@id\":\"https:\/\/sombrafestival.com\/en\/#\/schema\/logo\/image\/\"},\"sameAs\":[\"https:\/\/www.facebook.com\/Sombra-Festival-De-CINE-Fantastico-Europeo-De-Murcia-175337032531429\/\",\"https:\/\/x.com\/SombraFestival\",\"https:\/\/www.instagram.com\/sombrafestival\/\",\"https:\/\/www.youtube.com\/channel\/UCBdSJni9V30Tq4cGf4Lj0Ug?view_as=subscriber\"]}]}<\/script>\n<!-- \/ Yoast SEO plugin. -->","yoast_head_json":{"title":"DJ Hellions: La noche de los sonidos muertos - Sombra Festival","robots":{"index":"index","follow":"follow","max-snippet":"max-snippet:-1","max-image-preview":"max-image-preview:large","max-video-preview":"max-video-preview:-1"},"canonical":"https:\/\/sombrafestival.com\/en\/actividades-sombra-2025\/dj-hellions-la-noche-de-los-sonidos-muertos\/","og_locale":"en_GB","og_type":"article","og_title":"DJ Hellions: La noche de los sonidos muertos - Sombra Festival","og_description":"Fecha:\u00a0Jueves, 20 de marzo Hora: 22:30 Lugar: La Boca del Lobo Cuando cae la noche, los muertos se levantan\u2026 \u00a1y piden m\u00e1s volumen! \u26a1? \u00danete a DJ Hellions en una sesi\u00f3n especial donde el metal m\u00e1s oscuro, el horror punk y los himnos m\u00e1s brutales del cine de terror te har\u00e1n sacudir la cabeza hasta [&hellip;]","og_url":"https:\/\/sombrafestival.com\/en\/actividades-sombra-2025\/dj-hellions-la-noche-de-los-sonidos-muertos\/","og_site_name":"Sombra Festival","article_publisher":"https:\/\/www.facebook.com\/Sombra-Festival-De-CINE-Fantastico-Europeo-De-Murcia-175337032531429\/","og_image":[{"width":849,"height":1201,"url":"https:\/\/sombrafestival.com\/wp-content\/uploads\/2025\/02\/NocheDelTerrorSordo2.jpg","type":"image\/jpeg"}],"twitter_card":"summary_large_image","twitter_site":"@SombraFestival","twitter_misc":{"Est. reading time":"1 minute"},"schema":{"@context":"https:\/\/schema.org","@graph":[{"@type":"WebPage","@id":"https:\/\/sombrafestival.com\/actividades-sombra-2025\/dj-hellions-la-noche-de-los-sonidos-muertos\/","url":"https:\/\/sombrafestival.com\/actividades-sombra-2025\/dj-hellions-la-noche-de-los-sonidos-muertos\/","name":"DJ Hellions: La noche de los sonidos muertos - Sombra Festival","isPartOf":{"@id":"https:\/\/sombrafestival.com\/en\/#website"},"primaryImageOfPage":{"@id":"https:\/\/sombrafestival.com\/actividades-sombra-2025\/dj-hellions-la-noche-de-los-sonidos-muertos\/#primaryimage"},"image":{"@id":"https:\/\/sombrafestival.com\/actividades-sombra-2025\/dj-hellions-la-noche-de-los-sonidos-muertos\/#primaryimage"},"thumbnailUrl":"https:\/\/sombrafestival.com\/wp-content\/uploads\/2025\/02\/NocheDelTerrorSordo2.jpg","datePublished":"2025-02-03T22:03:23+00:00","dateModified":"2025-02-03T22:03:23+00:00","breadcrumb":{"@id":"https:\/\/sombrafestival.com\/actividades-sombra-2025\/dj-hellions-la-noche-de-los-sonidos-muertos\/#breadcrumb"},"inLanguage":"en-GB","potentialAction":[{"@type":"ReadAction","target":["https:\/\/sombrafestival.com\/actividades-sombra-2025\/dj-hellions-la-noche-de-los-sonidos-muertos\/"]}]},{"@type":"ImageObject","inLanguage":"en-GB","@id":"https:\/\/sombrafestival.com\/actividades-sombra-2025\/dj-hellions-la-noche-de-los-sonidos-muertos\/#primaryimage","url":"https:\/\/sombrafestival.com\/wp-content\/uploads\/2025\/02\/NocheDelTerrorSordo2.jpg","contentUrl":"https:\/\/sombrafestival.com\/wp-content\/uploads\/2025\/02\/NocheDelTerrorSordo2.jpg","width":849,"height":1201},{"@type":"BreadcrumbList","@id":"https:\/\/sombrafestival.com\/actividades-sombra-2025\/dj-hellions-la-noche-de-los-sonidos-muertos\/#breadcrumb","itemListElement":[{"@type":"ListItem","position":1,"name":"Portada","item":"https:\/\/sombrafestival.com\/"},{"@type":"ListItem","position":2,"name":"Actividades Sombra 2025","item":"https:\/\/sombrafestival.com\/actividades-sombra-2025\/"},{"@type":"ListItem","position":3,"name":"DJ Hellions: La noche de los sonidos muertos"}]},{"@type":"WebSite","@id":"https:\/\/sombrafestival.com\/en\/#website","url":"https:\/\/sombrafestival.com\/en\/","name":"Sombra Festival","description":"XIII Festival de Cine Fant\u00e1stico Europeo de Murcia, 8-17 MARZO 2024","publisher":{"@id":"https:\/\/sombrafestival.com\/en\/#organization"},"potentialAction":[{"@type":"SearchAction","target":{"@type":"EntryPoint","urlTemplate":"https:\/\/sombrafestival.com\/en\/?s={search_term_string}"},"query-input":{"@type":"PropertyValueSpecification","valueRequired":true,"valueName":"search_term_string"}}],"inLanguage":"en-GB"},{"@type":"Organization","@id":"https:\/\/sombrafestival.com\/en\/#organization","name":"SOMBRA, IX FESTIVAL DE CINE FANTASTICO EUROPEO DE MURCIA","url":"https:\/\/sombrafestival.com\/en\/","logo":{"@type":"ImageObject","inLanguage":"en-GB","@id":"https:\/\/sombrafestival.com\/en\/#\/schema\/logo\/image\/","url":"https:\/\/sombrafestival.com\/wp-content\/uploads\/2019\/10\/Sombra-LogoIdentificador-Negativo.jpg","contentUrl":"https:\/\/sombrafestival.com\/wp-content\/uploads\/2019\/10\/Sombra-LogoIdentificador-Negativo.jpg","width":400,"height":400,"caption":"SOMBRA, IX FESTIVAL DE CINE FANTASTICO EUROPEO DE MURCIA"},"image":{"@id":"https:\/\/sombrafestival.com\/en\/#\/schema\/logo\/image\/"},"sameAs":["https:\/\/www.facebook.com\/Sombra-Festival-De-CINE-Fantastico-Europeo-De-Murcia-175337032531429\/","https:\/\/x.com\/SombraFestival","https:\/\/www.instagram.com\/sombrafestival\/","https:\/\/www.youtube.com\/channel\/UCBdSJni9V30Tq4cGf4Lj0Ug?view_as=subscriber"]}]}},"_links":{"self":[{"href":"https:\/\/sombrafestival.com\/en\/wp-json\/wp\/v2\/pages\/7060","targetHints":{"allow":["GET"]}}],"collection":[{"href":"https:\/\/sombrafestival.com\/en\/wp-json\/wp\/v2\/pages"}],"about":[{"href":"https:\/\/sombrafestival.com\/en\/wp-json\/wp\/v2\/types\/page"}],"author":[{"embeddable":true,"href":"https:\/\/sombrafestival.com\/en\/wp-json\/wp\/v2\/users\/2"}],"replies":[{"embeddable":true,"href":"https:\/\/sombrafestival.com\/en\/wp-json\/wp\/v2\/comments?post=7060"}],"version-history":[{"count":3,"href":"https:\/\/sombrafestival.com\/en\/wp-json\/wp\/v2\/pages\/7060\/revisions"}],"predecessor-version":[{"id":7063,"href":"https:\/\/sombrafestival.com\/en\/wp-json\/wp\/v2\/pages\/7060\/revisions\/7063"}],"up":[{"embeddable":true,"href":"https:\/\/sombrafestival.com\/en\/wp-json\/wp\/v2\/pages\/7014"}],"wp:featuredmedia":[{"embeddable":true,"href":"https:\/\/sombrafestival.com\/en\/wp-json\/wp\/v2\/media\/7007"}],"wp:attachment":[{"href":"https:\/\/sombrafestival.com\/en\/wp-json\/wp\/v2\/media?parent=7060"}],"curies":[{"name":"wp","href":"https:\/\/api.w.org\/{rel}","templated":true}]}}