{"id":7406,"date":"2025-02-10T23:31:52","date_gmt":"2025-02-10T22:31:52","guid":{"rendered":"https:\/\/sombrafestival.com\/?page_id=7406"},"modified":"2025-02-11T09:32:53","modified_gmt":"2025-02-11T08:32:53","slug":"the-end-joyas-del-terror","status":"publish","type":"page","link":"https:\/\/sombrafestival.com\/en\/largometrajes-2025\/the-end-joyas-del-terror\/","title":{"rendered":"The End | Joyas del Terror"},"content":{"rendered":"<ul>\n<li><strong>Fecha:<\/strong> Domingo, 16 de marzo<\/li>\n<li><strong>Hora:<\/strong> 20:00<\/li>\n<li><strong>Lugar:<\/strong> Filmoteca Regional de Murcia (Sala A)<\/li>\n<li><strong>Idioma:<\/strong> VOSE<\/li>\n<\/ul>\n<p><span style=\"color: #ffff00;\"><strong>Preestreno<\/strong><\/span><\/p>\n<p style=\"text-align: center;\"><a href=\"https:\/\/entradium.com\/events\/the-end\"><span class=\"td_btn td_btn_lg td_default_btn\">COMPRAR ENTRADAS<\/span><\/a><\/p>\n<h3>Sinopsis<\/h3>\n<p>Dos d\u00e9cadas despu\u00e9s del fin del mundo, una familia vive en su lujoso b\u00fanker construido en una mina de sal. El hijo, un joven de 20 a\u00f1os que nunca ha visto el mundo exterior, el padre y la madre, son una de las \u00faltimas familias de la Tierra. La llegada de una chica a la entrada del b\u00fanker amenazar\u00e1 la apacible vida familiar.<\/p>\n<p><img loading=\"lazy\" decoding=\"async\" class=\"size-large wp-image-7403 aligncenter\" src=\"https:\/\/sombrafestival.com\/wp-content\/uploads\/2025\/02\/the_end-620136160-large-690x1024.jpg\" alt=\"\" width=\"690\" height=\"1024\" srcset=\"https:\/\/sombrafestival.com\/wp-content\/uploads\/2025\/02\/the_end-620136160-large-690x1024.jpg 690w, https:\/\/sombrafestival.com\/wp-content\/uploads\/2025\/02\/the_end-620136160-large-202x300.jpg 202w, https:\/\/sombrafestival.com\/wp-content\/uploads\/2025\/02\/the_end-620136160-large-768x1139.jpg 768w, https:\/\/sombrafestival.com\/wp-content\/uploads\/2025\/02\/the_end-620136160-large-8x12.jpg 8w, https:\/\/sombrafestival.com\/wp-content\/uploads\/2025\/02\/the_end-620136160-large-283x420.jpg 283w, https:\/\/sombrafestival.com\/wp-content\/uploads\/2025\/02\/the_end-620136160-large-696x1032.jpg 696w, https:\/\/sombrafestival.com\/wp-content\/uploads\/2025\/02\/the_end-620136160-large.jpg 809w\" sizes=\"auto, (max-width: 690px) 100vw, 690px\" \/><\/p>\n<ul>\n<li><strong>T\u00edtulo original: <\/strong>The End<\/li>\n<li><strong>A\u00f1o: <\/strong>2024<\/li>\n<li><strong>Duraci\u00f3n: <\/strong>148 min.<strong><br \/>\n<\/strong><\/li>\n<li><strong>Pa\u00eds: <\/strong>Dinamarca<\/li>\n<li><strong>Direcci\u00f3n: <\/strong>Joshua Oppenheimer<\/li>\n<li><strong>Guion: <\/strong>Rasmus Heisterberg, Joshua Oppenheimer<\/li>\n<li><strong>Reparto:\u00a0<\/strong>Tilda Swinton, Michael Shannon, George MacKay, Moses Ingram, Lennie James, Tim McInnerny, Bronagh Gallagher, Danielle Ryan&#8230;<\/li>\n<li><strong>M\u00fasica: <\/strong>Josh Schmidt<\/li>\n<li><strong>Fotograf\u00eda: <\/strong>Mikhail Krichman<\/li>\n<li><strong>Compa\u00f1\u00edas: <\/strong>Coproducci\u00f3n Dinamarca-Irlanda-Alemania-Italia-Reino Unido-Suecia; Final Cut for Real, The Match Factory, Wild Atlantic Pictures, Dorje Film, Moonspun Films<\/li>\n<li><strong>G\u00e9nero: <\/strong>Musical. Drama | Futuro postapocal\u00edptico. Supervivencia<\/li>\n<\/ul>","protected":false},"excerpt":{"rendered":"<p>Fecha: Domingo, 16 de marzo Hora: 20:00 Lugar: Filmoteca Regional de Murcia (Sala A) Idioma: VOSE Preestreno COMPRAR ENTRADAS Sinopsis Dos d\u00e9cadas despu\u00e9s del fin del mundo, una familia vive en su lujoso b\u00fanker construido en una mina de sal. El hijo, un joven de 20 a\u00f1os que nunca ha visto el mundo exterior, el [&hellip;]<\/p>","protected":false},"author":2,"featured_media":7403,"parent":6838,"menu_order":0,"comment_status":"closed","ping_status":"closed","template":"","meta":{"footnotes":""},"class_list":["post-7406","page","type-page","status-publish","has-post-thumbnail"],"yoast_head":"<!-- This site is optimized with the Yoast SEO plugin v24.3 - https:\/\/yoast.com\/wordpress\/plugins\/seo\/ -->\n<title>The End | Joyas del Terror - Sombra Festival<\/title>\n<meta name=\"robots\" content=\"index, follow, max-snippet:-1, max-image-preview:large, max-video-preview:-1\" \/>\n<link rel=\"canonical\" href=\"https:\/\/sombrafestival.com\/en\/largometrajes-2025\/the-end-joyas-del-terror\/\" \/>\n<meta property=\"og:locale\" content=\"en_GB\" \/>\n<meta property=\"og:type\" content=\"article\" \/>\n<meta property=\"og:title\" content=\"The End | Joyas del Terror - Sombra Festival\" \/>\n<meta property=\"og:description\" content=\"Fecha: Domingo, 16 de marzo Hora: 20:00 Lugar: Filmoteca Regional de Murcia (Sala A) Idioma: VOSE Preestreno COMPRAR ENTRADAS Sinopsis Dos d\u00e9cadas despu\u00e9s del fin del mundo, una familia vive en su lujoso b\u00fanker construido en una mina de sal. El hijo, un joven de 20 a\u00f1os que nunca ha visto el mundo exterior, el [&hellip;]\" \/>\n<meta property=\"og:url\" content=\"https:\/\/sombrafestival.com\/en\/largometrajes-2025\/the-end-joyas-del-terror\/\" \/>\n<meta property=\"og:site_name\" content=\"Sombra Festival\" \/>\n<meta property=\"article:publisher\" content=\"https:\/\/www.facebook.com\/Sombra-Festival-De-CINE-Fantastico-Europeo-De-Murcia-175337032531429\/\" \/>\n<meta property=\"article:modified_time\" content=\"2025-02-11T08:32:53+00:00\" \/>\n<meta property=\"og:image\" content=\"https:\/\/sombrafestival.com\/wp-content\/uploads\/2025\/02\/the_end-620136160-large.jpg\" \/>\n\t<meta property=\"og:image:width\" content=\"809\" \/>\n\t<meta property=\"og:image:height\" content=\"1200\" \/>\n\t<meta property=\"og:image:type\" content=\"image\/jpeg\" \/>\n<meta name=\"twitter:card\" content=\"summary_large_image\" \/>\n<meta name=\"twitter:site\" content=\"@SombraFestival\" \/>\n<meta name=\"twitter:label1\" content=\"Est. reading time\" \/>\n\t<meta name=\"twitter:data1\" content=\"2 minutes\" \/>\n<script type=\"application\/ld+json\" class=\"yoast-schema-graph\">{\"@context\":\"https:\/\/schema.org\",\"@graph\":[{\"@type\":\"WebPage\",\"@id\":\"https:\/\/sombrafestival.com\/largometrajes-2025\/the-end-joyas-del-terror\/\",\"url\":\"https:\/\/sombrafestival.com\/largometrajes-2025\/the-end-joyas-del-terror\/\",\"name\":\"The End | Joyas del Terror - Sombra Festival\",\"isPartOf\":{\"@id\":\"https:\/\/sombrafestival.com\/en\/#website\"},\"primaryImageOfPage\":{\"@id\":\"https:\/\/sombrafestival.com\/largometrajes-2025\/the-end-joyas-del-terror\/#primaryimage\"},\"image\":{\"@id\":\"https:\/\/sombrafestival.com\/largometrajes-2025\/the-end-joyas-del-terror\/#primaryimage\"},\"thumbnailUrl\":\"https:\/\/sombrafestival.com\/wp-content\/uploads\/2025\/02\/the_end-620136160-large.jpg\",\"datePublished\":\"2025-02-10T22:31:52+00:00\",\"dateModified\":\"2025-02-11T08:32:53+00:00\",\"breadcrumb\":{\"@id\":\"https:\/\/sombrafestival.com\/largometrajes-2025\/the-end-joyas-del-terror\/#breadcrumb\"},\"inLanguage\":\"en-GB\",\"potentialAction\":[{\"@type\":\"ReadAction\",\"target\":[\"https:\/\/sombrafestival.com\/largometrajes-2025\/the-end-joyas-del-terror\/\"]}]},{\"@type\":\"ImageObject\",\"inLanguage\":\"en-GB\",\"@id\":\"https:\/\/sombrafestival.com\/largometrajes-2025\/the-end-joyas-del-terror\/#primaryimage\",\"url\":\"https:\/\/sombrafestival.com\/wp-content\/uploads\/2025\/02\/the_end-620136160-large.jpg\",\"contentUrl\":\"https:\/\/sombrafestival.com\/wp-content\/uploads\/2025\/02\/the_end-620136160-large.jpg\",\"width\":809,\"height\":1200},{\"@type\":\"BreadcrumbList\",\"@id\":\"https:\/\/sombrafestival.com\/largometrajes-2025\/the-end-joyas-del-terror\/#breadcrumb\",\"itemListElement\":[{\"@type\":\"ListItem\",\"position\":1,\"name\":\"Portada\",\"item\":\"https:\/\/sombrafestival.com\/\"},{\"@type\":\"ListItem\",\"position\":2,\"name\":\"Largometrajes 2025\",\"item\":\"https:\/\/sombrafestival.com\/largometrajes-2025\/\"},{\"@type\":\"ListItem\",\"position\":3,\"name\":\"The End | Joyas del Terror\"}]},{\"@type\":\"WebSite\",\"@id\":\"https:\/\/sombrafestival.com\/en\/#website\",\"url\":\"https:\/\/sombrafestival.com\/en\/\",\"name\":\"Sombra Festival\",\"description\":\"XIII Festival de Cine Fant\u00e1stico Europeo de Murcia, 8-17 MARZO 2024\",\"publisher\":{\"@id\":\"https:\/\/sombrafestival.com\/en\/#organization\"},\"potentialAction\":[{\"@type\":\"SearchAction\",\"target\":{\"@type\":\"EntryPoint\",\"urlTemplate\":\"https:\/\/sombrafestival.com\/en\/?s={search_term_string}\"},\"query-input\":{\"@type\":\"PropertyValueSpecification\",\"valueRequired\":true,\"valueName\":\"search_term_string\"}}],\"inLanguage\":\"en-GB\"},{\"@type\":\"Organization\",\"@id\":\"https:\/\/sombrafestival.com\/en\/#organization\",\"name\":\"SOMBRA, IX FESTIVAL DE CINE FANTASTICO EUROPEO DE MURCIA\",\"url\":\"https:\/\/sombrafestival.com\/en\/\",\"logo\":{\"@type\":\"ImageObject\",\"inLanguage\":\"en-GB\",\"@id\":\"https:\/\/sombrafestival.com\/en\/#\/schema\/logo\/image\/\",\"url\":\"https:\/\/sombrafestival.com\/wp-content\/uploads\/2019\/10\/Sombra-LogoIdentificador-Negativo.jpg\",\"contentUrl\":\"https:\/\/sombrafestival.com\/wp-content\/uploads\/2019\/10\/Sombra-LogoIdentificador-Negativo.jpg\",\"width\":400,\"height\":400,\"caption\":\"SOMBRA, IX FESTIVAL DE CINE FANTASTICO EUROPEO DE MURCIA\"},\"image\":{\"@id\":\"https:\/\/sombrafestival.com\/en\/#\/schema\/logo\/image\/\"},\"sameAs\":[\"https:\/\/www.facebook.com\/Sombra-Festival-De-CINE-Fantastico-Europeo-De-Murcia-175337032531429\/\",\"https:\/\/x.com\/SombraFestival\",\"https:\/\/www.instagram.com\/sombrafestival\/\",\"https:\/\/www.youtube.com\/channel\/UCBdSJni9V30Tq4cGf4Lj0Ug?view_as=subscriber\"]}]}<\/script>\n<!-- \/ Yoast SEO plugin. -->","yoast_head_json":{"title":"The End | Joyas del Terror - Sombra Festival","robots":{"index":"index","follow":"follow","max-snippet":"max-snippet:-1","max-image-preview":"max-image-preview:large","max-video-preview":"max-video-preview:-1"},"canonical":"https:\/\/sombrafestival.com\/en\/largometrajes-2025\/the-end-joyas-del-terror\/","og_locale":"en_GB","og_type":"article","og_title":"The End | Joyas del Terror - Sombra Festival","og_description":"Fecha: Domingo, 16 de marzo Hora: 20:00 Lugar: Filmoteca Regional de Murcia (Sala A) Idioma: VOSE Preestreno COMPRAR ENTRADAS Sinopsis Dos d\u00e9cadas despu\u00e9s del fin del mundo, una familia vive en su lujoso b\u00fanker construido en una mina de sal. El hijo, un joven de 20 a\u00f1os que nunca ha visto el mundo exterior, el [&hellip;]","og_url":"https:\/\/sombrafestival.com\/en\/largometrajes-2025\/the-end-joyas-del-terror\/","og_site_name":"Sombra Festival","article_publisher":"https:\/\/www.facebook.com\/Sombra-Festival-De-CINE-Fantastico-Europeo-De-Murcia-175337032531429\/","article_modified_time":"2025-02-11T08:32:53+00:00","og_image":[{"width":809,"height":1200,"url":"https:\/\/sombrafestival.com\/wp-content\/uploads\/2025\/02\/the_end-620136160-large.jpg","type":"image\/jpeg"}],"twitter_card":"summary_large_image","twitter_site":"@SombraFestival","twitter_misc":{"Est. reading time":"2 minutes"},"schema":{"@context":"https:\/\/schema.org","@graph":[{"@type":"WebPage","@id":"https:\/\/sombrafestival.com\/largometrajes-2025\/the-end-joyas-del-terror\/","url":"https:\/\/sombrafestival.com\/largometrajes-2025\/the-end-joyas-del-terror\/","name":"The End | Joyas del Terror - Sombra Festival","isPartOf":{"@id":"https:\/\/sombrafestival.com\/en\/#website"},"primaryImageOfPage":{"@id":"https:\/\/sombrafestival.com\/largometrajes-2025\/the-end-joyas-del-terror\/#primaryimage"},"image":{"@id":"https:\/\/sombrafestival.com\/largometrajes-2025\/the-end-joyas-del-terror\/#primaryimage"},"thumbnailUrl":"https:\/\/sombrafestival.com\/wp-content\/uploads\/2025\/02\/the_end-620136160-large.jpg","datePublished":"2025-02-10T22:31:52+00:00","dateModified":"2025-02-11T08:32:53+00:00","breadcrumb":{"@id":"https:\/\/sombrafestival.com\/largometrajes-2025\/the-end-joyas-del-terror\/#breadcrumb"},"inLanguage":"en-GB","potentialAction":[{"@type":"ReadAction","target":["https:\/\/sombrafestival.com\/largometrajes-2025\/the-end-joyas-del-terror\/"]}]},{"@type":"ImageObject","inLanguage":"en-GB","@id":"https:\/\/sombrafestival.com\/largometrajes-2025\/the-end-joyas-del-terror\/#primaryimage","url":"https:\/\/sombrafestival.com\/wp-content\/uploads\/2025\/02\/the_end-620136160-large.jpg","contentUrl":"https:\/\/sombrafestival.com\/wp-content\/uploads\/2025\/02\/the_end-620136160-large.jpg","width":809,"height":1200},{"@type":"BreadcrumbList","@id":"https:\/\/sombrafestival.com\/largometrajes-2025\/the-end-joyas-del-terror\/#breadcrumb","itemListElement":[{"@type":"ListItem","position":1,"name":"Portada","item":"https:\/\/sombrafestival.com\/"},{"@type":"ListItem","position":2,"name":"Largometrajes 2025","item":"https:\/\/sombrafestival.com\/largometrajes-2025\/"},{"@type":"ListItem","position":3,"name":"The End | Joyas del Terror"}]},{"@type":"WebSite","@id":"https:\/\/sombrafestival.com\/en\/#website","url":"https:\/\/sombrafestival.com\/en\/","name":"Sombra Festival","description":"XIII Festival de Cine Fant\u00e1stico Europeo de Murcia, 8-17 MARZO 2024","publisher":{"@id":"https:\/\/sombrafestival.com\/en\/#organization"},"potentialAction":[{"@type":"SearchAction","target":{"@type":"EntryPoint","urlTemplate":"https:\/\/sombrafestival.com\/en\/?s={search_term_string}"},"query-input":{"@type":"PropertyValueSpecification","valueRequired":true,"valueName":"search_term_string"}}],"inLanguage":"en-GB"},{"@type":"Organization","@id":"https:\/\/sombrafestival.com\/en\/#organization","name":"SOMBRA, IX FESTIVAL DE CINE FANTASTICO EUROPEO DE MURCIA","url":"https:\/\/sombrafestival.com\/en\/","logo":{"@type":"ImageObject","inLanguage":"en-GB","@id":"https:\/\/sombrafestival.com\/en\/#\/schema\/logo\/image\/","url":"https:\/\/sombrafestival.com\/wp-content\/uploads\/2019\/10\/Sombra-LogoIdentificador-Negativo.jpg","contentUrl":"https:\/\/sombrafestival.com\/wp-content\/uploads\/2019\/10\/Sombra-LogoIdentificador-Negativo.jpg","width":400,"height":400,"caption":"SOMBRA, IX FESTIVAL DE CINE FANTASTICO EUROPEO DE MURCIA"},"image":{"@id":"https:\/\/sombrafestival.com\/en\/#\/schema\/logo\/image\/"},"sameAs":["https:\/\/www.facebook.com\/Sombra-Festival-De-CINE-Fantastico-Europeo-De-Murcia-175337032531429\/","https:\/\/x.com\/SombraFestival","https:\/\/www.instagram.com\/sombrafestival\/","https:\/\/www.youtube.com\/channel\/UCBdSJni9V30Tq4cGf4Lj0Ug?view_as=subscriber"]}]}},"_links":{"self":[{"href":"https:\/\/sombrafestival.com\/en\/wp-json\/wp\/v2\/pages\/7406","targetHints":{"allow":["GET"]}}],"collection":[{"href":"https:\/\/sombrafestival.com\/en\/wp-json\/wp\/v2\/pages"}],"about":[{"href":"https:\/\/sombrafestival.com\/en\/wp-json\/wp\/v2\/types\/page"}],"author":[{"embeddable":true,"href":"https:\/\/sombrafestival.com\/en\/wp-json\/wp\/v2\/users\/2"}],"replies":[{"embeddable":true,"href":"https:\/\/sombrafestival.com\/en\/wp-json\/wp\/v2\/comments?post=7406"}],"version-history":[{"count":3,"href":"https:\/\/sombrafestival.com\/en\/wp-json\/wp\/v2\/pages\/7406\/revisions"}],"predecessor-version":[{"id":7440,"href":"https:\/\/sombrafestival.com\/en\/wp-json\/wp\/v2\/pages\/7406\/revisions\/7440"}],"up":[{"embeddable":true,"href":"https:\/\/sombrafestival.com\/en\/wp-json\/wp\/v2\/pages\/6838"}],"wp:featuredmedia":[{"embeddable":true,"href":"https:\/\/sombrafestival.com\/en\/wp-json\/wp\/v2\/media\/7403"}],"wp:attachment":[{"href":"https:\/\/sombrafestival.com\/en\/wp-json\/wp\/v2\/media?parent=7406"}],"curies":[{"name":"wp","href":"https:\/\/api.w.org\/{rel}","templated":true}]}}