{"id":7481,"date":"2025-02-26T23:20:35","date_gmt":"2025-02-26T22:20:35","guid":{"rendered":"https:\/\/sombrafestival.com\/?page_id=7481"},"modified":"2025-02-26T23:20:35","modified_gmt":"2025-02-26T22:20:35","slug":"john-mctiernan-en-sombra-2025-encuentro-con-fans-y-qa-exclusivo","status":"publish","type":"page","link":"https:\/\/sombrafestival.com\/en\/actividades-sombra-2025\/john-mctiernan-en-sombra-2025-encuentro-con-fans-y-qa-exclusivo\/","title":{"rendered":"\u00a1John Mctiernan en Sombra 2025: encuentro con fans y Q&#038;A exclusivo!"},"content":{"rendered":"<p>El Festival Sombra 2025 se enorgullece de recibir a una de las figuras m\u00e1s influyentes del cine de acci\u00f3n y fant\u00e1stico: <strong>John McTiernan<\/strong>. El legendario director de Jungla de Cristal, Depredador y La caza del Octubre Rojo visitar\u00e1 Murcia para recibir el prestigioso Premio Sombra de Leyenda, y adem\u00e1s, ofrecer\u00e1 un encuentro inolvidable con sus seguidores.<\/p>\n<p>? Fecha: [s\u00e1bado, 15 de marzo | 12:00<br \/>\n? Lugar: Filmoteca Regional Sala B<br \/>\n?\ufe0f Acceso: 5 \u20ac<\/p>\n<p><strong>ENCUENTRO CON FANS &amp; Q&amp;A<\/strong><\/p>\n<p>McTiernan compartir\u00e1 su experiencia tras las c\u00e1maras en algunos de los mayores \u00e9xitos del cine de acci\u00f3n, revelar\u00e1 an\u00e9cdotas de rodaje y responder\u00e1 a las preguntas del p\u00fablico en una sesi\u00f3n exclusiva de Q&amp;A. Una oportunidad \u00fanica para conocer de cerca la mente detr\u00e1s de algunas de las pel\u00edculas m\u00e1s ic\u00f3nicas de Hollywood.<\/p>\n<p>Desde su revoluci\u00f3n del g\u00e9nero con Depredador (1987), pasando por la redefinici\u00f3n del h\u00e9roe de acci\u00f3n en Jungla de Cristal (1988), hasta su dominio del thriller en La caza del Octubre Rojo (1990), el legado de McTiernan ha dejado una huella imborrable en el cine.<\/p>","protected":false},"excerpt":{"rendered":"<p>El Festival Sombra 2025 se enorgullece de recibir a una de las figuras m\u00e1s influyentes del cine de acci\u00f3n y fant\u00e1stico: John McTiernan. El legendario director de Jungla de Cristal, Depredador y La caza del Octubre Rojo visitar\u00e1 Murcia para recibir el prestigioso Premio Sombra de Leyenda, y adem\u00e1s, ofrecer\u00e1 un encuentro inolvidable con sus [&hellip;]<\/p>","protected":false},"author":2,"featured_media":7169,"parent":7014,"menu_order":0,"comment_status":"closed","ping_status":"closed","template":"","meta":{"footnotes":""},"class_list":["post-7481","page","type-page","status-publish","has-post-thumbnail"],"yoast_head":"<!-- This site is optimized with the Yoast SEO plugin v24.3 - https:\/\/yoast.com\/wordpress\/plugins\/seo\/ -->\n<title>\u00a1John Mctiernan en Sombra 2025: encuentro con fans y Q&amp;A exclusivo! - Sombra Festival<\/title>\n<meta name=\"robots\" content=\"index, follow, max-snippet:-1, max-image-preview:large, max-video-preview:-1\" \/>\n<link rel=\"canonical\" href=\"https:\/\/sombrafestival.com\/en\/actividades-sombra-2025\/john-mctiernan-en-sombra-2025-encuentro-con-fans-y-qa-exclusivo\/\" \/>\n<meta property=\"og:locale\" content=\"en_GB\" \/>\n<meta property=\"og:type\" content=\"article\" \/>\n<meta property=\"og:title\" content=\"\u00a1John Mctiernan en Sombra 2025: encuentro con fans y Q&amp;A exclusivo! - Sombra Festival\" \/>\n<meta property=\"og:description\" content=\"El Festival Sombra 2025 se enorgullece de recibir a una de las figuras m\u00e1s influyentes del cine de acci\u00f3n y fant\u00e1stico: John McTiernan. El legendario director de Jungla de Cristal, Depredador y La caza del Octubre Rojo visitar\u00e1 Murcia para recibir el prestigioso Premio Sombra de Leyenda, y adem\u00e1s, ofrecer\u00e1 un encuentro inolvidable con sus [&hellip;]\" \/>\n<meta property=\"og:url\" content=\"https:\/\/sombrafestival.com\/en\/actividades-sombra-2025\/john-mctiernan-en-sombra-2025-encuentro-con-fans-y-qa-exclusivo\/\" \/>\n<meta property=\"og:site_name\" content=\"Sombra Festival\" \/>\n<meta property=\"article:publisher\" content=\"https:\/\/www.facebook.com\/Sombra-Festival-De-CINE-Fantastico-Europeo-De-Murcia-175337032531429\/\" \/>\n<meta property=\"og:image\" content=\"https:\/\/sombrafestival.com\/wp-content\/uploads\/2025\/02\/John-McTiernan-1.jpg\" \/>\n\t<meta property=\"og:image:width\" content=\"667\" \/>\n\t<meta property=\"og:image:height\" content=\"1001\" \/>\n\t<meta property=\"og:image:type\" content=\"image\/jpeg\" \/>\n<meta name=\"twitter:card\" content=\"summary_large_image\" \/>\n<meta name=\"twitter:site\" content=\"@SombraFestival\" \/>\n<meta name=\"twitter:label1\" content=\"Est. reading time\" \/>\n\t<meta name=\"twitter:data1\" content=\"2 minutes\" \/>\n<script type=\"application\/ld+json\" class=\"yoast-schema-graph\">{\"@context\":\"https:\/\/schema.org\",\"@graph\":[{\"@type\":\"WebPage\",\"@id\":\"https:\/\/sombrafestival.com\/actividades-sombra-2025\/john-mctiernan-en-sombra-2025-encuentro-con-fans-y-qa-exclusivo\/\",\"url\":\"https:\/\/sombrafestival.com\/actividades-sombra-2025\/john-mctiernan-en-sombra-2025-encuentro-con-fans-y-qa-exclusivo\/\",\"name\":\"\u00a1John Mctiernan en Sombra 2025: encuentro con fans y Q&A exclusivo! - Sombra Festival\",\"isPartOf\":{\"@id\":\"https:\/\/sombrafestival.com\/en\/#website\"},\"primaryImageOfPage\":{\"@id\":\"https:\/\/sombrafestival.com\/actividades-sombra-2025\/john-mctiernan-en-sombra-2025-encuentro-con-fans-y-qa-exclusivo\/#primaryimage\"},\"image\":{\"@id\":\"https:\/\/sombrafestival.com\/actividades-sombra-2025\/john-mctiernan-en-sombra-2025-encuentro-con-fans-y-qa-exclusivo\/#primaryimage\"},\"thumbnailUrl\":\"https:\/\/sombrafestival.com\/wp-content\/uploads\/2025\/02\/John-McTiernan-1.jpg\",\"datePublished\":\"2025-02-26T22:20:35+00:00\",\"dateModified\":\"2025-02-26T22:20:35+00:00\",\"breadcrumb\":{\"@id\":\"https:\/\/sombrafestival.com\/actividades-sombra-2025\/john-mctiernan-en-sombra-2025-encuentro-con-fans-y-qa-exclusivo\/#breadcrumb\"},\"inLanguage\":\"en-GB\",\"potentialAction\":[{\"@type\":\"ReadAction\",\"target\":[\"https:\/\/sombrafestival.com\/actividades-sombra-2025\/john-mctiernan-en-sombra-2025-encuentro-con-fans-y-qa-exclusivo\/\"]}]},{\"@type\":\"ImageObject\",\"inLanguage\":\"en-GB\",\"@id\":\"https:\/\/sombrafestival.com\/actividades-sombra-2025\/john-mctiernan-en-sombra-2025-encuentro-con-fans-y-qa-exclusivo\/#primaryimage\",\"url\":\"https:\/\/sombrafestival.com\/wp-content\/uploads\/2025\/02\/John-McTiernan-1.jpg\",\"contentUrl\":\"https:\/\/sombrafestival.com\/wp-content\/uploads\/2025\/02\/John-McTiernan-1.jpg\",\"width\":667,\"height\":1001},{\"@type\":\"BreadcrumbList\",\"@id\":\"https:\/\/sombrafestival.com\/actividades-sombra-2025\/john-mctiernan-en-sombra-2025-encuentro-con-fans-y-qa-exclusivo\/#breadcrumb\",\"itemListElement\":[{\"@type\":\"ListItem\",\"position\":1,\"name\":\"Portada\",\"item\":\"https:\/\/sombrafestival.com\/\"},{\"@type\":\"ListItem\",\"position\":2,\"name\":\"Actividades Sombra 2025\",\"item\":\"https:\/\/sombrafestival.com\/actividades-sombra-2025\/\"},{\"@type\":\"ListItem\",\"position\":3,\"name\":\"\u00a1John Mctiernan en Sombra 2025: encuentro con fans y Q&#038;A exclusivo!\"}]},{\"@type\":\"WebSite\",\"@id\":\"https:\/\/sombrafestival.com\/en\/#website\",\"url\":\"https:\/\/sombrafestival.com\/en\/\",\"name\":\"Sombra Festival\",\"description\":\"XIII Festival de Cine Fant\u00e1stico Europeo de Murcia, 8-17 MARZO 2024\",\"publisher\":{\"@id\":\"https:\/\/sombrafestival.com\/en\/#organization\"},\"potentialAction\":[{\"@type\":\"SearchAction\",\"target\":{\"@type\":\"EntryPoint\",\"urlTemplate\":\"https:\/\/sombrafestival.com\/en\/?s={search_term_string}\"},\"query-input\":{\"@type\":\"PropertyValueSpecification\",\"valueRequired\":true,\"valueName\":\"search_term_string\"}}],\"inLanguage\":\"en-GB\"},{\"@type\":\"Organization\",\"@id\":\"https:\/\/sombrafestival.com\/en\/#organization\",\"name\":\"SOMBRA, IX FESTIVAL DE CINE FANTASTICO EUROPEO DE MURCIA\",\"url\":\"https:\/\/sombrafestival.com\/en\/\",\"logo\":{\"@type\":\"ImageObject\",\"inLanguage\":\"en-GB\",\"@id\":\"https:\/\/sombrafestival.com\/en\/#\/schema\/logo\/image\/\",\"url\":\"https:\/\/sombrafestival.com\/wp-content\/uploads\/2019\/10\/Sombra-LogoIdentificador-Negativo.jpg\",\"contentUrl\":\"https:\/\/sombrafestival.com\/wp-content\/uploads\/2019\/10\/Sombra-LogoIdentificador-Negativo.jpg\",\"width\":400,\"height\":400,\"caption\":\"SOMBRA, IX FESTIVAL DE CINE FANTASTICO EUROPEO DE MURCIA\"},\"image\":{\"@id\":\"https:\/\/sombrafestival.com\/en\/#\/schema\/logo\/image\/\"},\"sameAs\":[\"https:\/\/www.facebook.com\/Sombra-Festival-De-CINE-Fantastico-Europeo-De-Murcia-175337032531429\/\",\"https:\/\/x.com\/SombraFestival\",\"https:\/\/www.instagram.com\/sombrafestival\/\",\"https:\/\/www.youtube.com\/channel\/UCBdSJni9V30Tq4cGf4Lj0Ug?view_as=subscriber\"]}]}<\/script>\n<!-- \/ Yoast SEO plugin. -->","yoast_head_json":{"title":"\u00a1John Mctiernan en Sombra 2025: encuentro con fans y Q&A exclusivo! - Sombra Festival","robots":{"index":"index","follow":"follow","max-snippet":"max-snippet:-1","max-image-preview":"max-image-preview:large","max-video-preview":"max-video-preview:-1"},"canonical":"https:\/\/sombrafestival.com\/en\/actividades-sombra-2025\/john-mctiernan-en-sombra-2025-encuentro-con-fans-y-qa-exclusivo\/","og_locale":"en_GB","og_type":"article","og_title":"\u00a1John Mctiernan en Sombra 2025: encuentro con fans y Q&A exclusivo! - Sombra Festival","og_description":"El Festival Sombra 2025 se enorgullece de recibir a una de las figuras m\u00e1s influyentes del cine de acci\u00f3n y fant\u00e1stico: John McTiernan. El legendario director de Jungla de Cristal, Depredador y La caza del Octubre Rojo visitar\u00e1 Murcia para recibir el prestigioso Premio Sombra de Leyenda, y adem\u00e1s, ofrecer\u00e1 un encuentro inolvidable con sus [&hellip;]","og_url":"https:\/\/sombrafestival.com\/en\/actividades-sombra-2025\/john-mctiernan-en-sombra-2025-encuentro-con-fans-y-qa-exclusivo\/","og_site_name":"Sombra Festival","article_publisher":"https:\/\/www.facebook.com\/Sombra-Festival-De-CINE-Fantastico-Europeo-De-Murcia-175337032531429\/","og_image":[{"width":667,"height":1001,"url":"https:\/\/sombrafestival.com\/wp-content\/uploads\/2025\/02\/John-McTiernan-1.jpg","type":"image\/jpeg"}],"twitter_card":"summary_large_image","twitter_site":"@SombraFestival","twitter_misc":{"Est. reading time":"2 minutes"},"schema":{"@context":"https:\/\/schema.org","@graph":[{"@type":"WebPage","@id":"https:\/\/sombrafestival.com\/actividades-sombra-2025\/john-mctiernan-en-sombra-2025-encuentro-con-fans-y-qa-exclusivo\/","url":"https:\/\/sombrafestival.com\/actividades-sombra-2025\/john-mctiernan-en-sombra-2025-encuentro-con-fans-y-qa-exclusivo\/","name":"\u00a1John Mctiernan en Sombra 2025: encuentro con fans y Q&A exclusivo! - Sombra Festival","isPartOf":{"@id":"https:\/\/sombrafestival.com\/en\/#website"},"primaryImageOfPage":{"@id":"https:\/\/sombrafestival.com\/actividades-sombra-2025\/john-mctiernan-en-sombra-2025-encuentro-con-fans-y-qa-exclusivo\/#primaryimage"},"image":{"@id":"https:\/\/sombrafestival.com\/actividades-sombra-2025\/john-mctiernan-en-sombra-2025-encuentro-con-fans-y-qa-exclusivo\/#primaryimage"},"thumbnailUrl":"https:\/\/sombrafestival.com\/wp-content\/uploads\/2025\/02\/John-McTiernan-1.jpg","datePublished":"2025-02-26T22:20:35+00:00","dateModified":"2025-02-26T22:20:35+00:00","breadcrumb":{"@id":"https:\/\/sombrafestival.com\/actividades-sombra-2025\/john-mctiernan-en-sombra-2025-encuentro-con-fans-y-qa-exclusivo\/#breadcrumb"},"inLanguage":"en-GB","potentialAction":[{"@type":"ReadAction","target":["https:\/\/sombrafestival.com\/actividades-sombra-2025\/john-mctiernan-en-sombra-2025-encuentro-con-fans-y-qa-exclusivo\/"]}]},{"@type":"ImageObject","inLanguage":"en-GB","@id":"https:\/\/sombrafestival.com\/actividades-sombra-2025\/john-mctiernan-en-sombra-2025-encuentro-con-fans-y-qa-exclusivo\/#primaryimage","url":"https:\/\/sombrafestival.com\/wp-content\/uploads\/2025\/02\/John-McTiernan-1.jpg","contentUrl":"https:\/\/sombrafestival.com\/wp-content\/uploads\/2025\/02\/John-McTiernan-1.jpg","width":667,"height":1001},{"@type":"BreadcrumbList","@id":"https:\/\/sombrafestival.com\/actividades-sombra-2025\/john-mctiernan-en-sombra-2025-encuentro-con-fans-y-qa-exclusivo\/#breadcrumb","itemListElement":[{"@type":"ListItem","position":1,"name":"Portada","item":"https:\/\/sombrafestival.com\/"},{"@type":"ListItem","position":2,"name":"Actividades Sombra 2025","item":"https:\/\/sombrafestival.com\/actividades-sombra-2025\/"},{"@type":"ListItem","position":3,"name":"\u00a1John Mctiernan en Sombra 2025: encuentro con fans y Q&#038;A exclusivo!"}]},{"@type":"WebSite","@id":"https:\/\/sombrafestival.com\/en\/#website","url":"https:\/\/sombrafestival.com\/en\/","name":"Sombra Festival","description":"XIII Festival de Cine Fant\u00e1stico Europeo de Murcia, 8-17 MARZO 2024","publisher":{"@id":"https:\/\/sombrafestival.com\/en\/#organization"},"potentialAction":[{"@type":"SearchAction","target":{"@type":"EntryPoint","urlTemplate":"https:\/\/sombrafestival.com\/en\/?s={search_term_string}"},"query-input":{"@type":"PropertyValueSpecification","valueRequired":true,"valueName":"search_term_string"}}],"inLanguage":"en-GB"},{"@type":"Organization","@id":"https:\/\/sombrafestival.com\/en\/#organization","name":"SOMBRA, IX FESTIVAL DE CINE FANTASTICO EUROPEO DE MURCIA","url":"https:\/\/sombrafestival.com\/en\/","logo":{"@type":"ImageObject","inLanguage":"en-GB","@id":"https:\/\/sombrafestival.com\/en\/#\/schema\/logo\/image\/","url":"https:\/\/sombrafestival.com\/wp-content\/uploads\/2019\/10\/Sombra-LogoIdentificador-Negativo.jpg","contentUrl":"https:\/\/sombrafestival.com\/wp-content\/uploads\/2019\/10\/Sombra-LogoIdentificador-Negativo.jpg","width":400,"height":400,"caption":"SOMBRA, IX FESTIVAL DE CINE FANTASTICO EUROPEO DE MURCIA"},"image":{"@id":"https:\/\/sombrafestival.com\/en\/#\/schema\/logo\/image\/"},"sameAs":["https:\/\/www.facebook.com\/Sombra-Festival-De-CINE-Fantastico-Europeo-De-Murcia-175337032531429\/","https:\/\/x.com\/SombraFestival","https:\/\/www.instagram.com\/sombrafestival\/","https:\/\/www.youtube.com\/channel\/UCBdSJni9V30Tq4cGf4Lj0Ug?view_as=subscriber"]}]}},"_links":{"self":[{"href":"https:\/\/sombrafestival.com\/en\/wp-json\/wp\/v2\/pages\/7481","targetHints":{"allow":["GET"]}}],"collection":[{"href":"https:\/\/sombrafestival.com\/en\/wp-json\/wp\/v2\/pages"}],"about":[{"href":"https:\/\/sombrafestival.com\/en\/wp-json\/wp\/v2\/types\/page"}],"author":[{"embeddable":true,"href":"https:\/\/sombrafestival.com\/en\/wp-json\/wp\/v2\/users\/2"}],"replies":[{"embeddable":true,"href":"https:\/\/sombrafestival.com\/en\/wp-json\/wp\/v2\/comments?post=7481"}],"version-history":[{"count":1,"href":"https:\/\/sombrafestival.com\/en\/wp-json\/wp\/v2\/pages\/7481\/revisions"}],"predecessor-version":[{"id":7482,"href":"https:\/\/sombrafestival.com\/en\/wp-json\/wp\/v2\/pages\/7481\/revisions\/7482"}],"up":[{"embeddable":true,"href":"https:\/\/sombrafestival.com\/en\/wp-json\/wp\/v2\/pages\/7014"}],"wp:featuredmedia":[{"embeddable":true,"href":"https:\/\/sombrafestival.com\/en\/wp-json\/wp\/v2\/media\/7169"}],"wp:attachment":[{"href":"https:\/\/sombrafestival.com\/en\/wp-json\/wp\/v2\/media?parent=7481"}],"curies":[{"name":"wp","href":"https:\/\/api.w.org\/{rel}","templated":true}]}}