{"id":7516,"date":"2025-03-11T21:35:00","date_gmt":"2025-03-11T20:35:00","guid":{"rendered":"https:\/\/sombrafestival.com\/?page_id=7516"},"modified":"2025-03-11T21:35:00","modified_gmt":"2025-03-11T20:35:00","slug":"charla-el-comic-y-los-salones-del-comic-en-los-balcanes-y-en-espana","status":"publish","type":"page","link":"https:\/\/sombrafestival.com\/en\/actividades-2025\/charla-el-comic-y-los-salones-del-comic-en-los-balcanes-y-en-espana\/","title":{"rendered":"Charla el c\u00f3mic y los salones del c\u00f3mic en los Balcanes y en Espa\u00f1a"},"content":{"rendered":"<h2>Charla el c\u00f3mic y los salones del c\u00f3mic en los Balcanes y en Espa\u00f1a<\/h2>\n<p>7 H\u00e9roes acoger\u00e1 el encuentro de Alen Masic, director del festival de c\u00f3mic MOSTRIP con nuestros amigos Fernando Dagnino, Juan \u00c1lvarez Montalb\u00e1n y \u00c1ngel Abell\u00e1n, para conversar sobre las diferencias (bastante curiosas e interesantes), entre el mercado del c\u00f3mic en Espa\u00f1a y en los Balcanes, y el modo de organizar Salones y Festivales de c\u00f3mic en ambos sitios.<\/p>\n<p><img loading=\"lazy\" decoding=\"async\" class=\"size-full wp-image-7514 aligncenter\" src=\"https:\/\/sombrafestival.com\/wp-content\/uploads\/2025\/03\/Snapinst.app_482274263_1207743968027744_5375050916149926828_n_1080-1.jpg\" alt=\"\" width=\"610\" height=\"765\" srcset=\"https:\/\/sombrafestival.com\/wp-content\/uploads\/2025\/03\/Snapinst.app_482274263_1207743968027744_5375050916149926828_n_1080-1.jpg 610w, https:\/\/sombrafestival.com\/wp-content\/uploads\/2025\/03\/Snapinst.app_482274263_1207743968027744_5375050916149926828_n_1080-1-239x300.jpg 239w, https:\/\/sombrafestival.com\/wp-content\/uploads\/2025\/03\/Snapinst.app_482274263_1207743968027744_5375050916149926828_n_1080-1-10x12.jpg 10w, https:\/\/sombrafestival.com\/wp-content\/uploads\/2025\/03\/Snapinst.app_482274263_1207743968027744_5375050916149926828_n_1080-1-335x420.jpg 335w\" sizes=\"auto, (max-width: 610px) 100vw, 610px\" \/><\/p>","protected":false},"excerpt":{"rendered":"<p>Charla el c\u00f3mic y los salones del c\u00f3mic en los Balcanes y en Espa\u00f1a 7 H\u00e9roes acoger\u00e1 el encuentro de Alen Masic, director del festival de c\u00f3mic MOSTRIP con nuestros amigos Fernando Dagnino, Juan \u00c1lvarez Montalb\u00e1n y \u00c1ngel Abell\u00e1n, para conversar sobre las diferencias (bastante curiosas e interesantes), entre el mercado del c\u00f3mic en Espa\u00f1a [&hellip;]<\/p>","protected":false},"author":2,"featured_media":7514,"parent":7138,"menu_order":0,"comment_status":"closed","ping_status":"closed","template":"","meta":{"footnotes":""},"class_list":["post-7516","page","type-page","status-publish","has-post-thumbnail"],"yoast_head":"<!-- This site is optimized with the Yoast SEO plugin v24.3 - https:\/\/yoast.com\/wordpress\/plugins\/seo\/ -->\n<title>Charla el c\u00f3mic y los salones del c\u00f3mic en los Balcanes y en Espa\u00f1a - Sombra Festival<\/title>\n<meta name=\"robots\" content=\"index, follow, max-snippet:-1, max-image-preview:large, max-video-preview:-1\" \/>\n<link rel=\"canonical\" href=\"https:\/\/sombrafestival.com\/en\/actividades-2025\/charla-el-comic-y-los-salones-del-comic-en-los-balcanes-y-en-espana\/\" \/>\n<meta property=\"og:locale\" content=\"en_GB\" \/>\n<meta property=\"og:type\" content=\"article\" \/>\n<meta property=\"og:title\" content=\"Charla el c\u00f3mic y los salones del c\u00f3mic en los Balcanes y en Espa\u00f1a - Sombra Festival\" \/>\n<meta property=\"og:description\" content=\"Charla el c\u00f3mic y los salones del c\u00f3mic en los Balcanes y en Espa\u00f1a 7 H\u00e9roes acoger\u00e1 el encuentro de Alen Masic, director del festival de c\u00f3mic MOSTRIP con nuestros amigos Fernando Dagnino, Juan \u00c1lvarez Montalb\u00e1n y \u00c1ngel Abell\u00e1n, para conversar sobre las diferencias (bastante curiosas e interesantes), entre el mercado del c\u00f3mic en Espa\u00f1a [&hellip;]\" \/>\n<meta property=\"og:url\" content=\"https:\/\/sombrafestival.com\/en\/actividades-2025\/charla-el-comic-y-los-salones-del-comic-en-los-balcanes-y-en-espana\/\" \/>\n<meta property=\"og:site_name\" content=\"Sombra Festival\" \/>\n<meta property=\"article:publisher\" content=\"https:\/\/www.facebook.com\/Sombra-Festival-De-CINE-Fantastico-Europeo-De-Murcia-175337032531429\/\" \/>\n<meta property=\"og:image\" content=\"https:\/\/sombrafestival.com\/wp-content\/uploads\/2025\/03\/Snapinst.app_482274263_1207743968027744_5375050916149926828_n_1080-1.jpg\" \/>\n\t<meta property=\"og:image:width\" content=\"610\" \/>\n\t<meta property=\"og:image:height\" content=\"765\" \/>\n\t<meta property=\"og:image:type\" content=\"image\/jpeg\" \/>\n<meta name=\"twitter:card\" content=\"summary_large_image\" \/>\n<meta name=\"twitter:site\" content=\"@SombraFestival\" \/>\n<meta name=\"twitter:label1\" content=\"Est. reading time\" \/>\n\t<meta name=\"twitter:data1\" content=\"1 minute\" \/>\n<script type=\"application\/ld+json\" class=\"yoast-schema-graph\">{\"@context\":\"https:\/\/schema.org\",\"@graph\":[{\"@type\":\"WebPage\",\"@id\":\"https:\/\/sombrafestival.com\/actividades-2025\/charla-el-comic-y-los-salones-del-comic-en-los-balcanes-y-en-espana\/\",\"url\":\"https:\/\/sombrafestival.com\/actividades-2025\/charla-el-comic-y-los-salones-del-comic-en-los-balcanes-y-en-espana\/\",\"name\":\"Charla el c\u00f3mic y los salones del c\u00f3mic en los Balcanes y en Espa\u00f1a - Sombra Festival\",\"isPartOf\":{\"@id\":\"https:\/\/sombrafestival.com\/en\/#website\"},\"primaryImageOfPage\":{\"@id\":\"https:\/\/sombrafestival.com\/actividades-2025\/charla-el-comic-y-los-salones-del-comic-en-los-balcanes-y-en-espana\/#primaryimage\"},\"image\":{\"@id\":\"https:\/\/sombrafestival.com\/actividades-2025\/charla-el-comic-y-los-salones-del-comic-en-los-balcanes-y-en-espana\/#primaryimage\"},\"thumbnailUrl\":\"https:\/\/sombrafestival.com\/wp-content\/uploads\/2025\/03\/Snapinst.app_482274263_1207743968027744_5375050916149926828_n_1080-1.jpg\",\"datePublished\":\"2025-03-11T20:35:00+00:00\",\"dateModified\":\"2025-03-11T20:35:00+00:00\",\"breadcrumb\":{\"@id\":\"https:\/\/sombrafestival.com\/actividades-2025\/charla-el-comic-y-los-salones-del-comic-en-los-balcanes-y-en-espana\/#breadcrumb\"},\"inLanguage\":\"en-GB\",\"potentialAction\":[{\"@type\":\"ReadAction\",\"target\":[\"https:\/\/sombrafestival.com\/actividades-2025\/charla-el-comic-y-los-salones-del-comic-en-los-balcanes-y-en-espana\/\"]}]},{\"@type\":\"ImageObject\",\"inLanguage\":\"en-GB\",\"@id\":\"https:\/\/sombrafestival.com\/actividades-2025\/charla-el-comic-y-los-salones-del-comic-en-los-balcanes-y-en-espana\/#primaryimage\",\"url\":\"https:\/\/sombrafestival.com\/wp-content\/uploads\/2025\/03\/Snapinst.app_482274263_1207743968027744_5375050916149926828_n_1080-1.jpg\",\"contentUrl\":\"https:\/\/sombrafestival.com\/wp-content\/uploads\/2025\/03\/Snapinst.app_482274263_1207743968027744_5375050916149926828_n_1080-1.jpg\",\"width\":610,\"height\":765},{\"@type\":\"BreadcrumbList\",\"@id\":\"https:\/\/sombrafestival.com\/actividades-2025\/charla-el-comic-y-los-salones-del-comic-en-los-balcanes-y-en-espana\/#breadcrumb\",\"itemListElement\":[{\"@type\":\"ListItem\",\"position\":1,\"name\":\"Portada\",\"item\":\"https:\/\/sombrafestival.com\/\"},{\"@type\":\"ListItem\",\"position\":2,\"name\":\"Actividades 2025\",\"item\":\"https:\/\/sombrafestival.com\/actividades-2025\/\"},{\"@type\":\"ListItem\",\"position\":3,\"name\":\"Charla el c\u00f3mic y los salones del c\u00f3mic en los Balcanes y en Espa\u00f1a\"}]},{\"@type\":\"WebSite\",\"@id\":\"https:\/\/sombrafestival.com\/en\/#website\",\"url\":\"https:\/\/sombrafestival.com\/en\/\",\"name\":\"Sombra Festival\",\"description\":\"XIII Festival de Cine Fant\u00e1stico Europeo de Murcia, 8-17 MARZO 2024\",\"publisher\":{\"@id\":\"https:\/\/sombrafestival.com\/en\/#organization\"},\"potentialAction\":[{\"@type\":\"SearchAction\",\"target\":{\"@type\":\"EntryPoint\",\"urlTemplate\":\"https:\/\/sombrafestival.com\/en\/?s={search_term_string}\"},\"query-input\":{\"@type\":\"PropertyValueSpecification\",\"valueRequired\":true,\"valueName\":\"search_term_string\"}}],\"inLanguage\":\"en-GB\"},{\"@type\":\"Organization\",\"@id\":\"https:\/\/sombrafestival.com\/en\/#organization\",\"name\":\"SOMBRA, IX FESTIVAL DE CINE FANTASTICO EUROPEO DE MURCIA\",\"url\":\"https:\/\/sombrafestival.com\/en\/\",\"logo\":{\"@type\":\"ImageObject\",\"inLanguage\":\"en-GB\",\"@id\":\"https:\/\/sombrafestival.com\/en\/#\/schema\/logo\/image\/\",\"url\":\"https:\/\/sombrafestival.com\/wp-content\/uploads\/2019\/10\/Sombra-LogoIdentificador-Negativo.jpg\",\"contentUrl\":\"https:\/\/sombrafestival.com\/wp-content\/uploads\/2019\/10\/Sombra-LogoIdentificador-Negativo.jpg\",\"width\":400,\"height\":400,\"caption\":\"SOMBRA, IX FESTIVAL DE CINE FANTASTICO EUROPEO DE MURCIA\"},\"image\":{\"@id\":\"https:\/\/sombrafestival.com\/en\/#\/schema\/logo\/image\/\"},\"sameAs\":[\"https:\/\/www.facebook.com\/Sombra-Festival-De-CINE-Fantastico-Europeo-De-Murcia-175337032531429\/\",\"https:\/\/x.com\/SombraFestival\",\"https:\/\/www.instagram.com\/sombrafestival\/\",\"https:\/\/www.youtube.com\/channel\/UCBdSJni9V30Tq4cGf4Lj0Ug?view_as=subscriber\"]}]}<\/script>\n<!-- \/ Yoast SEO plugin. -->","yoast_head_json":{"title":"Charla el c\u00f3mic y los salones del c\u00f3mic en los Balcanes y en Espa\u00f1a - Sombra Festival","robots":{"index":"index","follow":"follow","max-snippet":"max-snippet:-1","max-image-preview":"max-image-preview:large","max-video-preview":"max-video-preview:-1"},"canonical":"https:\/\/sombrafestival.com\/en\/actividades-2025\/charla-el-comic-y-los-salones-del-comic-en-los-balcanes-y-en-espana\/","og_locale":"en_GB","og_type":"article","og_title":"Charla el c\u00f3mic y los salones del c\u00f3mic en los Balcanes y en Espa\u00f1a - Sombra Festival","og_description":"Charla el c\u00f3mic y los salones del c\u00f3mic en los Balcanes y en Espa\u00f1a 7 H\u00e9roes acoger\u00e1 el encuentro de Alen Masic, director del festival de c\u00f3mic MOSTRIP con nuestros amigos Fernando Dagnino, Juan \u00c1lvarez Montalb\u00e1n y \u00c1ngel Abell\u00e1n, para conversar sobre las diferencias (bastante curiosas e interesantes), entre el mercado del c\u00f3mic en Espa\u00f1a [&hellip;]","og_url":"https:\/\/sombrafestival.com\/en\/actividades-2025\/charla-el-comic-y-los-salones-del-comic-en-los-balcanes-y-en-espana\/","og_site_name":"Sombra Festival","article_publisher":"https:\/\/www.facebook.com\/Sombra-Festival-De-CINE-Fantastico-Europeo-De-Murcia-175337032531429\/","og_image":[{"width":610,"height":765,"url":"https:\/\/sombrafestival.com\/wp-content\/uploads\/2025\/03\/Snapinst.app_482274263_1207743968027744_5375050916149926828_n_1080-1.jpg","type":"image\/jpeg"}],"twitter_card":"summary_large_image","twitter_site":"@SombraFestival","twitter_misc":{"Est. reading time":"1 minute"},"schema":{"@context":"https:\/\/schema.org","@graph":[{"@type":"WebPage","@id":"https:\/\/sombrafestival.com\/actividades-2025\/charla-el-comic-y-los-salones-del-comic-en-los-balcanes-y-en-espana\/","url":"https:\/\/sombrafestival.com\/actividades-2025\/charla-el-comic-y-los-salones-del-comic-en-los-balcanes-y-en-espana\/","name":"Charla el c\u00f3mic y los salones del c\u00f3mic en los Balcanes y en Espa\u00f1a - Sombra Festival","isPartOf":{"@id":"https:\/\/sombrafestival.com\/en\/#website"},"primaryImageOfPage":{"@id":"https:\/\/sombrafestival.com\/actividades-2025\/charla-el-comic-y-los-salones-del-comic-en-los-balcanes-y-en-espana\/#primaryimage"},"image":{"@id":"https:\/\/sombrafestival.com\/actividades-2025\/charla-el-comic-y-los-salones-del-comic-en-los-balcanes-y-en-espana\/#primaryimage"},"thumbnailUrl":"https:\/\/sombrafestival.com\/wp-content\/uploads\/2025\/03\/Snapinst.app_482274263_1207743968027744_5375050916149926828_n_1080-1.jpg","datePublished":"2025-03-11T20:35:00+00:00","dateModified":"2025-03-11T20:35:00+00:00","breadcrumb":{"@id":"https:\/\/sombrafestival.com\/actividades-2025\/charla-el-comic-y-los-salones-del-comic-en-los-balcanes-y-en-espana\/#breadcrumb"},"inLanguage":"en-GB","potentialAction":[{"@type":"ReadAction","target":["https:\/\/sombrafestival.com\/actividades-2025\/charla-el-comic-y-los-salones-del-comic-en-los-balcanes-y-en-espana\/"]}]},{"@type":"ImageObject","inLanguage":"en-GB","@id":"https:\/\/sombrafestival.com\/actividades-2025\/charla-el-comic-y-los-salones-del-comic-en-los-balcanes-y-en-espana\/#primaryimage","url":"https:\/\/sombrafestival.com\/wp-content\/uploads\/2025\/03\/Snapinst.app_482274263_1207743968027744_5375050916149926828_n_1080-1.jpg","contentUrl":"https:\/\/sombrafestival.com\/wp-content\/uploads\/2025\/03\/Snapinst.app_482274263_1207743968027744_5375050916149926828_n_1080-1.jpg","width":610,"height":765},{"@type":"BreadcrumbList","@id":"https:\/\/sombrafestival.com\/actividades-2025\/charla-el-comic-y-los-salones-del-comic-en-los-balcanes-y-en-espana\/#breadcrumb","itemListElement":[{"@type":"ListItem","position":1,"name":"Portada","item":"https:\/\/sombrafestival.com\/"},{"@type":"ListItem","position":2,"name":"Actividades 2025","item":"https:\/\/sombrafestival.com\/actividades-2025\/"},{"@type":"ListItem","position":3,"name":"Charla el c\u00f3mic y los salones del c\u00f3mic en los Balcanes y en Espa\u00f1a"}]},{"@type":"WebSite","@id":"https:\/\/sombrafestival.com\/en\/#website","url":"https:\/\/sombrafestival.com\/en\/","name":"Sombra Festival","description":"XIII Festival de Cine Fant\u00e1stico Europeo de Murcia, 8-17 MARZO 2024","publisher":{"@id":"https:\/\/sombrafestival.com\/en\/#organization"},"potentialAction":[{"@type":"SearchAction","target":{"@type":"EntryPoint","urlTemplate":"https:\/\/sombrafestival.com\/en\/?s={search_term_string}"},"query-input":{"@type":"PropertyValueSpecification","valueRequired":true,"valueName":"search_term_string"}}],"inLanguage":"en-GB"},{"@type":"Organization","@id":"https:\/\/sombrafestival.com\/en\/#organization","name":"SOMBRA, IX FESTIVAL DE CINE FANTASTICO EUROPEO DE MURCIA","url":"https:\/\/sombrafestival.com\/en\/","logo":{"@type":"ImageObject","inLanguage":"en-GB","@id":"https:\/\/sombrafestival.com\/en\/#\/schema\/logo\/image\/","url":"https:\/\/sombrafestival.com\/wp-content\/uploads\/2019\/10\/Sombra-LogoIdentificador-Negativo.jpg","contentUrl":"https:\/\/sombrafestival.com\/wp-content\/uploads\/2019\/10\/Sombra-LogoIdentificador-Negativo.jpg","width":400,"height":400,"caption":"SOMBRA, IX FESTIVAL DE CINE FANTASTICO EUROPEO DE MURCIA"},"image":{"@id":"https:\/\/sombrafestival.com\/en\/#\/schema\/logo\/image\/"},"sameAs":["https:\/\/www.facebook.com\/Sombra-Festival-De-CINE-Fantastico-Europeo-De-Murcia-175337032531429\/","https:\/\/x.com\/SombraFestival","https:\/\/www.instagram.com\/sombrafestival\/","https:\/\/www.youtube.com\/channel\/UCBdSJni9V30Tq4cGf4Lj0Ug?view_as=subscriber"]}]}},"_links":{"self":[{"href":"https:\/\/sombrafestival.com\/en\/wp-json\/wp\/v2\/pages\/7516","targetHints":{"allow":["GET"]}}],"collection":[{"href":"https:\/\/sombrafestival.com\/en\/wp-json\/wp\/v2\/pages"}],"about":[{"href":"https:\/\/sombrafestival.com\/en\/wp-json\/wp\/v2\/types\/page"}],"author":[{"embeddable":true,"href":"https:\/\/sombrafestival.com\/en\/wp-json\/wp\/v2\/users\/2"}],"replies":[{"embeddable":true,"href":"https:\/\/sombrafestival.com\/en\/wp-json\/wp\/v2\/comments?post=7516"}],"version-history":[{"count":1,"href":"https:\/\/sombrafestival.com\/en\/wp-json\/wp\/v2\/pages\/7516\/revisions"}],"predecessor-version":[{"id":7517,"href":"https:\/\/sombrafestival.com\/en\/wp-json\/wp\/v2\/pages\/7516\/revisions\/7517"}],"up":[{"embeddable":true,"href":"https:\/\/sombrafestival.com\/en\/wp-json\/wp\/v2\/pages\/7138"}],"wp:featuredmedia":[{"embeddable":true,"href":"https:\/\/sombrafestival.com\/en\/wp-json\/wp\/v2\/media\/7514"}],"wp:attachment":[{"href":"https:\/\/sombrafestival.com\/en\/wp-json\/wp\/v2\/media?parent=7516"}],"curies":[{"name":"wp","href":"https:\/\/api.w.org\/{rel}","templated":true}]}}